{"id":1025,"date":"2016-01-26T07:54:01","date_gmt":"2016-01-26T07:54:01","guid":{"rendered":"http:\/\/www.goforgo.hu\/?page_id=1025"},"modified":"2026-03-27T17:36:20","modified_gmt":"2026-03-27T17:36:20","slug":"csiksomlyoi-bucsu-busszal","status":"publish","type":"page","link":"https:\/\/www.goforgo.hu\/index.php\/csiksomlyoi-bucsu-busszal\/","title":{"rendered":"Cs\u00edksomly\u00f3i B\u00facs\u00fa &#8211; busszal"},"content":{"rendered":"<p class=\"western\"><b>Id\u0151pont<\/b>: 2026. m\u00e1jus 21-25.<\/p>\n<p class=\"western\" style=\"text-align: left;\"><b>Utaz\u00e1s:<\/b> k\u00e9nyelmes, l\u00e9gkond\u00edcion\u00e1lt0 aut\u00f3busszal \u00a0\u00a0\u00a0\u00a0\u00a0\u00a0\u00a0\u00a0\u00a0\u00a0\u00a0\u00a0\u00a0\u00a0\u00a0\u00a0\u00a0\u00a0\u00a0\u00a0 <strong>Id\u0151tartam:<\/strong> 5 nap\/4 \u00e9jszaka<\/p>\n<p class=\"western\"><b>\u00datvonal:<\/b> Kolozsv\u00e1r, Szov\u00e1ta, Parajd, Farkaslaka, Sz\u00e9kelyudvarhely, Gyergy\u00f3szentmikl\u00f3s, Cs\u00edksomly\u00f3, Gyilkos-t\u00f3, B\u00e9k\u00e1s-szoros, Mad\u00e9falva, Sz\u00e9kelyszentl\u00e9lek, Korond, Karcfalva<\/p>\n<p class=\"western\"><strong>Elhelyez\u00e9s:<\/strong> faluturizmusban, 2 \u00e1gyas szob\u00e1kban, f\u00fcrd\u0151szoba-haszn\u00e1lattal<\/p>\n<p class=\"western\"><strong>Ell\u00e1t\u00e1s:<\/strong> f\u00e9lpanzi\u00f3<\/p>\n<p><a href=\"https:\/\/www.goforgo.hu\/index.php\/szekelyfold-legszebb-tajain\/kolozsvari-matyas-szobor\/\" rel=\"attachment wp-att-5440\"><img loading=\"lazy\" decoding=\"async\" class=\"alignnone size-full wp-image-5440\" src=\"https:\/\/www.goforgo.hu\/wp-content\/uploads\/2020\/02\/kolozsvari-matyas-szobor.jpg\" alt=\"\" width=\"900\" height=\"464\" srcset=\"https:\/\/www.goforgo.hu\/wp-content\/uploads\/2020\/02\/kolozsvari-matyas-szobor.jpg 900w, https:\/\/www.goforgo.hu\/wp-content\/uploads\/2020\/02\/kolozsvari-matyas-szobor-300x155.jpg 300w, https:\/\/www.goforgo.hu\/wp-content\/uploads\/2020\/02\/kolozsvari-matyas-szobor-768x396.jpg 768w\" sizes=\"auto, (max-width: 900px) 100vw, 900px\" \/><\/a><\/p>\n<div class=\"sw_s1_offer_program\">\n<h2 class=\"sw_s1_offer_program_title\" style=\"text-align: center;\">Program<\/h2>\n<div id=\"tab-itinerary_tab\" class=\"tab-pane woocommerce-Tabs-panel woocommerce-Tabs-panel--itinerary_tab panel entry-content wc-tab\">\n<p><b>1. nap:<\/b><b>\u00a0<\/b><b>Budapest \u2013 \u00c1rt\u00e1nd \u2013 Kir\u00e1ly-h\u00e1g\u00f3 \u2013 Kolozsv\u00e1r \u2013 Sz\u00e9kelyszentl\u00e9lek<\/b><\/p>\n<p>Tal\u00e1lkoz\u00e1s a kora reggeli \u00f3r\u00e1kban Budapesten. Az \u00e1rt\u00e1ndi hat\u00e1r\u00e1tkel\u00e9st k\u00f6vet\u0151en hamarosan el\u00e9ri a csoport Kalotaszeget \u00e9s Erd\u00e9ly kapuj\u00e1t, a Kir\u00e1ly-h\u00e1g\u00f3t. Kolozsv\u00e1ron kereszt\u00fcl folytat\u00f3dik az utaz\u00e1s. A v\u00e1rosn\u00e9z\u00e9s sor\u00e1n a f\u0151t\u00e9r l\u00e1tv\u00e1nyoss\u00e1gait, a Szent Mih\u00e1ly templomot\u00a0\u00e9s M\u00e1ty\u00e1s kir\u00e1ly lovasszobr\u00e1t\u00a0ismerhetik meg\u00a0utasainknak. Sz\u00e9kelyszentl\u00e9lekre \u00e9rkezve finom vacsora, kellemes sz\u00e1ll\u00e1s fogadja utasainkat.<\/p>\n<p><a style=\"font-size: revert;\" href=\"https:\/\/www.goforgo.hu\/index.php\/moldvai-csangok-foldjen\/bekas-szoros-2\/\" rel=\"attachment wp-att-3311\"><img loading=\"lazy\" decoding=\"async\" class=\"alignnone size-large wp-image-3311\" src=\"https:\/\/www.goforgo.hu\/wp-content\/uploads\/2017\/04\/B\u00e9k\u00e1s-szoros-1024x769.jpg\" alt=\"\" width=\"1024\" height=\"769\" srcset=\"https:\/\/www.goforgo.hu\/wp-content\/uploads\/2017\/04\/B\u00e9k\u00e1s-szoros-1024x769.jpg 1024w, https:\/\/www.goforgo.hu\/wp-content\/uploads\/2017\/04\/B\u00e9k\u00e1s-szoros-300x225.jpg 300w, https:\/\/www.goforgo.hu\/wp-content\/uploads\/2017\/04\/B\u00e9k\u00e1s-szoros-768x577.jpg 768w, https:\/\/www.goforgo.hu\/wp-content\/uploads\/2017\/04\/B\u00e9k\u00e1s-szoros.jpg 1200w\" sizes=\"auto, (max-width: 1024px) 100vw, 1024px\" \/><\/a><\/p>\n<p><b>2. nap:\u00a0Gyergy\u00f3szentmikl\u00f3s \u2013 Gyilkos-t\u00f3 \u2013 B\u00e9k\u00e1s-szoros \u2013 Karcfalva \u2013 Mad\u00e9falva<\/b><\/p>\n<p>Reggeli ut\u00e1n a Gyergy\u00f3i-medence k\u00f6zpontj\u00e1ba, Gyergy\u00f3szentmikl\u00f3sra utazik a csoport. A Tariszny\u00e1s M\u00e1rton M\u00fazeum gazdag n\u00e9prajzi gy\u0171jtem\u00e9nnyel b\u00fcszk\u00e9lkedik. A m\u00fazeuml\u00e1togat\u00e1s ut\u00e1n az \u00f6rm\u00e9ny katolikus templom megtekint\u00e9se k\u00f6vetkezik. Tov\u00e1bbutazva kir\u00e1ndul\u00e1s Erd\u00e9ly k\u00e9t legh\u00edresebb term\u00e9szeti jelens\u00e9g\u00e9n\u00e9l, a Gyilkos-t\u00f3n\u00e1l \u00e9s a B\u00e9k\u00e1s-szorosban. A meredek sziklafalakat elhagyva, Karcfalv\u00e1n meg\u00e1ll\u00f3 az er\u0151dtemplomn\u00e1l, Mad\u00e9falv\u00e1n pedig a Sz\u00e9kelyv\u00e9sz-eml\u00e9km\u0171n\u00e9l.<\/p>\n<p><img loading=\"lazy\" decoding=\"async\" class=\"size-full wp-image-3766 aligncenter\" src=\"https:\/\/www.goforgo.hu\/wp-content\/uploads\/2016\/01\/b_csiksomlyoi-bucsu-2016-043-1.jpg\" alt=\"b_csiksomlyoi-bucsu-2016-043\" width=\"780\" height=\"516\" srcset=\"https:\/\/www.goforgo.hu\/wp-content\/uploads\/2016\/01\/b_csiksomlyoi-bucsu-2016-043-1.jpg 780w, https:\/\/www.goforgo.hu\/wp-content\/uploads\/2016\/01\/b_csiksomlyoi-bucsu-2016-043-1-300x198.jpg 300w, https:\/\/www.goforgo.hu\/wp-content\/uploads\/2016\/01\/b_csiksomlyoi-bucsu-2016-043-1-768x508.jpg 768w\" sizes=\"auto, (max-width: 780px) 100vw, 780px\" \/><\/p>\n<p><b>3. nap:\u00a0Cs\u00edksomly\u00f3<\/b><\/p>\n<p>Reggeli ut\u00e1n utaz\u00e1s Cs\u00edksomly\u00f3ra, r\u00e9szv\u00e9tel a\u00a0<b>CS\u00cdKSOMLY\u00d3I B\u00daCS\u00daN<\/b>.\u00a0A v\u00e1rosb\u00f3l gyalogosan lehet felvonulni a h\u00edres \u201enyeregbe\u201d, Kis- \u00e9s Nagy-Somly\u00f3 hegye k\u00f6z\u00e9. (kb. 4,5 km)\u00a0A szertart\u00e1s v\u00e9g\u00e9n felemel\u0151 \u00e9rz\u00e9sekkel \u00e9rkezik vissza a csoport a nyeregb\u0151l Cs\u00edkszered\u00e1ra. D\u00e9lut\u00e1n szabadid\u0151, majd utaz\u00e1s vissza a sz\u00e1ll\u00e1shelyre.<\/p>\n<p><a href=\"https:\/\/www.goforgo.hu\/index.php\/csiksomlyoi-bucsu-busszal\/csiksomlyo-2\/\" rel=\"attachment wp-att-3767\"><img loading=\"lazy\" decoding=\"async\" class=\"alignnone size-full wp-image-3767\" src=\"https:\/\/www.goforgo.hu\/wp-content\/uploads\/2016\/01\/cs\u00edksomly\u00f3-1.jpg\" alt=\"cs\u00edksomly\u00f3\" width=\"960\" height=\"607\" srcset=\"https:\/\/www.goforgo.hu\/wp-content\/uploads\/2016\/01\/cs\u00edksomly\u00f3-1.jpg 960w, https:\/\/www.goforgo.hu\/wp-content\/uploads\/2016\/01\/cs\u00edksomly\u00f3-1-300x190.jpg 300w, https:\/\/www.goforgo.hu\/wp-content\/uploads\/2016\/01\/cs\u00edksomly\u00f3-1-768x486.jpg 768w\" sizes=\"auto, (max-width: 960px) 100vw, 960px\" \/><\/a><\/p>\n<p><b>4. nap:<\/b><b>\u00a0<\/b><b>Sz\u00e9kelyudvarhely \u2013 Szejkef\u00fcrd\u0151 \u2013 Szov\u00e1ta \u2013 Korond \u2013 Farkaslaka<\/b><\/p>\n<p>Utaz\u00e1s Sz\u00e9kelyudvarhelyre. Ismerked\u00e9s Erd\u00e9ly legmagyarabb v\u00e1ros\u00e1nak f\u0151ter\u00e9vel, a t\u00f6rt\u00e9nelmi szoborparkkal. K\u00f6vetkez\u0151 \u00e1llom\u00e1sunk Szejkef\u00fcrd\u0151. Itt van a Mini Erd\u00e9ly Park, mely maketteken mutatja be a multikultur\u00e1lis Erd\u00e9ly \u00e9p\u00edt\u00e9szeti soksz\u00edn\u0171s\u00e9g\u00e9t, f\u00e9nykorukban jelen\u00edtve meg a r\u00e9gi\u00f3 minden nemzet\u00e9nek legfontosabb \u00e9p\u00fcleteit. Szejkef\u00fcrd\u0151n van Orb\u00e1n Bal\u00e1zs, a Sz\u00e9kelyf\u00f6ld le\u00edr\u00f3j\u00e1nak s\u00edrja, a Sz\u00e9kelykapuk h\u00edres sora alatt tudjuk megk\u00f6zel\u00edteni, \u00e9s az ut\u00f3bbi \u00e9vekben itt ker\u00fclt kialak\u00edt\u00e1sra a sz\u00ednvonalas Orb\u00e1n Bal\u00e1zs M\u00fazeum is. Innen utaz\u00e1s Szov\u00e1t\u00e1ra, s\u00e9ta a kiter\u00edtett medveb\u0151rre hasonl\u00edt\u00f3, s\u00f3s viz\u0171 Medve-t\u00f3 k\u00f6r\u00fcl, majd Korondra\u00a0megy\u00fcnk. Itt s\u00e9ta \u00e9s v\u00e1s\u00e1rl\u00e1si lehet\u0151s\u00e9g a sz\u00e9kely k\u00e9zm\u0171vess\u00e9g remekeib\u0151l. Farkaslak\u00e1n l\u00e1togat\u00e1s Tam\u00e1si \u00c1ron sz\u00fcl\u0151h\u00e1z\u00e1n\u00e1l.<\/p>\n<p><b>. nap:\u00a0<\/b><b>Marosv\u00e1s\u00e1rhely \u2013 K\u00f6r\u00f6sf\u0151 \u2013 Budapest<\/b><\/p>\n<p>A korai reggeli ut\u00e1n b\u00facs\u00fa a sz\u00e1ll\u00e1sad\u00f3kt\u00f3l, indul\u00e1s haza. Pihen\u0151 Marosv\u00e1s\u00e1rhelyen, v\u00e1rosn\u00e9z\u0151 s\u00e9ta a sz\u00e9kelyek legnagyobb v\u00e1ros\u00e1ban. K\u00f6r\u00f6sf\u0151n m\u00e9g egy utols\u00f3 visszatekint\u00e9s Erd\u00e9lyre, majd utaz\u00e1s a hat\u00e1rra. \u00c9rkez\u00e9s Budapestre az esti \u00f3r\u00e1kban.<\/p>\n<\/div>\n<p><a href=\"https:\/\/www.goforgo.hu\/index.php\/csiksomlyoi-bucsu-busszal\/08-korond\/\" rel=\"attachment wp-att-3769\"><img loading=\"lazy\" decoding=\"async\" class=\"alignnone size-large wp-image-3769\" src=\"https:\/\/www.goforgo.hu\/wp-content\/uploads\/2016\/01\/08-korond-1024x576.jpg\" alt=\"08-korond\" width=\"1024\" height=\"576\" srcset=\"https:\/\/www.goforgo.hu\/wp-content\/uploads\/2016\/01\/08-korond-1024x576.jpg 1024w, https:\/\/www.goforgo.hu\/wp-content\/uploads\/2016\/01\/08-korond-300x169.jpg 300w, https:\/\/www.goforgo.hu\/wp-content\/uploads\/2016\/01\/08-korond-768x432.jpg 768w, https:\/\/www.goforgo.hu\/wp-content\/uploads\/2016\/01\/08-korond.jpg 1200w\" sizes=\"auto, (max-width: 1024px) 100vw, 1024px\" \/><\/a><\/p>\n<\/div>\n<h2 style=\"text-align: center;\">R\u00e9szv\u00e9teli d\u00edj: 142 000 Ft\/f\u0151<\/h2>\n<p><strong>Egy\u00e1gyas fel\u00e1r:<\/strong> 29 400 Ft\/f\u0151<\/p>\n<p><strong>Fak. \u00fatlemond\u00e1si biztos\u00edt\u00e1s:<\/strong> 2,5%\u00a0 Ft\/f\u0151<\/p>\n<p><strong>Baleset-, betegs\u00e9g-, poggy\u00e1szbiztos\u00edt\u00e1s:<\/strong> 3 250 Ft\/f\u0151<\/p>\n<p><strong>Bel\u00e9p\u0151k:<\/strong> kb. 60 Lei<\/p>\n","protected":false},"excerpt":{"rendered":"<p>Id\u0151pont: 2026. m\u00e1jus 21-25. Utaz\u00e1s: k\u00e9nyelmes, l\u00e9gkond\u00edcion\u00e1lt0 aut\u00f3busszal \u00a0\u00a0\u00a0\u00a0\u00a0\u00a0\u00a0\u00a0\u00a0\u00a0\u00a0\u00a0\u00a0\u00a0\u00a0\u00a0\u00a0\u00a0\u00a0\u00a0 Id\u0151tartam: 5 nap\/4 \u00e9jszaka \u00datvonal: Kolozsv\u00e1r, Szov\u00e1ta, Parajd, Farkaslaka, Sz\u00e9kelyudvarhely, Gyergy\u00f3szentmikl\u00f3s, Cs\u00edksomly\u00f3, Gyilkos-t\u00f3, B\u00e9k\u00e1s-szoros, Mad\u00e9falva, Sz\u00e9kelyszentl\u00e9lek, Korond, Karcfalva Elhelyez\u00e9s: faluturizmusban, 2 \u00e1gyas szob\u00e1kban, f\u00fcrd\u0151szoba-haszn\u00e1lattal Ell\u00e1t\u00e1s: f\u00e9lpanzi\u00f3 Program 1. nap:\u00a0Budapest \u2013 \u00c1rt\u00e1nd \u2013 Kir\u00e1ly-h\u00e1g\u00f3 \u2013 Kolozsv\u00e1r \u2013 Sz\u00e9kelyszentl\u00e9lek Tal\u00e1lkoz\u00e1s a kora reggeli \u00f3r\u00e1kban Budapesten. Az \u00e1rt\u00e1ndi hat\u00e1r\u00e1tkel\u00e9st k\u00f6vet\u0151en hamarosan el\u00e9ri a csoport Kalotaszeget \u00e9s Erd\u00e9ly kapuj\u00e1t, a Kir\u00e1ly-h\u00e1g\u00f3t. Kolozsv\u00e1ron kereszt\u00fcl folytat\u00f3dik az utaz\u00e1s. A v\u00e1rosn\u00e9z\u00e9s sor\u00e1n a f\u0151t\u00e9r l\u00e1tv\u00e1nyoss\u00e1gait, a Szent Mih\u00e1ly templomot\u00a0\u00e9s M\u00e1ty\u00e1s kir\u00e1ly lovasszobr\u00e1t\u00a0ismerhetik meg\u00a0utasainknak. Sz\u00e9kelyszentl\u00e9lekre \u00e9rkezve finom vacsora, kellemes sz\u00e1ll\u00e1s fogadja utasainkat. 2. nap:\u00a0Gyergy\u00f3szentmikl\u00f3s \u2013 Gyilkos-t\u00f3 \u2013 B\u00e9k\u00e1s-szoros \u2013 Karcfalva \u2013 Mad\u00e9falva Reggeli ut\u00e1n a Gyergy\u00f3i-medence k\u00f6zpontj\u00e1ba, Gyergy\u00f3szentmikl\u00f3sra utazik a csoport. A Tariszny\u00e1s M\u00e1rton M\u00fazeum gazdag n\u00e9prajzi gy\u0171jtem\u00e9nnyel b\u00fcszk\u00e9lkedik. A m\u00fazeuml\u00e1togat\u00e1s ut\u00e1n az \u00f6rm\u00e9ny katolikus templom megtekint\u00e9se k\u00f6vetkezik. Tov\u00e1bbutazva kir\u00e1ndul\u00e1s Erd\u00e9ly k\u00e9t legh\u00edresebb term\u00e9szeti jelens\u00e9g\u00e9n\u00e9l, a Gyilkos-t\u00f3n\u00e1l \u00e9s a B\u00e9k\u00e1s-szorosban. A meredek sziklafalakat elhagyva, Karcfalv\u00e1n meg\u00e1ll\u00f3 az er\u0151dtemplomn\u00e1l, Mad\u00e9falv\u00e1n pedig a Sz\u00e9kelyv\u00e9sz-eml\u00e9km\u0171n\u00e9l. 3. nap:\u00a0Cs\u00edksomly\u00f3 Reggeli ut\u00e1n utaz\u00e1s Cs\u00edksomly\u00f3ra, r\u00e9szv\u00e9tel a\u00a0CS\u00cdKSOMLY\u00d3I B\u00daCS\u00daN.\u00a0A v\u00e1rosb\u00f3l gyalogosan lehet felvonulni a h\u00edres \u201enyeregbe\u201d, Kis- \u00e9s Nagy-Somly\u00f3 hegye k\u00f6z\u00e9. (kb. 4,5 km)\u00a0A szertart\u00e1s v\u00e9g\u00e9n felemel\u0151 \u00e9rz\u00e9sekkel \u00e9rkezik vissza a csoport a nyeregb\u0151l Cs\u00edkszered\u00e1ra. D\u00e9lut\u00e1n szabadid\u0151, majd utaz\u00e1s vissza a sz\u00e1ll\u00e1shelyre. 4. nap:\u00a0Sz\u00e9kelyudvarhely \u2013 Szejkef\u00fcrd\u0151 \u2013 Szov\u00e1ta \u2013 Korond \u2013 Farkaslaka Utaz\u00e1s Sz\u00e9kelyudvarhelyre. Ismerked\u00e9s Erd\u00e9ly legmagyarabb v\u00e1ros\u00e1nak f\u0151ter\u00e9vel, a t\u00f6rt\u00e9nelmi szoborparkkal. K\u00f6vetkez\u0151 \u00e1llom\u00e1sunk Szejkef\u00fcrd\u0151. Itt van a Mini Erd\u00e9ly Park, mely maketteken mutatja be a multikultur\u00e1lis Erd\u00e9ly \u00e9p\u00edt\u00e9szeti soksz\u00edn\u0171s\u00e9g\u00e9t, f\u00e9nykorukban jelen\u00edtve meg a r\u00e9gi\u00f3 minden nemzet\u00e9nek legfontosabb \u00e9p\u00fcleteit. Szejkef\u00fcrd\u0151n van Orb\u00e1n Bal\u00e1zs, a Sz\u00e9kelyf\u00f6ld le\u00edr\u00f3j\u00e1nak s\u00edrja, a Sz\u00e9kelykapuk h\u00edres sora alatt tudjuk megk\u00f6zel\u00edteni, \u00e9s az ut\u00f3bbi \u00e9vekben itt ker\u00fclt kialak\u00edt\u00e1sra a sz\u00ednvonalas Orb\u00e1n Bal\u00e1zs M\u00fazeum is. Innen utaz\u00e1s Szov\u00e1t\u00e1ra, s\u00e9ta a kiter\u00edtett medveb\u0151rre hasonl\u00edt\u00f3, s\u00f3s viz\u0171 Medve-t\u00f3 k\u00f6r\u00fcl, majd Korondra\u00a0megy\u00fcnk. Itt s\u00e9ta \u00e9s v\u00e1s\u00e1rl\u00e1si lehet\u0151s\u00e9g a sz\u00e9kely k\u00e9zm\u0171vess\u00e9g remekeib\u0151l. Farkaslak\u00e1n l\u00e1togat\u00e1s Tam\u00e1si \u00c1ron sz\u00fcl\u0151h\u00e1z\u00e1n\u00e1l. . nap:\u00a0Marosv\u00e1s\u00e1rhely \u2013 K\u00f6r\u00f6sf\u0151 \u2013 Budapest A korai reggeli ut\u00e1n b\u00facs\u00fa a sz\u00e1ll\u00e1sad\u00f3kt\u00f3l, indul\u00e1s haza. Pihen\u0151 Marosv\u00e1s\u00e1rhelyen, v\u00e1rosn\u00e9z\u0151 s\u00e9ta a sz\u00e9kelyek legnagyobb v\u00e1ros\u00e1ban. K\u00f6r\u00f6sf\u0151n m\u00e9g egy utols\u00f3 visszatekint\u00e9s Erd\u00e9lyre, majd utaz\u00e1s a hat\u00e1rra. \u00c9rkez\u00e9s Budapestre az esti \u00f3r\u00e1kban. R\u00e9szv\u00e9teli d\u00edj: 142 000 Ft\/f\u0151 Egy\u00e1gyas fel\u00e1r: 29 400 Ft\/f\u0151 Fak. \u00fatlemond\u00e1si biztos\u00edt\u00e1s: 2,5%\u00a0 Ft\/f\u0151 Baleset-, betegs\u00e9g-, poggy\u00e1szbiztos\u00edt\u00e1s: 3 250 Ft\/f\u0151 Bel\u00e9p\u0151k: kb. 60 Lei<\/p>\n","protected":false},"author":1,"featured_media":0,"parent":0,"menu_order":0,"comment_status":"closed","ping_status":"closed","template":"","meta":{"footnotes":""},"class_list":["post-1025","page","type-page","status-publish","hentry"],"_links":{"self":[{"href":"https:\/\/www.goforgo.hu\/index.php\/wp-json\/wp\/v2\/pages\/1025","targetHints":{"allow":["GET"]}}],"collection":[{"href":"https:\/\/www.goforgo.hu\/index.php\/wp-json\/wp\/v2\/pages"}],"about":[{"href":"https:\/\/www.goforgo.hu\/index.php\/wp-json\/wp\/v2\/types\/page"}],"author":[{"embeddable":true,"href":"https:\/\/www.goforgo.hu\/index.php\/wp-json\/wp\/v2\/users\/1"}],"replies":[{"embeddable":true,"href":"https:\/\/www.goforgo.hu\/index.php\/wp-json\/wp\/v2\/comments?post=1025"}],"version-history":[{"count":16,"href":"https:\/\/www.goforgo.hu\/index.php\/wp-json\/wp\/v2\/pages\/1025\/revisions"}],"predecessor-version":[{"id":7914,"href":"https:\/\/www.goforgo.hu\/index.php\/wp-json\/wp\/v2\/pages\/1025\/revisions\/7914"}],"wp:attachment":[{"href":"https:\/\/www.goforgo.hu\/index.php\/wp-json\/wp\/v2\/media?parent=1025"}],"curies":[{"name":"wp","href":"https:\/\/api.w.org\/{rel}","templated":true}]}}