{"id":3035,"date":"2017-02-13T08:44:44","date_gmt":"2017-02-13T08:44:44","guid":{"rendered":"http:\/\/www.goforgo.hu\/?page_id=3035"},"modified":"2023-01-12T18:21:50","modified_gmt":"2023-01-12T18:21:50","slug":"2017-szent-laszlo-ev-somogyvar","status":"publish","type":"page","link":"https:\/\/www.goforgo.hu\/index.php\/2017-szent-laszlo-ev-somogyvar\/","title":{"rendered":"Kassai lovas\u00edj\u00e1szat \u00e9s Szent L\u00e1szl\u00f3 eml\u00e9khely: Somogyv\u00e1r"},"content":{"rendered":"<p class=\"western\">Id\u0151pont\u00a0\u00a0\u00a0 :\u00a0 2023.08.05.\u00a0\u00a0\u00a0\u00a0\u00a0\u00a0\u00a0\u00a0\u00a0\u00a0\u00a0\u00a0\u00a0\u00a0\u00a0\u00a0\u00a0\u00a0\u00a0\u00a0\u00a0\u00a0\u00a0\u00a0\u00a0\u00a0\u00a0\u00a0\u00a0 Poz.sz\u00e1m: 23\/SZL\/01<\/p>\n<p>\u00datvonal\u00a0\u00a0\u00a0 : Budapest \u2013 <strong>Kaposm\u00e9r\u0151 &#8211; Somogyv\u00e1r <\/strong>\u2013 Budapest<br \/>\nUtaz\u00e1s\u00a0\u00a0\u00a0\u00a0\u00a0 : a csoportl\u00e9tsz\u00e1mnak megfelel\u0151 aut\u00f3busszal<br \/>\nEll\u00e1t\u00e1s\u00a0\u00a0\u00a0\u00a0 : \u00f6nell\u00e1t\u00e1s<\/p>\n<p><a href=\"https:\/\/www.goforgo.hu\/index.php\/proba-oldal\/lovasijasz_header\/\" rel=\"attachment wp-att-1811\"><img loading=\"lazy\" decoding=\"async\" class=\"alignnone size-large wp-image-1811\" src=\"https:\/\/www.goforgo.hu\/wp-content\/uploads\/2016\/08\/lovasijasz_header-1-1024x427.jpg\" alt=\"\" width=\"1024\" height=\"427\" srcset=\"https:\/\/www.goforgo.hu\/wp-content\/uploads\/2016\/08\/lovasijasz_header-1-1024x427.jpg 1024w, https:\/\/www.goforgo.hu\/wp-content\/uploads\/2016\/08\/lovasijasz_header-1-300x125.jpg 300w, https:\/\/www.goforgo.hu\/wp-content\/uploads\/2016\/08\/lovasijasz_header-1-768x320.jpg 768w, https:\/\/www.goforgo.hu\/wp-content\/uploads\/2016\/08\/lovasijasz_header-1.jpg 1200w\" sizes=\"auto, (max-width: 1024px) 100vw, 1024px\" \/><\/a><\/p>\n<p class=\"western\" align=\"center\"><span style=\"font-size: xx-large;\"><u><b>PROGRAM:<\/b><\/u><\/span><\/p>\n<p class=\"western\"><span style=\"font-family: Times New Roman,serif;\"><span style=\"font-size: medium;\"><b>Indul\u00e1s:\u00a0\u00a0 7<strong>:00<\/strong> \u2013 kor Pestszentl\u0151rinc, volt Piac t\u00e9r (\u00dcll\u0151i \u00fat 392.)<br \/>\n<\/b><\/span><\/span><\/p>\n<p class=\"western\"><span style=\"font-family: Times New Roman,serif;\"><span style=\"font-size: medium;\"><strong>\u00a0\u00a0\u00a0\u00a0\u00a0\u00a0\u00a0\u00a0\u00a0\u00a0\u00a0\u00a0\u00a0\u00a0\u00a0 7:30<\/strong> Budapest, Ecseri \u00fat, OMV benzink\u00fat, befel\u00e9 vezet\u0151 oldal, \u00dcll\u0151i \u00fat 110.<\/span><\/span><\/p>\n<p class=\"western\"><a href=\"https:\/\/www.goforgo.hu\/index.php\/somogy-varmegye-ii\/lovasijasz-4\/\" rel=\"attachment wp-att-1526\"><img loading=\"lazy\" decoding=\"async\" class=\"alignnone size-full wp-image-1526\" src=\"https:\/\/www.goforgo.hu\/wp-content\/uploads\/2016\/03\/lovas\u00edj\u00e1sz-4.jpeg\" alt=\"\" width=\"640\" height=\"428\" srcset=\"https:\/\/www.goforgo.hu\/wp-content\/uploads\/2016\/03\/lovas\u00edj\u00e1sz-4.jpeg 640w, https:\/\/www.goforgo.hu\/wp-content\/uploads\/2016\/03\/lovas\u00edj\u00e1sz-4-300x201.jpeg 300w\" sizes=\"auto, (max-width: 640px) 100vw, 640px\" \/><\/a><\/p>\n<p class=\"western\" align=\"justify\"><span style=\"font-family: Times New Roman,serif;\"><span style=\"font-size: medium;\">Utunk els\u0151 \u00e1llom\u00e1sa<\/span><\/span><span style=\"font-family: Times New Roman,serif;\"><span style=\"font-size: medium;\"><b> a Kassai-v\u00f6lgy<\/b><\/span><\/span><span style=\"font-family: Times New Roman,serif;\"><span style=\"font-size: medium;\">, Kaposm\u00e9r\u0151 mellett. A m\u00e9lt\u00e1n h\u00edres \u00e9s t\u00f6bbek k\u00f6z\u00f6tt a <\/span><\/span><span style=\"font-family: Times New Roman,serif;\"><span style=\"font-size: medium;\"><b>Lovas\u00edj\u00e1sz c\u00edm\u0171 filmb\u0151l<\/b><\/span><\/span><span style=\"font-family: Times New Roman,serif;\"><span style=\"font-size: medium;\"> is ismert v\u00f6lgy<\/span><\/span><strong><span style=\"font-family: Times New Roman,serif;\"><span style=\"font-size: medium;\"> nevezetess\u00e9ge, hogy a 20. sz\u00e1zad v\u00e9g\u00e9n Kassai Lajos itt hozta l\u00e9tre a modern kori lovas\u00edj\u00e1szatot. Ez az egyed\u00fcl\u00e1ll\u00f3 magyar harcm\u0171v\u00e9szet \u00e9s sport\u00e1g innen indult el vil\u00e1gh\u00f3d\u00edt\u00f3 \u00fatj\u00e1ra. <\/span><\/span><\/strong><span style=\"font-family: Times New Roman,serif;\"><span style=\"font-size: medium;\">Most \u00e9l\u0151ben is megn\u00e9zhetj\u00fck, hogyan \u00e9lik mindennapjukat. <\/span><\/span><strong><span style=\"font-family: Times New Roman,serif;\"><span style=\"font-size: medium;\">Nem bemutat\u00f3t fogunk l\u00e1tni, <\/span><\/span><\/strong><span style=\"font-family: Times New Roman,serif;\"><span style=\"font-size: medium;\">hanem az \u00e9vszaknak \u00e9s a verseny szezonnak megfelel\u0151 <\/span><\/span><strong><span style=\"font-family: Times New Roman,serif;\"><span style=\"font-size: medium;\">munk\u00e1t \u00e9s edz\u00e9st.<\/span><\/span><\/strong> <span style=\"font-family: Times New Roman,serif;\"><span style=\"font-size: medium;\">A lovas\u00edj\u00e1szat kialakul\u00e1sa az \u00e1zsiai sztyepp\u00e9k lovasnom\u00e1d n\u00e9peihez k\u00f6thet\u0151. Legismertebb alkalmaz\u00f3i a szk\u00edt\u00e1k, hunok, magyarok, kunok. Haz\u00e1nkban a Honfoglal\u00e1s ut\u00e1n is m\u00e9g sok\u00e1ig alkalmazt\u00e1k ezt a harci technik\u00e1t, sokszor p\u00e1rhuzamosan a nyugatr\u00f3l \u00e9rkezett neh\u00e9zlovass\u00e1ggal, \u00edgy Szent L\u00e1szl\u00f3 kir\u00e1lyunk is.<\/span><\/span><\/p>\n<p class=\"western\" align=\"justify\"><a href=\"https:\/\/www.goforgo.hu\/index.php\/somogy-varmegye-ii\/kassai-volgy\/\" rel=\"attachment wp-att-1525\"><img loading=\"lazy\" decoding=\"async\" class=\"alignnone size-full wp-image-1525\" src=\"https:\/\/www.goforgo.hu\/wp-content\/uploads\/2016\/03\/Kassai-v\u00f6lgy.jpeg\" alt=\"Kassai v\u00f6lgy\" width=\"930\" height=\"698\" srcset=\"https:\/\/www.goforgo.hu\/wp-content\/uploads\/2016\/03\/Kassai-v\u00f6lgy.jpeg 930w, https:\/\/www.goforgo.hu\/wp-content\/uploads\/2016\/03\/Kassai-v\u00f6lgy-300x225.jpeg 300w\" sizes=\"auto, (max-width: 930px) 100vw, 930px\" \/><\/a><\/p>\n<p class=\"western\" align=\"justify\"><span style=\"font-family: Times New Roman,serif;\"><span style=\"font-size: medium;\">Az edz\u00e9s v\u00e9gezt\u00e9vel utunkat a Balaton part fel\u00e9 vessz\u00fck.M\u00e9g messze vagyunk a Balatont\u00f3l, mikor el\u00e9rj\u00fck <strong>Somogyv\u00e1rt.<\/strong> A r\u00e9gi id\u0151kben ez m\u00e9g a t\u00f3 \u00e1rter\u00fclete volt, a h\u00edres Nagy-Berek. <strong>Szent L\u00e1szl\u00f3 kir\u00e1ly<\/strong> itt \u00e9p\u00edtette fel a benc\u00e9s kolostort, melyet v\u00e9gs\u0151 nyughely\u00e9nek sz\u00e1nt, Kopp\u00e1ny vez\u00e9rt egykori v\u00e1r\u00e1nak romjain. A kolostor romjainak \u00e9s 2015-ben \u00e9p\u00fclt l\u00e1togat\u00f3k\u00f6zpontj\u00e1nak megtekint\u00e9se ut\u00e1n les\u00e9t\u00e1lunk a Kupav\u00e1r-hegy nyugati l\u00e1b\u00e1n\u00e1l fakad\u00f3 tiszta viz\u0171 forr\u00e1shoz.<\/span><\/span><\/p>\n<p class=\"western\" style=\"text-align: center;\" align=\"justify\"><a href=\"https:\/\/www.goforgo.hu\/index.php\/belfoldi-kirandulasok\/szent-laszlo\/\" rel=\"attachment wp-att-2708\"><img loading=\"lazy\" decoding=\"async\" class=\"alignnone size-full wp-image-2708\" src=\"https:\/\/www.goforgo.hu\/wp-content\/uploads\/2015\/12\/szent-l\u00e1szl\u00f3.jpeg\" alt=\"\" width=\"617\" height=\"800\" srcset=\"https:\/\/www.goforgo.hu\/wp-content\/uploads\/2015\/12\/szent-l\u00e1szl\u00f3.jpeg 617w, https:\/\/www.goforgo.hu\/wp-content\/uploads\/2015\/12\/szent-l\u00e1szl\u00f3-231x300.jpeg 231w\" sizes=\"auto, (max-width: 617px) 100vw, 617px\" \/><\/a><\/p>\n<p class=\"western\" align=\"justify\"><span style=\"font-family: Times New Roman,serif;\"><span style=\"font-size: medium;\">A<b> Szentesica forr\u00e1snak<\/b> egykor csodat\u00e9v\u0151, gy\u00f3gy\u00edt\u00f3 er\u0151t tulajdon\u00edtottak. A legenda szerint itt mosta meg kez\u00e9t Istv\u00e1n kir\u00e1ly Kopp\u00e1ny legy\u0151z\u00e9se ut\u00e1n. K\u00e9s\u0151 d\u00e9lut\u00e1n hazafel\u00e9 indulunk. \u00c9rkez\u00e9s Budapestre az esti \u00f3r\u00e1kban. Lesz\u00e1ll\u00e1si lehet\u0151s\u00e9g a felsz\u00e1ll\u00e1ssal megegyez\u0151 helyeken.<\/span><\/span><\/p>\n<p align=\"justify\"><a href=\"https:\/\/www.goforgo.hu\/index.php\/2017-szent-laszlo-ev-somogyvar\/kupavar\/\" rel=\"attachment wp-att-5396\"><img loading=\"lazy\" decoding=\"async\" class=\"alignnone size-full wp-image-5396\" src=\"https:\/\/www.goforgo.hu\/wp-content\/uploads\/2020\/02\/kupav\u00e1r.jpeg\" alt=\"\" width=\"800\" height=\"533\" srcset=\"https:\/\/www.goforgo.hu\/wp-content\/uploads\/2020\/02\/kupav\u00e1r.jpeg 800w, https:\/\/www.goforgo.hu\/wp-content\/uploads\/2020\/02\/kupav\u00e1r-300x200.jpeg 300w, https:\/\/www.goforgo.hu\/wp-content\/uploads\/2020\/02\/kupav\u00e1r-768x512.jpeg 768w\" sizes=\"auto, (max-width: 800px) 100vw, 800px\" \/><\/a><\/p>\n<h1 class=\"western\" style=\"text-align: center;\" align=\"justify\">R\u00e9szv\u00e9teli d\u00edj: 9 900 Ft\/f\u0151<\/h1>\n<p class=\"western\" align=\"left\"><u><b>A r\u00e9szv\u00e9teli d\u00edj tartalmazza:\u00a0<\/b><\/u><i>aut\u00f3buszos utaz\u00e1s k\u00f6lts\u00e9geit.<\/i><\/p>\n<p class=\"western\" align=\"left\"><u><b>A r\u00e9szv\u00e9teli d\u00edj nem tartalmazza<\/b><\/u><u>:<\/u><i>\u00a0bel\u00e9p\u0151jegyeket, mely a helysz\u00ednen fizetend\u0151k<\/i><\/p>\n<p class=\"western\" align=\"left\"><i>Bel\u00e9p\u0151k: feln\u0151tt: 3600 Ft<\/i><\/p>\n","protected":false},"excerpt":{"rendered":"<p>Id\u0151pont\u00a0\u00a0\u00a0 :\u00a0 2023.08.05.\u00a0\u00a0\u00a0\u00a0\u00a0\u00a0\u00a0\u00a0\u00a0\u00a0\u00a0\u00a0\u00a0\u00a0\u00a0\u00a0\u00a0\u00a0\u00a0\u00a0\u00a0\u00a0\u00a0\u00a0\u00a0\u00a0\u00a0\u00a0\u00a0 Poz.sz\u00e1m: 23\/SZL\/01 \u00datvonal\u00a0\u00a0\u00a0 : Budapest \u2013 Kaposm\u00e9r\u0151 &#8211; Somogyv\u00e1r \u2013 Budapest Utaz\u00e1s\u00a0\u00a0\u00a0\u00a0\u00a0 : a csoportl\u00e9tsz\u00e1mnak megfelel\u0151 aut\u00f3busszal Ell\u00e1t\u00e1s\u00a0\u00a0\u00a0\u00a0 : \u00f6nell\u00e1t\u00e1s PROGRAM: Indul\u00e1s:\u00a0\u00a0 7:00 \u2013 kor Pestszentl\u0151rinc, volt Piac t\u00e9r (\u00dcll\u0151i \u00fat 392.) \u00a0\u00a0\u00a0\u00a0\u00a0\u00a0\u00a0\u00a0\u00a0\u00a0\u00a0\u00a0\u00a0\u00a0\u00a0 7:30 Budapest, Ecseri \u00fat, OMV benzink\u00fat, befel\u00e9 vezet\u0151 oldal, \u00dcll\u0151i \u00fat 110. Utunk els\u0151 \u00e1llom\u00e1sa a Kassai-v\u00f6lgy, Kaposm\u00e9r\u0151 mellett. A m\u00e9lt\u00e1n h\u00edres \u00e9s t\u00f6bbek k\u00f6z\u00f6tt a Lovas\u00edj\u00e1sz c\u00edm\u0171 filmb\u0151l is ismert v\u00f6lgy nevezetess\u00e9ge, hogy a 20. sz\u00e1zad v\u00e9g\u00e9n Kassai Lajos itt hozta l\u00e9tre a modern kori lovas\u00edj\u00e1szatot. Ez az egyed\u00fcl\u00e1ll\u00f3 magyar harcm\u0171v\u00e9szet \u00e9s sport\u00e1g innen indult el vil\u00e1gh\u00f3d\u00edt\u00f3 \u00fatj\u00e1ra. Most \u00e9l\u0151ben is megn\u00e9zhetj\u00fck, hogyan \u00e9lik mindennapjukat. Nem bemutat\u00f3t fogunk l\u00e1tni, hanem az \u00e9vszaknak \u00e9s a verseny szezonnak megfelel\u0151 munk\u00e1t \u00e9s edz\u00e9st. A lovas\u00edj\u00e1szat kialakul\u00e1sa az \u00e1zsiai sztyepp\u00e9k lovasnom\u00e1d n\u00e9peihez k\u00f6thet\u0151. Legismertebb alkalmaz\u00f3i a szk\u00edt\u00e1k, hunok, magyarok, kunok. Haz\u00e1nkban a Honfoglal\u00e1s ut\u00e1n is m\u00e9g sok\u00e1ig alkalmazt\u00e1k ezt a harci technik\u00e1t, sokszor p\u00e1rhuzamosan a nyugatr\u00f3l \u00e9rkezett neh\u00e9zlovass\u00e1ggal, \u00edgy Szent L\u00e1szl\u00f3 kir\u00e1lyunk is. Az edz\u00e9s v\u00e9gezt\u00e9vel utunkat a Balaton part fel\u00e9 vessz\u00fck.M\u00e9g messze vagyunk a Balatont\u00f3l, mikor el\u00e9rj\u00fck Somogyv\u00e1rt. A r\u00e9gi id\u0151kben ez m\u00e9g a t\u00f3 \u00e1rter\u00fclete volt, a h\u00edres Nagy-Berek. Szent L\u00e1szl\u00f3 kir\u00e1ly itt \u00e9p\u00edtette fel a benc\u00e9s kolostort, melyet v\u00e9gs\u0151 nyughely\u00e9nek sz\u00e1nt, Kopp\u00e1ny vez\u00e9rt egykori v\u00e1r\u00e1nak romjain. A kolostor romjainak \u00e9s 2015-ben \u00e9p\u00fclt l\u00e1togat\u00f3k\u00f6zpontj\u00e1nak megtekint\u00e9se ut\u00e1n les\u00e9t\u00e1lunk a Kupav\u00e1r-hegy nyugati l\u00e1b\u00e1n\u00e1l fakad\u00f3 tiszta viz\u0171 forr\u00e1shoz. A Szentesica forr\u00e1snak egykor csodat\u00e9v\u0151, gy\u00f3gy\u00edt\u00f3 er\u0151t tulajdon\u00edtottak. A legenda szerint itt mosta meg kez\u00e9t Istv\u00e1n kir\u00e1ly Kopp\u00e1ny legy\u0151z\u00e9se ut\u00e1n. K\u00e9s\u0151 d\u00e9lut\u00e1n hazafel\u00e9 indulunk. \u00c9rkez\u00e9s Budapestre az esti \u00f3r\u00e1kban. Lesz\u00e1ll\u00e1si lehet\u0151s\u00e9g a felsz\u00e1ll\u00e1ssal megegyez\u0151 helyeken. R\u00e9szv\u00e9teli d\u00edj: 9 900 Ft\/f\u0151 A r\u00e9szv\u00e9teli d\u00edj tartalmazza:\u00a0aut\u00f3buszos utaz\u00e1s k\u00f6lts\u00e9geit. A r\u00e9szv\u00e9teli d\u00edj nem tartalmazza:\u00a0bel\u00e9p\u0151jegyeket, mely a helysz\u00ednen fizetend\u0151k Bel\u00e9p\u0151k: feln\u0151tt: 3600 Ft<\/p>\n","protected":false},"author":1,"featured_media":0,"parent":0,"menu_order":0,"comment_status":"closed","ping_status":"closed","template":"","meta":{"footnotes":""},"class_list":["post-3035","page","type-page","status-publish","hentry"],"_links":{"self":[{"href":"https:\/\/www.goforgo.hu\/index.php\/wp-json\/wp\/v2\/pages\/3035","targetHints":{"allow":["GET"]}}],"collection":[{"href":"https:\/\/www.goforgo.hu\/index.php\/wp-json\/wp\/v2\/pages"}],"about":[{"href":"https:\/\/www.goforgo.hu\/index.php\/wp-json\/wp\/v2\/types\/page"}],"author":[{"embeddable":true,"href":"https:\/\/www.goforgo.hu\/index.php\/wp-json\/wp\/v2\/users\/1"}],"replies":[{"embeddable":true,"href":"https:\/\/www.goforgo.hu\/index.php\/wp-json\/wp\/v2\/comments?post=3035"}],"version-history":[{"count":13,"href":"https:\/\/www.goforgo.hu\/index.php\/wp-json\/wp\/v2\/pages\/3035\/revisions"}],"predecessor-version":[{"id":5959,"href":"https:\/\/www.goforgo.hu\/index.php\/wp-json\/wp\/v2\/pages\/3035\/revisions\/5959"}],"wp:attachment":[{"href":"https:\/\/www.goforgo.hu\/index.php\/wp-json\/wp\/v2\/media?parent=3035"}],"curies":[{"name":"wp","href":"https:\/\/api.w.org\/{rel}","templated":true}]}}