{"id":3948,"date":"2018-01-27T10:23:28","date_gmt":"2018-01-27T10:23:28","guid":{"rendered":"http:\/\/www.goforgo.hu\/?page_id=3948"},"modified":"2018-06-04T12:50:37","modified_gmt":"2018-06-04T12:50:37","slug":"tihanyi-levendula-fesztival","status":"publish","type":"page","link":"https:\/\/www.goforgo.hu\/index.php\/tihanyi-levendula-fesztival\/","title":{"rendered":"Tihanyi Levendula Fesztiv\u00e1l"},"content":{"rendered":"<h1 class=\"western\" style=\"text-align: center;\" align=\"left\">FIGYELEM!<\/h1>\n<h1 class=\"western\" style=\"text-align: center;\" align=\"left\">A Tihanyi Levendulafesztiv\u00e1l id\u0151pontja egy h\u00e9ttel k\u00e9s\u0151bbre ker\u00fclt.<\/h1>\n<h1 class=\"western\" style=\"text-align: center;\" align=\"left\"><strong><span style=\"color: #ff0000;\">Azon a h\u00e9tv\u00e9g\u00e9n nem tudunk indulni, \u00edgy elmarad ez a kir\u00e1ndul\u00e1s!<\/span><\/strong><\/h1>\n<p class=\"western\" align=\"left\"><a href=\"https:\/\/www.goforgo.hu\/index.php\/tihanyi-levendula-fesztival\/levendula\/\" rel=\"attachment wp-att-3951\"><img loading=\"lazy\" decoding=\"async\" class=\"wp-image-3951 aligncenter\" src=\"https:\/\/www.goforgo.hu\/wp-content\/uploads\/2018\/01\/levendula.jpg\" alt=\"levendula\" width=\"703\" height=\"468\" srcset=\"https:\/\/www.goforgo.hu\/wp-content\/uploads\/2018\/01\/levendula.jpg 1000w, https:\/\/www.goforgo.hu\/wp-content\/uploads\/2018\/01\/levendula-300x200.jpg 300w, https:\/\/www.goforgo.hu\/wp-content\/uploads\/2018\/01\/levendula-768x511.jpg 768w\" sizes=\"auto, (max-width: 703px) 100vw, 703px\" \/><\/a><\/p>\n<p class=\"western\" align=\"left\"><strong>\u00a0<\/strong><\/p>\n<p class=\"western\"><b>Utaz\u00e1s:<\/b> az utasl\u00e9tsz\u00e1mnak megfelel\u0151 aut\u00f3busszal<\/p>\n<p class=\"western\" align=\"left\"><b>\u00datvonal: <\/b>Budapest \u2013 Tihany &#8211; Balatonf\u00fcred \u2013 Budapest (kb. 300 km)<\/p>\n<p class=\"western\"><b>Ell\u00e1t\u00e1s:<\/b> \u00f6nell\u00e1t\u00f3<\/p>\n<p class=\"western\" align=\"center\"><span style=\"font-size: large;\"><u><b>PROGRAM:<\/b><\/u><\/span><\/p>\n<p class=\"western\" align=\"left\"><span style=\"font-size: small;\"><u><b>Indul\u00e1s<\/b><\/u><\/span><span style=\"font-size: small;\"><i><u><b>:<\/b><\/u><\/i><\/span><\/p>\n<p class=\"western\" align=\"left\"><span style=\"font-size: small;\"><b>7<\/b><\/span><span style=\"font-size: small;\"><b>:<\/b><\/span><span style=\"font-size: small;\"><b>0<\/b><\/span><span style=\"font-size: small;\"><b>0<\/b><\/span><span style=\"font-size: small;\"> \u2013 kor Pestszentl\u0151rinc, LIDL parkol\u00f3 (\u00dcll\u0151i \u00fat 379 &#8211; 381)<\/span><\/p>\n<p class=\"western\" align=\"left\"><b> <\/b><span style=\"font-size: small;\"><b>7<\/b><\/span><span style=\"font-size: small;\"><b>:<\/b><\/span><span style=\"font-size: small;\"><b>3<\/b><\/span><span style=\"font-size: small;\"><b>0 <\/b><\/span><span style=\"font-size: small;\">\u2013 <\/span><span style=\"font-size: small;\">kor N\u00e9pliget, M3 n\u00e9pligeti metr\u00f3meg\u00e1ll\u00f3, Planet\u00e1rium el\u0151l <\/span><\/p>\n<p class=\"western\" align=\"left\"><span style=\"font-size: small;\"> 8:00-kor B\u00e9k\u00e1smegyer (felt\u00e9teles)<\/span><\/p>\n<p class=\"western\" style=\"text-align: justify;\"><span style=\"font-size: small;\">Tihanyba h\u00edvjuk a lehet\u0151 legszebb id\u0151szakban, levendula vir\u00e1gz\u00e1s idej\u00e9n! Az \u00e9rkez\u00e9s ut\u00e1n s\u00e9ta \u00e9s szabadid\u0151, a fesztiv\u00e1lon, ahol minden a levendul\u00e1r\u00f3l sz\u00f3l. K\u00e9zm\u0171ves port\u00e9k\u00e1k \u00e9s fens\u00e9ges \u00edzek, k\u00fcl\u00f6nleges falatok v\u00e1rj\u00e1k vend\u00e9geinket. Megtekintj\u00fck az 1055-ben alap\u00edtott Benc\u00e9s Ap\u00e1ts\u00e1got. Ezt k\u00f6vet\u0151en l\u00e1togatunk el a Levendulah\u00e1zba, amely \u00e9rdekes, interakt\u00edv ki\u00e1ll\u00edt\u00e1ssal mutatja be a Tihanyi-f\u00e9lszigetet: az egykor itt m\u0171k\u00f6d\u0151 vulk\u00e1nok vil\u00e1g\u00e1t, a m\u00e1ra megszel\u00edd\u00fclt t\u00e1jat \u00e9s a levendulatermeszt\u00e9st. A d\u00e9li \u00f3r\u00e1kt\u00f3l szabadid\u0151, amely sor\u00e1n kedv\u00fcnk szerint j\u00e1rhatjuk be a Bels\u0151-t\u00f3 partj\u00e1n megrendezett XIV. Levendula Fesztiv\u00e1l \u00e9s Levendul\u00e1s Napok v\u00e1s\u00e1rter\u00fclet\u00e9t. A v\u00e1s\u00e1rban minden kaphat\u00f3, ami levendula: a virul\u00f3 pal\u00e1nt\u00e1kt\u00f3l a lak\u00e1sd\u00edszekig, a ker\u00e1mi\u00e1kt\u00f3l levendul\u00e1s s\u00fctem\u00e9nyekig. <\/span><\/p>\n<p class=\"western\" style=\"text-align: justify;\"><a href=\"https:\/\/www.goforgo.hu\/index.php\/tihanyi-levendula-fesztival\/tihany-levendula\/\" rel=\"attachment wp-att-3950\"><img loading=\"lazy\" decoding=\"async\" class=\"wp-image-3950 aligncenter\" src=\"https:\/\/www.goforgo.hu\/wp-content\/uploads\/2018\/01\/Tihany-Levendula.jpg\" alt=\"Tihany-Levendula\" width=\"699\" height=\"393\" srcset=\"https:\/\/www.goforgo.hu\/wp-content\/uploads\/2018\/01\/Tihany-Levendula.jpg 900w, https:\/\/www.goforgo.hu\/wp-content\/uploads\/2018\/01\/Tihany-Levendula-300x169.jpg 300w, https:\/\/www.goforgo.hu\/wp-content\/uploads\/2018\/01\/Tihany-Levendula-768x432.jpg 768w\" sizes=\"auto, (max-width: 699px) 100vw, 699px\" \/><\/a><\/p>\n<p class=\"western\" align=\"justify\"><span style=\"font-size: small;\">A d\u00e9lut\u00e1ni \u00f3r\u00e1kban indulunk Balatonf\u00fcredre. A v\u00e1rosn\u00e9z\u0151 kisvonattal a legszebb nevezetess\u00e9geket n\u00e9zhetj\u00fck meg \u00e9s \u00e9rdemes megn\u00e9zni a nemr\u00e9g fel\u00faj\u00edtott J\u00f3kai-vill\u00e1t. K\u00e9s\u0151 d\u00e9lut\u00e1n<span style=\"font-size: small;\"> indulunk hazafel\u00e9. <\/span><span style=\"color: #000000;\"><span style=\"font-size: small;\">\u00c9rkez\u00e9s Budapestre est<\/span><\/span><span style=\"color: #000000;\"><span style=\"font-size: small;\">i \u00f3r\u00e1kban<\/span><\/span><span style=\"color: #000000;\"><span style=\"font-size: small;\">, l<\/span><\/span><span style=\"font-size: small;\">esz\u00e1ll\u00e1si lehet\u0151s\u00e9g a felsz\u00e1ll\u00e1ssal megegyez\u0151 helyeken.<\/span><\/span><\/p>\n<h2 class=\"western\" style=\"text-align: center;\"><span style=\"font-size: x-large;\">R\u00e9szv\u00e9teli d\u00edj: <\/span><span style=\"font-size: x-large;\">5<\/span> <span style=\"font-size: x-large;\">5<\/span><span style=\"font-size: x-large;\">00 Ft\/f\u0151<\/span><\/h2>\n<p align=\"left\"><span style=\"font-size: xx-small;\"><i><u><b>A r\u00e9szv\u00e9teli d\u00edj tartalmazza<\/b><\/u><\/i><i><b>:<\/b><\/i><i> az aut\u00f3buszos utaz\u00e1s k\u00f6lts\u00e9geit <\/i><\/span><\/p>\n<p class=\"western\" align=\"left\"><span style=\"font-size: xx-small;\"><i><u><b>A r\u00e9szv\u00e9teli d\u00edj nem tartalmazza<\/b><\/u><\/i><i><b>:<\/b><\/i><i> a bel\u00e9p\u0151jegyeket, melyek a helysz\u00ednen fizetend\u0151k <\/i><\/span><\/p>\n<p class=\"western\" align=\"left\"><span style=\"font-size: xx-small;\"><i><u><b>Kedvezm\u00e9nyek<\/b><\/u><\/i><\/span><span style=\"font-size: xx-small;\"><i><b>:<\/b><\/i><\/span><span style=\"font-size: xx-small;\"><i> A <\/i><\/span><span style=\"font-size: xx-small;\"><i>GoforGO Travel <\/i><\/span><span style=\"font-size: xx-small;\"><i>t\u00f6rzsutasainak, di\u00e1koknak 18 \u00e9ves korig, 65 \u00e9v feletti nyugd\u00edjasoknak <\/i><\/span><span style=\"font-size: xx-small;\"><i>3<\/i><\/span><span style=\"font-size: xx-small;\"><i>00 Ft. Kedvezm\u00e9nyeket \u00f6sszevonni nem lehet!<\/i><\/span><\/p>\n<p class=\"western\" align=\"center\"><span style=\"font-size: small;\"><b>\u00c9LM\u00c9NYEKBEN GAZDAG UTAZ\u00c1ST,<\/b><\/span><i><b> <\/b><\/i><span style=\"font-size: small;\"><b>J\u00d3 SZ\u00d3RAKOZ\u00c1ST K\u00cdV\u00c1NUNK!<\/b><\/span><\/p>\n<p class=\"western\" align=\"center\"><a href=\"https:\/\/www.goforgo.hu\/index.php\/tihanyi-levendula-fesztival\/levendula1\/\" rel=\"attachment wp-att-3952\"><img loading=\"lazy\" decoding=\"async\" class=\"alignnone size-full wp-image-3952\" src=\"https:\/\/www.goforgo.hu\/wp-content\/uploads\/2018\/01\/levendula1.jpg\" alt=\"levendula1\" width=\"800\" height=\"532\" srcset=\"https:\/\/www.goforgo.hu\/wp-content\/uploads\/2018\/01\/levendula1.jpg 800w, https:\/\/www.goforgo.hu\/wp-content\/uploads\/2018\/01\/levendula1-300x200.jpg 300w, https:\/\/www.goforgo.hu\/wp-content\/uploads\/2018\/01\/levendula1-768x511.jpg 768w\" sizes=\"auto, (max-width: 800px) 100vw, 800px\" \/><\/a><\/p>\n","protected":false},"excerpt":{"rendered":"<p>FIGYELEM! A Tihanyi Levendulafesztiv\u00e1l id\u0151pontja egy h\u00e9ttel k\u00e9s\u0151bbre ker\u00fclt. Azon a h\u00e9tv\u00e9g\u00e9n nem tudunk indulni, \u00edgy elmarad ez a kir\u00e1ndul\u00e1s! \u00a0 Utaz\u00e1s: az utasl\u00e9tsz\u00e1mnak megfelel\u0151 aut\u00f3busszal \u00datvonal: Budapest \u2013 Tihany &#8211; Balatonf\u00fcred \u2013 Budapest (kb. 300 km) Ell\u00e1t\u00e1s: \u00f6nell\u00e1t\u00f3 PROGRAM: Indul\u00e1s: 7:00 \u2013 kor Pestszentl\u0151rinc, LIDL parkol\u00f3 (\u00dcll\u0151i \u00fat 379 &#8211; 381) 7:30 \u2013 kor N\u00e9pliget, M3 n\u00e9pligeti metr\u00f3meg\u00e1ll\u00f3, Planet\u00e1rium el\u0151l 8:00-kor B\u00e9k\u00e1smegyer (felt\u00e9teles) Tihanyba h\u00edvjuk a lehet\u0151 legszebb id\u0151szakban, levendula vir\u00e1gz\u00e1s idej\u00e9n! Az \u00e9rkez\u00e9s ut\u00e1n s\u00e9ta \u00e9s szabadid\u0151, a fesztiv\u00e1lon, ahol minden a levendul\u00e1r\u00f3l sz\u00f3l. K\u00e9zm\u0171ves port\u00e9k\u00e1k \u00e9s fens\u00e9ges \u00edzek, k\u00fcl\u00f6nleges falatok v\u00e1rj\u00e1k vend\u00e9geinket. Megtekintj\u00fck az 1055-ben alap\u00edtott Benc\u00e9s Ap\u00e1ts\u00e1got. Ezt k\u00f6vet\u0151en l\u00e1togatunk el a Levendulah\u00e1zba, amely \u00e9rdekes, interakt\u00edv ki\u00e1ll\u00edt\u00e1ssal mutatja be a Tihanyi-f\u00e9lszigetet: az egykor itt m\u0171k\u00f6d\u0151 vulk\u00e1nok vil\u00e1g\u00e1t, a m\u00e1ra megszel\u00edd\u00fclt t\u00e1jat \u00e9s a levendulatermeszt\u00e9st. A d\u00e9li \u00f3r\u00e1kt\u00f3l szabadid\u0151, amely sor\u00e1n kedv\u00fcnk szerint j\u00e1rhatjuk be a Bels\u0151-t\u00f3 partj\u00e1n megrendezett XIV. Levendula Fesztiv\u00e1l \u00e9s Levendul\u00e1s Napok v\u00e1s\u00e1rter\u00fclet\u00e9t. A v\u00e1s\u00e1rban minden kaphat\u00f3, ami levendula: a virul\u00f3 pal\u00e1nt\u00e1kt\u00f3l a lak\u00e1sd\u00edszekig, a ker\u00e1mi\u00e1kt\u00f3l levendul\u00e1s s\u00fctem\u00e9nyekig. A d\u00e9lut\u00e1ni \u00f3r\u00e1kban indulunk Balatonf\u00fcredre. A v\u00e1rosn\u00e9z\u0151 kisvonattal a legszebb nevezetess\u00e9geket n\u00e9zhetj\u00fck meg \u00e9s \u00e9rdemes megn\u00e9zni a nemr\u00e9g fel\u00faj\u00edtott J\u00f3kai-vill\u00e1t. K\u00e9s\u0151 d\u00e9lut\u00e1n indulunk hazafel\u00e9. \u00c9rkez\u00e9s Budapestre esti \u00f3r\u00e1kban, lesz\u00e1ll\u00e1si lehet\u0151s\u00e9g a felsz\u00e1ll\u00e1ssal megegyez\u0151 helyeken. R\u00e9szv\u00e9teli d\u00edj: 5 500 Ft\/f\u0151 A r\u00e9szv\u00e9teli d\u00edj tartalmazza: az aut\u00f3buszos utaz\u00e1s k\u00f6lts\u00e9geit A r\u00e9szv\u00e9teli d\u00edj nem tartalmazza: a bel\u00e9p\u0151jegyeket, melyek a helysz\u00ednen fizetend\u0151k Kedvezm\u00e9nyek: A GoforGO Travel t\u00f6rzsutasainak, di\u00e1koknak 18 \u00e9ves korig, 65 \u00e9v feletti nyugd\u00edjasoknak 300 Ft. Kedvezm\u00e9nyeket \u00f6sszevonni nem lehet! \u00c9LM\u00c9NYEKBEN GAZDAG UTAZ\u00c1ST, J\u00d3 SZ\u00d3RAKOZ\u00c1ST K\u00cdV\u00c1NUNK!<\/p>\n","protected":false},"author":1,"featured_media":0,"parent":0,"menu_order":0,"comment_status":"closed","ping_status":"closed","template":"","meta":{"footnotes":""},"class_list":["post-3948","page","type-page","status-publish","hentry"],"_links":{"self":[{"href":"https:\/\/www.goforgo.hu\/index.php\/wp-json\/wp\/v2\/pages\/3948","targetHints":{"allow":["GET"]}}],"collection":[{"href":"https:\/\/www.goforgo.hu\/index.php\/wp-json\/wp\/v2\/pages"}],"about":[{"href":"https:\/\/www.goforgo.hu\/index.php\/wp-json\/wp\/v2\/types\/page"}],"author":[{"embeddable":true,"href":"https:\/\/www.goforgo.hu\/index.php\/wp-json\/wp\/v2\/users\/1"}],"replies":[{"embeddable":true,"href":"https:\/\/www.goforgo.hu\/index.php\/wp-json\/wp\/v2\/comments?post=3948"}],"version-history":[{"count":6,"href":"https:\/\/www.goforgo.hu\/index.php\/wp-json\/wp\/v2\/pages\/3948\/revisions"}],"predecessor-version":[{"id":4326,"href":"https:\/\/www.goforgo.hu\/index.php\/wp-json\/wp\/v2\/pages\/3948\/revisions\/4326"}],"wp:attachment":[{"href":"https:\/\/www.goforgo.hu\/index.php\/wp-json\/wp\/v2\/media?parent=3948"}],"curies":[{"name":"wp","href":"https:\/\/api.w.org\/{rel}","templated":true}]}}