{"id":429,"date":"2015-12-12T11:35:33","date_gmt":"2015-12-12T11:35:33","guid":{"rendered":"http:\/\/www.goforgo.hu\/?page_id=429"},"modified":"2025-01-07T15:57:46","modified_gmt":"2025-01-07T15:57:46","slug":"plitvicei-tavak","status":"publish","type":"page","link":"https:\/\/www.goforgo.hu\/index.php\/plitvicei-tavak\/","title":{"rendered":"Plitvicei tavak"},"content":{"rendered":"<p><a href=\"https:\/\/www.goforgo.hu\/index.php\/proba-oldal\/plitvicei-tavak-2\/\" rel=\"attachment wp-att-1665\"><img loading=\"lazy\" decoding=\"async\" class=\"alignnone size-large wp-image-1665\" src=\"https:\/\/www.goforgo.hu\/wp-content\/uploads\/2015\/10\/Plitvicei-tavak-1024x328.jpg\" alt=\"\" width=\"960\" height=\"308\" srcset=\"https:\/\/www.goforgo.hu\/wp-content\/uploads\/2015\/10\/Plitvicei-tavak-1024x328.jpg 1024w, https:\/\/www.goforgo.hu\/wp-content\/uploads\/2015\/10\/Plitvicei-tavak-300x96.jpg 300w, https:\/\/www.goforgo.hu\/wp-content\/uploads\/2015\/10\/Plitvicei-tavak.jpg 1200w\" sizes=\"auto, (max-width: 960px) 100vw, 960px\" \/><\/a><\/p>\n<table>\n<tbody>\n<tr>\n<td width=\"123\"><strong>Id\u0151pont\u00a0\u00a0\u00a0 :\u00a0 <\/strong><\/td>\n<td colspan=\"2\" width=\"227\">2025. 05.16-17.<\/td>\n<td width=\"113\"><strong>Poz.sz\u00e1m:<\/strong><\/td>\n<td colspan=\"2\" width=\"189\">25\/HPT\/01<\/td>\n<\/tr>\n<tr>\n<td colspan=\"6\" width=\"652\"><strong>\u00datvonal\u00a0\u00a0 :<\/strong>\u00a0\u00a0 Budapest \u2013 \u00a0\u00a0\u00a0Letenye \u2013 Z\u00e1gr\u00e1b \u2013 Karlovac \u2013 Plitvice\u00a0 &#8211; Budapest (\u00a0 1100 km).<\/td>\n<\/tr>\n<tr>\n<td width=\"123\"><strong>Utaz\u00e1s\u00a0\u00a0\u00a0\u00a0\u00a0 :<\/strong><\/td>\n<td colspan=\"3\" width=\"340\">az utasl\u00e9tsz\u00e1mnak megfelel\u0151 aut\u00f3busszal<\/td>\n<td width=\"113\"><strong>Ell\u00e1t\u00e1s:<\/strong><\/td>\n<td width=\"75\">reggeli<\/td>\n<\/tr>\n<tr>\n<td colspan=\"2\" width=\"160\"><strong>Sz\u00e1ll\u00e1s, elhelyez\u00e9s:<\/strong><\/td>\n<td colspan=\"4\" width=\"505\">*** motelben, 2-3 \u00e1gyas, zuhanyz\u00f3s, WC-s szob\u00e1kban<\/td>\n<\/tr>\n<tr>\n<td width=\"123\"><strong>Id\u0151tartam:\u00a0\u00a0 <\/strong><\/td>\n<td colspan=\"2\" width=\"227\">2 nap\/1 \u00e9j<\/td>\n<td width=\"113\"><strong>Idegenvezet\u00e9s:\u00a0\u00a0\u00a0 <\/strong><\/td>\n<td colspan=\"2\" width=\"189\">v\u00e9gig az aut\u00f3buszon<\/td>\n<\/tr>\n<\/tbody>\n<\/table>\n<h2 style=\"text-align: center;\"><strong><u>PROGRAM:<\/u><\/strong><\/h2>\n<p><strong>1.nap:<\/strong> 5:45-t\u0151l gy\u00fclekez\u0151, majd <strong>6-kor indul\u00e1s Budapestr\u0151l, az Ecseri \u00fati OMV benzink\u00fatt\u00f3l (\u00dcll\u0151i \u00fat 110)<\/strong><\/p>\n<p>Folyamatos ut\u00e1z\u00e1s r\u00f6vid pihen\u0151kkel, a Plitvicei-tavakhoz. D\u00e9lut\u00e1n s\u00e9ta, kir\u00e1ndul\u00e1s a Plitvicei-tavakn\u00e1l. Eur\u00f3pa egyik legszebb term\u00e9szeti l\u00e1tv\u00e1nyoss\u00e1ga, egy v\u00f6lgyben ter\u00fcl el, erd\u0151s hegyek veszik k\u00f6r\u00fcl. P\u00e1ratlan sz\u00e9ps\u00e9ge, n\u00f6v\u00e9ny- \u00e9s \u00e1llatvil\u00e1g\u00e1nak gazdags\u00e1ga miatt ezt a ter\u00fcletet m\u00e1r 1949-ben Nemzeti Parkk\u00e1 nyilv\u00e1n\u00edtott\u00e1k. Ter\u00fclet\u00e9n t\u00f6bb v\u00e9dett \u00e1llatfaj \u00e9l: medve, farkas, vidra, erdei f\u00fclesbagoly. 1979-ben a vid\u00e9k r\u00e1ker\u00fclt az UNESCO term\u00e9szeti vil\u00e1g\u00f6r\u00f6ks\u00e9gi list\u00e1j\u00e1ra. A t\u00f3rendszert 16, egym\u00e1shoz kapcsol\u00f3d\u00f3 t\u00f3 alkotja. S\u00e9t\u00e1nk sor\u00e1n gyalogosan, kisvonattal \u00e9s kishaj\u00f3val j\u00e1rjuk k\u00f6rbe a nemzeti parkot (bel\u00e9p\u0151: 25 \u20ac, mely foglal\u00e1skor fizetend\u0151). Sz\u00e1ll\u00e1s a Plitvicei tavak k\u00f6rny\u00e9k\u00e9n.<\/p>\n<p><a href=\"https:\/\/www.goforgo.hu\/index.php\/plitvicei-tavak\/lower-lakes-plitvice1-1024x1024\/\" rel=\"attachment wp-att-6928\"><img loading=\"lazy\" decoding=\"async\" class=\"alignnone size-full wp-image-6928\" src=\"https:\/\/www.goforgo.hu\/wp-content\/uploads\/2025\/01\/lower-lakes-plitvice1-1024x1024-1.jpg\" alt=\"\" width=\"1024\" height=\"1024\" srcset=\"https:\/\/www.goforgo.hu\/wp-content\/uploads\/2025\/01\/lower-lakes-plitvice1-1024x1024-1.jpg 1024w, https:\/\/www.goforgo.hu\/wp-content\/uploads\/2025\/01\/lower-lakes-plitvice1-1024x1024-1-300x300.jpg 300w, https:\/\/www.goforgo.hu\/wp-content\/uploads\/2025\/01\/lower-lakes-plitvice1-1024x1024-1-150x150.jpg 150w, https:\/\/www.goforgo.hu\/wp-content\/uploads\/2025\/01\/lower-lakes-plitvice1-1024x1024-1-768x768.jpg 768w, https:\/\/www.goforgo.hu\/wp-content\/uploads\/2025\/01\/lower-lakes-plitvice1-1024x1024-1-75x75.jpg 75w\" sizes=\"auto, (max-width: 1024px) 100vw, 1024px\" \/><\/a><\/p>\n<p><strong>2.nap:<\/strong> Reggeli ut\u00e1n indul\u00e1s K\u00e1rolyv\u00e1rosba (kb. 100 km). D\u00e9lel\u0151tt r\u00f6vid s\u00e9t\u00e1t tesz\u00fcnk a t\u00f6rt\u00e9nelmi v\u00e1ros k\u00f6zpontj\u00e1ban, majd a d\u00e9li \u00f3r\u00e1kban ell\u00e1togatunk a k\u00f6zeli Ozalj v\u00e1r\u00e1ba. A Zr\u00ednyi csal\u00e1d \u0151si f\u00e9szke a Kupa patak partj\u00e1n \u00e9p\u00fclt \u00e9s ma m\u00fazeum m\u0171k\u00f6dik benne. Zr\u00ednyi Mikl\u00f3s, a szigetv\u00e1ri h\u0151s palot\u00e1t \u00e9p\u00edttetett a v\u00e1rban, majd Batthy\u00e1ny T\u00f3dor teljesen \u00e1t\u00e9p\u00edtette barokk st\u00edlusban. Utols\u00f3 mag\u00e1ntulajdonosa a n\u00e9met Thurn und Taxis csal\u00e1d, akik a Horv\u00e1t S\u00e1rk\u00e1nyrendnek adom\u00e1nyozt\u00e1k, mely m\u00e1ig a v\u00e1r tulajdonosa.<\/p>\n<p><a href=\"https:\/\/www.goforgo.hu\/index.php\/plitvicei-tavak\/collage-ozalj-karolyvaros\/\" rel=\"attachment wp-att-6929\"><img loading=\"lazy\" decoding=\"async\" class=\"alignnone size-large wp-image-6929\" src=\"https:\/\/www.goforgo.hu\/wp-content\/uploads\/2025\/01\/collage-Ozalj-Karolyvaros-1024x768.jpg\" alt=\"\" width=\"960\" height=\"720\" srcset=\"https:\/\/www.goforgo.hu\/wp-content\/uploads\/2025\/01\/collage-Ozalj-Karolyvaros-1024x768.jpg 1024w, https:\/\/www.goforgo.hu\/wp-content\/uploads\/2025\/01\/collage-Ozalj-Karolyvaros-768x576.jpg 768w, https:\/\/www.goforgo.hu\/wp-content\/uploads\/2025\/01\/collage-Ozalj-Karolyvaros-1536x1152.jpg 1536w, https:\/\/www.goforgo.hu\/wp-content\/uploads\/2025\/01\/collage-Ozalj-Karolyvaros-2048x1536.jpg 2048w, https:\/\/www.goforgo.hu\/wp-content\/uploads\/2025\/01\/collage-Ozalj-Karolyvaros-1140x855.jpg 1140w\" sizes=\"auto, (max-width: 960px) 100vw, 960px\" \/><\/a><\/p>\n<p>15 \u00f3rakor indulunk hazafel\u00e9, \u00e9rkez\u00e9s Budapestre az \u00e9jf\u00e9li \u00f3r\u00e1kban. Lesz\u00e1ll\u00e1si lehet\u0151s\u00e9g az aut\u00f3buszr\u00f3l a felsz\u00e1ll\u00e1ssal megegyez\u0151 helyeken.<\/p>\n<h1 style=\"text-align: center;\"><strong>R\u00e9szv\u00e9teli d\u00edj: 59 000 Ft\/f\u0151<\/strong><\/h1>\n<p style=\"text-align: center;\"><strong>Egy\u00e1gyas fel\u00e1r: \u00a013 000 \u00a0Ft \u00a0\u00a0\u00a0\u00a0\u00a0\u00a0\u00a0\u00a0\u00a0\u00a0\u00a0\u00a0\u00a0\u00a0\u00a0\u00a0\u00a0\u00a0\u00a0\u00a0\u00a0\u00a0\u00a0\u00a0\u00a0\u00a0\u00a0\u00a0\u00a0\u00a0\u00a0\u00a0\u00a0\u00a0\u00a0\u00a0\u00a0\u00a0\u00a0\u00a0\u00a0\u00a0\u00a0\u00a0\u00a0\u00a0\u00a0\u00a0\u00a0\u00a0 fakultat\u00edv vacsora:\u00a0\u00a0 7 000Ft<\/strong><\/p>\n<p><strong>Aj\u00e1nlott k\u00f6lt\u0151p\u00e9nz bel\u00e9p\u0151kre: kb. 40 \u20ac<\/strong><\/p>\n<p><strong>Minimum l\u00e9tsz\u00e1m, mellyel a program indul: 30 f\u0151<\/strong><\/p>\n<p><strong><em><u>A r\u00e9szv\u00e9teli d\u00edj tartalmazza<\/u><\/em><em>:<\/em><em> a sz\u00e1ll\u00e1sk\u00f6lts\u00e9get a megadott ell\u00e1t\u00e1ssal ( 1 x reggeli), az aut\u00f3buszos utaz\u00e1s k\u00f6lts\u00e9geit \u00e9s az idegenvezet\u00e9st az aut\u00f3buszon.<\/em><\/strong><\/p>\n<p><strong><em><u>A r\u00e9szv\u00e9teli d\u00edj nem tartalmazza<\/u><\/em><em>:<\/em><\/strong><\/p>\n<ul>\n<li><strong><em>a bel\u00e9p\u0151jegyeket, <\/em><\/strong><\/li>\n<li><strong><em>a BBP- biztos\u00edt\u00e1st, mely irod\u00e1inkban megk\u00f6thet\u0151k<\/em><\/strong><\/li>\n<\/ul>\n<p><strong>\u00a0<\/strong><\/p>\n","protected":false},"excerpt":{"rendered":"<p>Id\u0151pont\u00a0\u00a0\u00a0 :\u00a0 2025. 05.16-17. Poz.sz\u00e1m: 25\/HPT\/01 \u00datvonal\u00a0\u00a0 :\u00a0\u00a0 Budapest \u2013 \u00a0\u00a0\u00a0Letenye \u2013 Z\u00e1gr\u00e1b \u2013 Karlovac \u2013 Plitvice\u00a0 &#8211; Budapest (\u00a0 1100 km). Utaz\u00e1s\u00a0\u00a0\u00a0\u00a0\u00a0 : az utasl\u00e9tsz\u00e1mnak megfelel\u0151 aut\u00f3busszal Ell\u00e1t\u00e1s: reggeli Sz\u00e1ll\u00e1s, elhelyez\u00e9s: *** motelben, 2-3 \u00e1gyas, zuhanyz\u00f3s, WC-s szob\u00e1kban Id\u0151tartam:\u00a0\u00a0 2 nap\/1 \u00e9j Idegenvezet\u00e9s:\u00a0\u00a0\u00a0 v\u00e9gig az aut\u00f3buszon PROGRAM: 1.nap: 5:45-t\u0151l gy\u00fclekez\u0151, majd 6-kor indul\u00e1s Budapestr\u0151l, az Ecseri \u00fati OMV benzink\u00fatt\u00f3l (\u00dcll\u0151i \u00fat 110) Folyamatos ut\u00e1z\u00e1s r\u00f6vid pihen\u0151kkel, a Plitvicei-tavakhoz. D\u00e9lut\u00e1n s\u00e9ta, kir\u00e1ndul\u00e1s a Plitvicei-tavakn\u00e1l. Eur\u00f3pa egyik legszebb term\u00e9szeti l\u00e1tv\u00e1nyoss\u00e1ga, egy v\u00f6lgyben ter\u00fcl el, erd\u0151s hegyek veszik k\u00f6r\u00fcl. P\u00e1ratlan sz\u00e9ps\u00e9ge, n\u00f6v\u00e9ny- \u00e9s \u00e1llatvil\u00e1g\u00e1nak gazdags\u00e1ga miatt ezt a ter\u00fcletet m\u00e1r 1949-ben Nemzeti Parkk\u00e1 nyilv\u00e1n\u00edtott\u00e1k. Ter\u00fclet\u00e9n t\u00f6bb v\u00e9dett \u00e1llatfaj \u00e9l: medve, farkas, vidra, erdei f\u00fclesbagoly. 1979-ben a vid\u00e9k r\u00e1ker\u00fclt az UNESCO term\u00e9szeti vil\u00e1g\u00f6r\u00f6ks\u00e9gi list\u00e1j\u00e1ra. A t\u00f3rendszert 16, egym\u00e1shoz kapcsol\u00f3d\u00f3 t\u00f3 alkotja. S\u00e9t\u00e1nk sor\u00e1n gyalogosan, kisvonattal \u00e9s kishaj\u00f3val j\u00e1rjuk k\u00f6rbe a nemzeti parkot (bel\u00e9p\u0151: 25 \u20ac, mely foglal\u00e1skor fizetend\u0151). Sz\u00e1ll\u00e1s a Plitvicei tavak k\u00f6rny\u00e9k\u00e9n. 2.nap: Reggeli ut\u00e1n indul\u00e1s K\u00e1rolyv\u00e1rosba (kb. 100 km). D\u00e9lel\u0151tt r\u00f6vid s\u00e9t\u00e1t tesz\u00fcnk a t\u00f6rt\u00e9nelmi v\u00e1ros k\u00f6zpontj\u00e1ban, majd a d\u00e9li \u00f3r\u00e1kban ell\u00e1togatunk a k\u00f6zeli Ozalj v\u00e1r\u00e1ba. A Zr\u00ednyi csal\u00e1d \u0151si f\u00e9szke a Kupa patak partj\u00e1n \u00e9p\u00fclt \u00e9s ma m\u00fazeum m\u0171k\u00f6dik benne. Zr\u00ednyi Mikl\u00f3s, a szigetv\u00e1ri h\u0151s palot\u00e1t \u00e9p\u00edttetett a v\u00e1rban, majd Batthy\u00e1ny T\u00f3dor teljesen \u00e1t\u00e9p\u00edtette barokk st\u00edlusban. Utols\u00f3 mag\u00e1ntulajdonosa a n\u00e9met Thurn und Taxis csal\u00e1d, akik a Horv\u00e1t S\u00e1rk\u00e1nyrendnek adom\u00e1nyozt\u00e1k, mely m\u00e1ig a v\u00e1r tulajdonosa. 15 \u00f3rakor indulunk hazafel\u00e9, \u00e9rkez\u00e9s Budapestre az \u00e9jf\u00e9li \u00f3r\u00e1kban. Lesz\u00e1ll\u00e1si lehet\u0151s\u00e9g az aut\u00f3buszr\u00f3l a felsz\u00e1ll\u00e1ssal megegyez\u0151 helyeken. R\u00e9szv\u00e9teli d\u00edj: 59 000 Ft\/f\u0151 Egy\u00e1gyas fel\u00e1r: \u00a013 000 \u00a0Ft \u00a0\u00a0\u00a0\u00a0\u00a0\u00a0\u00a0\u00a0\u00a0\u00a0\u00a0\u00a0\u00a0\u00a0\u00a0\u00a0\u00a0\u00a0\u00a0\u00a0\u00a0\u00a0\u00a0\u00a0\u00a0\u00a0\u00a0\u00a0\u00a0\u00a0\u00a0\u00a0\u00a0\u00a0\u00a0\u00a0\u00a0\u00a0\u00a0\u00a0\u00a0\u00a0\u00a0\u00a0\u00a0\u00a0\u00a0\u00a0\u00a0\u00a0 fakultat\u00edv vacsora:\u00a0\u00a0 7 000Ft Aj\u00e1nlott k\u00f6lt\u0151p\u00e9nz bel\u00e9p\u0151kre: kb. 40 \u20ac Minimum l\u00e9tsz\u00e1m, mellyel a program indul: 30 f\u0151 A r\u00e9szv\u00e9teli d\u00edj tartalmazza: a sz\u00e1ll\u00e1sk\u00f6lts\u00e9get a megadott ell\u00e1t\u00e1ssal ( 1 x reggeli), az aut\u00f3buszos utaz\u00e1s k\u00f6lts\u00e9geit \u00e9s az idegenvezet\u00e9st az aut\u00f3buszon. A r\u00e9szv\u00e9teli d\u00edj nem tartalmazza: a bel\u00e9p\u0151jegyeket, a BBP- biztos\u00edt\u00e1st, mely irod\u00e1inkban megk\u00f6thet\u0151k \u00a0<\/p>\n","protected":false},"author":1,"featured_media":0,"parent":0,"menu_order":0,"comment_status":"closed","ping_status":"closed","template":"","meta":{"footnotes":""},"class_list":["post-429","page","type-page","status-publish","hentry"],"_links":{"self":[{"href":"https:\/\/www.goforgo.hu\/index.php\/wp-json\/wp\/v2\/pages\/429","targetHints":{"allow":["GET"]}}],"collection":[{"href":"https:\/\/www.goforgo.hu\/index.php\/wp-json\/wp\/v2\/pages"}],"about":[{"href":"https:\/\/www.goforgo.hu\/index.php\/wp-json\/wp\/v2\/types\/page"}],"author":[{"embeddable":true,"href":"https:\/\/www.goforgo.hu\/index.php\/wp-json\/wp\/v2\/users\/1"}],"replies":[{"embeddable":true,"href":"https:\/\/www.goforgo.hu\/index.php\/wp-json\/wp\/v2\/comments?post=429"}],"version-history":[{"count":12,"href":"https:\/\/www.goforgo.hu\/index.php\/wp-json\/wp\/v2\/pages\/429\/revisions"}],"predecessor-version":[{"id":6936,"href":"https:\/\/www.goforgo.hu\/index.php\/wp-json\/wp\/v2\/pages\/429\/revisions\/6936"}],"wp:attachment":[{"href":"https:\/\/www.goforgo.hu\/index.php\/wp-json\/wp\/v2\/media?parent=429"}],"curies":[{"name":"wp","href":"https:\/\/api.w.org\/{rel}","templated":true}]}}