{"id":4853,"date":"2019-03-13T10:35:54","date_gmt":"2019-03-13T10:35:54","guid":{"rendered":"http:\/\/www.goforgo.hu\/?page_id=4853"},"modified":"2019-03-13T10:35:54","modified_gmt":"2019-03-13T10:35:54","slug":"wachau-apatsaga-es-a-csodalatos-hatarmenti-kastelypark","status":"publish","type":"page","link":"https:\/\/www.goforgo.hu\/index.php\/wachau-apatsaga-es-a-csodalatos-hatarmenti-kastelypark\/","title":{"rendered":"WACHAU AP\u00c1TS\u00c1GA \u00e9s a csod\u00e1latos HAT\u00c1RMENTI Kast\u00e9lypark"},"content":{"rendered":"<table id=\"termeklap_tablazat_parameterek\" class=\"termeklap_tablazat\" style=\"height: 147px;\" width=\"640\">\n<tbody>\n<tr class=\"termeklap_tablazat_sor_csikos\">\n<td class=\"termeklap_tablazat_nev\">UTAZ\u00c1S ID\u0150TARTAMA<\/td>\n<td class=\"termeklap_tablazat_ertek\">1 nap<\/td>\n<\/tr>\n<tr class=\"termeklap_tablazat_sor\">\n<td class=\"termeklap_tablazat_nev\">INDUL\u00c1S<\/td>\n<td class=\"termeklap_tablazat_ertek\">2019.04.20. szombat &#8211; 6 :00<\/td>\n<\/tr>\n<tr class=\"termeklap_tablazat_sor_csikos\">\n<td class=\"termeklap_tablazat_nev\">\u00c9RKEZ\u00c9S<\/td>\n<td class=\"termeklap_tablazat_ertek\">2019.04.20. &#8211; szombat &#8211; k\u00e9s\u0151 esti \u00f3r\u00e1kban<\/td>\n<\/tr>\n<tr class=\"termeklap_tablazat_sor\">\n<td class=\"termeklap_tablazat_nev\">CSATLAKOZ\u00c1SI PONTOK<\/td>\n<td class=\"termeklap_tablazat_ertek\">M1-es aut\u00f3p\u00e1lya vonal\u00e1n el\u0151re egyeztetett helyen<\/td>\n<\/tr>\n<tr class=\"termeklap_tablazat_sor_csikos\">\n<td class=\"termeklap_tablazat_nev\">ELL\u00c1T\u00c1S<\/td>\n<td class=\"termeklap_tablazat_ertek\">\u00f6nell\u00e1t\u00e1s<\/td>\n<\/tr>\n<\/tbody>\n<\/table>\n<p><a href=\"https:\/\/www.goforgo.hu\/index.php\/wachau-apatsaga-es-a-csodalatos-hatarmenti-kastelypark\/wachau_tour_inkl-_stift_melk_-_wachau__c__vienna_sightseeing_tours_-_bernhard_luck\/\" rel=\"attachment wp-att-4854\"><img loading=\"lazy\" decoding=\"async\" class=\"alignnone size-large wp-image-4854\" src=\"https:\/\/www.goforgo.hu\/wp-content\/uploads\/2019\/03\/Wachau_Tour_inkl._Stift_Melk_-_Wachau__c__Vienna_Sightseeing_Tours_-_Bernhard_Luck-1024x432.jpg\" alt=\"Wachau_Tour_inkl._Stift_Melk_-_Wachau__c__Vienna_Sightseeing_Tours_-_Bernhard_Luck\" width=\"1024\" height=\"432\" \/><\/a><\/p>\n<p id=\"termeklap_rovid_leiras\"><strong>WACHAU -, az Osztr\u00e1k-Dunakanyar<\/strong><\/p>\n<p>Az UNESCO vil\u00e1g\u00f6r\u00f6ks\u00e9g r\u00e9sz\u00e9t k\u00e9pezi 2000 \u00f3ta az Ausztri\u00e1ban tal\u00e1lhat\u00f3 WACHAU t\u00e1j, a wachaui kult\u00fark\u00f6rnyezet. A majd 200 km2-i ter\u00fclet\u0171 t\u00e1j fest\u0151i sz\u00e9ps\u00e9g\u00e9t a Duna v\u00f6lgy\u00e9nek is k\u00f6sz\u00f6nheti, mindamellett, hogy h\u00edres sz\u0151l\u0151termel\u0151 vid\u00e9k is. A k\u00f6z\u00e9pkor \u00e9s a barokk \u00e9p\u00edt\u00e9szetet fedezhetj\u00fck fel a lakott ter\u00fcleteken, a m\u00e9g \u00e1ll\u00f3 kolostorokban,v\u00e1rakban, a m\u0171eml\u00e9k jelleg\u0171 mag\u00e1n\u00e9p\u00fcletekben.<\/p>\n<p id=\"termeklap_leiras\">\nBudapestr\u0151l indulva, r\u00f6vid pihen\u0151ket tartva az M1-es aut\u00f3p\u00e1ly\u00e1n haladva utazunk G\u00f6ttweig ir\u00e1ny\u00e1ba. Forgalomt\u00f3l f\u00fcgg\u0151en a d\u00e9lel\u0151tti \u00f3r\u00e1kban \u00e9rkez\u00fcnk meg a G\u00f6ttweigi Ap\u00e1ts\u00e1ghoz.<\/p>\n<p><a href=\"https:\/\/www.goforgo.hu\/index.php\/wachau-apatsaga-es-a-csodalatos-hatarmenti-kastelypark\/gottweig-06_stiftgoettweig\/\" rel=\"attachment wp-att-4855\"><img loading=\"lazy\" decoding=\"async\" class=\"alignnone size-large wp-image-4855\" src=\"https:\/\/www.goforgo.hu\/wp-content\/uploads\/2019\/03\/G\u00f6ttweig-06_stiftgoettweig-1024x461.jpg\" alt=\"G\u00f6ttweig 06_stiftgoettweig\" width=\"1024\" height=\"461\" \/><\/a><\/p>\n<p><strong>G\u00d6TTWEIG \u00e9s az AP\u00c1TS\u00c1G<\/strong><br \/>\nNapunk els\u0151 \u00e1llom\u00e1sa G\u00f6ttweig, ahol az Ap\u00e1ts\u00e1g falai k\u00f6z\u00e9 leshet\u00fcnk be \u00e9s s\u00e9t\u00e1lhatunk egyet a k\u00f6rnyez\u0151 parkban.<\/p>\n<p>A Melki ap\u00e1ts\u00e1g alig p\u00e1r kilom\u00e9terre fekszik G\u00f6ttweigt\u0151l. T\u00f6bbek tett\u00e9k m\u00e1r fel nek\u00fcnk is a k\u00e9rd\u00e9st, mi\u00e9rt lehets\u00e9ges, hogy a Melk Ap\u00e1ts\u00e1ga nagyobb figyelmet kap, mint G\u00f6ttweg\u00e9, \u00e1m igaz\u00e1n nyom\u00f3s \u00e9s t\u00f6bb indokat nem nagyon tudunk felmutatni ann\u00e1l, minthogy az A1-es aut\u00f3p\u00e1ly\u00e1hoz val\u00f3 k\u00f6zels\u00e9ge Melket aj\u00e1nd\u00e9kozta meg a n\u00e9pszer\u0171s\u00e9g el\u0151nyeivel.<\/p>\n<p><a href=\"https:\/\/www.goforgo.hu\/index.php\/wachau-apatsaga-es-a-csodalatos-hatarmenti-kastelypark\/goettweig\/\" rel=\"attachment wp-att-4856\"><img loading=\"lazy\" decoding=\"async\" class=\"size-full wp-image-4856 aligncenter\" src=\"https:\/\/www.goforgo.hu\/wp-content\/uploads\/2019\/03\/goettweig.jpeg\" alt=\"goettweig\" width=\"780\" height=\"440\" \/><\/a><\/p>\n<p>Aki m\u00e1r j\u00e1rt a G\u00f6ttweigi Ap\u00e1ts\u00e1gban az tudja, hogy az \u00e9p\u00fcletegy\u00fcttes azonnal mag\u00e1val ragadja a l\u00e1togat\u00f3t. Az Ap\u00e1ts\u00e1gi kolostor \u00e9s templom mellett az \u00e9p\u00fcletben tal\u00e1lhat\u00f3 d\u00edsztermekre is \u00e9rdemes nagy figyelmet ford\u00edtani. Az ap\u00e1ts\u00e1gban a benc\u00e9sek vend\u00e9gszeretet\u00e9t \u00e9lvezhetj\u00fck. Fontos lehet tudnunk, hogy G\u00f6ttweig is 2000 \u00f3ta az UNESCO Vil\u00e1g\u00f6r\u00f6ks\u00e9g r\u00e9sze illetve a Szent Jakab zar\u00e1ndok\u00fat egyik \u00e1llom\u00e1sa is. Az Ap\u00e1ts\u00e1gba l\u00e1togat\u00f3 turist\u00e1kat nem csak az Ap\u00e1ts\u00e1g l\u00e1tv\u00e1nyoss\u00e1gaival v\u00e1rj\u00e1k. Komolyzenei koncertek \u00e9s fest\u0151m\u0171v\u00e9szeti ki\u00e1ll\u00edt\u00e1sok is sz\u00ednes\u00edtik a programot. Az Ap\u00e1ts\u00e1gban nagyj\u00e1b\u00f3l 2 -2,5 \u00f3r\u00e1t tervez\u00fcnk elt\u00f6lteni, amely id\u0151 alatt megn\u00e9zz\u00fck az Ap\u00e1ts\u00e1g l\u00e1togathat\u00f3 termeit \u00e9s b\u00edzva a tavaszi naps\u00fct\u00e9sben az \u00e9p\u00fcletegy\u00fcttes parkj\u00e1ban \u00e9s k\u00f6zvetlen k\u00f6rnyezet\u00e9ben is tesz\u00fcnk egy r\u00f6vid s\u00e9t\u00e1t, mivel inform\u00e1ci\u00f3ink szerint az idei \u00e9vben egy k\u00fcl\u00f6nleges k\u00fcls\u0151 ki\u00e1ll\u00edt\u00e1s is helyet kap a falakon k\u00edv\u00fcl.<\/p>\n<p><a href=\"https:\/\/www.goforgo.hu\/index.php\/wachau-apatsaga-es-a-csodalatos-hatarmenti-kastelypark\/schloss_aussen_luftbild_loop6\/\" rel=\"attachment wp-att-4857\"><img loading=\"lazy\" decoding=\"async\" class=\"size-full wp-image-4857 aligncenter\" src=\"https:\/\/www.goforgo.hu\/wp-content\/uploads\/2019\/03\/Schloss_aussen_Luftbild_loop6.jpg\" alt=\"Schloss_aussen_Luftbild_loop6\" width=\"785\" height=\"343\" \/><\/a><\/p>\n<p><strong>SCHLOSSHOF SAVOYA KAST\u00c9LY<\/strong><\/p>\n<p>Az Ap\u00e1ts\u00e1gban tett l\u00e1togat\u00e1s ut\u00e1n buszra \u00fcl\u00fcnk \u00e9s elindulunk a szlov\u00e1k hat\u00e1r fel\u00e9. Megl\u00e1togathatn\u00e1nk ak\u00e1r Pozsonyt is, de mi m\u00e9g a szlov\u00e1k-osztr\u00e1k hat\u00e1r innens\u0151 oldal\u00e1n maradva a Savoya Kast\u00e9lyt vessz\u00fck c\u00e9lba. Schlosshof Ausztria keleti r\u00e9sz\u00e9n tal\u00e1lhat\u00f3 falu. A falu a kast\u00e9lynak k\u00f6sz\u00f6nhet\u0151en igaz\u00e1n n\u00e9pszer\u0171. Az elm\u00falt \u00e9vsz\u00e1zadokban vad\u00e1szkast\u00e9lyk\u00e9nt, lovasakad\u00e9miak\u00e9nt is funkcion\u00e1lt, \u00e1m volt id\u0151szak, amikor teljesen lakatlan volt. Savoyai Jen\u0151 h\u00e1l\u00f3-, \u00e9s fogad\u00f3 szob\u00e1it \u00e9pp \u00fagy megtekinthetj\u00fck, mint M\u00e1ria Ter\u00e9zia lakoszt\u00e1lyait is. A falakon M\u00e1ria Ter\u00e9zia \u00e1ltal rendelt csal\u00e1di festm\u00e9nyek l\u00e1that\u00f3k. A lakoszt\u00e1lyok nagyon sz\u00e9p \u00e1llapotban vannak, nem kell t\u00fal sok k\u00e9pzel\u0151er\u0151 ahhoz, hogy M\u00e1ria Ter\u00e9zia vagy Savoyai Jen\u0151 mindennapjaiba bele tudjuk k\u00e9pzelni magunkat mi is.<\/p>\n<p><a href=\"https:\/\/www.goforgo.hu\/index.php\/wachau-apatsaga-es-a-csodalatos-hatarmenti-kastelypark\/schloss-hof-092017-1\/\" rel=\"attachment wp-att-4858\"><img loading=\"lazy\" decoding=\"async\" class=\"alignnone size-large wp-image-4858\" src=\"https:\/\/www.goforgo.hu\/wp-content\/uploads\/2019\/03\/Schloss-hof-092017-1-1024x768.jpg\" alt=\"Schloss-hof-092017-1\" width=\"1024\" height=\"768\" \/><\/a><br \/>\nA kast\u00e9ly programfelel\u0151sei nagyon j\u00f3 munk\u00e1t v\u00e9geztek, hiszen az ide l\u00e1togat\u00f3 kast\u00e9lykedvel\u0151 sz\u00fcl\u0151k gyermekei is megtal\u00e1lj\u00e1k a maguk kellemes \u00e9s j\u00e1t\u00e9kos id\u0151t\u00f6lt\u00e9s\u00e9t. Azon t\u00fal, hogy minden teremben tal\u00e1l\u00f3s k\u00e9rd\u00e9seket helyeztek el vagy interakt\u00edv j\u00e1t\u00e9kokkal k\u00f6tik le a gyerekek figyelm\u00e9t, a falakon k\u00edv\u00fcl sem kell unatkozniuk. \u00c1llatsimogat\u00f3t \u00e9p\u00edtettek fel a kast\u00e9ly parkj\u00e1ban, illetve a gazdas\u00e1gi \u00e9p\u00fcletekn\u00e9l. K\u00f6zel 240 f\u00e9le \u00e1llat tekinthet\u0151 itt meg.<br \/>\nA kast\u00e9ly parkja rendezett \u00edgy a kast\u00e9ly teraszair\u00f3l m\u00e9g mag\u00e1val ragad\u00f3bb a park l\u00e1tv\u00e1nya. V\u00e9tek kihagyni, hogy a r\u00f3zsakert mellett a hatalmas parkban is tegy\u00fcnk egy nagy felfedez\u0151 s\u00e9t\u00e1t.<\/p>\n<figure id=\"attachment_4859\" aria-describedby=\"caption-attachment-4859\" style=\"width: 1024px\" class=\"wp-caption alignnone\"><a href=\"https:\/\/www.goforgo.hu\/index.php\/wachau-apatsaga-es-a-csodalatos-hatarmenti-kastelypark\/schloss-hof-18-jhdt\/\" rel=\"attachment wp-att-4859\"><img loading=\"lazy\" decoding=\"async\" class=\"size-large wp-image-4859\" src=\"https:\/\/www.goforgo.hu\/wp-content\/uploads\/2019\/03\/schlosshof-042s-1024x680.jpg\" alt=\"Ausflug Schloss Hof (18.Jhdt.) an der March\" width=\"1024\" height=\"680\" \/><\/a><figcaption id=\"caption-attachment-4859\" class=\"wp-caption-text\">Ausflug Schloss Hof (18.Jhdt.) an der March<\/figcaption><\/figure>\n<p>&nbsp;<\/p>\n<h1 style=\"text-align: center;\">R\u00e9szv\u00e9teli d\u00edj: 12.990 Ft \/ f\u0151 \u2013 feln\u0151tt<\/h1>\n<p style=\"text-align: center;\">11.490 Ft \/ f\u0151 \u2013 gyermek 12 \u00e9ves kor alatt<\/p>\n<p style=\"text-align: left;\">A r\u00e9szv\u00e9teli d\u00edj a buszos utaz\u00e1s k\u00f6lts\u00e9g\u00e9t tartalmazza. A buszon regisztr\u00e1ci\u00f3s d\u00edj \u00e9s helyfoglal\u00e1si d\u00edj nincs. Utaz\u00e1s a l\u00e9tsz\u00e1mnak megfelel\u0151 aut\u00f3busszal.<\/p>\n<p>A r\u00e9szv\u00e9teli d\u00edj NEM tartalmazza:<br \/>\n&#8211; utasbiztos\u00edt\u00e1s, mely online megk\u00f6thet\u0151<br \/>\n&#8211; az eb\u00e9det \u00e9s a napk\u00f6zbeni \u00e9tkez\u00e9st<\/p>\n<p>FAKULTAT\u00cdV PROGRAMOK k\u00f6lts\u00e9gei:<\/p>\n<p>G\u00f6ttweig bel\u00e9p\u0151: 8 euro \/ f\u0151 \u2013 feln\u0151tt<br \/>\nSchlosshof bel\u00e9p\u0151: 13 euro \/ f\u0151 &#8211; feln\u0151tt\n<\/p>\n<p style=\"text-align: left;\">\n<p style=\"text-align: center;\"><a href=\"https:\/\/www.goforgo.hu\/index.php\/wachau-apatsaga-es-a-csodalatos-hatarmenti-kastelypark\/wachau-2\/\" rel=\"attachment wp-att-4861\"><img loading=\"lazy\" decoding=\"async\" class=\"alignnone size-full wp-image-4861\" src=\"https:\/\/www.goforgo.hu\/wp-content\/uploads\/2019\/03\/Wachau.jpeg\" alt=\"Wachau\" width=\"800\" height=\"531\" \/><\/a><\/p>\n","protected":false},"excerpt":{"rendered":"<p>UTAZ\u00c1S ID\u0150TARTAMA 1 nap INDUL\u00c1S 2019.04.20. szombat &#8211; 6 :00 \u00c9RKEZ\u00c9S 2019.04.20. &#8211; szombat &#8211; k\u00e9s\u0151 esti \u00f3r\u00e1kban CSATLAKOZ\u00c1SI PONTOK M1-es aut\u00f3p\u00e1lya vonal\u00e1n el\u0151re egyeztetett helyen ELL\u00c1T\u00c1S \u00f6nell\u00e1t\u00e1s WACHAU -, az Osztr\u00e1k-Dunakanyar Az UNESCO vil\u00e1g\u00f6r\u00f6ks\u00e9g r\u00e9sz\u00e9t k\u00e9pezi 2000 \u00f3ta az Ausztri\u00e1ban tal\u00e1lhat\u00f3 WACHAU t\u00e1j, a wachaui kult\u00fark\u00f6rnyezet. A majd 200 km2-i ter\u00fclet\u0171 t\u00e1j fest\u0151i sz\u00e9ps\u00e9g\u00e9t a Duna v\u00f6lgy\u00e9nek is k\u00f6sz\u00f6nheti, mindamellett, hogy h\u00edres sz\u0151l\u0151termel\u0151 vid\u00e9k is. A k\u00f6z\u00e9pkor \u00e9s a barokk \u00e9p\u00edt\u00e9szetet fedezhetj\u00fck fel a lakott ter\u00fcleteken, a m\u00e9g \u00e1ll\u00f3 kolostorokban,v\u00e1rakban, a m\u0171eml\u00e9k jelleg\u0171 mag\u00e1n\u00e9p\u00fcletekben. Budapestr\u0151l indulva, r\u00f6vid pihen\u0151ket tartva az M1-es aut\u00f3p\u00e1ly\u00e1n haladva utazunk G\u00f6ttweig ir\u00e1ny\u00e1ba. Forgalomt\u00f3l f\u00fcgg\u0151en a d\u00e9lel\u0151tti \u00f3r\u00e1kban \u00e9rkez\u00fcnk meg a G\u00f6ttweigi Ap\u00e1ts\u00e1ghoz. G\u00d6TTWEIG \u00e9s az AP\u00c1TS\u00c1G Napunk els\u0151 \u00e1llom\u00e1sa G\u00f6ttweig, ahol az Ap\u00e1ts\u00e1g falai k\u00f6z\u00e9 leshet\u00fcnk be \u00e9s s\u00e9t\u00e1lhatunk egyet a k\u00f6rnyez\u0151 parkban. A Melki ap\u00e1ts\u00e1g alig p\u00e1r kilom\u00e9terre fekszik G\u00f6ttweigt\u0151l. T\u00f6bbek tett\u00e9k m\u00e1r fel nek\u00fcnk is a k\u00e9rd\u00e9st, mi\u00e9rt lehets\u00e9ges, hogy a Melk Ap\u00e1ts\u00e1ga nagyobb figyelmet kap, mint G\u00f6ttweg\u00e9, \u00e1m igaz\u00e1n nyom\u00f3s \u00e9s t\u00f6bb indokat nem nagyon tudunk felmutatni ann\u00e1l, minthogy az A1-es aut\u00f3p\u00e1ly\u00e1hoz val\u00f3 k\u00f6zels\u00e9ge Melket aj\u00e1nd\u00e9kozta meg a n\u00e9pszer\u0171s\u00e9g el\u0151nyeivel. Aki m\u00e1r j\u00e1rt a G\u00f6ttweigi Ap\u00e1ts\u00e1gban az tudja, hogy az \u00e9p\u00fcletegy\u00fcttes azonnal mag\u00e1val ragadja a l\u00e1togat\u00f3t. Az Ap\u00e1ts\u00e1gi kolostor \u00e9s templom mellett az \u00e9p\u00fcletben tal\u00e1lhat\u00f3 d\u00edsztermekre is \u00e9rdemes nagy figyelmet ford\u00edtani. Az ap\u00e1ts\u00e1gban a benc\u00e9sek vend\u00e9gszeretet\u00e9t \u00e9lvezhetj\u00fck. Fontos lehet tudnunk, hogy G\u00f6ttweig is 2000 \u00f3ta az UNESCO Vil\u00e1g\u00f6r\u00f6ks\u00e9g r\u00e9sze illetve a Szent Jakab zar\u00e1ndok\u00fat egyik \u00e1llom\u00e1sa is. Az Ap\u00e1ts\u00e1gba l\u00e1togat\u00f3 turist\u00e1kat nem csak az Ap\u00e1ts\u00e1g l\u00e1tv\u00e1nyoss\u00e1gaival v\u00e1rj\u00e1k. Komolyzenei koncertek \u00e9s fest\u0151m\u0171v\u00e9szeti ki\u00e1ll\u00edt\u00e1sok is sz\u00ednes\u00edtik a programot. Az Ap\u00e1ts\u00e1gban nagyj\u00e1b\u00f3l 2 -2,5 \u00f3r\u00e1t tervez\u00fcnk elt\u00f6lteni, amely id\u0151 alatt megn\u00e9zz\u00fck az Ap\u00e1ts\u00e1g l\u00e1togathat\u00f3 termeit \u00e9s b\u00edzva a tavaszi naps\u00fct\u00e9sben az \u00e9p\u00fcletegy\u00fcttes parkj\u00e1ban \u00e9s k\u00f6zvetlen k\u00f6rnyezet\u00e9ben is tesz\u00fcnk egy r\u00f6vid s\u00e9t\u00e1t, mivel inform\u00e1ci\u00f3ink szerint az idei \u00e9vben egy k\u00fcl\u00f6nleges k\u00fcls\u0151 ki\u00e1ll\u00edt\u00e1s is helyet kap a falakon k\u00edv\u00fcl. SCHLOSSHOF SAVOYA KAST\u00c9LY Az Ap\u00e1ts\u00e1gban tett l\u00e1togat\u00e1s ut\u00e1n buszra \u00fcl\u00fcnk \u00e9s elindulunk a szlov\u00e1k hat\u00e1r fel\u00e9. Megl\u00e1togathatn\u00e1nk ak\u00e1r Pozsonyt is, de mi m\u00e9g a szlov\u00e1k-osztr\u00e1k hat\u00e1r innens\u0151 oldal\u00e1n maradva a Savoya Kast\u00e9lyt vessz\u00fck c\u00e9lba. Schlosshof Ausztria keleti r\u00e9sz\u00e9n tal\u00e1lhat\u00f3 falu. A falu a kast\u00e9lynak k\u00f6sz\u00f6nhet\u0151en igaz\u00e1n n\u00e9pszer\u0171. Az elm\u00falt \u00e9vsz\u00e1zadokban vad\u00e1szkast\u00e9lyk\u00e9nt, lovasakad\u00e9miak\u00e9nt is funkcion\u00e1lt, \u00e1m volt id\u0151szak, amikor teljesen lakatlan volt. Savoyai Jen\u0151 h\u00e1l\u00f3-, \u00e9s fogad\u00f3 szob\u00e1it \u00e9pp \u00fagy megtekinthetj\u00fck, mint M\u00e1ria Ter\u00e9zia lakoszt\u00e1lyait is. A falakon M\u00e1ria Ter\u00e9zia \u00e1ltal rendelt csal\u00e1di festm\u00e9nyek l\u00e1that\u00f3k. A lakoszt\u00e1lyok nagyon sz\u00e9p \u00e1llapotban vannak, nem kell t\u00fal sok k\u00e9pzel\u0151er\u0151 ahhoz, hogy M\u00e1ria Ter\u00e9zia vagy Savoyai Jen\u0151 mindennapjaiba bele tudjuk k\u00e9pzelni magunkat mi is. A kast\u00e9ly programfelel\u0151sei nagyon j\u00f3 munk\u00e1t v\u00e9geztek, hiszen az ide l\u00e1togat\u00f3 kast\u00e9lykedvel\u0151 sz\u00fcl\u0151k gyermekei is megtal\u00e1lj\u00e1k a maguk kellemes \u00e9s j\u00e1t\u00e9kos id\u0151t\u00f6lt\u00e9s\u00e9t. Azon t\u00fal, hogy minden teremben tal\u00e1l\u00f3s k\u00e9rd\u00e9seket helyeztek el vagy interakt\u00edv j\u00e1t\u00e9kokkal k\u00f6tik le a gyerekek figyelm\u00e9t, a falakon k\u00edv\u00fcl sem kell unatkozniuk. \u00c1llatsimogat\u00f3t \u00e9p\u00edtettek fel a kast\u00e9ly parkj\u00e1ban, illetve a gazdas\u00e1gi \u00e9p\u00fcletekn\u00e9l. K\u00f6zel 240 f\u00e9le \u00e1llat tekinthet\u0151 itt meg. A kast\u00e9ly parkja rendezett \u00edgy a kast\u00e9ly teraszair\u00f3l m\u00e9g mag\u00e1val ragad\u00f3bb a park l\u00e1tv\u00e1nya. V\u00e9tek kihagyni, hogy a r\u00f3zsakert mellett a hatalmas parkban is tegy\u00fcnk egy nagy felfedez\u0151 s\u00e9t\u00e1t. &nbsp; R\u00e9szv\u00e9teli d\u00edj: 12.990 Ft \/ f\u0151 \u2013 feln\u0151tt 11.490 Ft \/ f\u0151 \u2013 gyermek 12 \u00e9ves kor alatt A r\u00e9szv\u00e9teli d\u00edj a buszos utaz\u00e1s k\u00f6lts\u00e9g\u00e9t tartalmazza. A buszon regisztr\u00e1ci\u00f3s d\u00edj \u00e9s helyfoglal\u00e1si d\u00edj nincs. Utaz\u00e1s a l\u00e9tsz\u00e1mnak megfelel\u0151 aut\u00f3busszal. A r\u00e9szv\u00e9teli d\u00edj NEM tartalmazza: &#8211; utasbiztos\u00edt\u00e1s, mely online megk\u00f6thet\u0151 &#8211; az eb\u00e9det \u00e9s a napk\u00f6zbeni \u00e9tkez\u00e9st FAKULTAT\u00cdV PROGRAMOK k\u00f6lts\u00e9gei: G\u00f6ttweig bel\u00e9p\u0151: 8 euro \/ f\u0151 \u2013 feln\u0151tt Schlosshof bel\u00e9p\u0151: 13 euro \/ f\u0151 &#8211; feln\u0151tt<\/p>\n","protected":false},"author":1,"featured_media":0,"parent":0,"menu_order":0,"comment_status":"closed","ping_status":"closed","template":"","meta":{"footnotes":""},"class_list":["post-4853","page","type-page","status-publish","hentry"],"_links":{"self":[{"href":"https:\/\/www.goforgo.hu\/index.php\/wp-json\/wp\/v2\/pages\/4853","targetHints":{"allow":["GET"]}}],"collection":[{"href":"https:\/\/www.goforgo.hu\/index.php\/wp-json\/wp\/v2\/pages"}],"about":[{"href":"https:\/\/www.goforgo.hu\/index.php\/wp-json\/wp\/v2\/types\/page"}],"author":[{"embeddable":true,"href":"https:\/\/www.goforgo.hu\/index.php\/wp-json\/wp\/v2\/users\/1"}],"replies":[{"embeddable":true,"href":"https:\/\/www.goforgo.hu\/index.php\/wp-json\/wp\/v2\/comments?post=4853"}],"version-history":[{"count":2,"href":"https:\/\/www.goforgo.hu\/index.php\/wp-json\/wp\/v2\/pages\/4853\/revisions"}],"predecessor-version":[{"id":4863,"href":"https:\/\/www.goforgo.hu\/index.php\/wp-json\/wp\/v2\/pages\/4853\/revisions\/4863"}],"wp:attachment":[{"href":"https:\/\/www.goforgo.hu\/index.php\/wp-json\/wp\/v2\/media?parent=4853"}],"curies":[{"name":"wp","href":"https:\/\/api.w.org\/{rel}","templated":true}]}}