{"id":5067,"date":"2019-10-23T19:26:51","date_gmt":"2019-10-23T19:26:51","guid":{"rendered":"http:\/\/www.goforgo.hu\/?page_id=5067"},"modified":"2019-10-23T19:26:51","modified_gmt":"2019-10-23T19:26:51","slug":"advent-a-deli-szomszedainknal-zagrab-es-fiume","status":"publish","type":"page","link":"https:\/\/www.goforgo.hu\/index.php\/advent-a-deli-szomszedainknal-zagrab-es-fiume\/","title":{"rendered":"Advent a d\u00e9li szomsz\u00e9dainkn\u00e1l : Z\u00e1gr\u00e1b \u00e9s Fiume"},"content":{"rendered":"<p class=\"western\" align=\"left\"><a href=\"https:\/\/www.goforgo.hu\/index.php\/advent-a-deli-szomszedainknal-zagrab-es-fiume\/maxresdefault-5\/\" rel=\"attachment wp-att-5076\"><img loading=\"lazy\" decoding=\"async\" class=\"alignnone size-large wp-image-5076\" src=\"https:\/\/www.goforgo.hu\/wp-content\/uploads\/2019\/10\/maxresdefault-1024x576.jpg\" alt=\"maxresdefault\" width=\"1024\" height=\"576\" \/><\/a><\/p>\n<p class=\"western\" align=\"left\"><span style=\"font-size: small;\"><b>Id\u0151pont :\u00a0\u00a0 <\/b>2019.11.23-24.\u00a0\u00a0\u00a0\u00a0\u00a0\u00a0\u00a0\u00a0\u00a0\u00a0\u00a0\u00a0\u00a0\u00a0\u00a0\u00a0\u00a0\u00a0\u00a0\u00a0\u00a0\u00a0\u00a0\u00a0\u00a0\u00a0\u00a0\u00a0\u00a0\u00a0\u00a0 <b>Poz.sz\u00e1m: <\/b>19\/AZF\/05<\/span><\/p>\n<p class=\"western\" align=\"justify\"><span style=\"font-size: small;\"><b>\u00datvonal: <\/b><\/span><span style=\"font-size: small;\">Budapest \u2013 Fiume (Rijeka) \u2013 Budapest ( 1200 km)<\/span><\/p>\n<p class=\"western\" align=\"left\"><span style=\"font-size: small;\"><b>Utaz\u00e1s :\u00a0<\/b><\/span> <span style=\"font-size: small;\">az utasl\u00e9tsz\u00e1mnak megfelel\u0151 aut\u00f3busszal<\/span><\/p>\n<p class=\"western\" align=\"left\"><span style=\"font-size: small;\"><b>Ell\u00e1t\u00e1s: <\/b>reggeli <\/span><\/p>\n<p class=\"western\" align=\"left\"><span style=\"font-size: small;\"><b>Sz\u00e1ll\u00e1s, elhelyez\u00e9s : <\/b>***-os haj\u00f3sz\u00e1llod\u00e1ban, 4 \u00e1gyas, zuhanyz\u00f3s kaj\u00fct\u00f6kben (2 vagy 3 \u00e1gyas is v\u00e1laszthat\u00f3)<\/span><\/p>\n<p class=\"western\" align=\"left\"><span style=\"font-size: small;\"><b>Id\u0151tartam: <\/b>2 nap \/ 1 \u00e9jszaka<\/span><\/p>\n<p class=\"western\" align=\"left\"><span style=\"font-size: small;\"><b>Idegenvezet\u00e9s: <\/b>v\u00e9gig a program alatt <\/span><\/p>\n<p class=\"western\" align=\"center\"><span style=\"font-size: large;\"><u><b>PROGRAM:<\/b><\/u><\/span><\/p>\n<p class=\"western\" align=\"justify\"><span style=\"font-size: small;\"><b>1. nap: <\/b><\/span><span style=\"font-size: small;\">Indul\u00e1s: 5<\/span><span style=\"font-size: medium;\">:00 F\u00f3t<\/span><\/p>\n<p class=\"western\" align=\"justify\"><span style=\"font-size: medium;\"> 6:00 Pestszentl\u0151rinc<\/span><\/p>\n<p class=\"western\" align=\"justify\"><span style=\"font-size: medium;\"> 6:30 Budapest, <\/span><span style=\"color: #000000;\"><span style=\"font-size: medium;\">N\u00e9pliget<\/span><\/span><\/p>\n<p class=\"western\" align=\"justify\"><span style=\"color: #000000;\"><span style=\"font-size: small;\">Folyamatos utaz\u00e1s, r\u00f6vid pihen\u0151kkel a letenyei<\/span><\/span> <span style=\"color: #000000;\"><span style=\"font-size: small;\">hat\u00e1r\u00e1llom\u00e1sra. A hat\u00e1r\u00e1tkel\u00e9s ut\u00e1n tov\u00e1bb utazunk \u00e9s <\/span><\/span> <span style=\"font-size: small;\"><b>Z\u00e1gr\u00e1bba<\/b><\/span><span style=\"font-size: small;\">. Megn\u00e9zz\u00fck a Szent L\u00e1szl\u00f3 \u00e1ltal alap\u00edtott sz\u00e9kesegyh\u00e1zat, ahol a kincst\u00e1rban ma is \u0151rzik a lovagkir\u00e1ly pal\u00e1stj\u00e1t. <\/span><\/p>\n<p class=\"western\" align=\"justify\"><a href=\"https:\/\/www.goforgo.hu\/index.php\/advent-a-deli-szomszedainknal-zagrab-es-fiume\/000070-002-2\/\" rel=\"attachment wp-att-5068\"><img loading=\"lazy\" decoding=\"async\" class=\"size-full wp-image-5068 aligncenter\" src=\"https:\/\/www.goforgo.hu\/wp-content\/uploads\/2019\/10\/000070-002.jpg\" alt=\"000070-002\" width=\"694\" height=\"464\" \/><\/a><\/p>\n<p class=\"western\" align=\"justify\"><span style=\"font-size: small;\"><b>Fium\u00e9be<\/b><\/span><span style=\"font-size: small;\"> \u00e9rkezve elfoglaljuk sz\u00e1ll\u00e1sunkat. \u00c9rkez\u00e9s ut\u00e1n r\u00f6vid k\u00f6z\u00f6s s\u00e9ta sor\u00e1n ismerked\u00fcnk a v\u00e1ros nevezetess\u00e9geivel, <\/span><span style=\"font-size: small;\"><b>a Szent Vidus katedr\u00e1lissal, a f\u0151t\u00e9rrel, a v\u00e1rosh\u00e1z\u00e1val az \u00f3ratoronnyal \u00e9s a r\u00f3mai kapuval.<\/b><\/span><span style=\"font-size: small;\"> Sz\u00e1ll\u00e1sunk a h\u00edres monarchiabeli kik\u00f6t\u0151ben, a belv\u00e1rosban lesz, ahonnan a sz\u00e1razf\u00f6ldre l\u00e9pve m\u00e1r benn is vagyunk a v\u00e1ros f\u0151ter\u00e9n \u00e9s r\u00e9szt vehet\u00fcnk az adventi, esti forgatagban. Az egykor Andr\u00e1ssy utc\u00e1n \u00e9s a Kossuth Lajos korz\u00f3n s\u00e1trak, b\u00f3d\u00e9k \u00e9s programok sokas\u00e1ga v\u00e1rja a v\u00e1s\u00e1rl\u00f3kat, a szomjas \u00e9s \u00e9hes adventez\u0151ket, a <\/span><span style=\"font-size: small;\"><b>RIJEKA ADVENT-en<\/b><\/span><span style=\"font-size: small;\">. <\/span><b> <\/b> <span style=\"color: #000000;\"><span style=\"font-size: small;\">(550 km)<\/span><\/span><\/p>\n<p class=\"western\" align=\"justify\"><a href=\"https:\/\/www.goforgo.hu\/index.php\/advent-a-deli-szomszedainknal-zagrab-es-fiume\/cwmgzvoukaam9h9\/\" rel=\"attachment wp-att-5073\"><img loading=\"lazy\" decoding=\"async\" class=\"alignnone size-full wp-image-5073\" src=\"https:\/\/www.goforgo.hu\/wp-content\/uploads\/2019\/10\/CWmGzVoUkAAm9h9.jpg\" alt=\"CWmGzVoUkAAm9h9\" width=\"1024\" height=\"1024\" \/><\/a><\/p>\n<p class=\"western\" align=\"justify\"><span style=\"font-size: small;\"><b>2. nap: <\/b><\/span><span style=\"font-size: small;\">Reggeli ut\u00e1n bemegy\u00fcnk az egykori <\/span><span style=\"font-size: small;\"><b>Korm\u00e1nyz\u00f3i<\/b><\/span> <span style=\"font-size: small;\"><b>Palot\u00e1ban<\/b><\/span><span style=\"font-size: small;\"> berendezett <\/span><span style=\"font-size: small;\"><b>Tenger\u00e9szeti \u00e9s T\u00f6rt\u00e9neti M\u00fazeumba<\/b><\/span><span style=\"font-size: small;\">, ahol sok magyar eml\u00e9kkel tal\u00e1lkozunk. Buszunkra felsz\u00e1llva felmegy\u00fcnk a 138 m magas <\/span><span style=\"font-size: small;\"><b>Terszat hegyre<\/b><\/span><span style=\"font-size: small;\">, ahol k\u00e9t l\u00e1tni val\u00f3 v\u00e1r minket. Az egyik, a II. J\u00e1nos P\u00e1l \u00e1ltal is megl\u00e1togatott <\/span><span style=\"font-size: small;\"><b>M\u00e1ria kegyhely<\/b><\/span><span style=\"font-size: small;\">, ahov\u00e1 a hagyom\u00e1ny szerint el\u0151sz\u00f6r vitt\u00e9k az angyalok M\u00e1ria sz\u00fcl\u0151h\u00e1z\u00e1t a Szentf\u00f6ldr\u0151l menek\u00edtve, majd innen vitt\u00e9k \u00e1t az olaszorsz\u00e1gi Loretoba. <\/span><\/p>\n<p class=\"western\" align=\"justify\"><a href=\"https:\/\/www.goforgo.hu\/index.php\/advent-a-deli-szomszedainknal-zagrab-es-fiume\/shutterstock_562182826-city-of-rijeka-view-from-trsat-1170x780\/\" rel=\"attachment wp-att-5079\"><img loading=\"lazy\" decoding=\"async\" class=\"alignnone size-large wp-image-5079\" src=\"https:\/\/www.goforgo.hu\/wp-content\/uploads\/2019\/10\/shutterstock_562182826-City-of-Rijeka-view-from-Trsat-1170x780-1024x683.jpg\" alt=\"shutterstock_562182826-City-of-Rijeka-view-from-Trsat-1170x780\" width=\"1024\" height=\"683\" \/><\/a><\/p>\n<p class=\"western\" align=\"justify\"><span style=\"font-size: small;\">Ma a templom k\u00e1poln\u00e1j\u00e1ban a tengeri viharb\u00f3l megmenek\u00fclt tenger\u00e9szek h\u00e1la adom\u00e1nyait \u0151rzik. M\u00e1sik l\u00e1tnival\u00f3nkat r\u00f6vid s\u00e9t\u00e1val \u00e9rj\u00fck el: a XIII.sz-b\u00f3l sz\u00e1rmaz\u00f3, Frangep\u00e1nok \u00e1ltal \u00e9p\u00edtett <\/span><span style=\"font-size: small;\"><b>Trsat v\u00e1r\u00e1t.<\/b><\/span><span style=\"font-size: small;\"> A v\u00e1rfalr\u00f3l el\u00e9nk t\u00e1rul\u00f3 fantasztikus l\u00e1tv\u00e1nnyal b\u00facs\u00fazunk a v\u00e1rost\u00f3l. <\/span><span style=\"font-size: small;\"> A l\u00e1togat\u00e1s ut\u00e1n indulunk haza. \u00c9rkez\u00e9s a k\u00e9s\u0151 esti \u00f3r\u00e1kban Budapestre, illetve F\u00f3tra. Lesz\u00e1ll\u00e1si lehet\u0151s\u00e9g<\/span><span style=\"font-size: small;\"> az aut\u00f3buszr\u00f3l a felsz\u00e1ll\u00e1ssal megegyez\u0151 helyeken. (570 km)<\/span><\/p>\n<h1 class=\"western\" style=\"text-align: center;\" align=\"justify\">R\u00e9szv\u00e9teli d\u00edj: 26 900 Ft\/f\u0151 <span style=\"font-size: medium;\">(4 \u00e1gyas elhelyez\u00e9s eset\u00e9n)<\/span><\/h1>\n<p lang=\"hu-HU\" align=\"center\"><span style=\"font-size: small;\"><b>3 \u00e1gyas kabinban val\u00f3 elhelyez\u00e9s eset\u00e9n: 28 900 Ft\/f\u0151<\/b><\/span><\/p>\n<p lang=\"hu-HU\" align=\"center\"><span style=\"font-size: small;\"><b>2 \u00e1gyas kabinban val\u00f3 elhelyez\u00e9s eset\u00e9n: 31 900 Ft\/f\u0151<\/b><\/span><\/p>\n<p lang=\"hu-HU\" align=\"center\"><span style=\"font-size: medium;\"><span style=\"font-size: small;\">Aj\u00e1nlott k\u00f6lt\u0151p\u00e9nz bel\u00e9p\u0151kre: kb. <\/span><span style=\"font-size: small;\"><span lang=\"hu-HU\">50 kuna<\/span><\/span><\/span><\/p>\n<p lang=\"hu-HU\" align=\"center\"><span style=\"font-size: medium;\"><strong><span style=\"font-size: small;\">baleset-, betegs\u00e9g-, poggy\u00e1szbiztos\u00edt\u00e1s:<\/span><\/strong><span style=\"font-size: small;\"> 1000 Ft\/f\u0151 (70 \u00e9v felett 100 % p\u00f3td\u00edj) <\/span><\/span><\/p>\n<p lang=\"hu-HU\" align=\"center\"><a href=\"https:\/\/www.goforgo.hu\/index.php\/advent-a-deli-szomszedainknal-zagrab-es-fiume\/32404271478_360162e50f_b\/\" rel=\"attachment wp-att-5072\"><img loading=\"lazy\" decoding=\"async\" class=\"alignnone size-large wp-image-5072\" src=\"https:\/\/www.goforgo.hu\/wp-content\/uploads\/2019\/10\/32404271478_360162e50f_b-1024x682.jpg\" alt=\"32404271478_360162e50f_b\" width=\"1024\" height=\"682\" \/><\/a><\/p>\n<p align=\"left\"><span style=\"font-size: medium;\"><span style=\"font-size: small;\"><i><u><b>A r\u00e9szv\u00e9teli d\u00edj tartalmazza<\/b><\/u><\/i><\/span><span style=\"font-size: small;\"><i><b>:<\/b><\/i><\/span><span style=\"font-size: small;\"><i> a sz\u00e1ll\u00e1sk\u00f6lts\u00e9get a megadott ell\u00e1t\u00e1ssal, az aut\u00f3buszos utaz\u00e1s k\u00f6lts\u00e9geit \u00e9s az idegenvezet\u00e9st az aut\u00f3buszon.<\/i><\/span><\/span><\/p>\n<p class=\"western\" align=\"left\"><span style=\"font-size: small;\"><i><u><b>A r\u00e9szv\u00e9teli d\u00edj nem tartalmazza<\/b><\/u><\/i><\/span><span style=\"font-size: small;\"><i><b>:<\/b><\/i><\/span><span style=\"font-size: small;\"><i> a bel\u00e9p\u0151jegyeket, melyek a helysz\u00ednen fizetend\u0151k (HRK-ban), a BBP- biztos\u00edt\u00e1st, mely irod\u00e1inkban megk\u00f6thet\u0151k.<\/i><\/span><\/p>\n<p lang=\"hu-HU\" align=\"center\"><span style=\"font-size: medium;\"><b>\u00c1rainkat 330 Ft = 1 \u20ac \u00e1rfolyamig tudjuk garant\u00e1lni! Amennyiben az euro napi \u00e1rfolyama ezt meghaladja, akkor a r\u00e9szv\u00e9teli d\u00edjat a Raiffeisen Bank befizet\u00e9skor aktu\u00e1lis v\u00e9teli \u00e1rfolyam\u00e1n sz\u00e1moljuk \u00e1t forintra.<\/b><\/span><\/p>\n<p lang=\"hu-HU\" align=\"center\"><span style=\"font-size: medium;\"><b>\u00c9LM\u00c9NYEKBEN GAZDAG UTAZ\u00c1ST, KELLEMES KIKAPCSOL\u00d3D\u00c1ST K\u00cdV\u00c1NUNK!<\/b><\/span><\/p>\n<p lang=\"hu-HU\" align=\"center\"><a href=\"https:\/\/www.goforgo.hu\/index.php\/advent-a-deli-szomszedainknal-zagrab-es-fiume\/szilveszter_horvatorszagban_4_nap3_ej-rijeka-6d9828\/\" rel=\"attachment wp-att-5078\"><img loading=\"lazy\" decoding=\"async\" class=\"alignnone size-full wp-image-5078\" src=\"https:\/\/www.goforgo.hu\/wp-content\/uploads\/2019\/10\/SZILVESZTER_HORVATORSZAGBAN_4_nap3_ej-Rijeka-6d9828.jpg\" alt=\"SZILVESZTER_HORVATORSZAGBAN_4_nap3_ej-Rijeka-6d9828\" width=\"599\" height=\"401\" \/><\/a><\/p>\n","protected":false},"excerpt":{"rendered":"<p>Id\u0151pont :\u00a0\u00a0 2019.11.23-24.\u00a0\u00a0\u00a0\u00a0\u00a0\u00a0\u00a0\u00a0\u00a0\u00a0\u00a0\u00a0\u00a0\u00a0\u00a0\u00a0\u00a0\u00a0\u00a0\u00a0\u00a0\u00a0\u00a0\u00a0\u00a0\u00a0\u00a0\u00a0\u00a0\u00a0\u00a0 Poz.sz\u00e1m: 19\/AZF\/05 \u00datvonal: Budapest \u2013 Fiume (Rijeka) \u2013 Budapest ( 1200 km) Utaz\u00e1s :\u00a0 az utasl\u00e9tsz\u00e1mnak megfelel\u0151 aut\u00f3busszal Ell\u00e1t\u00e1s: reggeli Sz\u00e1ll\u00e1s, elhelyez\u00e9s : ***-os haj\u00f3sz\u00e1llod\u00e1ban, 4 \u00e1gyas, zuhanyz\u00f3s kaj\u00fct\u00f6kben (2 vagy 3 \u00e1gyas is v\u00e1laszthat\u00f3) Id\u0151tartam: 2 nap \/ 1 \u00e9jszaka Idegenvezet\u00e9s: v\u00e9gig a program alatt PROGRAM: 1. nap: Indul\u00e1s: 5:00 F\u00f3t 6:00 Pestszentl\u0151rinc 6:30 Budapest, N\u00e9pliget Folyamatos utaz\u00e1s, r\u00f6vid pihen\u0151kkel a letenyei hat\u00e1r\u00e1llom\u00e1sra. A hat\u00e1r\u00e1tkel\u00e9s ut\u00e1n tov\u00e1bb utazunk \u00e9s Z\u00e1gr\u00e1bba. Megn\u00e9zz\u00fck a Szent L\u00e1szl\u00f3 \u00e1ltal alap\u00edtott sz\u00e9kesegyh\u00e1zat, ahol a kincst\u00e1rban ma is \u0151rzik a lovagkir\u00e1ly pal\u00e1stj\u00e1t. Fium\u00e9be \u00e9rkezve elfoglaljuk sz\u00e1ll\u00e1sunkat. \u00c9rkez\u00e9s ut\u00e1n r\u00f6vid k\u00f6z\u00f6s s\u00e9ta sor\u00e1n ismerked\u00fcnk a v\u00e1ros nevezetess\u00e9geivel, a Szent Vidus katedr\u00e1lissal, a f\u0151t\u00e9rrel, a v\u00e1rosh\u00e1z\u00e1val az \u00f3ratoronnyal \u00e9s a r\u00f3mai kapuval. Sz\u00e1ll\u00e1sunk a h\u00edres monarchiabeli kik\u00f6t\u0151ben, a belv\u00e1rosban lesz, ahonnan a sz\u00e1razf\u00f6ldre l\u00e9pve m\u00e1r benn is vagyunk a v\u00e1ros f\u0151ter\u00e9n \u00e9s r\u00e9szt vehet\u00fcnk az adventi, esti forgatagban. Az egykor Andr\u00e1ssy utc\u00e1n \u00e9s a Kossuth Lajos korz\u00f3n s\u00e1trak, b\u00f3d\u00e9k \u00e9s programok sokas\u00e1ga v\u00e1rja a v\u00e1s\u00e1rl\u00f3kat, a szomjas \u00e9s \u00e9hes adventez\u0151ket, a RIJEKA ADVENT-en. (550 km) 2. nap: Reggeli ut\u00e1n bemegy\u00fcnk az egykori Korm\u00e1nyz\u00f3i Palot\u00e1ban berendezett Tenger\u00e9szeti \u00e9s T\u00f6rt\u00e9neti M\u00fazeumba, ahol sok magyar eml\u00e9kkel tal\u00e1lkozunk. Buszunkra felsz\u00e1llva felmegy\u00fcnk a 138 m magas Terszat hegyre, ahol k\u00e9t l\u00e1tni val\u00f3 v\u00e1r minket. Az egyik, a II. J\u00e1nos P\u00e1l \u00e1ltal is megl\u00e1togatott M\u00e1ria kegyhely, ahov\u00e1 a hagyom\u00e1ny szerint el\u0151sz\u00f6r vitt\u00e9k az angyalok M\u00e1ria sz\u00fcl\u0151h\u00e1z\u00e1t a Szentf\u00f6ldr\u0151l menek\u00edtve, majd innen vitt\u00e9k \u00e1t az olaszorsz\u00e1gi Loretoba. Ma a templom k\u00e1poln\u00e1j\u00e1ban a tengeri viharb\u00f3l megmenek\u00fclt tenger\u00e9szek h\u00e1la adom\u00e1nyait \u0151rzik. M\u00e1sik l\u00e1tnival\u00f3nkat r\u00f6vid s\u00e9t\u00e1val \u00e9rj\u00fck el: a XIII.sz-b\u00f3l sz\u00e1rmaz\u00f3, Frangep\u00e1nok \u00e1ltal \u00e9p\u00edtett Trsat v\u00e1r\u00e1t. A v\u00e1rfalr\u00f3l el\u00e9nk t\u00e1rul\u00f3 fantasztikus l\u00e1tv\u00e1nnyal b\u00facs\u00fazunk a v\u00e1rost\u00f3l. A l\u00e1togat\u00e1s ut\u00e1n indulunk haza. \u00c9rkez\u00e9s a k\u00e9s\u0151 esti \u00f3r\u00e1kban Budapestre, illetve F\u00f3tra. Lesz\u00e1ll\u00e1si lehet\u0151s\u00e9g az aut\u00f3buszr\u00f3l a felsz\u00e1ll\u00e1ssal megegyez\u0151 helyeken. (570 km) R\u00e9szv\u00e9teli d\u00edj: 26 900 Ft\/f\u0151 (4 \u00e1gyas elhelyez\u00e9s eset\u00e9n) 3 \u00e1gyas kabinban val\u00f3 elhelyez\u00e9s eset\u00e9n: 28 900 Ft\/f\u0151 2 \u00e1gyas kabinban val\u00f3 elhelyez\u00e9s eset\u00e9n: 31 900 Ft\/f\u0151 Aj\u00e1nlott k\u00f6lt\u0151p\u00e9nz bel\u00e9p\u0151kre: kb. 50 kuna baleset-, betegs\u00e9g-, poggy\u00e1szbiztos\u00edt\u00e1s: 1000 Ft\/f\u0151 (70 \u00e9v felett 100 % p\u00f3td\u00edj) A r\u00e9szv\u00e9teli d\u00edj tartalmazza: a sz\u00e1ll\u00e1sk\u00f6lts\u00e9get a megadott ell\u00e1t\u00e1ssal, az aut\u00f3buszos utaz\u00e1s k\u00f6lts\u00e9geit \u00e9s az idegenvezet\u00e9st az aut\u00f3buszon. A r\u00e9szv\u00e9teli d\u00edj nem tartalmazza: a bel\u00e9p\u0151jegyeket, melyek a helysz\u00ednen fizetend\u0151k (HRK-ban), a BBP- biztos\u00edt\u00e1st, mely irod\u00e1inkban megk\u00f6thet\u0151k. \u00c1rainkat 330 Ft = 1 \u20ac \u00e1rfolyamig tudjuk garant\u00e1lni! Amennyiben az euro napi \u00e1rfolyama ezt meghaladja, akkor a r\u00e9szv\u00e9teli d\u00edjat a Raiffeisen Bank befizet\u00e9skor aktu\u00e1lis v\u00e9teli \u00e1rfolyam\u00e1n sz\u00e1moljuk \u00e1t forintra. \u00c9LM\u00c9NYEKBEN GAZDAG UTAZ\u00c1ST, KELLEMES KIKAPCSOL\u00d3D\u00c1ST K\u00cdV\u00c1NUNK!<\/p>\n","protected":false},"author":1,"featured_media":0,"parent":0,"menu_order":0,"comment_status":"closed","ping_status":"closed","template":"","meta":{"footnotes":""},"class_list":["post-5067","page","type-page","status-publish","hentry"],"_links":{"self":[{"href":"https:\/\/www.goforgo.hu\/index.php\/wp-json\/wp\/v2\/pages\/5067","targetHints":{"allow":["GET"]}}],"collection":[{"href":"https:\/\/www.goforgo.hu\/index.php\/wp-json\/wp\/v2\/pages"}],"about":[{"href":"https:\/\/www.goforgo.hu\/index.php\/wp-json\/wp\/v2\/types\/page"}],"author":[{"embeddable":true,"href":"https:\/\/www.goforgo.hu\/index.php\/wp-json\/wp\/v2\/users\/1"}],"replies":[{"embeddable":true,"href":"https:\/\/www.goforgo.hu\/index.php\/wp-json\/wp\/v2\/comments?post=5067"}],"version-history":[{"count":2,"href":"https:\/\/www.goforgo.hu\/index.php\/wp-json\/wp\/v2\/pages\/5067\/revisions"}],"predecessor-version":[{"id":5081,"href":"https:\/\/www.goforgo.hu\/index.php\/wp-json\/wp\/v2\/pages\/5067\/revisions\/5081"}],"wp:attachment":[{"href":"https:\/\/www.goforgo.hu\/index.php\/wp-json\/wp\/v2\/media?parent=5067"}],"curies":[{"name":"wp","href":"https:\/\/api.w.org\/{rel}","templated":true}]}}