{"id":5400,"date":"2020-02-10T19:36:20","date_gmt":"2020-02-10T19:36:20","guid":{"rendered":"http:\/\/www.goforgo.hu\/?page_id=5400"},"modified":"2020-02-10T19:36:20","modified_gmt":"2020-02-10T19:36:20","slug":"trianon-100-kelet-fele","status":"publish","type":"page","link":"https:\/\/www.goforgo.hu\/index.php\/trianon-100-kelet-fele\/","title":{"rendered":"TRIANON 100 &#8211; Kelet fel\u00e9"},"content":{"rendered":"\n<p class=\"has-text-align-center has-medium-font-size\"><strong>AZ 1940-ES ERD\u00c9LYI BEVONUL\u00c1SUNK 80. \u00c9VFORDUL\u00d3J\u00c1RA<\/strong><\/p>\n\n\n\n<div class=\"wp-block-image\"><figure class=\"aligncenter size-large\"><img loading=\"lazy\" decoding=\"async\" width=\"512\" height=\"362\" src=\"https:\/\/www.goforgo.hu\/wp-content\/uploads\/2020\/02\/Erd\u00e9ly-bevonul\u00e1s-1.jpg\" alt=\"\" class=\"wp-image-5402\" srcset=\"https:\/\/www.goforgo.hu\/wp-content\/uploads\/2020\/02\/Erd\u00e9ly-bevonul\u00e1s-1.jpg 512w, https:\/\/www.goforgo.hu\/wp-content\/uploads\/2020\/02\/Erd\u00e9ly-bevonul\u00e1s-1-300x212.jpg 300w\" sizes=\"auto, (max-width: 512px) 100vw, 512px\" \/><\/figure><\/div>\n\n\n\n<p><strong>2020-ban 100 \u00e9ves \u00e9vfordul\u00f3ja van az elfogadhatatlan trianoni \u201eb\u00e9ke\u201d dikt\u00e1tumnak! Ebben a gy\u00e1szos esztend\u0151ben t\u00f6bb olyan utat szervez\u00fcnk \u00e9s hirdet\u00fcnk meg, melynek a jelszava: NEM! NEM! SOHA!<\/strong><\/p>\n\n\n<p><strong>Id\u0151pont:\u00a0 2020.10.13\u2013 18.\u00a0<\/strong> \u00a0 \u00a0 \u00a0 \u00a0<strong>Poz.sz\u00e1m:<\/strong> 20\/EHAD\/01 <strong>\u00a0<\/strong><\/p>\n<p><strong>\u00datvonal\u00a0\u00a0\u00a0 :<\/strong>\u00a0\u00a0 Budapest \u2013 Csengersima \u2013 Szatm\u00e1rn\u00e9meti \u2013<br \/>Nagyb\u00e1nya \u2013 D\u00e9s \u2013 Sz\u00e1szr\u00e9gen \u2013 Gyergy\u00f3szentmikl\u00f3s \u2013 Cs\u00edkszereda \u2013<br \/>K\u00e9zdiv\u00e1s\u00e1rhely \u2013 Z\u00e1gon\u2013 Budapest (1900 km) <strong>\u00a0<\/strong><\/p>\n<p><strong>Utaz\u00e1s\u00a0\u00a0\u00a0\u00a0\u00a0 :<\/strong>\u00a0 20 vagy 49 f\u0151s aut\u00f3busszal\u00a0 \u00a0 \u00a0 \u00a0<strong>Ell\u00e1t\u00e1s:<\/strong> f\u00e9lpanzi\u00f3<\/p>\n<p><strong>Id\u0151tartam:\u00a0\u00a0 <\/strong> 6 nap\/ 5 \u00e9jszaka<\/p>\n<p><strong>Sz\u00e1ll\u00e1s, elhelyez\u00e9s :<\/strong> mag\u00e1nh\u00e1zakn\u00e1l \u00e9s hotelekben (** vagy ***) <strong>Idegenvezet\u00e9s:\u00a0\u00a0\u00a0 <\/strong> v\u00e9gig a program alatt<\/p>\n<p><!-- \/wp:table --><\/p>\n<p><!-- wp:paragraph --><\/p>\n<p><!-- \/wp:paragraph --><\/p>\n<p><!-- wp:paragraph --><\/p>\n<h3 style=\"text-align: center;\"><strong>PROGRAM:<\/strong><\/h3>\n<p><!-- \/wp:paragraph --><\/p>\n<p><!-- wp:paragraph --><\/p>\n<p><strong>1. nap: Indul\u00e1s: <\/strong><\/p>\n<p><strong>5:30<\/strong>-kor <strong>F\u00f3t<\/strong><\/p>\n<p><!-- \/wp:paragraph --><\/p>\n<p><!-- wp:paragraph --><\/p>\n<p><strong>6:10-kor<\/strong> Budapest, Ecseri \u00fat, OMV benzink\u00fat, kifel\u00e9 vezet\u0151 oldal (templom fel\u00f6li oldal)<\/p>\n<p><!-- \/wp:paragraph --><\/p>\n<p><!-- wp:paragraph --><\/p>\n<p><strong>\u00a06:40-kor <\/strong>Pestszentl\u0151rinc, \u00dcll\u0151i \u00fat 379-381. LIDL parkol\u00f3<\/p>\n<p><!-- \/wp:paragraph --><\/p>\n<p><!-- wp:heading {\"level\":3} --><\/p>\n<p>Folyamatos utaz\u00e1s r\u00f6vid pihen\u0151kkel Csengersim\u00e1ra. A hat\u00e1r\u00e1tl\u00e9p\u00e9st\u00a0 k\u00f6vet\u0151en els\u0151 meg\u00e1ll\u00f3nk Szatm\u00e1rn\u00e9meti f\u0151ter\u00e9n lesz. Megismerked\u00fcnk az 1940-ben els\u0151k\u00e9nt visszat\u00e9rt v\u00e1rosunk nevezetess\u00e9geivel, majd a Szamos-v\u00f6lgy\u00e9ben\u00a0 \u201enyomulunk\u201d Nagyb\u00e1nya ir\u00e1ny\u00e1ba, ahol megn\u00e9zz\u00fck a skanzent \u00e9s az \u00f3v\u00e1rost. Els\u0151 \u00e9jszakai sz\u00e1ll\u00e1sunk Kolt\u00f3n lesz. (440km)<\/p>\n<p><a href=\"https:\/\/www.goforgo.hu\/index.php\/trianon-100-kelet-fele\/szamos-volgy-nyaron\/\" rel=\"attachment wp-att-5403\"><img loading=\"lazy\" decoding=\"async\" class=\"alignnone size-full wp-image-5403\" src=\"https:\/\/www.goforgo.hu\/wp-content\/uploads\/2020\/02\/Szamos-V\u00f6lgy-ny\u00e1ron.jpg\" alt=\"\" width=\"640\" height=\"428\" srcset=\"https:\/\/www.goforgo.hu\/wp-content\/uploads\/2020\/02\/Szamos-V\u00f6lgy-ny\u00e1ron.jpg 640w, https:\/\/www.goforgo.hu\/wp-content\/uploads\/2020\/02\/Szamos-V\u00f6lgy-ny\u00e1ron-300x201.jpg 300w\" sizes=\"auto, (max-width: 640px) 100vw, 640px\" \/><\/a><\/p>\n<p><!-- \/wp:heading --><\/p>\n<p><!-- wp:paragraph --><\/p>\n<p><strong>2. nap:<\/strong> \u00a0 Reggeli ut\u00e1n tov\u00e1bb indulunk Magyarl\u00e1posra \u2013 ma: rom\u00e1n b\u00e1ny\u00e1szv\u00e1ros. (A bevonul\u00f3 Magyar Honv\u00e9ds\u00e9g gy\u00fclekez\u00e9si k\u00f6rlete volt.) A kit\u00e9r\u0151 ut\u00e1n Galg\u00f3 k\u00f6zs\u00e9gn\u00e9l visszat\u00e9r\u00fcnk a Szamos v\u00f6lgy\u00e9be \u00e9s a d\u00e9li \u00f3r\u00e1kban m\u00e1r D\u00e9ssel \u00e9s Szamos\u00fajv\u00e1rral ismerked\u00fcnk, majd Beszterce \u00f3v\u00e1ros\u00e1t tekintj\u00fck meg. A m\u00e1sodik nap est\u00e9j\u00e9n Sz\u00e1szr\u00e9genhez k\u00f6zel Gernyeszegen kapunk \u201ekosztot \u00e9s kv\u00e1rt\u00e9lyt\u201d (240 km)<\/p>\n<p><a href=\"https:\/\/www.goforgo.hu\/index.php\/trianon-100-kelet-fele\/des\/\" rel=\"attachment wp-att-5404\"><img loading=\"lazy\" decoding=\"async\" class=\"size-full wp-image-5404 aligncenter\" src=\"https:\/\/www.goforgo.hu\/wp-content\/uploads\/2020\/02\/D\u00e9s.jpg\" alt=\"\" width=\"240\" height=\"320\" srcset=\"https:\/\/www.goforgo.hu\/wp-content\/uploads\/2020\/02\/D\u00e9s.jpg 240w, https:\/\/www.goforgo.hu\/wp-content\/uploads\/2020\/02\/D\u00e9s-225x300.jpg 225w\" sizes=\"auto, (max-width: 240px) 100vw, 240px\" \/><\/a><\/p>\n<p><!-- \/wp:paragraph --><\/p>\n<p><!-- wp:paragraph --><\/p>\n<p><strong>3. nap:<\/strong> \u00a0 Az erre a napra kit\u0171z\u00f6tt haditerv szerint Sz\u00e1szr\u00e9genb\u0151l a Maros ment\u00e9n haladva, \u00e9szakr\u00f3l k\u00f6zel\u00edtj\u00fck meg a Sz\u00e9kelyf\u00f6ldet. M\u00e9gpedig els\u0151k\u00e9nt Gyergy\u00f3szentmikl\u00f3sra bevonulva. \u00datk\u00f6zben Marosv\u00e9csen r\u00f6vid pihen\u0151t tartunk. Kem\u00e9ny J\u00e1nos \u00e9s Wass Albert jelk\u00e9pes s\u00edreml\u00e9k\u00e9n\u00e9l. Majd cs\u00edkszeredai pihen\u0151 ut\u00e1n Sepsiszentgy\u00f6rgyn\u00e9l fejezz\u00fck be a napot. (250 km)<\/p>\n<p><a href=\"https:\/\/www.goforgo.hu\/index.php\/trianon-100-kelet-fele\/wass-albert-sirja-600x400w\/\" rel=\"attachment wp-att-5405\"><img loading=\"lazy\" decoding=\"async\" class=\"alignnone size-full wp-image-5405\" src=\"https:\/\/www.goforgo.hu\/wp-content\/uploads\/2020\/02\/Wass-Albert-sirja-600x400w.jpg\" alt=\"\" width=\"600\" height=\"400\" srcset=\"https:\/\/www.goforgo.hu\/wp-content\/uploads\/2020\/02\/Wass-Albert-sirja-600x400w.jpg 600w, https:\/\/www.goforgo.hu\/wp-content\/uploads\/2020\/02\/Wass-Albert-sirja-600x400w-300x200.jpg 300w\" sizes=\"auto, (max-width: 600px) 100vw, 600px\" \/><\/a><\/p>\n<p><!-- \/wp:paragraph --><\/p>\n<p><!-- wp:paragraph --><\/p>\n<p><strong>4. nap:<\/strong> \u00a0 Kiad\u00f3s reggeli ut\u00e1n (tekintettel az ezen a napon v\u00e1rhat\u00f3 \u201eer\u0151ltetett menetre\u201d) a Szent Anna t\u00f3 \u00e9rint\u00e9s\u00e9vel, az Ojtozi szoroson kereszt\u00fcl S\u00f3smez\u0151 faluig utazunk. Vissza\u00fatban Berecken megl\u00e1togatjuk G\u00e1bor \u00c1ron sz\u00fcl\u0151h\u00e1z\u00e1t, majd Kov\u00e1szn\u00e1n kereszt\u00fcl Z\u00e1gonba \u00e9r\u00fcnk, Mikes Kelemen sz\u00fcl\u0151faluj\u00e1ba. Utunkat Gelence fel\u00e9 folytatjuk, ahol a Szent L\u00e1szl\u00f3r\u00f3l sz\u00f3l\u00f3 fresk\u00f3val d\u00edsz\u00edtett templom a vil\u00e1g\u00f6r\u00f6ks\u00e9g r\u00e9sz\u00e9t k\u00e9pezi. Az \u00e9jszak\u00e1t ism\u00e9t Sepsiszentgy\u00f6rgy\u00f6n t\u00f6ltj\u00fck. (200 km)<\/p>\n<p><a href=\"https:\/\/www.goforgo.hu\/index.php\/trianon-100-kelet-fele\/szent-anna-to\/\" rel=\"attachment wp-att-5406\"><img loading=\"lazy\" decoding=\"async\" class=\"alignnone size-large wp-image-5406\" src=\"https:\/\/www.goforgo.hu\/wp-content\/uploads\/2020\/02\/Szent-Anna-t\u00f3-1024x683.jpg\" alt=\"\" width=\"1024\" height=\"683\" srcset=\"https:\/\/www.goforgo.hu\/wp-content\/uploads\/2020\/02\/Szent-Anna-t\u00f3-1024x683.jpg 1024w, https:\/\/www.goforgo.hu\/wp-content\/uploads\/2020\/02\/Szent-Anna-t\u00f3-300x200.jpg 300w, https:\/\/www.goforgo.hu\/wp-content\/uploads\/2020\/02\/Szent-Anna-t\u00f3-768x512.jpg 768w, https:\/\/www.goforgo.hu\/wp-content\/uploads\/2020\/02\/Szent-Anna-t\u00f3.jpg 1308w\" sizes=\"auto, (max-width: 1024px) 100vw, 1024px\" \/><\/a><\/p>\n<p><!-- \/wp:paragraph --><\/p>\n<p><!-- wp:paragraph --><\/p>\n<p><strong>5. nap:<\/strong> \u00a0 H\u00e1romsz\u00e9kb\u0151l hazafel\u00e9 indulunk a Hargit\u00e1n kereszt\u00fcl \u00e9s estig Marosv\u00e1s\u00e1rhelyig jutunk. \u00datk\u00f6zben meg\u00e1llunk Sz\u00e9kelyudvarhelyen, Farkaslak\u00e1n, Korondon \u00e9s a Medvet\u00f3n\u00e1l. (240 km)<\/p>\n<p><a href=\"https:\/\/www.goforgo.hu\/index.php\/trianon-100-kelet-fele\/marosvasarhely\/\" rel=\"attachment wp-att-5407\"><img loading=\"lazy\" decoding=\"async\" class=\"alignnone size-full wp-image-5407\" src=\"https:\/\/www.goforgo.hu\/wp-content\/uploads\/2020\/02\/marosvasarhely.jpg\" alt=\"\" width=\"800\" height=\"503\" srcset=\"https:\/\/www.goforgo.hu\/wp-content\/uploads\/2020\/02\/marosvasarhely.jpg 800w, https:\/\/www.goforgo.hu\/wp-content\/uploads\/2020\/02\/marosvasarhely-300x189.jpg 300w, https:\/\/www.goforgo.hu\/wp-content\/uploads\/2020\/02\/marosvasarhely-768x483.jpg 768w\" sizes=\"auto, (max-width: 800px) 100vw, 800px\" \/><\/a><\/p>\n<p><!-- \/wp:paragraph --><\/p>\n<p><!-- wp:paragraph --><\/p>\n<p><strong>6. nap:<\/strong> \u00a0 Reggeli ut\u00e1n egy r\u00f6vid marosv\u00e1s\u00e1rhelyi s\u00e9ta ut\u00e1n Kolozsv\u00e1r \u00e9rint\u00e9s\u00e9vel a Kir\u00e1ly-h\u00e1g\u00f3n \u00e1t, Nagyv\u00e1radon kereszt\u00fcl Budapestre utazunk. \u00c9rkez\u00e9s Budapestre a k\u00e9s\u0151 esti \u00f3r\u00e1kban. Lesz\u00e1ll\u00e1si lehet\u0151s\u00e9g a felsz\u00e1ll\u00e1ssal megegyez\u0151 helyeken. (520 km)<\/p>\n<p><!-- \/wp:paragraph --><\/p>\n<p><!-- wp:heading --><\/p>\n<h2 style=\"text-align: center;\">R\u00e9szv\u00e9teli d\u00edj:\u00a0 75 000 Ft\/f\u0151<\/h2>\n<p><!-- \/wp:heading --><\/p>\n<p><!-- wp:paragraph --><\/p>\n<p style=\"text-align: center;\"><strong>Egy\u00e1gyas fel\u00e1r: 19 000 Ft\u00a0 \u00a0 <\/strong><\/p>\n<p style=\"text-align: center;\">Aj\u00e1nlott k\u00f6lt\u0151p\u00e9nz bel\u00e9p\u0151kre: kb.\u00a0 4-5000 Ft<\/p>\n<p><!-- \/wp:paragraph --><\/p>\n<p><!-- wp:paragraph --><\/p>\n<p><strong><em>A r\u00e9szv\u00e9teli d\u00edj tartalmazza<\/em><\/strong><strong><em>:<\/em><\/strong><em> a sz\u00e1ll\u00e1sk\u00f6lts\u00e9get a megadott ell\u00e1t\u00e1ssal (5 x\u00a0 reggeli \u00e9s 5 x vacsora), az aut\u00f3buszos utaz\u00e1s k\u00f6lts\u00e9geit \u00e9s az idegenvezet\u00e9st az aut\u00f3buszon.<\/em><\/p>\n<p><!-- \/wp:paragraph --><\/p>\n<p><!-- wp:paragraph --><\/p>\n<p><em>A r\u00e9szv\u00e9teli d\u00edj nem tartalmazza<\/em><strong><em>: a bel\u00e9p\u0151jegyeket, melyek a helysz\u00ednen fizetend\u0151k, a BBP- biztos\u00edt\u00e1st<\/em><\/strong><\/p>\n<p><!-- \/wp:paragraph --><\/p>\n<p><!-- wp:paragraph --><\/p>\n<p><strong>\u00c1rainkat 340 Ft = 1 \u20ac \u00e1rfolyamig tudjuk garant\u00e1lni!<\/strong><\/p>\n<p><img loading=\"lazy\" decoding=\"async\" class=\"wp-image-5401 aligncenter\" src=\"https:\/\/www.goforgo.hu\/wp-content\/uploads\/2020\/02\/trianon-kereszt.jpg\" alt=\"\" width=\"186\" height=\"252\" srcset=\"https:\/\/www.goforgo.hu\/wp-content\/uploads\/2020\/02\/trianon-kereszt.jpg 339w, https:\/\/www.goforgo.hu\/wp-content\/uploads\/2020\/02\/trianon-kereszt-221x300.jpg 221w\" sizes=\"auto, (max-width: 186px) 100vw, 186px\" \/><\/p>\n<p><!-- \/wp:paragraph --><\/p>\n<p><!-- wp:paragraph --><\/p>\n<p>\u00a0<\/p>\n<p><!-- \/wp:paragraph --><\/p>","protected":false},"excerpt":{"rendered":"<p>AZ 1940-ES ERD\u00c9LYI BEVONUL\u00c1SUNK 80. \u00c9VFORDUL\u00d3J\u00c1RA 2020-ban 100 \u00e9ves \u00e9vfordul\u00f3ja van az elfogadhatatlan trianoni \u201eb\u00e9ke\u201d dikt\u00e1tumnak! Ebben a gy\u00e1szos esztend\u0151ben t\u00f6bb olyan utat szervez\u00fcnk \u00e9s hirdet\u00fcnk meg, melynek a jelszava: NEM! NEM! SOHA! Id\u0151pont:\u00a0 2020.10.13\u2013 18.\u00a0 \u00a0 \u00a0 \u00a0 \u00a0Poz.sz\u00e1m: 20\/EHAD\/01 \u00a0 \u00datvonal\u00a0\u00a0\u00a0 :\u00a0\u00a0 Budapest \u2013 Csengersima \u2013 Szatm\u00e1rn\u00e9meti \u2013Nagyb\u00e1nya \u2013 D\u00e9s \u2013 Sz\u00e1szr\u00e9gen \u2013 Gyergy\u00f3szentmikl\u00f3s \u2013 Cs\u00edkszereda \u2013K\u00e9zdiv\u00e1s\u00e1rhely \u2013 Z\u00e1gon\u2013 Budapest (1900 km) \u00a0 Utaz\u00e1s\u00a0\u00a0\u00a0\u00a0\u00a0 :\u00a0 20 vagy 49 f\u0151s aut\u00f3busszal\u00a0 \u00a0 \u00a0 \u00a0Ell\u00e1t\u00e1s: f\u00e9lpanzi\u00f3 Id\u0151tartam:\u00a0\u00a0 6 nap\/ 5 \u00e9jszaka Sz\u00e1ll\u00e1s, elhelyez\u00e9s : mag\u00e1nh\u00e1zakn\u00e1l \u00e9s hotelekben (** vagy ***) Idegenvezet\u00e9s:\u00a0\u00a0\u00a0 v\u00e9gig a program alatt PROGRAM: 1. nap: Indul\u00e1s: 5:30-kor F\u00f3t 6:10-kor Budapest, Ecseri \u00fat, OMV benzink\u00fat, kifel\u00e9 vezet\u0151 oldal (templom fel\u00f6li oldal) \u00a06:40-kor Pestszentl\u0151rinc, \u00dcll\u0151i \u00fat 379-381. LIDL parkol\u00f3 Folyamatos utaz\u00e1s r\u00f6vid pihen\u0151kkel Csengersim\u00e1ra. A hat\u00e1r\u00e1tl\u00e9p\u00e9st\u00a0 k\u00f6vet\u0151en els\u0151 meg\u00e1ll\u00f3nk Szatm\u00e1rn\u00e9meti f\u0151ter\u00e9n lesz. Megismerked\u00fcnk az 1940-ben els\u0151k\u00e9nt visszat\u00e9rt v\u00e1rosunk nevezetess\u00e9geivel, majd a Szamos-v\u00f6lgy\u00e9ben\u00a0 \u201enyomulunk\u201d Nagyb\u00e1nya ir\u00e1ny\u00e1ba, ahol megn\u00e9zz\u00fck a skanzent \u00e9s az \u00f3v\u00e1rost. Els\u0151 \u00e9jszakai sz\u00e1ll\u00e1sunk Kolt\u00f3n lesz. (440km) 2. nap: \u00a0 Reggeli ut\u00e1n tov\u00e1bb indulunk Magyarl\u00e1posra \u2013 ma: rom\u00e1n b\u00e1ny\u00e1szv\u00e1ros. (A bevonul\u00f3 Magyar Honv\u00e9ds\u00e9g gy\u00fclekez\u00e9si k\u00f6rlete volt.) A kit\u00e9r\u0151 ut\u00e1n Galg\u00f3 k\u00f6zs\u00e9gn\u00e9l visszat\u00e9r\u00fcnk a Szamos v\u00f6lgy\u00e9be \u00e9s a d\u00e9li \u00f3r\u00e1kban m\u00e1r D\u00e9ssel \u00e9s Szamos\u00fajv\u00e1rral ismerked\u00fcnk, majd Beszterce \u00f3v\u00e1ros\u00e1t tekintj\u00fck meg. A m\u00e1sodik nap est\u00e9j\u00e9n Sz\u00e1szr\u00e9genhez k\u00f6zel Gernyeszegen kapunk \u201ekosztot \u00e9s kv\u00e1rt\u00e9lyt\u201d (240 km) 3. nap: \u00a0 Az erre a napra kit\u0171z\u00f6tt haditerv szerint Sz\u00e1szr\u00e9genb\u0151l a Maros ment\u00e9n haladva, \u00e9szakr\u00f3l k\u00f6zel\u00edtj\u00fck meg a Sz\u00e9kelyf\u00f6ldet. M\u00e9gpedig els\u0151k\u00e9nt Gyergy\u00f3szentmikl\u00f3sra bevonulva. \u00datk\u00f6zben Marosv\u00e9csen r\u00f6vid pihen\u0151t tartunk. Kem\u00e9ny J\u00e1nos \u00e9s Wass Albert jelk\u00e9pes s\u00edreml\u00e9k\u00e9n\u00e9l. Majd cs\u00edkszeredai pihen\u0151 ut\u00e1n Sepsiszentgy\u00f6rgyn\u00e9l fejezz\u00fck be a napot. (250 km) 4. nap: \u00a0 Kiad\u00f3s reggeli ut\u00e1n (tekintettel az ezen a napon v\u00e1rhat\u00f3 \u201eer\u0151ltetett menetre\u201d) a Szent Anna t\u00f3 \u00e9rint\u00e9s\u00e9vel, az Ojtozi szoroson kereszt\u00fcl S\u00f3smez\u0151 faluig utazunk. Vissza\u00fatban Berecken megl\u00e1togatjuk G\u00e1bor \u00c1ron sz\u00fcl\u0151h\u00e1z\u00e1t, majd Kov\u00e1szn\u00e1n kereszt\u00fcl Z\u00e1gonba \u00e9r\u00fcnk, Mikes Kelemen sz\u00fcl\u0151faluj\u00e1ba. Utunkat Gelence fel\u00e9 folytatjuk, ahol a Szent L\u00e1szl\u00f3r\u00f3l sz\u00f3l\u00f3 fresk\u00f3val d\u00edsz\u00edtett templom a vil\u00e1g\u00f6r\u00f6ks\u00e9g r\u00e9sz\u00e9t k\u00e9pezi. Az \u00e9jszak\u00e1t ism\u00e9t Sepsiszentgy\u00f6rgy\u00f6n t\u00f6ltj\u00fck. (200 km) 5. nap: \u00a0 H\u00e1romsz\u00e9kb\u0151l hazafel\u00e9 indulunk a Hargit\u00e1n kereszt\u00fcl \u00e9s estig Marosv\u00e1s\u00e1rhelyig jutunk. \u00datk\u00f6zben meg\u00e1llunk Sz\u00e9kelyudvarhelyen, Farkaslak\u00e1n, Korondon \u00e9s a Medvet\u00f3n\u00e1l. (240 km) 6. nap: \u00a0 Reggeli ut\u00e1n egy r\u00f6vid marosv\u00e1s\u00e1rhelyi s\u00e9ta ut\u00e1n Kolozsv\u00e1r \u00e9rint\u00e9s\u00e9vel a Kir\u00e1ly-h\u00e1g\u00f3n \u00e1t, Nagyv\u00e1radon kereszt\u00fcl Budapestre utazunk. \u00c9rkez\u00e9s Budapestre a k\u00e9s\u0151 esti \u00f3r\u00e1kban. Lesz\u00e1ll\u00e1si lehet\u0151s\u00e9g a felsz\u00e1ll\u00e1ssal megegyez\u0151 helyeken. (520 km) R\u00e9szv\u00e9teli d\u00edj:\u00a0 75 000 Ft\/f\u0151 Egy\u00e1gyas fel\u00e1r: 19 000 Ft\u00a0 \u00a0 Aj\u00e1nlott k\u00f6lt\u0151p\u00e9nz bel\u00e9p\u0151kre: kb.\u00a0 4-5000 Ft A r\u00e9szv\u00e9teli d\u00edj tartalmazza: a sz\u00e1ll\u00e1sk\u00f6lts\u00e9get a megadott ell\u00e1t\u00e1ssal (5 x\u00a0 reggeli \u00e9s 5 x vacsora), az aut\u00f3buszos utaz\u00e1s k\u00f6lts\u00e9geit \u00e9s az idegenvezet\u00e9st az aut\u00f3buszon. A r\u00e9szv\u00e9teli d\u00edj nem tartalmazza: a bel\u00e9p\u0151jegyeket, melyek a helysz\u00ednen fizetend\u0151k, a BBP- biztos\u00edt\u00e1st \u00c1rainkat 340 Ft = 1 \u20ac \u00e1rfolyamig tudjuk garant\u00e1lni! \u00a0<\/p>\n","protected":false},"author":1,"featured_media":0,"parent":0,"menu_order":0,"comment_status":"closed","ping_status":"closed","template":"","meta":{"footnotes":""},"class_list":["post-5400","page","type-page","status-publish","hentry"],"_links":{"self":[{"href":"https:\/\/www.goforgo.hu\/index.php\/wp-json\/wp\/v2\/pages\/5400","targetHints":{"allow":["GET"]}}],"collection":[{"href":"https:\/\/www.goforgo.hu\/index.php\/wp-json\/wp\/v2\/pages"}],"about":[{"href":"https:\/\/www.goforgo.hu\/index.php\/wp-json\/wp\/v2\/types\/page"}],"author":[{"embeddable":true,"href":"https:\/\/www.goforgo.hu\/index.php\/wp-json\/wp\/v2\/users\/1"}],"replies":[{"embeddable":true,"href":"https:\/\/www.goforgo.hu\/index.php\/wp-json\/wp\/v2\/comments?post=5400"}],"version-history":[{"count":2,"href":"https:\/\/www.goforgo.hu\/index.php\/wp-json\/wp\/v2\/pages\/5400\/revisions"}],"predecessor-version":[{"id":5409,"href":"https:\/\/www.goforgo.hu\/index.php\/wp-json\/wp\/v2\/pages\/5400\/revisions\/5409"}],"wp:attachment":[{"href":"https:\/\/www.goforgo.hu\/index.php\/wp-json\/wp\/v2\/media?parent=5400"}],"curies":[{"name":"wp","href":"https:\/\/api.w.org\/{rel}","templated":true}]}}