{"id":5413,"date":"2020-02-13T18:57:55","date_gmt":"2020-02-13T18:57:55","guid":{"rendered":"http:\/\/www.goforgo.hu\/?page_id=5413"},"modified":"2020-08-17T09:55:34","modified_gmt":"2020-08-17T09:55:34","slug":"tavaszkoszonto-a-diosgyori-varban-es-nosztalgia-lillafureden","status":"publish","type":"page","link":"https:\/\/www.goforgo.hu\/index.php\/tavaszkoszonto-a-diosgyori-varban-es-nosztalgia-lillafureden\/","title":{"rendered":"L\u00e1togat\u00e1s a DI\u00d3SGY\u0150RI V\u00c1RBAN \u00e9s nosztalgia LILLAF\u00dcREDEN"},"content":{"rendered":"\n<p><\/p>\n\n\n\n<figure class=\"wp-block-image size-large\"><img loading=\"lazy\" decoding=\"async\" width=\"1024\" height=\"768\" src=\"https:\/\/www.goforgo.hu\/wp-content\/uploads\/2020\/02\/di\u00f3sgy\u0151r-1024x768.jpg\" alt=\"\" class=\"wp-image-5414\" srcset=\"https:\/\/www.goforgo.hu\/wp-content\/uploads\/2020\/02\/di\u00f3sgy\u0151r-1024x768.jpg 1024w, https:\/\/www.goforgo.hu\/wp-content\/uploads\/2020\/02\/di\u00f3sgy\u0151r-300x225.jpg 300w, https:\/\/www.goforgo.hu\/wp-content\/uploads\/2020\/02\/di\u00f3sgy\u0151r-768x576.jpg 768w, https:\/\/www.goforgo.hu\/wp-content\/uploads\/2020\/02\/di\u00f3sgy\u0151r-1536x1152.jpg 1536w, https:\/\/www.goforgo.hu\/wp-content\/uploads\/2020\/02\/di\u00f3sgy\u0151r.jpg 2048w\" sizes=\"auto, (max-width: 1024px) 100vw, 1024px\" \/><\/figure>\n\n\n\n<p><strong>2020. augusztus 21<\/strong><\/p>\n\n\n\n<p class=\"has-text-align-center\"><strong>Program<\/strong><\/p>\n\n\n\n<p><strong>Indul\u00e1s: <\/strong><\/p>\n\n\n\n<p>6.30\u00a0 Ecseri \u00fat OMV benzink\u00fat befel\u00e9 vezet\u0151 oldalon. \u00dcll\u0151i \u00fat 110.<br>7.10\u00a0 B\u00e9k\u00e1smegyer, Madzsar utca Tesco Express<br>7.30 F\u00f3t <\/p>\n\n\n\n<p>Reggeli \u00f3r\u00e1kban indulunk az egyeztetett felsz\u00e1ll\u00e1si pontokr\u00f3l, Budapestr\u0151l \u00e9s k\u00f6rny\u00e9k\u00e9r\u0151l. Folyamatos utaz\u00e1s, \u00e9s egy pihen\u0151 megt\u00e9tele ut\u00e1n \u00e9rkez\u00fcnk a B\u00fckk \u00f6lel\u00e9s\u00e9ben tal\u00e1lhat\u00f3 csod\u00e1latosan fel\u00faj\u00edtott, t\u00f6rt\u00e9nelmi jelent\u0151s\u00e9g\u0171 <strong>Di\u00f3sgy\u0151ri v\u00e1r<\/strong>hoz. Ma Nagy Lajos \u00e9s a k\u00e9s\u0151bb uralkod\u00f3 M\u00e1ty\u00e1s kor\u00e1nak megfelel\u0151 ruh\u00e1ba \u00f6lt\u00f6ztetett anim\u00e1torok \u00e9s t\u00e1rlatvezet\u0151k mutatj\u00e1k az utat a lovagteremb\u0151l indulva a kir\u00e1lyn\u0151i h\u00e1l\u00f3n \u00e1t eg\u00e9szen a v\u00e1r als\u00f3 szintj\u00e9n tal\u00e1lhat\u00f3 mesters\u00e9gek m\u0171hely\u00e9ig, ahol az a v\u00e1rn\u00e9p dolgozott.<\/p>\n\n\n\n<figure class=\"wp-block-image size-large\"><img loading=\"lazy\" decoding=\"async\" width=\"1024\" height=\"672\" src=\"https:\/\/www.goforgo.hu\/wp-content\/uploads\/2020\/02\/sokadalom-02-aj-1024x672.jpg\" alt=\"\" class=\"wp-image-5415\" srcset=\"https:\/\/www.goforgo.hu\/wp-content\/uploads\/2020\/02\/sokadalom-02-aj-1024x672.jpg 1024w, https:\/\/www.goforgo.hu\/wp-content\/uploads\/2020\/02\/sokadalom-02-aj-300x197.jpg 300w, https:\/\/www.goforgo.hu\/wp-content\/uploads\/2020\/02\/sokadalom-02-aj-768x504.jpg 768w, https:\/\/www.goforgo.hu\/wp-content\/uploads\/2020\/02\/sokadalom-02-aj-1536x1008.jpg 1536w, https:\/\/www.goforgo.hu\/wp-content\/uploads\/2020\/02\/sokadalom-02-aj.jpg 1600w\" sizes=\"auto, (max-width: 1024px) 100vw, 1024px\" \/><\/figure>\n\n\n\n<p>Az id\u0151utaz\u00e1shoz hasonl\u00f3 t\u00e1rlatvezet\u00e9s ut\u00e1n igazi <strong>k\u00f6z\u00e9pkori hangulat<\/strong> v\u00e1r benn\u00fcnket. A Di\u00f3sgy\u0151ri v\u00e1r udvara megtelik \u00e9lettel, k\u00e1v\u00e9h\u00e1zukban elfogyaszthatunk egy kellemes feket\u00e9t. <\/p>\n\n\n\n<figure class=\"wp-block-image size-large\"><img loading=\"lazy\" decoding=\"async\" width=\"1024\" height=\"721\" src=\"https:\/\/www.goforgo.hu\/wp-content\/uploads\/2020\/02\/lillaf\u00fcred-1024x721.jpg\" alt=\"\" class=\"wp-image-5416\" srcset=\"https:\/\/www.goforgo.hu\/wp-content\/uploads\/2020\/02\/lillaf\u00fcred-1024x721.jpg 1024w, https:\/\/www.goforgo.hu\/wp-content\/uploads\/2020\/02\/lillaf\u00fcred-300x211.jpg 300w, https:\/\/www.goforgo.hu\/wp-content\/uploads\/2020\/02\/lillaf\u00fcred-768x541.jpg 768w, https:\/\/www.goforgo.hu\/wp-content\/uploads\/2020\/02\/lillaf\u00fcred.jpg 1170w\" sizes=\"auto, (max-width: 1024px) 100vw, 1024px\" \/><\/figure>\n\n\n\n<p>Miut\u00e1n ett\u00fcnk-ittunk, folytatjuk a kir\u00e1ndul\u00e1st a mesesz\u00e9p <strong>Lillaf\u00fcred<\/strong>re. Itt valahogy minden lelassul. M\u00e1r lesz\u00e1ll\u00e1skor \u00e9rezni lehet azt a t\u00f6k\u00e9letes harm\u00f3ni\u00e1t, amely igenis megval\u00f3s\u00edthat\u00f3 a term\u00e9szet \u00e9s az ember keze \u00e1ltal egyszerre. Els\u00e9t\u00e1lunk egy\u00fctt a m\u00e9lybe z\u00fadul\u00f3 Szinva-patak azon szakasz\u00e1t, amelyet haz\u00e1nk legmagasabb f\u00fcgg\u0151leges v\u00edzes\u00e9sek\u00e9nt emlegetnek. A h\u00fasz m\u00e9teres zuhatagot mesters\u00e9gesen hozt\u00e1k l\u00e9tre a Palotasz\u00e1ll\u00f3 \u00e9p\u00edt\u00e9sekor.<\/p>\n\n\n\n<figure class=\"wp-block-image size-large\"><img loading=\"lazy\" decoding=\"async\" width=\"678\" height=\"1024\" src=\"https:\/\/www.goforgo.hu\/wp-content\/uploads\/2020\/02\/lillaf\u00fcred-v\u00edzes\u00e9s-678x1024.jpg\" alt=\"\" class=\"wp-image-5417\" srcset=\"https:\/\/www.goforgo.hu\/wp-content\/uploads\/2020\/02\/lillaf\u00fcred-v\u00edzes\u00e9s-678x1024.jpg 678w, https:\/\/www.goforgo.hu\/wp-content\/uploads\/2020\/02\/lillaf\u00fcred-v\u00edzes\u00e9s-199x300.jpg 199w, https:\/\/www.goforgo.hu\/wp-content\/uploads\/2020\/02\/lillaf\u00fcred-v\u00edzes\u00e9s-768x1160.jpg 768w, https:\/\/www.goforgo.hu\/wp-content\/uploads\/2020\/02\/lillaf\u00fcred-v\u00edzes\u00e9s-1017x1536.jpg 1017w, https:\/\/www.goforgo.hu\/wp-content\/uploads\/2020\/02\/lillaf\u00fcred-v\u00edzes\u00e9s.jpg 1024w\" sizes=\"auto, (max-width: 678px) 100vw, 678px\" \/><\/figure>\n\n\n\n<p>K\u00f6zvetlen k\u00f6zelben tal\u00e1lhat\u00f3 a m\u00e1sf\u00e9l kilom\u00e9ter hosszan bej\u00e1rhat\u00f3 Istv\u00e1n-barlang is, amely cseppk\u00f6vei mellett t\u00fcd\u0151t\u00e1g\u00edt\u00f3 leveg\u0151j\u00e9r\u0151l is h\u00edres. Mindkett\u0151t a k\u00f6zel sz\u00e1z\u00e9ves, neorenesz\u00e1nsz Palotasz\u00e1ll\u00f3 alatt kialak\u00edtott f\u00fcgg\u0151kerten kereszt\u00fcl lehet megk\u00f6zel\u00edteni: a lefel\u00e9 vezet\u0151, hat teraszt is \u00f6sszek\u00f6t\u0151 s\u00e9t\u00e1nyon v\u00e9gig botanikai ritkas\u00e1gok sorakoznak.&nbsp;<\/p>\n\n\n\n<figure class=\"wp-block-image size-large\"><img loading=\"lazy\" decoding=\"async\" width=\"640\" height=\"960\" src=\"https:\/\/www.goforgo.hu\/wp-content\/uploads\/2020\/02\/f\u00fcgg\u0151kert.jpg\" alt=\"\" class=\"wp-image-5418\" srcset=\"https:\/\/www.goforgo.hu\/wp-content\/uploads\/2020\/02\/f\u00fcgg\u0151kert.jpg 640w, https:\/\/www.goforgo.hu\/wp-content\/uploads\/2020\/02\/f\u00fcgg\u0151kert-200x300.jpg 200w\" sizes=\"auto, (max-width: 640px) 100vw, 640px\" \/><\/figure>\n\n\n\n<p> A\nf\u00fcgg\u0151kert bej\u00e1rat\u00e1val szemben tal\u00e1lj\u00e1k a gy\u00f6ny\u00f6r\u0171\nH\u00e1mori-tavat,&nbsp;amelynek partja \u00e9s sz\u00ednes cs\u00f3nakjai a legend\u00e1k\nszerint t\u00f6bb romantikus l\u00e1nyk\u00e9r\u0151t is megihlettek m\u00e1r.\nHazaindul\u00e1s a k\u00e9s\u0151 d\u00e9lut\u00e1ni \u00f3r\u00e1kban.<\/p>\n\n\n\n<p class=\"has-large-font-size\"><strong>R\u00c9SZV\u00c9TELI D\u00cdJ: 8&nbsp;500 Ft \/f\u0151<\/strong><\/p>\n\n\n\n<p><strong>Gyermek\n14 \u00e9ves korig 7&nbsp;490 Ft \/ f\u0151<\/strong><\/p>\n\n\n\n<p>Az\n\u00e1r tartalmazza: utaz\u00e1s aut\u00f3busszal, idegenvezet\u00e9s<\/p>\n\n\n\n<p>Az \u00e1r nem tartalmazza: a v\u00e1r bel\u00e9p\u0151jegy \u00e1r\u00e1t<\/p>\n","protected":false},"excerpt":{"rendered":"<p>2020. augusztus 21 Program Indul\u00e1s: 6.30\u00a0 Ecseri \u00fat OMV benzink\u00fat befel\u00e9 vezet\u0151 oldalon. \u00dcll\u0151i \u00fat 110.7.10\u00a0 B\u00e9k\u00e1smegyer, Madzsar utca Tesco Express7.30 F\u00f3t Reggeli \u00f3r\u00e1kban indulunk az egyeztetett felsz\u00e1ll\u00e1si pontokr\u00f3l, Budapestr\u0151l \u00e9s k\u00f6rny\u00e9k\u00e9r\u0151l. Folyamatos utaz\u00e1s, \u00e9s egy pihen\u0151 megt\u00e9tele ut\u00e1n \u00e9rkez\u00fcnk a B\u00fckk \u00f6lel\u00e9s\u00e9ben tal\u00e1lhat\u00f3 csod\u00e1latosan fel\u00faj\u00edtott, t\u00f6rt\u00e9nelmi jelent\u0151s\u00e9g\u0171 Di\u00f3sgy\u0151ri v\u00e1rhoz. Ma Nagy Lajos \u00e9s a k\u00e9s\u0151bb uralkod\u00f3 M\u00e1ty\u00e1s kor\u00e1nak megfelel\u0151 ruh\u00e1ba \u00f6lt\u00f6ztetett anim\u00e1torok \u00e9s t\u00e1rlatvezet\u0151k mutatj\u00e1k az utat a lovagteremb\u0151l indulva a kir\u00e1lyn\u0151i h\u00e1l\u00f3n \u00e1t eg\u00e9szen a v\u00e1r als\u00f3 szintj\u00e9n tal\u00e1lhat\u00f3 mesters\u00e9gek m\u0171hely\u00e9ig, ahol az a v\u00e1rn\u00e9p dolgozott. Az id\u0151utaz\u00e1shoz hasonl\u00f3 t\u00e1rlatvezet\u00e9s ut\u00e1n igazi k\u00f6z\u00e9pkori hangulat v\u00e1r benn\u00fcnket. A Di\u00f3sgy\u0151ri v\u00e1r udvara megtelik \u00e9lettel, k\u00e1v\u00e9h\u00e1zukban elfogyaszthatunk egy kellemes feket\u00e9t. Miut\u00e1n ett\u00fcnk-ittunk, folytatjuk a kir\u00e1ndul\u00e1st a mesesz\u00e9p Lillaf\u00fcredre. Itt valahogy minden lelassul. M\u00e1r lesz\u00e1ll\u00e1skor \u00e9rezni lehet azt a t\u00f6k\u00e9letes harm\u00f3ni\u00e1t, amely igenis megval\u00f3s\u00edthat\u00f3 a term\u00e9szet \u00e9s az ember keze \u00e1ltal egyszerre. Els\u00e9t\u00e1lunk egy\u00fctt a m\u00e9lybe z\u00fadul\u00f3 Szinva-patak azon szakasz\u00e1t, amelyet haz\u00e1nk legmagasabb f\u00fcgg\u0151leges v\u00edzes\u00e9sek\u00e9nt emlegetnek. A h\u00fasz m\u00e9teres zuhatagot mesters\u00e9gesen hozt\u00e1k l\u00e9tre a Palotasz\u00e1ll\u00f3 \u00e9p\u00edt\u00e9sekor. K\u00f6zvetlen k\u00f6zelben tal\u00e1lhat\u00f3 a m\u00e1sf\u00e9l kilom\u00e9ter hosszan bej\u00e1rhat\u00f3 Istv\u00e1n-barlang is, amely cseppk\u00f6vei mellett t\u00fcd\u0151t\u00e1g\u00edt\u00f3 leveg\u0151j\u00e9r\u0151l is h\u00edres. Mindkett\u0151t a k\u00f6zel sz\u00e1z\u00e9ves, neorenesz\u00e1nsz Palotasz\u00e1ll\u00f3 alatt kialak\u00edtott f\u00fcgg\u0151kerten kereszt\u00fcl lehet megk\u00f6zel\u00edteni: a lefel\u00e9 vezet\u0151, hat teraszt is \u00f6sszek\u00f6t\u0151 s\u00e9t\u00e1nyon v\u00e9gig botanikai ritkas\u00e1gok sorakoznak.&nbsp; A f\u00fcgg\u0151kert bej\u00e1rat\u00e1val szemben tal\u00e1lj\u00e1k a gy\u00f6ny\u00f6r\u0171 H\u00e1mori-tavat,&nbsp;amelynek partja \u00e9s sz\u00ednes cs\u00f3nakjai a legend\u00e1k szerint t\u00f6bb romantikus l\u00e1nyk\u00e9r\u0151t is megihlettek m\u00e1r. Hazaindul\u00e1s a k\u00e9s\u0151 d\u00e9lut\u00e1ni \u00f3r\u00e1kban. R\u00c9SZV\u00c9TELI D\u00cdJ: 8&nbsp;500 Ft \/f\u0151 Gyermek 14 \u00e9ves korig 7&nbsp;490 Ft \/ f\u0151 Az \u00e1r tartalmazza: utaz\u00e1s aut\u00f3busszal, idegenvezet\u00e9s Az \u00e1r nem tartalmazza: a v\u00e1r bel\u00e9p\u0151jegy \u00e1r\u00e1t<\/p>\n","protected":false},"author":1,"featured_media":0,"parent":0,"menu_order":0,"comment_status":"closed","ping_status":"closed","template":"","meta":{"footnotes":""},"class_list":["post-5413","page","type-page","status-publish","hentry"],"_links":{"self":[{"href":"https:\/\/www.goforgo.hu\/index.php\/wp-json\/wp\/v2\/pages\/5413","targetHints":{"allow":["GET"]}}],"collection":[{"href":"https:\/\/www.goforgo.hu\/index.php\/wp-json\/wp\/v2\/pages"}],"about":[{"href":"https:\/\/www.goforgo.hu\/index.php\/wp-json\/wp\/v2\/types\/page"}],"author":[{"embeddable":true,"href":"https:\/\/www.goforgo.hu\/index.php\/wp-json\/wp\/v2\/users\/1"}],"replies":[{"embeddable":true,"href":"https:\/\/www.goforgo.hu\/index.php\/wp-json\/wp\/v2\/comments?post=5413"}],"version-history":[{"count":4,"href":"https:\/\/www.goforgo.hu\/index.php\/wp-json\/wp\/v2\/pages\/5413\/revisions"}],"predecessor-version":[{"id":5644,"href":"https:\/\/www.goforgo.hu\/index.php\/wp-json\/wp\/v2\/pages\/5413\/revisions\/5644"}],"wp:attachment":[{"href":"https:\/\/www.goforgo.hu\/index.php\/wp-json\/wp\/v2\/media?parent=5413"}],"curies":[{"name":"wp","href":"https:\/\/api.w.org\/{rel}","templated":true}]}}