{"id":5734,"date":"2021-10-30T13:22:20","date_gmt":"2021-10-30T13:22:20","guid":{"rendered":"http:\/\/www.goforgo.hu\/?page_id=5734"},"modified":"2021-10-30T13:22:21","modified_gmt":"2021-10-30T13:22:21","slug":"szomogy-szive-oszi-szinekben","status":"publish","type":"page","link":"https:\/\/www.goforgo.hu\/index.php\/szomogy-szive-oszi-szinekben\/","title":{"rendered":"Szomogy sz\u00edve &#8211; \u0151szi sz\u00ednekben"},"content":{"rendered":"\n<div class=\"wp-block-group\"><div class=\"wp-block-group__inner-container is-layout-flow wp-block-group-is-layout-flow\">\n<figure class=\"wp-block-image size-large is-resized\"><img loading=\"lazy\" decoding=\"async\" src=\"https:\/\/www.goforgo.hu\/wp-content\/uploads\/2021\/10\/deseda-1.jpg\" alt=\"\" class=\"wp-image-5735\" width=\"534\" height=\"281\" srcset=\"https:\/\/www.goforgo.hu\/wp-content\/uploads\/2021\/10\/deseda-1.jpg 310w, https:\/\/www.goforgo.hu\/wp-content\/uploads\/2021\/10\/deseda-1-300x158.jpg 300w\" sizes=\"auto, (max-width: 534px) 100vw, 534px\" \/><\/figure>\n<\/div><\/div>\n\n\n\n<p><strong>Id\u0151pont\u00a0\u00a0\u00a0 :\u00a0\u00a0<\/strong>2021.11. 13-14.\u00a0                           <strong>Poz.sz\u00e1m:<\/strong>\u00a021\/BSO\/01\u00a0\u00a0<\/p>\n\n\n\n<p><strong>\u00datvonal\u00a0\u00a0\u00a0 :<\/strong>\u00a0\u00a0 Budapest \u2013 Somogyv\u00e1r \u2013 Somogyv\u00e1mos \u2013 L\u00e1bod \u2013 Kasz\u00f3 \u2013 Kaposv\u00e1r \u2013 Balatonf\u00f6ldv\u00e1r \u00a0\u2013 Budapest (kb.600 km)<\/p>\n\n\n\n<p><strong>Utaz\u00e1s\u00a0\u00a0\u00a0\u00a0\u00a0 :<\/strong>\u00a0a csoport l\u00e9tsz\u00e1m\u00e1nak megfelel\u0151 aut\u00f3busszal\u00a0<\/p>\n\n\n\n<p><strong>Ell\u00e1t\u00e1s:<\/strong>\u00a01 x reggeli +1 x vacsora\u00a0\u00a0<\/p>\n\n\n\n<p><strong>Sz\u00e1ll\u00e1s, elhelyez\u00e9s :<\/strong>\u00a0a Kasz\u00f3 Vad\u00e1szh\u00e1z \u00e9s \u00dcd\u00fcl\u0151ben, 2-3 \u00e1gyas szob\u00e1kban\u00a0\u00a0<\/p>\n\n\n\n<p><strong>Id\u0151tartam:\u00a0\u00a0\u00a0<\/strong>2 nap \/ 1 \u00e9jszaka \u00a0\u00a0\u00a0 <\/p>\n\n\n\n<div class=\"wp-block-group\"><div class=\"wp-block-group__inner-container is-layout-flow wp-block-group-is-layout-flow\">\n<figure class=\"wp-block-image size-large is-resized\"><img loading=\"lazy\" decoding=\"async\" src=\"https:\/\/www.goforgo.hu\/wp-content\/uploads\/2021\/10\/szarvas-2.jpg\" alt=\"\" class=\"wp-image-5736\" width=\"520\" height=\"291\"\/><\/figure>\n<\/div><\/div>\n\n\n\n<p><strong>PROGRAM:<\/strong><\/p>\n\n\n\n<p><strong>1. nap\nBudapest \u2013 Somogyv\u00e1r \u2013 Somogyv\u00e1mos \u2013 L\u00e1bod \u2013 Nagyat\u00e1d &#8211; &nbsp;Kasz\u00f3 (290 km)<\/strong><\/p>\n\n\n\n<p>Elutaz\u00e1s Budapestr\u0151l a kora reggeli \u00f3r\u00e1kban. Utaz\u00e1sunk els\u0151 l\u00e1tnival\u00f3ja <strong>Somogyv\u00e1r<\/strong>. A t\u00f6rt\u00e9nelmi eml\u00e9khelyeink k\u00f6z\u00e9 sorolt Kupav\u00e1ron alap\u00edtotta meg Szent L\u00e1szl\u00f3 kir\u00e1ly, Kopp\u00e1ny egykori v\u00e1r\u00e1nak hely\u00e9n a Szent Egyed monostort, ahol v\u00e9grendelete szerint nyugodni k\u00edv\u00e1nt.<\/p>\n\n\n\n<div class=\"wp-block-group\"><div class=\"wp-block-group__inner-container is-layout-flow wp-block-group-is-layout-flow\">\n<figure class=\"wp-block-image size-large is-resized\"><img loading=\"lazy\" decoding=\"async\" src=\"https:\/\/www.goforgo.hu\/wp-content\/uploads\/2021\/10\/somogyv\u00e1r-1.jpg\" alt=\"\" class=\"wp-image-5737\" width=\"515\" height=\"309\"\/><\/figure>\n<\/div><\/div>\n\n\n\n<p> A felt\u00e1rt romok megtekint\u00e9se ut\u00e1n <strong>Somogyv\u00e1mosra<\/strong> utazunk, ahol a sz\u00e1nt\u00f3f\u00f6ldek kell\u0151s k\u00f6zep\u00e9b\u0151l emelkedik ki a <strong>Csopaki Pusztatorony<\/strong>. Az \u00e1rp\u00e1dkor falub\u00f3l a t\u00f6r\u00f6k d\u00fal\u00e1s ut\u00e1n csak a templom romjai \u00e9s tornya maradt fenn. Ez a rom csordultig van t\u00f6rt\u00e9nelemmel. Minden ereszt\u00e9k\u00e9b\u0151l sziv\u00e1rog a m\u00falt. El\u00e9g, ha az ember kinyitja a szem\u00e9t, \u00e9s a t\u00f6rt\u00e9nelem m\u00e1ris a k\u00e9p\u00e9be b\u00e1mul.<\/p>\n\n\n\n<div class=\"wp-block-group\"><div class=\"wp-block-group__inner-container is-layout-flow wp-block-group-is-layout-flow\">\n<figure class=\"wp-block-image size-large is-resized\"><img loading=\"lazy\" decoding=\"async\" src=\"https:\/\/www.goforgo.hu\/wp-content\/uploads\/2021\/10\/somogyv\u00e1mos-1.jpg\" alt=\"\" class=\"wp-image-5738\" width=\"507\" height=\"197\" srcset=\"https:\/\/www.goforgo.hu\/wp-content\/uploads\/2021\/10\/somogyv\u00e1mos-1.jpg 361w, https:\/\/www.goforgo.hu\/wp-content\/uploads\/2021\/10\/somogyv\u00e1mos-1-300x116.jpg 300w\" sizes=\"auto, (max-width: 507px) 100vw, 507px\" \/><\/figure>\n<\/div><\/div>\n\n\n\n<p> Ism\u00e9t buszra sz\u00e1llva a helyi h\u00edress\u00e9get, a Hanzel csal\u00e1d <strong>toj\u00e1spatkol\u00f3 m\u0171hely\u00e9t<\/strong> keress\u00fck fel. A m\u0171helyt ma Hanzel Csan\u00e1d \u00fczemelteti, aki a toj\u00e1spatkol\u00e1s mesters\u00e9g\u00e9t \u00e9desap\u00e1j\u00e1t\u00f3l tanulta. <\/p>\n\n\n\n<figure class=\"wp-block-image size-large is-resized\"><img loading=\"lazy\" decoding=\"async\" src=\"https:\/\/www.goforgo.hu\/wp-content\/uploads\/2021\/10\/toj\u00e1s-patkol\u00e1s.jpg\" alt=\"\" class=\"wp-image-5739\" width=\"510\" height=\"338\"\/><\/figure>\n\n\n\n<p>Innen ir\u00e1ny Somogy z\u00f6ld (\u0151szi sz\u00ednekben pomp\u00e1z\u00f3) sz\u00edve. L\u00e1bodra \u00e9rkezve a Somogy Term\u00e9szetv\u00e9delmi Szervezet kezel\u00e9s\u00e9ben l\u00e9v\u0151 <strong>Peteshalmi Vidraparkot<\/strong> l\u00e1togatjuk meg. A Balaton \u00e9s a Dr\u00e1va k\u00f6zt h\u00faz\u00f3d\u00f3 \u00f6kol\u00f3giai h\u00e1l\u00f3zat erdei tavas ter\u00fcleteinek l\u00e1ncolata igazi \u201evidra-paradicsom\u201d. Nem v\u00e9letlen, hogy a Somogyban sz\u00fcletett Fekete Istv\u00e1n h\u00edres \u00edr\u00f3nk egyik reg\u00e9ny\u00e9nek f\u0151h\u0151se Lutra, a vidra. <\/p>\n\n\n\n<div class=\"wp-block-group\"><div class=\"wp-block-group__inner-container is-layout-flow wp-block-group-is-layout-flow\">\n<figure class=\"wp-block-image size-large is-resized\"><img loading=\"lazy\" decoding=\"async\" src=\"https:\/\/www.goforgo.hu\/wp-content\/uploads\/2021\/10\/vidra-1.jpg\" alt=\"\" class=\"wp-image-5740\" width=\"495\" height=\"337\"\/><\/figure>\n<\/div><\/div>\n\n\n\n<p>Nagyat\u00e1dra \u00e9rve, aki v\u00e1gyik m\u00e1r egy kis melegs\u00e9gre, lazul\u00e1sra, lehet\u0151s\u00e9ge lesz a <em><strong>Nagyat\u00e1di Term\u00e1l<\/strong><\/em><strong>\u00a0&#8211; \u00e9s Gy\u00f3gyf\u00fcrd\u0151ben<\/strong> elt\u00f6lteni n\u00e9h\u00e1ny \u00f3r\u00e1csk\u00e1t.<\/p>\n\n\n\n<div class=\"wp-block-group\"><div class=\"wp-block-group__inner-container is-layout-flow wp-block-group-is-layout-flow\">\n<figure class=\"wp-block-image size-large is-resized\"><img loading=\"lazy\" decoding=\"async\" src=\"https:\/\/www.goforgo.hu\/wp-content\/uploads\/2021\/10\/termalfurdo_gyogyfurdo_nagyatad_12.jpg\" alt=\"\" class=\"wp-image-5741\" width=\"535\" height=\"356\" srcset=\"https:\/\/www.goforgo.hu\/wp-content\/uploads\/2021\/10\/termalfurdo_gyogyfurdo_nagyatad_12.jpg 900w, https:\/\/www.goforgo.hu\/wp-content\/uploads\/2021\/10\/termalfurdo_gyogyfurdo_nagyatad_12-300x200.jpg 300w, https:\/\/www.goforgo.hu\/wp-content\/uploads\/2021\/10\/termalfurdo_gyogyfurdo_nagyatad_12-768x512.jpg 768w\" sizes=\"auto, (max-width: 535px) 100vw, 535px\" \/><\/figure>\n<\/div><\/div>\n\n\n\n<p> Sz\u00e1ll\u00e1sunk \u00e9s vacsor\u00e1nk Nagyat\u00e1dt\u00f3l 20 km-re Kasz\u00f3n lesz, az erdei lakban.<\/p>\n\n\n\n<div class=\"wp-block-group\"><div class=\"wp-block-group__inner-container is-layout-flow wp-block-group-is-layout-flow\">\n<figure class=\"wp-block-image size-large is-resized\"><img loading=\"lazy\" decoding=\"async\" src=\"https:\/\/www.goforgo.hu\/wp-content\/uploads\/2021\/10\/kasz\u00f31.jpg\" alt=\"\" class=\"wp-image-5742\" width=\"554\" height=\"172\" srcset=\"https:\/\/www.goforgo.hu\/wp-content\/uploads\/2021\/10\/kasz\u00f31.jpg 402w, https:\/\/www.goforgo.hu\/wp-content\/uploads\/2021\/10\/kasz\u00f31-300x93.jpg 300w\" sizes=\"auto, (max-width: 554px) 100vw, 554px\" \/><\/figure>\n\n\n\n<div class=\"wp-block-image\"><figure class=\"aligncenter size-large is-resized\"><img loading=\"lazy\" decoding=\"async\" src=\"https:\/\/www.goforgo.hu\/wp-content\/uploads\/2021\/10\/kasz\u00f3-5.jpg\" alt=\"\" class=\"wp-image-5743\" width=\"256\" height=\"191\"\/><\/figure><\/div>\n<\/div><\/div>\n\n\n\n<p> <strong>2. nap Kasz\u00f3 \u2013 Kaposv\u00e1r \u2013 V\u00e1rda \u2013 Budapest (300 km)<\/strong><\/p>\n\n\n\n<figure class=\"wp-block-image size-large is-resized\"><img loading=\"lazy\" decoding=\"async\" src=\"https:\/\/www.goforgo.hu\/wp-content\/uploads\/2021\/10\/kasz\u00f3-2.jpg\" alt=\"\" class=\"wp-image-5744\" width=\"538\" height=\"301\"\/><\/figure>\n\n\n\n<p>Reggeli ut\u00e1n a sz\u00e1ll\u00e1st\u00f3l gyalog indulva v\u00e9gig s\u00e9t\u00e1lunk a <strong>Kasz\u00f3i Lombkoronas\u00e9t\u00e1nyon<\/strong>, majd kisvonatra sz\u00e1llva a telep\u00fcl\u00e9s k\u00f6zpontj\u00e1b\u00f3l hangulatos\u00a0<strong><a rel=\"noreferrer noopener\" href=\"http:\/\/www.kaszort.hu\/kisvasut\" target=\"_blank\">kisvas\u00fattal<\/a><\/strong>\u00a0jutunk el a k\u00f6zeli\u00a0<strong>Bal\u00e1ta-tavat<\/strong> \u00f6vez\u0151 l\u00e1pvid\u00e9kre.<\/p>\n\n\n\n<figure class=\"wp-block-image size-large is-resized\"><img loading=\"lazy\" decoding=\"async\" src=\"https:\/\/www.goforgo.hu\/wp-content\/uploads\/2021\/10\/kasz\u00f34.jpg\" alt=\"\" class=\"wp-image-5745\" width=\"539\" height=\"359\"\/><\/figure>\n\n\n\n<p><strong>Kaposv\u00e1rra<\/strong>, a megye f\u0151v\u00e1ros\u00e1ba \u00e9rve s\u00e9t\u00e1nk sor\u00e1n megn\u00e9zz\u00fck a <strong>V\u00e1rosh\u00e1z\u00e1t,<\/strong> valamint a\u00a0<strong>Nagyboldogasszony Sz\u00e9kesegyh\u00e1zat, a Csiky Gergely sz\u00ednh\u00e1z \u00e9p\u00fclet\u00e9t \u00e9s a <\/strong>Rippl-R\u00f3nai M\u00fazeumot, mely az orsz\u00e1g egyik legjelent\u0151sebb m\u00fazeuma. A Dorottya-h\u00e1z\u00a0<strong>Kaposv\u00e1r<\/strong>\u00a0egyik apr\u00f3 \u00e9kk\u00f6ve. Egykor az Eszterh\u00e1zy csal\u00e1d sz\u00e1m\u00e1ra \u00e9p\u00fclt, a Somogy v\u00e1rmegyei uradalmi k\u00f6zpontjuk volt. Kaposv\u00e1r f\u0151ter\u00e9t 2017-ben\u00a0<strong>Eur\u00f3pa legszebb f\u0151ter\u00e9nek<\/strong>\u00a0v\u00e1lasztott\u00e1k. <\/p>\n\n\n\n<figure class=\"wp-block-image size-large is-resized\"><img loading=\"lazy\" decoding=\"async\" src=\"https:\/\/www.goforgo.hu\/wp-content\/uploads\/2021\/10\/Kaposv\u00e1r-1.jpg\" alt=\"\" class=\"wp-image-5746\" width=\"555\" height=\"311\"\/><\/figure>\n\n\n\n<p>R\u00f6vid szabadid\u0151 ut\u00e1n <strong>V\u00e1rd\u00e1ra<\/strong> utazunk. Az egykori Somssich-Matolay-k\u00faria a szok\u00e1sos kast\u00e9lysorsot \u00e9lte meg a h\u00e1bor\u00fa ut\u00e1n, azaz kult\u00farh\u00e1z, iskola, orvosi rendel\u0151 \u00e9s ifj\u00fas\u00e1gi klub is m\u0171k\u00f6d\u00f6tt falai k\u00f6zt. <\/p>\n\n\n\n<figure class=\"wp-block-image size-large is-resized\"><img loading=\"lazy\" decoding=\"async\" src=\"https:\/\/www.goforgo.hu\/wp-content\/uploads\/2021\/10\/v\u00e1rda-2.jpg\" alt=\"\" class=\"wp-image-5747\" width=\"555\" height=\"333\" srcset=\"https:\/\/www.goforgo.hu\/wp-content\/uploads\/2021\/10\/v\u00e1rda-2.jpg 460w, https:\/\/www.goforgo.hu\/wp-content\/uploads\/2021\/10\/v\u00e1rda-2-300x180.jpg 300w\" sizes=\"auto, (max-width: 555px) 100vw, 555px\" \/><\/figure>\n\n\n\n<p><strong>Sz\u00e1sz Endre<\/strong> vil\u00e1gh\u00edr\u0171 fest\u0151m\u0171v\u00e9sz feles\u00e9g\u00e9vel 1988-ban v\u00e1s\u00e1rolta meg az akkor m\u00e1r igen lepusztult \u00e1llapotban lev\u0151 \u00e9p\u00fcletet. A m\u0171v\u00e9sz m\u00e1r t\u00f6bb kast\u00e9lyt megn\u00e9zett, amikor egy munka a k\u00f6zelbe, Kaposv\u00e1rra sz\u00f3l\u00edtotta. Egyb\u0151l beleszeretett a k\u00fari\u00e1ba, f\u0151leg a parkj\u00e1ba, amely nem volt kezelhetetlen\u00fcl nagy, de b\u0151ven \u00e1lltak rajta csod\u00e1latos \u0151sf\u00e1k. \u201eNincs m\u00e1r id\u0151m kiv\u00e1rni, hogy sz\u00e1z \u00e9ves f\u00e1k n\u0151jenek a kertemben\u201d \u2013 mondta feles\u00e9g\u00e9nek, \u00e9s megk\u00f6t\u00f6tt\u00e9k az ad\u00e1sv\u00e9telt. <\/p>\n\n\n\n<figure class=\"wp-block-image size-large is-resized\"><img loading=\"lazy\" decoding=\"async\" src=\"https:\/\/www.goforgo.hu\/wp-content\/uploads\/2021\/10\/V\u00e1rda-1.jpg\" alt=\"\" class=\"wp-image-5748\" width=\"547\" height=\"384\"\/><\/figure>\n\n\n\n<p>Innen m\u00e1r hazafel\u00e9 vessz\u00fck az ir\u00e1nyt \u00e9s a Balaton partj\u00e1t el\u00e9rve ir\u00e1ny Budapest, ahov\u00e1 v\u00e1rhat\u00f3an a k\u00e9s\u0151 esti \u00f3r\u00e1kban \u00e9rkez\u00fcnk. <\/p>\n\n\n\n<p class=\"has-large-font-size\"><strong>R\u00e9szv\u00e9teli d\u00edj: 29 900 Ft\/f\u0151<\/strong><\/p>\n\n\n\n<p>A r\u00e9szv\u00e9teli d\u00edj\ntartalmazza: az aut\u00f3buszos utaz\u00e1s minden k\u00f6lts\u00e9g\u00e9t, a sz\u00e1ll\u00e1st 1 \u00e9jszak\u00e1ra\nf\u00e9lpanzi\u00f3val \u00e9s az idegenvezet\u00e9st <\/p>\n\n\n\n<p>Nem tartalmazza: a\nbel\u00e9p\u0151jegyeket, a napk\u00f6zbeni \u00e9tkez\u00e9seket<\/p>\n\n\n\n<p><strong>\u00c9LM\u00c9NYEKBEN GAZDAG UTAZ\u00c1ST, KELLEMES KIKAPCSOL\u00d3D\u00c1ST\nK\u00cdV\u00c1NUNK!<\/strong><\/p>\n","protected":false},"excerpt":{"rendered":"<p>Id\u0151pont\u00a0\u00a0\u00a0 :\u00a0\u00a02021.11. 13-14.\u00a0 Poz.sz\u00e1m:\u00a021\/BSO\/01\u00a0\u00a0 \u00datvonal\u00a0\u00a0\u00a0 :\u00a0\u00a0 Budapest \u2013 Somogyv\u00e1r \u2013 Somogyv\u00e1mos \u2013 L\u00e1bod \u2013 Kasz\u00f3 \u2013 Kaposv\u00e1r \u2013 Balatonf\u00f6ldv\u00e1r \u00a0\u2013 Budapest (kb.600 km) Utaz\u00e1s\u00a0\u00a0\u00a0\u00a0\u00a0 :\u00a0a csoport l\u00e9tsz\u00e1m\u00e1nak megfelel\u0151 aut\u00f3busszal\u00a0 Ell\u00e1t\u00e1s:\u00a01 x reggeli +1 x vacsora\u00a0\u00a0 Sz\u00e1ll\u00e1s, elhelyez\u00e9s :\u00a0a Kasz\u00f3 Vad\u00e1szh\u00e1z \u00e9s \u00dcd\u00fcl\u0151ben, 2-3 \u00e1gyas szob\u00e1kban\u00a0\u00a0 Id\u0151tartam:\u00a0\u00a0\u00a02 nap \/ 1 \u00e9jszaka \u00a0\u00a0\u00a0 PROGRAM: 1. nap Budapest \u2013 Somogyv\u00e1r \u2013 Somogyv\u00e1mos \u2013 L\u00e1bod \u2013 Nagyat\u00e1d &#8211; &nbsp;Kasz\u00f3 (290 km) Elutaz\u00e1s Budapestr\u0151l a kora reggeli \u00f3r\u00e1kban. Utaz\u00e1sunk els\u0151 l\u00e1tnival\u00f3ja Somogyv\u00e1r. A t\u00f6rt\u00e9nelmi eml\u00e9khelyeink k\u00f6z\u00e9 sorolt Kupav\u00e1ron alap\u00edtotta meg Szent L\u00e1szl\u00f3 kir\u00e1ly, Kopp\u00e1ny egykori v\u00e1r\u00e1nak hely\u00e9n a Szent Egyed monostort, ahol v\u00e9grendelete szerint nyugodni k\u00edv\u00e1nt. A felt\u00e1rt romok megtekint\u00e9se ut\u00e1n Somogyv\u00e1mosra utazunk, ahol a sz\u00e1nt\u00f3f\u00f6ldek kell\u0151s k\u00f6zep\u00e9b\u0151l emelkedik ki a Csopaki Pusztatorony. Az \u00e1rp\u00e1dkor falub\u00f3l a t\u00f6r\u00f6k d\u00fal\u00e1s ut\u00e1n csak a templom romjai \u00e9s tornya maradt fenn. Ez a rom csordultig van t\u00f6rt\u00e9nelemmel. Minden ereszt\u00e9k\u00e9b\u0151l sziv\u00e1rog a m\u00falt. El\u00e9g, ha az ember kinyitja a szem\u00e9t, \u00e9s a t\u00f6rt\u00e9nelem m\u00e1ris a k\u00e9p\u00e9be b\u00e1mul. Ism\u00e9t buszra sz\u00e1llva a helyi h\u00edress\u00e9get, a Hanzel csal\u00e1d toj\u00e1spatkol\u00f3 m\u0171hely\u00e9t keress\u00fck fel. A m\u0171helyt ma Hanzel Csan\u00e1d \u00fczemelteti, aki a toj\u00e1spatkol\u00e1s mesters\u00e9g\u00e9t \u00e9desap\u00e1j\u00e1t\u00f3l tanulta. Innen ir\u00e1ny Somogy z\u00f6ld (\u0151szi sz\u00ednekben pomp\u00e1z\u00f3) sz\u00edve. L\u00e1bodra \u00e9rkezve a Somogy Term\u00e9szetv\u00e9delmi Szervezet kezel\u00e9s\u00e9ben l\u00e9v\u0151 Peteshalmi Vidraparkot l\u00e1togatjuk meg. A Balaton \u00e9s a Dr\u00e1va k\u00f6zt h\u00faz\u00f3d\u00f3 \u00f6kol\u00f3giai h\u00e1l\u00f3zat erdei tavas ter\u00fcleteinek l\u00e1ncolata igazi \u201evidra-paradicsom\u201d. Nem v\u00e9letlen, hogy a Somogyban sz\u00fcletett Fekete Istv\u00e1n h\u00edres \u00edr\u00f3nk egyik reg\u00e9ny\u00e9nek f\u0151h\u0151se Lutra, a vidra. Nagyat\u00e1dra \u00e9rve, aki v\u00e1gyik m\u00e1r egy kis melegs\u00e9gre, lazul\u00e1sra, lehet\u0151s\u00e9ge lesz a Nagyat\u00e1di Term\u00e1l\u00a0&#8211; \u00e9s Gy\u00f3gyf\u00fcrd\u0151ben elt\u00f6lteni n\u00e9h\u00e1ny \u00f3r\u00e1csk\u00e1t. Sz\u00e1ll\u00e1sunk \u00e9s vacsor\u00e1nk Nagyat\u00e1dt\u00f3l 20 km-re Kasz\u00f3n lesz, az erdei lakban. 2. nap Kasz\u00f3 \u2013 Kaposv\u00e1r \u2013 V\u00e1rda \u2013 Budapest (300 km) Reggeli ut\u00e1n a sz\u00e1ll\u00e1st\u00f3l gyalog indulva v\u00e9gig s\u00e9t\u00e1lunk a Kasz\u00f3i Lombkoronas\u00e9t\u00e1nyon, majd kisvonatra sz\u00e1llva a telep\u00fcl\u00e9s k\u00f6zpontj\u00e1b\u00f3l hangulatos\u00a0kisvas\u00fattal\u00a0jutunk el a k\u00f6zeli\u00a0Bal\u00e1ta-tavat \u00f6vez\u0151 l\u00e1pvid\u00e9kre. Kaposv\u00e1rra, a megye f\u0151v\u00e1ros\u00e1ba \u00e9rve s\u00e9t\u00e1nk sor\u00e1n megn\u00e9zz\u00fck a V\u00e1rosh\u00e1z\u00e1t, valamint a\u00a0Nagyboldogasszony Sz\u00e9kesegyh\u00e1zat, a Csiky Gergely sz\u00ednh\u00e1z \u00e9p\u00fclet\u00e9t \u00e9s a Rippl-R\u00f3nai M\u00fazeumot, mely az orsz\u00e1g egyik legjelent\u0151sebb m\u00fazeuma. A Dorottya-h\u00e1z\u00a0Kaposv\u00e1r\u00a0egyik apr\u00f3 \u00e9kk\u00f6ve. Egykor az Eszterh\u00e1zy csal\u00e1d sz\u00e1m\u00e1ra \u00e9p\u00fclt, a Somogy v\u00e1rmegyei uradalmi k\u00f6zpontjuk volt. Kaposv\u00e1r f\u0151ter\u00e9t 2017-ben\u00a0Eur\u00f3pa legszebb f\u0151ter\u00e9nek\u00a0v\u00e1lasztott\u00e1k. R\u00f6vid szabadid\u0151 ut\u00e1n V\u00e1rd\u00e1ra utazunk. Az egykori Somssich-Matolay-k\u00faria a szok\u00e1sos kast\u00e9lysorsot \u00e9lte meg a h\u00e1bor\u00fa ut\u00e1n, azaz kult\u00farh\u00e1z, iskola, orvosi rendel\u0151 \u00e9s ifj\u00fas\u00e1gi klub is m\u0171k\u00f6d\u00f6tt falai k\u00f6zt. Sz\u00e1sz Endre vil\u00e1gh\u00edr\u0171 fest\u0151m\u0171v\u00e9sz feles\u00e9g\u00e9vel 1988-ban v\u00e1s\u00e1rolta meg az akkor m\u00e1r igen lepusztult \u00e1llapotban lev\u0151 \u00e9p\u00fcletet. A m\u0171v\u00e9sz m\u00e1r t\u00f6bb kast\u00e9lyt megn\u00e9zett, amikor egy munka a k\u00f6zelbe, Kaposv\u00e1rra sz\u00f3l\u00edtotta. Egyb\u0151l beleszeretett a k\u00fari\u00e1ba, f\u0151leg a parkj\u00e1ba, amely nem volt kezelhetetlen\u00fcl nagy, de b\u0151ven \u00e1lltak rajta csod\u00e1latos \u0151sf\u00e1k. \u201eNincs m\u00e1r id\u0151m kiv\u00e1rni, hogy sz\u00e1z \u00e9ves f\u00e1k n\u0151jenek a kertemben\u201d \u2013 mondta feles\u00e9g\u00e9nek, \u00e9s megk\u00f6t\u00f6tt\u00e9k az ad\u00e1sv\u00e9telt. Innen m\u00e1r hazafel\u00e9 vessz\u00fck az ir\u00e1nyt \u00e9s a Balaton partj\u00e1t el\u00e9rve ir\u00e1ny Budapest, ahov\u00e1 v\u00e1rhat\u00f3an a k\u00e9s\u0151 esti \u00f3r\u00e1kban \u00e9rkez\u00fcnk. R\u00e9szv\u00e9teli d\u00edj: 29 900 Ft\/f\u0151 A r\u00e9szv\u00e9teli d\u00edj tartalmazza: az aut\u00f3buszos utaz\u00e1s minden k\u00f6lts\u00e9g\u00e9t, a sz\u00e1ll\u00e1st 1 \u00e9jszak\u00e1ra f\u00e9lpanzi\u00f3val \u00e9s az idegenvezet\u00e9st Nem tartalmazza: a bel\u00e9p\u0151jegyeket, a napk\u00f6zbeni \u00e9tkez\u00e9seket \u00c9LM\u00c9NYEKBEN GAZDAG UTAZ\u00c1ST, KELLEMES KIKAPCSOL\u00d3D\u00c1ST K\u00cdV\u00c1NUNK!<\/p>\n","protected":false},"author":1,"featured_media":0,"parent":0,"menu_order":0,"comment_status":"closed","ping_status":"closed","template":"","meta":{"footnotes":""},"class_list":["post-5734","page","type-page","status-publish","hentry"],"_links":{"self":[{"href":"https:\/\/www.goforgo.hu\/index.php\/wp-json\/wp\/v2\/pages\/5734","targetHints":{"allow":["GET"]}}],"collection":[{"href":"https:\/\/www.goforgo.hu\/index.php\/wp-json\/wp\/v2\/pages"}],"about":[{"href":"https:\/\/www.goforgo.hu\/index.php\/wp-json\/wp\/v2\/types\/page"}],"author":[{"embeddable":true,"href":"https:\/\/www.goforgo.hu\/index.php\/wp-json\/wp\/v2\/users\/1"}],"replies":[{"embeddable":true,"href":"https:\/\/www.goforgo.hu\/index.php\/wp-json\/wp\/v2\/comments?post=5734"}],"version-history":[{"count":1,"href":"https:\/\/www.goforgo.hu\/index.php\/wp-json\/wp\/v2\/pages\/5734\/revisions"}],"predecessor-version":[{"id":5749,"href":"https:\/\/www.goforgo.hu\/index.php\/wp-json\/wp\/v2\/pages\/5734\/revisions\/5749"}],"wp:attachment":[{"href":"https:\/\/www.goforgo.hu\/index.php\/wp-json\/wp\/v2\/media?parent=5734"}],"curies":[{"name":"wp","href":"https:\/\/api.w.org\/{rel}","templated":true}]}}