{"id":6089,"date":"2023-03-02T17:45:37","date_gmt":"2023-03-02T17:45:37","guid":{"rendered":"https:\/\/www.goforgo.hu\/?page_id=6089"},"modified":"2025-01-28T15:56:03","modified_gmt":"2025-01-28T15:56:03","slug":"bosznia-szecsei-miklossal","status":"publish","type":"page","link":"https:\/\/www.goforgo.hu\/index.php\/bosznia-szecsei-miklossal\/","title":{"rendered":"Bosznia Szecsei Mikl\u00f3ssal"},"content":{"rendered":"\n<p class=\"has-text-align-center\">\u00c9vek \u00f3ta j\u00e1rjuk Boszni\u00e1t. A 2025.04.05-10. k\u00f6z\u00f6tti uton most kib\u0151v\u00edtj\u00fck az eddigi programunkat \u00e9s egy 6 napos utaz\u00e1st tervezt\u00fcnk Boszni\u00e1ba. Utaz\u00e1sunk sor\u00e1n a megszokott Boszniai Piramisokon k\u00edv\u00fcl Medjugorjeben, a Jelen\u00e9s hegyre m\u00e1szunk fel, Kravic\u00e1n a v\u00edzes\u00e9shez \u00e9s Stolacban is \u00faj l\u00e1tnival\u00f3kkal ismerkedhet\u00fcnk. \u00cdgy, aki m\u00e1r volt vel\u00fcnk a megszokott programon, \u00faj, \u00e9rdekes helysz\u00ednekkel tal\u00e1lkozhat.<\/p>\n\n\n<p><strong>Id\u0151pont:<\/strong> 2025.04.05-10.\u00a0 \u00a0 \u00a0 \u00a0 \u00a0 \u00a0 \u00a0 \u00a0 \u00a0 \u00a0 \u00a0 \u00a0 \u00a0 \u00a0 \u00a0 \u00a0 \u00a0 \u00a0 \u00a0 poz\u00edci\u00f3 sz\u00e1m:25\/BPM\/01<br \/><strong>\u00fatvonal:<\/strong> Budapest \u2013 Sarajevo \u2013 Mostar \u2013 Stolac \u2013 Medjugorje \u2013 Kravica \u2013 Visoko, piramisok \u2013 Budapest (kb. 1700 km)<\/p>\n<p><strong>Utaz\u00e1s\u00a0\u00a0\u00a0\u00a0\u00a0 :<\/strong>\u00a0az utasl\u00e9tsz\u00e1mnak megfelel\u0151 aut\u00f3busszal<\/p>\n<p><strong>Ell\u00e1t\u00e1s: <\/strong>f\u00e9lpanzi\u00f3 (5 x reggeli+ 5 x vacsora)<\/p>\n<p><strong>Id\u0151tartam:\u00a0\u00a0<\/strong>6 nap \/5 \u00e9jszaka<\/p>\n<p style=\"text-align: left;\"><strong>Idegenvezet\u00e9s:\u00a0\u00a0\u00a0<\/strong>v\u00e9gig a program alatt \u00e9s helyi vezet\u0151<\/p>\n<p><a href=\"https:\/\/www.goforgo.hu\/index.php\/bosznia-szecsei-miklossal\/collage-bosznia-6-nap\/\" rel=\"attachment wp-att-6980\"><img loading=\"lazy\" decoding=\"async\" class=\"alignnone size-large wp-image-6980\" src=\"https:\/\/www.goforgo.hu\/wp-content\/uploads\/2025\/01\/collage-Bosznia-6-nap-1024x389.jpg\" alt=\"\" width=\"960\" height=\"365\" srcset=\"https:\/\/www.goforgo.hu\/wp-content\/uploads\/2025\/01\/collage-Bosznia-6-nap-1024x389.jpg 1024w, https:\/\/www.goforgo.hu\/wp-content\/uploads\/2025\/01\/collage-Bosznia-6-nap-768x292.jpg 768w, https:\/\/www.goforgo.hu\/wp-content\/uploads\/2025\/01\/collage-Bosznia-6-nap-1536x584.jpg 1536w, https:\/\/www.goforgo.hu\/wp-content\/uploads\/2025\/01\/collage-Bosznia-6-nap-2048x779.jpg 2048w, https:\/\/www.goforgo.hu\/wp-content\/uploads\/2025\/01\/collage-Bosznia-6-nap-1140x433.jpg 1140w\" sizes=\"auto, (max-width: 960px) 100vw, 960px\" \/><\/a><\/p>\n<h2 style=\"text-align: center;\"><u>PROGRAM:<\/u><\/h2>\n<p><!-- \/wp:table --><\/p>\n<p><!-- wp:paragraph --><\/p>\n<p><!-- \/wp:paragraph --><\/p>\n<p><!-- wp:paragraph --><\/p>\n<p><strong>1. nap: 2025.04.05.<\/strong><\/p>\n<p><!-- \/wp:paragraph --><\/p>\n<p><!-- wp:paragraph --><\/p>\n<p><strong>\u00a0\u00a0 <\/strong>Indul\u00e1s <strong>5 \u00f3rakor, az Ecseri \u00fati\u00a0 OMV benzink\u00fat parkol\u00f3j\u00e1b\u00f3l (\u00dcll\u0151i \u00fat 137.)<\/strong> (v\u00e1rosb\u00f3l <strong>kifel\u00e9 vezet\u0151<\/strong>, templom fel\u0151li oldalon) \u00a0vagy: <strong>5.30-kor<\/strong> az M1-M7 aut\u00f3p\u00e1lya kifel\u00e9 vezet\u0151 oldal, <strong>Buda\u00f6rsi pihen\u0151hely, MOL k\u00fat parkol\u00f3<\/strong>. (Tov\u00e1bbi felsz\u00e1ll\u00e1si lehet\u0151s\u00e9g 8.00 Moh\u00e1cs melletti Tesco \u00e1ruh\u00e1z parkol\u00f3j\u00e1ban.)<\/p>\n<p><!-- \/wp:paragraph --><\/p>\n<p><!-- wp:paragraph --><\/p>\n<p style=\"text-align: center;\"><strong><u>indul\u00e1s el\u0151tt min. 2 nappal k\u00e9rj\u00fck jelezni, hogy szeretne felsz\u00e1llni!<\/u><\/strong><\/p>\n<p><!-- \/wp:paragraph --><\/p>\n<p><!-- wp:paragraph --><\/p>\n<p>A magyar -horv\u00e1t, majd a horv\u00e1t-bosny\u00e1k (itt kell \u00e9rv\u00e9nyes szem\u00e9lyi igazolv\u00e1ny vagy \u00fatlev\u00e9l!) hat\u00e1r \u00e1tl\u00e9p\u00e9se ut\u00e1n, d\u00e9lut\u00e1n \u00e9rkez\u00fcnk a Zavidovici v\u00e1ros k\u00f6zel\u00e9ben felfedezett titokzatos k\u0151goly\u00f3khoz, ahol kb. 1 \u00f3ra \u00e1ll rendelkez\u00e9sre azok megtekint\u00e9s\u00e9re. Este \u00e9rkez\u00e9s a Szarajev\u00f3 k\u00fclv\u00e1ros\u00e1ban tal\u00e1lhat\u00f3 Hotelbe. Vacsora a sz\u00e1llod\u00e1ban. (kb. 550\u00a0km, r\u00f6vid\u00a0pihen\u0151kkel)<\/p>\n<p><a href=\"https:\/\/www.goforgo.hu\/index.php\/proba-oldal\/collage-bosznia\/\" rel=\"attachment wp-att-5443\"><img loading=\"lazy\" decoding=\"async\" class=\"wp-image-5443  aligncenter\" src=\"https:\/\/www.goforgo.hu\/wp-content\/uploads\/2020\/02\/collage-Bosznia-1024x338.jpg\" alt=\"\" width=\"785\" height=\"259\" \/><\/a><\/p>\n<p><!-- \/wp:paragraph --><\/p>\n<p><!-- wp:paragraph --><\/p>\n<p><strong>2. nap: 2025.04.06.<\/strong><\/p>\n<p><!-- \/wp:paragraph --><\/p>\n<p><!-- wp:paragraph --><\/p>\n<p>Reggeli ut\u00e1n indulunk tov\u00e1bb d\u00e9lre, Medjugorje fel\u00e9. \u00datk\u00f6zben, eb\u00e9del\u00e9si lehet\u0151s\u00e9get biztos\u00edtunk utasainknak a Jablanica t\u00f3 mellett. Az \u00e9tterem terasz\u00e1r\u00f3l gy\u00f6ny\u00f6r\u0171 r\u00e1l\u00e1t\u00e1s van a t\u00f3ra. A men\u00fc v\u00e1laszt\u00e9kot jelentkez\u00e9skor kik\u00fcldj\u00fck \u00e9s indul\u00e1s el\u0151tt 10 nappal k\u00e9rj\u00fck ig\u00e9ny szerint leadni.<\/p>\n<p><a href=\"https:\/\/www.goforgo.hu\/index.php\/a-boszniai-piramisok-titkai-4-napos\/mostar\/\" rel=\"attachment wp-att-3475\"><img loading=\"lazy\" decoding=\"async\" class=\"wp-image-3475 aligncenter\" src=\"https:\/\/www.goforgo.hu\/wp-content\/uploads\/2017\/06\/mostar-1024x681.jpg\" alt=\"\" width=\"787\" height=\"524\" srcset=\"https:\/\/www.goforgo.hu\/wp-content\/uploads\/2017\/06\/mostar-1024x681.jpg 1024w, https:\/\/www.goforgo.hu\/wp-content\/uploads\/2017\/06\/mostar-300x200.jpg 300w, https:\/\/www.goforgo.hu\/wp-content\/uploads\/2017\/06\/mostar-768x511.jpg 768w\" sizes=\"auto, (max-width: 787px) 100vw, 787px\" \/><\/a><\/p>\n<p>Meg\u00e9rkezve Mostarba, v\u00e1rosn\u00e9z\u00e9s a k\u00f6z\u00e9pkori kisv\u00e1rosban, melynek keretein bel\u00fcl bemegy\u00fcnk a h\u00edres mecsetbe \u00e9s a szufi h\u00e1zba. \u00c1ts\u00e9t\u00e1lunk az\u00a0\u00d6regh\u00eddon, melynek k\u00f6rny\u00e9ke m\u00e1ra ism\u00e9t egy pezsg\u0151 hangulat\u00fa baz\u00e1rsor. Este sz\u00e1ll\u00e1sunkra \u00e9rkez\u00fcnk Medjugorjebe. (2 \u00e9jszaka)<\/p>\n<p><a href=\"https:\/\/www.goforgo.hu\/index.php\/bosznia-szecsei-miklossal\/podbrodo-1\/\" rel=\"attachment wp-att-6981\"><img loading=\"lazy\" decoding=\"async\" class=\"wp-image-6981 aligncenter\" src=\"https:\/\/www.goforgo.hu\/wp-content\/uploads\/2025\/01\/Podbrodo-1.jpg\" alt=\"\" width=\"764\" height=\"509\" srcset=\"https:\/\/www.goforgo.hu\/wp-content\/uploads\/2025\/01\/Podbrodo-1.jpg 1000w, https:\/\/www.goforgo.hu\/wp-content\/uploads\/2025\/01\/Podbrodo-1-768x512.jpg 768w\" sizes=\"auto, (max-width: 764px) 100vw, 764px\" \/><\/a><\/p>\n<p><!-- \/wp:paragraph --><\/p>\n<p><!-- wp:paragraph --><\/p>\n<p><strong>3. nap: 2025.04.07. <\/strong>A csapatra ma kisebb kir\u00e1ndul\u00e1s, t\u00far\u00e1z\u00e1s v\u00e1r. Ugyanis felmegy\u00fcnk az els\u0151 jelen\u00e9s helysz\u00edn\u00e9re, a Podbrdo hegyre. A jelen\u00e9sek hegye \u00e9s a K\u00e9k Kereszt Medjugorjeban ma is m\u00e9ly spiritu\u00e1lis jelent\u0151s\u00e9ggel b\u00edr a vil\u00e1g milli\u00f3inak. A Jelen\u00e9s hegy l\u00e1b\u00e1n\u00e1l tal\u00e1lhat\u00f3 K\u00e9k Kereszt intenz\u00edv energi\u00e1\u00edr\u00f3l v\u00e1lt ismertt\u00e9, ahol a l\u00e1togat\u00f3k Krisztus szenved\u00e9seir\u0151l elm\u00e9lkednek, probl\u00e9m\u00e1ikat, k\u00edv\u00e1ns\u00e1gaikat Sz\u0171z M\u00e1ri\u00e1ra b\u00edzz\u00e1k. Mindk\u00e9t helysz\u00edn k\u00fcl\u00f6nb\u00f6z\u0151 h\u00e1tter\u0171 embereket vonz arra, hogy megtapasztalj\u00e1k Medjugorje spiritu\u00e1lis l\u00e9gk\u00f6r\u00e9nek \u00e1talak\u00edt\u00f3 erej\u00e9t. A t\u00fara ut\u00e1n, ha m\u00e9g marad id\u0151nk, megl\u00e1togatjuk a Kravica v\u00edzes\u00e9st, melyet a \u201ebos\u00adny\u00e1k Plitvic\u00e9nek\u201d is szoktak nevezni. Term\u00e9szetesen ez j\u00f3val kisebb ter\u00fclet, ahol a Trebizat foly\u00f3 vize kb. 120 m\u00e9ter sz\u00e9less\u00e9g\u00adben z\u00fadul al\u00e1. A legmagasabb zuhatag 30 m magas. Este visszat\u00e9r\u00fcnk sz\u00e1ll\u00e1sunkra, Medjugorjeba.<\/p>\n<p><a style=\"display: inline !important;\" href=\"https:\/\/www.goforgo.hu\/index.php\/bosznia-szecsei-miklossal\/file-medjugorje\/\" rel=\"attachment wp-att-6983\"><img loading=\"lazy\" decoding=\"async\" class=\" wp-image-6983 aligncenter\" src=\"https:\/\/www.goforgo.hu\/wp-content\/uploads\/2025\/01\/Medjugorje.jpg\" alt=\"\" width=\"771\" height=\"493\" srcset=\"https:\/\/www.goforgo.hu\/wp-content\/uploads\/2025\/01\/Medjugorje.jpg 1000w, https:\/\/www.goforgo.hu\/wp-content\/uploads\/2025\/01\/Medjugorje-768x491.jpg 768w\" sizes=\"auto, (max-width: 771px) 100vw, 771px\" \/><\/a><\/p>\n<p><!-- \/wp:paragraph --><\/p>\n<p><!-- wp:paragraph --><\/p>\n<h2><strong>4. nap: 2025.04.08. PROGRAM V\u00c1LTOZ\u00c1S!<\/strong><\/h2>\n<p><!-- \/wp:paragraph --><\/p>\n<p><!-- wp:paragraph --><\/p>\n<p>Reggeli ut\u00e1n bepakolunk buszunkba \u00e9s indulunk Szarajev\u00f3 fel\u00e9. \u00datk\u00f6zben Stolacn\u00e1l \u00e1llunk meg. Ezalkalommal nem a v\u00e1ros sz\u00e9ps\u00e9geivel ismerked\u00fcnk, hanem a k\u00f6rny\u00e9k legjelent\u0151sebb \u0151skori <strong>barlangj\u00e1val. K\u00fcl\u00f6nleges helysz\u00edn<\/strong>, hiszen a szikl\u00e1k form\u00e1i, a bel\u00e9j\u00fck v\u00e9sett jelek a barlang nagyon messzi, r\u00e9gm\u00faltj\u00e1r\u00f3l mes\u00e9lnek nek\u00fcnk.<\/p>\n<p><a href=\"https:\/\/www.goforgo.hu\/index.php\/bosznia-szecsei-miklossal\/viber_kep_2025-01-26_18-47-28-705\/\" rel=\"attachment wp-att-7056\"><img loading=\"lazy\" decoding=\"async\" class=\"size-large wp-image-7056 aligncenter\" src=\"https:\/\/www.goforgo.hu\/wp-content\/uploads\/2025\/01\/viber_kep_2025-01-26_18-47-28-705-576x1024.jpg\" alt=\"\" width=\"576\" height=\"1024\" srcset=\"https:\/\/www.goforgo.hu\/wp-content\/uploads\/2025\/01\/viber_kep_2025-01-26_18-47-28-705-576x1024.jpg 576w, https:\/\/www.goforgo.hu\/wp-content\/uploads\/2025\/01\/viber_kep_2025-01-26_18-47-28-705-768x1365.jpg 768w, https:\/\/www.goforgo.hu\/wp-content\/uploads\/2025\/01\/viber_kep_2025-01-26_18-47-28-705-864x1536.jpg 864w, https:\/\/www.goforgo.hu\/wp-content\/uploads\/2025\/01\/viber_kep_2025-01-26_18-47-28-705.jpg 900w\" sizes=\"auto, (max-width: 576px) 100vw, 576px\" \/><\/a><\/p>\n<p>A k\u00f6rny\u00e9k \u0151sid\u0151k \u00f3ta lakott \u00e9s l\u00e9pten-nyomon r\u00e9gi civiliz\u00e1ci\u00f3k nyomaiba botlunk. A barlangot k\u00f6r\u00fclvev\u0151 szikl\u00e1k k\u00fcl\u00f6nleges sz\u00ednei \u00e9s r\u00e9tegei is figyelemre m\u00e9lt\u00f3ak. Ezzel a kir\u00e1ndul\u00e1ssal el is megy a nepunk \u00e9s igyekezn\u00fcnk kell, hogy est\u00e9re el\u00e9rj\u00fcnk Szarajev\u00f3ba az els\u0151 \u00e9jszaka is haszn\u00e1lt sz\u00e1llod\u00e1nkba, ahol v\u00e1r a vacsor\u00e1nk. (2 \u00e9jszaka<\/p>\n<p><a href=\"https:\/\/www.goforgo.hu\/index.php\/bosznia-szecsei-miklossal\/badanj-cave\/\" rel=\"attachment wp-att-7055\"><img loading=\"lazy\" decoding=\"async\" class=\"alignnone size-large wp-image-7055\" src=\"https:\/\/www.goforgo.hu\/wp-content\/uploads\/2025\/01\/badanj-cave-1024x680.jpg\" alt=\"\" width=\"960\" height=\"638\" srcset=\"https:\/\/www.goforgo.hu\/wp-content\/uploads\/2025\/01\/badanj-cave-1024x680.jpg 1024w, https:\/\/www.goforgo.hu\/wp-content\/uploads\/2025\/01\/badanj-cave-768x510.jpg 768w, https:\/\/www.goforgo.hu\/wp-content\/uploads\/2025\/01\/badanj-cave-1536x1021.jpg 1536w, https:\/\/www.goforgo.hu\/wp-content\/uploads\/2025\/01\/badanj-cave-1140x758.jpg 1140w, https:\/\/www.goforgo.hu\/wp-content\/uploads\/2025\/01\/badanj-cave.jpg 2000w\" sizes=\"auto, (max-width: 960px) 100vw, 960px\" \/><\/a><\/p>\n<p><!-- \/wp:paragraph --><\/p>\n<p><!-- wp:paragraph --><\/p>\n<p><strong>5. nap: 2025.04.09.<\/strong><\/p>\n<p><!-- \/wp:paragraph --><\/p>\n<p><!-- wp:paragraph --><\/p>\n<p>Reggeli 7.15-t\u0151l, majd 8.15-kor indul\u00e1s\u00a0VISOKO-ba.<br \/>A nap t\u00falnyom\u00f3 r\u00e9sz\u00e9t itt t\u00f6ltj\u00fck\u00a0Visoko\u00a0v\u00e1ros k\u00f6rny\u00e9k\u00e9n, a piramisok \u00e1rny\u00e9k\u00e1ban. Mivel a\u00a0piramisokra\u00a0vezet\u0151 utak rendk\u00edv\u00fcl\u00a0sz\u0171kek,\u00a0ill. rosszul ki\u00e9p\u00edtettek, aut\u00f3busszal nem j\u00e1rhat\u00f3ak, a v\u00e1ros \u00e9szaki r\u00e9sz\u00e9n tal\u00e1lhat\u00f3 parkol\u00f3ban utasaink taxiba \u00fclve indulnak a piramisok felfedez\u00e9s\u00e9re. (Ennek k\u00f6lts\u00e9g\u00e9t a r\u00e9szv\u00e9teli d\u00edj tartalmazza. Egy taxi 3 utast tud egyszerre felvinni, \u00edgy a taxik sz\u00e1m\u00e1t \u00e9s a csoport l\u00e9tsz\u00e1m\u00e1t figyelembe v\u00e9ve: 1-1 g\u00e9pkocsiban <strong>minimum 3 f\u0151<\/strong> kell, hogy utazzon.<\/p>\n<p><a href=\"https:\/\/www.goforgo.hu\/index.php\/a-boszniai-piramisok-titkai-4-napos\/piramis-es-zaszlo\/\" rel=\"attachment wp-att-3454\"><img loading=\"lazy\" decoding=\"async\" class=\"size-full wp-image-3454 aligncenter\" src=\"https:\/\/www.goforgo.hu\/wp-content\/uploads\/2017\/06\/piramis-\u00e9s-z\u00e1szl\u00f3.jpg\" alt=\"\" width=\"753\" height=\"441\" srcset=\"https:\/\/www.goforgo.hu\/wp-content\/uploads\/2017\/06\/piramis-\u00e9s-z\u00e1szl\u00f3.jpg 753w, https:\/\/www.goforgo.hu\/wp-content\/uploads\/2017\/06\/piramis-\u00e9s-z\u00e1szl\u00f3-300x176.jpg 300w\" sizes=\"auto, (max-width: 753px) 100vw, 753px\" \/><\/a><\/p>\n<p><!-- \/wp:paragraph --><\/p>\n<p><!-- wp:paragraph --><\/p>\n<p>\u00d6t helysz\u00edn l\u00e1togat\u00e1sa t\u00f6rt\u00e9nik ezen a m\u00f3don:<br \/>&#8211; Nap piramis, felt\u00e1rt alag\u00fat rendszer (kb. 2 \u00f3r\u00e1ban)<br \/>&#8211; Nap piramis cs\u00facsa ( kb 1 \u00f3r\u00e1ban)<br \/>&#8211; Hold piramis cs\u00facsa (kb. 1 \u00f3r\u00e1ban)<br \/>&#8211; Nap piramis, \u00e9szaki oldal, k\u00fcls\u0151 felt\u00e1r\u00e1sok (kb 1 \u00f3ra)<\/p>\n<p><!-- \/wp:paragraph --><\/p>\n<p><!-- wp:paragraph --><\/p>\n<p>&#8211; Forr\u00e1s v\u00edz felv\u00e9tel a Hold piramis t\u00f6v\u00e9ben (kb 1 \u00f3ra)<\/p>\n<p><!-- \/wp:paragraph --><\/p>\n<p><!-- wp:paragraph --><\/p>\n<p>FIGYELEM! <strong>szem\u00e9lyenk\u00e9nt max. 2-3 liter forr\u00e1sv\u00edz v\u00e9tel\u00e9re van lehet\u0151s\u00e9g \u00e9s id\u0151.<\/strong> <strong>A vizet csak z\u00e1rhat\u00f3 \u00fcvegben, m\u0171anyag flakonban tudjuk a buszba tenni!<\/strong><\/p>\n<p><!-- \/wp:paragraph --><\/p>\n<p><!-- wp:paragraph --><\/p>\n<p>A szem\u00e9lyaut\u00f3s program, utaz\u00e1si id\u0151vel egy\u00fctt nagyj\u00e1b\u00f3l 7-8 \u00f3r\u00e1t vesz ig\u00e9nybe. D\u00e9lut\u00e1n 5 k\u00f6r\u00fcl utasaink, a v\u00e1ros d\u00e9li parkol\u00f3j\u00e1ban\u00a0visszasz\u00e1llnak\u00a0az aut\u00f3buszra, ahonnan a k\u00f6zeli \u0151si temetkez\u00e9si helyhez, az \u00fan. Tumulus-hoz hajtunk. Sz\u00e1ll\u00e1sunk az el\u0151z\u0151 esti sz\u00e1llod\u00e1ban lesz.<\/p>\n<p style=\"text-align: center;\"><a href=\"https:\/\/www.goforgo.hu\/index.php\/a-boszniai-piramisok-titkai-4-napos\/bosznia-2\/\" rel=\"attachment wp-att-5773\"><img loading=\"lazy\" decoding=\"async\" class=\"alignnone wp-image-5773 \" src=\"https:\/\/www.goforgo.hu\/wp-content\/uploads\/2022\/03\/Bosznia-2-e1736959153409.jpg\" alt=\"\" width=\"735\" height=\"475\" \/><\/a><\/p>\n<p><!-- \/wp:paragraph --><\/p>\n<p><!-- wp:paragraph --><\/p>\n<p><strong>6. nap: 2025.04.10.<\/strong><\/p>\n<p><!-- \/wp:paragraph --><\/p>\n<p><!-- wp:paragraph --><\/p>\n<p>8:00-kor reggeli, majd bepakol\u00e1s a buszba. 9-kor indul\u00e1s hazafel\u00e9! Diakov\u00e1rn\u00e1l tartunk hosszabb sz\u00fcnetet, ahol megn\u00e9zz\u00fcnk a h\u00edres sz\u00e9kesegyh\u00e1zat. Ezek ut\u00e1n a sz\u00fcks\u00e9ges meg\u00e1ll\u00f3k (hat\u00e1rok, pihen\u0151helyek) kiv\u00e9tel\u00e9vel folyamatos utaz\u00e1s Budapestre. \u00c9rkez\u00e9s a k\u00e9s\u0151 esti \u00f3r\u00e1kban!\u00a0 Lesz\u00e1ll\u00e1si lehet\u0151s\u00e9g az aut\u00f3buszr\u00f3l a felsz\u00e1ll\u00e1ssal megegyez\u0151 helyeken!<\/p>\n<p style=\"text-align: center;\"><a href=\"https:\/\/www.goforgo.hu\/index.php\/bosznia-szecsei-miklossal\/diakovar\/\" rel=\"attachment wp-att-6987\"><img loading=\"lazy\" decoding=\"async\" class=\"alignnone size-full wp-image-6987\" src=\"https:\/\/www.goforgo.hu\/wp-content\/uploads\/2025\/01\/diakovar.jpg\" alt=\"\" width=\"736\" height=\"545\" \/><\/a><\/p>\n<p><!-- \/wp:paragraph --><\/p>\n<p><!-- wp:heading --><\/p>\n<h1 class=\"wp-block-heading\" style=\"text-align: center;\">R\u00e9szv\u00e9teli d\u00edj: <em>\u00a0<\/em><em>145\u00a0000 Ft + 250 \u20ac<\/em><\/h1>\n<p><!-- \/wp:heading --><\/p>\n<p><!-- wp:paragraph --><\/p>\n<p style=\"text-align: center;\"><strong><em>minimum l\u00e9tsz\u00e1m: 40 f\u0151<\/em><\/strong><\/p>\n<p><!-- \/wp:paragraph --><\/p>\n<p><!-- wp:paragraph --><\/p>\n<p><strong><em><u>A r\u00e9szv\u00e9teli d\u00edj tartalmazza<\/u><\/em><\/strong><strong><em>:<\/em><\/strong><em> a 5 \u00e9jszaka sz\u00e1ll\u00e1st, 5 reggeli + 5 vacsora, az aut\u00f3buszos utaz\u00e1s minden k\u00f6lts\u00e9g\u00e9t, az idegenvezet\u00e9st az aut\u00f3buszon, a helyi vezet\u0151k d\u00edjaz\u00e1s\u00e1t, a visokoi taxik \u00e1r\u00e1t, \u00e9s a k\u00f6vetkez\u0151 bel\u00e9p\u0151jegyeket:<br \/>Nap piramis 3 helysz\u00edn, Hold piramis, Tumulus, Kravica v\u00edzes\u00e9s, Mostar mecset \u00e9s Szufi h\u00e1z, Stolac s\u00edrkert.<\/em><\/p>\n<p><!-- \/wp:paragraph --><\/p>\n<p><!-- wp:paragraph --><\/p>\n<p><strong><em><u>A r\u00e9szv\u00e9teli d\u00edj nem tartalmazza<\/u><\/em><\/strong><strong><em>:<\/em><\/strong><em> az esetleges program v\u00e1ltoz\u00e1sb\u00f3l ad\u00f3d\u00f3 bel\u00e9p\u0151jegyeket \u00e9s a BBP biztos\u00edt\u00e1st, (mely irod\u00e1nkban megk\u00f6thet\u0151) 4000 Ft<\/em><\/p>\n<p><!-- \/wp:paragraph --><\/p>","protected":false},"excerpt":{"rendered":"<p>\u00c9vek \u00f3ta j\u00e1rjuk Boszni\u00e1t. A 2025.04.05-10. k\u00f6z\u00f6tti uton most kib\u0151v\u00edtj\u00fck az eddigi programunkat \u00e9s egy 6 napos utaz\u00e1st tervezt\u00fcnk Boszni\u00e1ba. Utaz\u00e1sunk sor\u00e1n a megszokott Boszniai Piramisokon k\u00edv\u00fcl Medjugorjeben, a Jelen\u00e9s hegyre m\u00e1szunk fel, Kravic\u00e1n a v\u00edzes\u00e9shez \u00e9s Stolacban is \u00faj l\u00e1tnival\u00f3kkal ismerkedhet\u00fcnk. \u00cdgy, aki m\u00e1r volt vel\u00fcnk a megszokott programon, \u00faj, \u00e9rdekes helysz\u00ednekkel tal\u00e1lkozhat. Id\u0151pont: 2025.04.05-10.\u00a0 \u00a0 \u00a0 \u00a0 \u00a0 \u00a0 \u00a0 \u00a0 \u00a0 \u00a0 \u00a0 \u00a0 \u00a0 \u00a0 \u00a0 \u00a0 \u00a0 \u00a0 \u00a0 poz\u00edci\u00f3 sz\u00e1m:25\/BPM\/01\u00fatvonal: Budapest \u2013 Sarajevo \u2013 Mostar \u2013 Stolac \u2013 Medjugorje \u2013 Kravica \u2013 Visoko, piramisok \u2013 Budapest (kb. 1700 km) Utaz\u00e1s\u00a0\u00a0\u00a0\u00a0\u00a0 :\u00a0az utasl\u00e9tsz\u00e1mnak megfelel\u0151 aut\u00f3busszal Ell\u00e1t\u00e1s: f\u00e9lpanzi\u00f3 (5 x reggeli+ 5 x vacsora) Id\u0151tartam:\u00a0\u00a06 nap \/5 \u00e9jszaka Idegenvezet\u00e9s:\u00a0\u00a0\u00a0v\u00e9gig a program alatt \u00e9s helyi vezet\u0151 PROGRAM: 1. nap: 2025.04.05. \u00a0\u00a0 Indul\u00e1s 5 \u00f3rakor, az Ecseri \u00fati\u00a0 OMV benzink\u00fat parkol\u00f3j\u00e1b\u00f3l (\u00dcll\u0151i \u00fat 137.) (v\u00e1rosb\u00f3l kifel\u00e9 vezet\u0151, templom fel\u0151li oldalon) \u00a0vagy: 5.30-kor az M1-M7 aut\u00f3p\u00e1lya kifel\u00e9 vezet\u0151 oldal, Buda\u00f6rsi pihen\u0151hely, MOL k\u00fat parkol\u00f3. (Tov\u00e1bbi felsz\u00e1ll\u00e1si lehet\u0151s\u00e9g 8.00 Moh\u00e1cs melletti Tesco \u00e1ruh\u00e1z parkol\u00f3j\u00e1ban.) indul\u00e1s el\u0151tt min. 2 nappal k\u00e9rj\u00fck jelezni, hogy szeretne felsz\u00e1llni! A magyar -horv\u00e1t, majd a horv\u00e1t-bosny\u00e1k (itt kell \u00e9rv\u00e9nyes szem\u00e9lyi igazolv\u00e1ny vagy \u00fatlev\u00e9l!) hat\u00e1r \u00e1tl\u00e9p\u00e9se ut\u00e1n, d\u00e9lut\u00e1n \u00e9rkez\u00fcnk a Zavidovici v\u00e1ros k\u00f6zel\u00e9ben felfedezett titokzatos k\u0151goly\u00f3khoz, ahol kb. 1 \u00f3ra \u00e1ll rendelkez\u00e9sre azok megtekint\u00e9s\u00e9re. Este \u00e9rkez\u00e9s a Szarajev\u00f3 k\u00fclv\u00e1ros\u00e1ban tal\u00e1lhat\u00f3 Hotelbe. Vacsora a sz\u00e1llod\u00e1ban. (kb. 550\u00a0km, r\u00f6vid\u00a0pihen\u0151kkel) 2. nap: 2025.04.06. Reggeli ut\u00e1n indulunk tov\u00e1bb d\u00e9lre, Medjugorje fel\u00e9. \u00datk\u00f6zben, eb\u00e9del\u00e9si lehet\u0151s\u00e9get biztos\u00edtunk utasainknak a Jablanica t\u00f3 mellett. Az \u00e9tterem terasz\u00e1r\u00f3l gy\u00f6ny\u00f6r\u0171 r\u00e1l\u00e1t\u00e1s van a t\u00f3ra. A men\u00fc v\u00e1laszt\u00e9kot jelentkez\u00e9skor kik\u00fcldj\u00fck \u00e9s indul\u00e1s el\u0151tt 10 nappal k\u00e9rj\u00fck ig\u00e9ny szerint leadni. Meg\u00e9rkezve Mostarba, v\u00e1rosn\u00e9z\u00e9s a k\u00f6z\u00e9pkori kisv\u00e1rosban, melynek keretein bel\u00fcl bemegy\u00fcnk a h\u00edres mecsetbe \u00e9s a szufi h\u00e1zba. \u00c1ts\u00e9t\u00e1lunk az\u00a0\u00d6regh\u00eddon, melynek k\u00f6rny\u00e9ke m\u00e1ra ism\u00e9t egy pezsg\u0151 hangulat\u00fa baz\u00e1rsor. Este sz\u00e1ll\u00e1sunkra \u00e9rkez\u00fcnk Medjugorjebe. (2 \u00e9jszaka) 3. nap: 2025.04.07. A csapatra ma kisebb kir\u00e1ndul\u00e1s, t\u00far\u00e1z\u00e1s v\u00e1r. Ugyanis felmegy\u00fcnk az els\u0151 jelen\u00e9s helysz\u00edn\u00e9re, a Podbrdo hegyre. A jelen\u00e9sek hegye \u00e9s a K\u00e9k Kereszt Medjugorjeban ma is m\u00e9ly spiritu\u00e1lis jelent\u0151s\u00e9ggel b\u00edr a vil\u00e1g milli\u00f3inak. A Jelen\u00e9s hegy l\u00e1b\u00e1n\u00e1l tal\u00e1lhat\u00f3 K\u00e9k Kereszt intenz\u00edv energi\u00e1\u00edr\u00f3l v\u00e1lt ismertt\u00e9, ahol a l\u00e1togat\u00f3k Krisztus szenved\u00e9seir\u0151l elm\u00e9lkednek, probl\u00e9m\u00e1ikat, k\u00edv\u00e1ns\u00e1gaikat Sz\u0171z M\u00e1ri\u00e1ra b\u00edzz\u00e1k. Mindk\u00e9t helysz\u00edn k\u00fcl\u00f6nb\u00f6z\u0151 h\u00e1tter\u0171 embereket vonz arra, hogy megtapasztalj\u00e1k Medjugorje spiritu\u00e1lis l\u00e9gk\u00f6r\u00e9nek \u00e1talak\u00edt\u00f3 erej\u00e9t. A t\u00fara ut\u00e1n, ha m\u00e9g marad id\u0151nk, megl\u00e1togatjuk a Kravica v\u00edzes\u00e9st, melyet a \u201ebos\u00adny\u00e1k Plitvic\u00e9nek\u201d is szoktak nevezni. Term\u00e9szetesen ez j\u00f3val kisebb ter\u00fclet, ahol a Trebizat foly\u00f3 vize kb. 120 m\u00e9ter sz\u00e9less\u00e9g\u00adben z\u00fadul al\u00e1. A legmagasabb zuhatag 30 m magas. Este visszat\u00e9r\u00fcnk sz\u00e1ll\u00e1sunkra, Medjugorjeba. 4. nap: 2025.04.08. PROGRAM V\u00c1LTOZ\u00c1S! Reggeli ut\u00e1n bepakolunk buszunkba \u00e9s indulunk Szarajev\u00f3 fel\u00e9. \u00datk\u00f6zben Stolacn\u00e1l \u00e1llunk meg. Ezalkalommal nem a v\u00e1ros sz\u00e9ps\u00e9geivel ismerked\u00fcnk, hanem a k\u00f6rny\u00e9k legjelent\u0151sebb \u0151skori barlangj\u00e1val. K\u00fcl\u00f6nleges helysz\u00edn, hiszen a szikl\u00e1k form\u00e1i, a bel\u00e9j\u00fck v\u00e9sett jelek a barlang nagyon messzi, r\u00e9gm\u00faltj\u00e1r\u00f3l mes\u00e9lnek nek\u00fcnk. A k\u00f6rny\u00e9k \u0151sid\u0151k \u00f3ta lakott \u00e9s l\u00e9pten-nyomon r\u00e9gi civiliz\u00e1ci\u00f3k nyomaiba botlunk. A barlangot k\u00f6r\u00fclvev\u0151 szikl\u00e1k k\u00fcl\u00f6nleges sz\u00ednei \u00e9s r\u00e9tegei is figyelemre m\u00e9lt\u00f3ak. Ezzel a kir\u00e1ndul\u00e1ssal el is megy a nepunk \u00e9s igyekezn\u00fcnk kell, hogy est\u00e9re el\u00e9rj\u00fcnk Szarajev\u00f3ba az els\u0151 \u00e9jszaka is haszn\u00e1lt sz\u00e1llod\u00e1nkba, ahol v\u00e1r a vacsor\u00e1nk. (2 \u00e9jszaka 5. nap: 2025.04.09. Reggeli 7.15-t\u0151l, majd 8.15-kor indul\u00e1s\u00a0VISOKO-ba.A nap t\u00falnyom\u00f3 r\u00e9sz\u00e9t itt t\u00f6ltj\u00fck\u00a0Visoko\u00a0v\u00e1ros k\u00f6rny\u00e9k\u00e9n, a piramisok \u00e1rny\u00e9k\u00e1ban. Mivel a\u00a0piramisokra\u00a0vezet\u0151 utak rendk\u00edv\u00fcl\u00a0sz\u0171kek,\u00a0ill. rosszul ki\u00e9p\u00edtettek, aut\u00f3busszal nem j\u00e1rhat\u00f3ak, a v\u00e1ros \u00e9szaki r\u00e9sz\u00e9n tal\u00e1lhat\u00f3 parkol\u00f3ban utasaink taxiba \u00fclve indulnak a piramisok felfedez\u00e9s\u00e9re. (Ennek k\u00f6lts\u00e9g\u00e9t a r\u00e9szv\u00e9teli d\u00edj tartalmazza. Egy taxi 3 utast tud egyszerre felvinni, \u00edgy a taxik sz\u00e1m\u00e1t \u00e9s a csoport l\u00e9tsz\u00e1m\u00e1t figyelembe v\u00e9ve: 1-1 g\u00e9pkocsiban minimum 3 f\u0151 kell, hogy utazzon. \u00d6t helysz\u00edn l\u00e1togat\u00e1sa t\u00f6rt\u00e9nik ezen a m\u00f3don:&#8211; Nap piramis, felt\u00e1rt alag\u00fat rendszer (kb. 2 \u00f3r\u00e1ban)&#8211; Nap piramis cs\u00facsa ( kb 1 \u00f3r\u00e1ban)&#8211; Hold piramis cs\u00facsa (kb. 1 \u00f3r\u00e1ban)&#8211; Nap piramis, \u00e9szaki oldal, k\u00fcls\u0151 felt\u00e1r\u00e1sok (kb 1 \u00f3ra) &#8211; Forr\u00e1s v\u00edz felv\u00e9tel a Hold piramis t\u00f6v\u00e9ben (kb 1 \u00f3ra) FIGYELEM! szem\u00e9lyenk\u00e9nt max. 2-3 liter forr\u00e1sv\u00edz v\u00e9tel\u00e9re van lehet\u0151s\u00e9g \u00e9s id\u0151. A vizet csak z\u00e1rhat\u00f3 \u00fcvegben, m\u0171anyag flakonban tudjuk a buszba tenni! A szem\u00e9lyaut\u00f3s program, utaz\u00e1si id\u0151vel egy\u00fctt nagyj\u00e1b\u00f3l 7-8 \u00f3r\u00e1t vesz ig\u00e9nybe. D\u00e9lut\u00e1n 5 k\u00f6r\u00fcl utasaink, a v\u00e1ros d\u00e9li parkol\u00f3j\u00e1ban\u00a0visszasz\u00e1llnak\u00a0az aut\u00f3buszra, ahonnan a k\u00f6zeli \u0151si temetkez\u00e9si helyhez, az \u00fan. Tumulus-hoz hajtunk. Sz\u00e1ll\u00e1sunk az el\u0151z\u0151 esti sz\u00e1llod\u00e1ban lesz. 6. nap: 2025.04.10. 8:00-kor reggeli, majd bepakol\u00e1s a buszba. 9-kor indul\u00e1s hazafel\u00e9! Diakov\u00e1rn\u00e1l tartunk hosszabb sz\u00fcnetet, ahol megn\u00e9zz\u00fcnk a h\u00edres sz\u00e9kesegyh\u00e1zat. Ezek ut\u00e1n a sz\u00fcks\u00e9ges meg\u00e1ll\u00f3k (hat\u00e1rok, pihen\u0151helyek) kiv\u00e9tel\u00e9vel folyamatos utaz\u00e1s Budapestre. \u00c9rkez\u00e9s a k\u00e9s\u0151 esti \u00f3r\u00e1kban!\u00a0 Lesz\u00e1ll\u00e1si lehet\u0151s\u00e9g az aut\u00f3buszr\u00f3l a felsz\u00e1ll\u00e1ssal megegyez\u0151 helyeken! R\u00e9szv\u00e9teli d\u00edj: \u00a0145\u00a0000 Ft + 250 \u20ac minimum l\u00e9tsz\u00e1m: 40 f\u0151 A r\u00e9szv\u00e9teli d\u00edj tartalmazza: a 5 \u00e9jszaka sz\u00e1ll\u00e1st, 5 reggeli + 5 vacsora, az aut\u00f3buszos utaz\u00e1s minden k\u00f6lts\u00e9g\u00e9t, az idegenvezet\u00e9st az aut\u00f3buszon, a helyi vezet\u0151k d\u00edjaz\u00e1s\u00e1t, a visokoi taxik \u00e1r\u00e1t, \u00e9s a k\u00f6vetkez\u0151 bel\u00e9p\u0151jegyeket:Nap piramis 3 helysz\u00edn, Hold piramis, Tumulus, Kravica v\u00edzes\u00e9s, Mostar mecset \u00e9s Szufi h\u00e1z, Stolac s\u00edrkert. A r\u00e9szv\u00e9teli d\u00edj nem tartalmazza: az esetleges program v\u00e1ltoz\u00e1sb\u00f3l ad\u00f3d\u00f3 bel\u00e9p\u0151jegyeket \u00e9s a BBP biztos\u00edt\u00e1st, (mely irod\u00e1nkban megk\u00f6thet\u0151) 4000 Ft<\/p>\n","protected":false},"author":1,"featured_media":0,"parent":0,"menu_order":0,"comment_status":"closed","ping_status":"closed","template":"","meta":{"footnotes":""},"class_list":["post-6089","page","type-page","status-publish","hentry"],"_links":{"self":[{"href":"https:\/\/www.goforgo.hu\/index.php\/wp-json\/wp\/v2\/pages\/6089","targetHints":{"allow":["GET"]}}],"collection":[{"href":"https:\/\/www.goforgo.hu\/index.php\/wp-json\/wp\/v2\/pages"}],"about":[{"href":"https:\/\/www.goforgo.hu\/index.php\/wp-json\/wp\/v2\/types\/page"}],"author":[{"embeddable":true,"href":"https:\/\/www.goforgo.hu\/index.php\/wp-json\/wp\/v2\/users\/1"}],"replies":[{"embeddable":true,"href":"https:\/\/www.goforgo.hu\/index.php\/wp-json\/wp\/v2\/comments?post=6089"}],"version-history":[{"count":9,"href":"https:\/\/www.goforgo.hu\/index.php\/wp-json\/wp\/v2\/pages\/6089\/revisions"}],"predecessor-version":[{"id":7057,"href":"https:\/\/www.goforgo.hu\/index.php\/wp-json\/wp\/v2\/pages\/6089\/revisions\/7057"}],"wp:attachment":[{"href":"https:\/\/www.goforgo.hu\/index.php\/wp-json\/wp\/v2\/media?parent=6089"}],"curies":[{"name":"wp","href":"https:\/\/api.w.org\/{rel}","templated":true}]}}