{"id":6254,"date":"2023-06-11T15:56:38","date_gmt":"2023-06-11T15:56:38","guid":{"rendered":"https:\/\/www.goforgo.hu\/?page_id=6254"},"modified":"2023-06-11T15:56:39","modified_gmt":"2023-06-11T15:56:39","slug":"dorgicse-levendula-fesztival","status":"publish","type":"page","link":"https:\/\/www.goforgo.hu\/index.php\/dorgicse-levendula-fesztival\/","title":{"rendered":"D\u00f6rgicse levendula fesztiv\u00e1l"},"content":{"rendered":"\n<p>I<strong>d\u0151pont:\u00a0 2023.06.22.\u00a0\u00a0 \u00a0 \u00a0 \u00a0 \u00a0 \u00a0 \u00a0 \u00a0 Poz.sz\u00e1m:\u00a0 \u00a023<\/strong>\/BDR\/04<\/p>\n\n\n\n<p><strong>\u00datvonal:<\/strong>\u00a0Budapest \u2013 D\u00f6rgicse &#8211; Als\u00f3d\u00f6rgicse &#8211; Ka\u00e1l &#8211; Fels\u0151d\u00f6rgicse &#8211; Levendula-major &#8211; Nagyv\u00e1zsony<\/p>\n\n\n\n<p><strong>Utaz\u00e1s:&nbsp;<\/strong>az utasl\u00e9tsz\u00e1mnak megfelel\u0151 aut\u00f3busszal<\/p>\n\n\n\n<p><strong>Ell\u00e1t\u00e1s:\u00a0<\/strong>\u00f6nell\u00e1t\u00f3<\/p>\n\n\n\n<p><strong>Id\u0151tartam:\u00a0<\/strong>1 nap<\/p>\n\n\n\n<p><strong>Idegenvezet\u00e9s:&nbsp;<\/strong>csoportk\u00eds\u00e9r\u0151<\/p>\n\n\n\n<p>Indul\u00e1s 6:10 Pestszentl\u0151rinc LIDL parkol\u00f3 (\u00dcll\u0151i \u00fat 379-381)<\/p>\n\n\n\n<p>              6: 30 Hat\u00e1r \u00fati METRO meg\u00e1ll\u00f3, IBIS sz\u00e1lloda el\u0151tt Budapest, Ferde u. 1-3, 1091<\/p>\n\n\n\n<p class=\"has-text-align-left\">Utaz\u00e1zunk els\u0151 \u00e1llom\u00e1sa D\u00f6rgicse. Sz\u00e9pfekv\u00e9s\u0171, kis k\u00f6zs\u00e9g. Igaz kicsi, de ann\u00e1l t\u00f6bb l\u00e1tni val\u00f3val v\u00e1r minket. Balatonakalit\u00f3l\u00a0k\u00f6r\u00fclbel\u00fcl 5 kilom\u00e9terre \u00e9szaknyugatra helyezkedik el, a\u00a0Balaton-felvid\u00e9k\u00a0k\u00f6z\u00e9ps\u0151,\u00a0Balatonf\u00fcred\u00a0\u00e9s\u00a0Badacsony\u00a0k\u00f6zti szakasz\u00e1ra jellemz\u0151, a t\u00f3parti hegysor m\u00f6g\u00f6tt kialakult medenc\u00e9k egyik\u00e9ben, amit a telep\u00fcl\u00e9s ut\u00e1n\u00a0D\u00f6rgicsei-medenc\u00e9nek\u00a0neveznek. T\u00f6bb, kor\u00e1bban k\u00fcl\u00f6n\u00e1ll\u00f3, m\u00e1ra m\u00e1r t\u00f6bb\u00e9-kev\u00e9sb\u00e9 egybe\u00e9p\u00fclt telep\u00fcl\u00e9sr\u00e9szb\u0151l \u00e1ll. Egyh\u00e1zai m\u00e9g a telep\u00fcl\u00e9sek v\u00e9gleges megk\u00f6t\u0151d\u00e9se el\u0151tt \u00e9p\u00fcltek m\u00e9gpedig az als\u00f3 r\u00e9szben\u00a0<em>Boldogasszony<\/em>, a fels\u0151 r\u00e9szben\u00a0<em>Szent P\u00e9ter<\/em>\u00a0tisztelet\u00e9re.<\/p>\n\n\n\n<figure class=\"wp-block-image size-large\"><a href=\"https:\/\/www.goforgo.hu\/wp-content\/uploads\/2023\/06\/dorgicse-kicsi.exact1600w.jpg\"><img loading=\"lazy\" decoding=\"async\" width=\"1024\" height=\"680\" src=\"https:\/\/www.goforgo.hu\/wp-content\/uploads\/2023\/06\/dorgicse-kicsi.exact1600w-1024x680.jpg\" alt=\"\" class=\"wp-image-6255\" srcset=\"https:\/\/www.goforgo.hu\/wp-content\/uploads\/2023\/06\/dorgicse-kicsi.exact1600w-1024x680.jpg 1024w, https:\/\/www.goforgo.hu\/wp-content\/uploads\/2023\/06\/dorgicse-kicsi.exact1600w-768x510.jpg 768w, https:\/\/www.goforgo.hu\/wp-content\/uploads\/2023\/06\/dorgicse-kicsi.exact1600w-1536x1020.jpg 1536w, https:\/\/www.goforgo.hu\/wp-content\/uploads\/2023\/06\/dorgicse-kicsi.exact1600w.jpg 1599w\" sizes=\"auto, (max-width: 1024px) 100vw, 1024px\" \/><\/a><\/figure>\n\n\n\n<p>Meg\u00e9rkez\u00e9s\u00fcnk ut\u00e1n Ka\u00e1liNagy G\u00e9za professzornak, az egykori Ka\u00e1li Int\u00e9zetek alap\u00edt\u00f3j\u00e1nak gy\u0171jtem\u00e9ny\u00e9r, mellyel r\u00e9gi v\u00e1gya v\u00e1lt val\u00f3ra. Az elm\u00falt n\u00e9h\u00e1ny \u00e9v alatt l\u00e9trehozta \u00e9s l\u00e1togathat\u00f3v\u00e1 tette az orsz\u00e1g legnagyobb legnagyobb \u00e9s legv\u00e1ltozatosabb j\u00e1rm\u0171gy\u0171jtem\u00e9ny\u00e9t.<\/p>\n\n\n\n<p>Sehol a vil\u00e1gon nem tal\u00e1lhat\u00f3 egy fed\u00e9l alatt annyi magyar gy\u00e1rtm\u00e1ny\u00fa motorbicikli, mint itt D\u00f6rgics\u00e9n. M\u00e9ray 1000, WM Csepelek, SHB, BM, M\u00e1tr\u00e1k, t\u00fara Csepelek, T\u00fcnde, Panni, Berva, Danuvia \u00e9s az \u00f6sszes Pann\u00f3nia eg\u00e9szen az 1975-ben gy\u00e1rtott P12-s modellig, k\u00f6zt\u00fck olyan ritkas\u00e1gokkal, mint a Pann\u00f3nia MC62 vagy a Danuvia DMC125.<\/p>\n\n\n<div class=\"wp-block-image\">\n<figure class=\"aligncenter size-full\"><a href=\"https:\/\/www.goforgo.hu\/wp-content\/uploads\/2023\/06\/Kaali-muzeum-3.jpg\"><img loading=\"lazy\" decoding=\"async\" width=\"600\" height=\"434\" src=\"https:\/\/www.goforgo.hu\/wp-content\/uploads\/2023\/06\/Kaali-muzeum-3.jpg\" alt=\"\" class=\"wp-image-6256\"\/><\/a><\/figure><\/div>\n\n\n<p>A faluban t\u00f6bb templom rom is tal\u00e1lhat\u00f3, hiszen valamikor k\u00fcl\u00f6n\u00e1ll\u00f3 telep\u00fcl\u00e9sekb\u0151l \u00e1ll \u00e9s mindegyiknek megvolt a maga temploma. Megl\u00e1togatjuk az Als\u00f3d\u00f6rgicsei Boldogasszony Templomromot, a Fels\u0151d\u00f6rgicsei templomromot \u00e9s m\u00f6g\u00f6tte a kis templomot.<\/p>\n\n\n\n<figure class=\"wp-block-image size-full\"><a href=\"https:\/\/www.goforgo.hu\/wp-content\/uploads\/2023\/06\/Felsodorgicsei-templomrom.jpg\"><img loading=\"lazy\" decoding=\"async\" width=\"1024\" height=\"768\" src=\"https:\/\/www.goforgo.hu\/wp-content\/uploads\/2023\/06\/Felsodorgicsei-templomrom.jpg\" alt=\"\" class=\"wp-image-6257\" srcset=\"https:\/\/www.goforgo.hu\/wp-content\/uploads\/2023\/06\/Felsodorgicsei-templomrom.jpg 1024w, https:\/\/www.goforgo.hu\/wp-content\/uploads\/2023\/06\/Felsodorgicsei-templomrom-768x576.jpg 768w\" sizes=\"auto, (max-width: 1024px) 100vw, 1024px\" \/><\/a><\/figure>\n\n\n\n<figure class=\"wp-block-image size-full\"><a href=\"https:\/\/www.goforgo.hu\/wp-content\/uploads\/2023\/06\/24066-levendula-nap-dorgicse.jpg\"><img loading=\"lazy\" decoding=\"async\" width=\"1013\" height=\"675\" src=\"https:\/\/www.goforgo.hu\/wp-content\/uploads\/2023\/06\/24066-levendula-nap-dorgicse.jpg\" alt=\"\" class=\"wp-image-6259\" srcset=\"https:\/\/www.goforgo.hu\/wp-content\/uploads\/2023\/06\/24066-levendula-nap-dorgicse.jpg 1013w, https:\/\/www.goforgo.hu\/wp-content\/uploads\/2023\/06\/24066-levendula-nap-dorgicse-768x512.jpg 768w\" sizes=\"auto, (max-width: 1013px) 100vw, 1013px\" \/><\/a><\/figure>\n\n\n\n<p>D\u00e9lut\u00e1n a Levendula-majorban n\u00e9z\u00fcnk sz\u00e9t, majd buszra sz\u00e1llva a k\u00f6zeli Nagyv\u00e1zsonyba hajtunk \u00e9s felfedezz\u00fck a nem r\u00e9g fel\u00faj\u00edtott Kinizsi v\u00e1rat.<\/p>\n\n\n\n<figure class=\"wp-block-image size-large\"><a href=\"https:\/\/www.goforgo.hu\/wp-content\/uploads\/2023\/06\/Nagyvazsony.jpg\"><img loading=\"lazy\" decoding=\"async\" width=\"1024\" height=\"576\" src=\"https:\/\/www.goforgo.hu\/wp-content\/uploads\/2023\/06\/Nagyvazsony-1024x576.jpg\" alt=\"\" class=\"wp-image-6260\" srcset=\"https:\/\/www.goforgo.hu\/wp-content\/uploads\/2023\/06\/Nagyvazsony-1024x576.jpg 1024w, https:\/\/www.goforgo.hu\/wp-content\/uploads\/2023\/06\/Nagyvazsony-768x432.jpg 768w, https:\/\/www.goforgo.hu\/wp-content\/uploads\/2023\/06\/Nagyvazsony-1536x864.jpg 1536w, https:\/\/www.goforgo.hu\/wp-content\/uploads\/2023\/06\/Nagyvazsony.jpg 1560w\" sizes=\"auto, (max-width: 1024px) 100vw, 1024px\" \/><\/a><\/figure>\n\n\n\n<p>Budapestre az esti \u00f3r\u00e1kban \u00e9r\u00fcnk vissza.<\/p>\n\n\n\n<h2 class=\"wp-block-heading\">R\u00e9szv\u00e9teli d\u00edj:\u00a0<em>\u00a011 5<\/em><em>0<\/em><em>0 Ft<\/em><\/h2>\n\n\n\n<p><strong><em>minimum l\u00e9tsz\u00e1m: 12 f\u0151<\/em><\/strong><\/p>\n\n\n\n<p><strong><em><u>A r\u00e9szv\u00e9teli d\u00edj tartalmazza<\/u>:<\/em><\/strong><em>\u00a0 az aut\u00f3buszos utaz\u00e1s minden k\u00f6lts\u00e9g\u00e9t.<\/em><\/p>\n\n\n\n<p><strong><em><u>A r\u00e9szv\u00e9teli d\u00edj nem tartalmazza<\/u><\/em><\/strong><strong><em>:<\/em><\/strong><em>\u00a0 a bel\u00e9p\u0151ket \u00e9s az \u00e9tkez\u00e9st<\/em><\/p>\n\n\n\n<p><strong>\u00c9LM\u00c9NYEKBEN&nbsp; GAZDAG&nbsp; UTAZ\u00c1ST,J\u00d3&nbsp; SZ\u00d3RAKOZ\u00c1ST K\u00cdV\u00c1NUNK!<\/strong><\/p>\n","protected":false},"excerpt":{"rendered":"<p>Id\u0151pont:\u00a0 2023.06.22.\u00a0\u00a0 \u00a0 \u00a0 \u00a0 \u00a0 \u00a0 \u00a0 \u00a0 Poz.sz\u00e1m:\u00a0 \u00a023\/BDR\/04 \u00datvonal:\u00a0Budapest \u2013 D\u00f6rgicse &#8211; Als\u00f3d\u00f6rgicse &#8211; Ka\u00e1l &#8211; Fels\u0151d\u00f6rgicse &#8211; Levendula-major &#8211; Nagyv\u00e1zsony Utaz\u00e1s:&nbsp;az utasl\u00e9tsz\u00e1mnak megfelel\u0151 aut\u00f3busszal Ell\u00e1t\u00e1s:\u00a0\u00f6nell\u00e1t\u00f3 Id\u0151tartam:\u00a01 nap Idegenvezet\u00e9s:&nbsp;csoportk\u00eds\u00e9r\u0151 Indul\u00e1s 6:10 Pestszentl\u0151rinc LIDL parkol\u00f3 (\u00dcll\u0151i \u00fat 379-381) 6: 30 Hat\u00e1r \u00fati METRO meg\u00e1ll\u00f3, IBIS sz\u00e1lloda el\u0151tt Budapest, Ferde u. 1-3, 1091 Utaz\u00e1zunk els\u0151 \u00e1llom\u00e1sa D\u00f6rgicse. Sz\u00e9pfekv\u00e9s\u0171, kis k\u00f6zs\u00e9g. Igaz kicsi, de ann\u00e1l t\u00f6bb l\u00e1tni val\u00f3val v\u00e1r minket. Balatonakalit\u00f3l\u00a0k\u00f6r\u00fclbel\u00fcl 5 kilom\u00e9terre \u00e9szaknyugatra helyezkedik el, a\u00a0Balaton-felvid\u00e9k\u00a0k\u00f6z\u00e9ps\u0151,\u00a0Balatonf\u00fcred\u00a0\u00e9s\u00a0Badacsony\u00a0k\u00f6zti szakasz\u00e1ra jellemz\u0151, a t\u00f3parti hegysor m\u00f6g\u00f6tt kialakult medenc\u00e9k egyik\u00e9ben, amit a telep\u00fcl\u00e9s ut\u00e1n\u00a0D\u00f6rgicsei-medenc\u00e9nek\u00a0neveznek. T\u00f6bb, kor\u00e1bban k\u00fcl\u00f6n\u00e1ll\u00f3, m\u00e1ra m\u00e1r t\u00f6bb\u00e9-kev\u00e9sb\u00e9 egybe\u00e9p\u00fclt telep\u00fcl\u00e9sr\u00e9szb\u0151l \u00e1ll. Egyh\u00e1zai m\u00e9g a telep\u00fcl\u00e9sek v\u00e9gleges megk\u00f6t\u0151d\u00e9se el\u0151tt \u00e9p\u00fcltek m\u00e9gpedig az als\u00f3 r\u00e9szben\u00a0Boldogasszony, a fels\u0151 r\u00e9szben\u00a0Szent P\u00e9ter\u00a0tisztelet\u00e9re. Meg\u00e9rkez\u00e9s\u00fcnk ut\u00e1n Ka\u00e1liNagy G\u00e9za professzornak, az egykori Ka\u00e1li Int\u00e9zetek alap\u00edt\u00f3j\u00e1nak gy\u0171jtem\u00e9ny\u00e9r, mellyel r\u00e9gi v\u00e1gya v\u00e1lt val\u00f3ra. Az elm\u00falt n\u00e9h\u00e1ny \u00e9v alatt l\u00e9trehozta \u00e9s l\u00e1togathat\u00f3v\u00e1 tette az orsz\u00e1g legnagyobb legnagyobb \u00e9s legv\u00e1ltozatosabb j\u00e1rm\u0171gy\u0171jtem\u00e9ny\u00e9t. Sehol a vil\u00e1gon nem tal\u00e1lhat\u00f3 egy fed\u00e9l alatt annyi magyar gy\u00e1rtm\u00e1ny\u00fa motorbicikli, mint itt D\u00f6rgics\u00e9n. M\u00e9ray 1000, WM Csepelek, SHB, BM, M\u00e1tr\u00e1k, t\u00fara Csepelek, T\u00fcnde, Panni, Berva, Danuvia \u00e9s az \u00f6sszes Pann\u00f3nia eg\u00e9szen az 1975-ben gy\u00e1rtott P12-s modellig, k\u00f6zt\u00fck olyan ritkas\u00e1gokkal, mint a Pann\u00f3nia MC62 vagy a Danuvia DMC125. A faluban t\u00f6bb templom rom is tal\u00e1lhat\u00f3, hiszen valamikor k\u00fcl\u00f6n\u00e1ll\u00f3 telep\u00fcl\u00e9sekb\u0151l \u00e1ll \u00e9s mindegyiknek megvolt a maga temploma. Megl\u00e1togatjuk az Als\u00f3d\u00f6rgicsei Boldogasszony Templomromot, a Fels\u0151d\u00f6rgicsei templomromot \u00e9s m\u00f6g\u00f6tte a kis templomot. D\u00e9lut\u00e1n a Levendula-majorban n\u00e9z\u00fcnk sz\u00e9t, majd buszra sz\u00e1llva a k\u00f6zeli Nagyv\u00e1zsonyba hajtunk \u00e9s felfedezz\u00fck a nem r\u00e9g fel\u00faj\u00edtott Kinizsi v\u00e1rat. Budapestre az esti \u00f3r\u00e1kban \u00e9r\u00fcnk vissza. R\u00e9szv\u00e9teli d\u00edj:\u00a0\u00a011 500 Ft minimum l\u00e9tsz\u00e1m: 12 f\u0151 A r\u00e9szv\u00e9teli d\u00edj tartalmazza:\u00a0 az aut\u00f3buszos utaz\u00e1s minden k\u00f6lts\u00e9g\u00e9t. A r\u00e9szv\u00e9teli d\u00edj nem tartalmazza:\u00a0 a bel\u00e9p\u0151ket \u00e9s az \u00e9tkez\u00e9st \u00c9LM\u00c9NYEKBEN&nbsp; GAZDAG&nbsp; UTAZ\u00c1ST,J\u00d3&nbsp; SZ\u00d3RAKOZ\u00c1ST K\u00cdV\u00c1NUNK!<\/p>\n","protected":false},"author":1,"featured_media":0,"parent":0,"menu_order":0,"comment_status":"closed","ping_status":"closed","template":"","meta":{"footnotes":""},"class_list":["post-6254","page","type-page","status-publish","hentry"],"_links":{"self":[{"href":"https:\/\/www.goforgo.hu\/index.php\/wp-json\/wp\/v2\/pages\/6254","targetHints":{"allow":["GET"]}}],"collection":[{"href":"https:\/\/www.goforgo.hu\/index.php\/wp-json\/wp\/v2\/pages"}],"about":[{"href":"https:\/\/www.goforgo.hu\/index.php\/wp-json\/wp\/v2\/types\/page"}],"author":[{"embeddable":true,"href":"https:\/\/www.goforgo.hu\/index.php\/wp-json\/wp\/v2\/users\/1"}],"replies":[{"embeddable":true,"href":"https:\/\/www.goforgo.hu\/index.php\/wp-json\/wp\/v2\/comments?post=6254"}],"version-history":[{"count":1,"href":"https:\/\/www.goforgo.hu\/index.php\/wp-json\/wp\/v2\/pages\/6254\/revisions"}],"predecessor-version":[{"id":6261,"href":"https:\/\/www.goforgo.hu\/index.php\/wp-json\/wp\/v2\/pages\/6254\/revisions\/6261"}],"wp:attachment":[{"href":"https:\/\/www.goforgo.hu\/index.php\/wp-json\/wp\/v2\/media?parent=6254"}],"curies":[{"name":"wp","href":"https:\/\/api.w.org\/{rel}","templated":true}]}}