{"id":6496,"date":"2024-03-05T17:06:04","date_gmt":"2024-03-05T17:06:04","guid":{"rendered":"https:\/\/www.goforgo.hu\/?page_id=6496"},"modified":"2026-03-16T12:37:41","modified_gmt":"2026-03-16T12:37:41","slug":"ezoterikus-utazasaink","status":"publish","type":"page","link":"https:\/\/www.goforgo.hu\/index.php\/ezoterikus-utazasaink\/","title":{"rendered":"Ezoterikus utaz\u00e1saink:"},"content":{"rendered":"\n<p>Kedves Utasaink!<\/p>\n\n\n\n<p class=\"has-text-align-center\"><strong>2026-ban a k\u00f6vetkez\u0151 utaz\u00e1sokat tervezz\u00fck. Ezeken az utaz\u00e1sokon Szecsei Mikl\u00f3s \u00e9s K\u00e1llay Edit mindegyiken r\u00e9sztvesz!<\/strong><\/p>\n\n\n\n<h1 class=\"wp-block-heading has-medium-font-size\">2026.04.18. Balatonfelvid\u00e9k: <a href=\"https:\/\/www.goforgo.hu\/index.php\/szent-gyorgy-hegy-orgonaies-balatonfured\/\" data-type=\"page\" data-id=\"7832\">Szent Gy\u00f6rgy hegy orgon\u00e1i<\/a><\/h1>\n\n\n\n<figure class=\"wp-block-image size-large\"><a href=\"https:\/\/www.goforgo.hu\/index.php\/szent-gyorgy-hegy-orgonaies-balatonfured\/\"><img loading=\"lazy\" decoding=\"async\" width=\"1024\" height=\"389\" src=\"https:\/\/www.goforgo.hu\/wp-content\/uploads\/2026\/03\/collage-Szent-Gyorgy-hegy-1-1024x389.jpg\" alt=\"\" class=\"wp-image-7838\" srcset=\"https:\/\/www.goforgo.hu\/wp-content\/uploads\/2026\/03\/collage-Szent-Gyorgy-hegy-1-1024x389.jpg 1024w, https:\/\/www.goforgo.hu\/wp-content\/uploads\/2026\/03\/collage-Szent-Gyorgy-hegy-1-768x292.jpg 768w, https:\/\/www.goforgo.hu\/wp-content\/uploads\/2026\/03\/collage-Szent-Gyorgy-hegy-1-1536x584.jpg 1536w, https:\/\/www.goforgo.hu\/wp-content\/uploads\/2026\/03\/collage-Szent-Gyorgy-hegy-1-2048x779.jpg 2048w, https:\/\/www.goforgo.hu\/wp-content\/uploads\/2026\/03\/collage-Szent-Gyorgy-hegy-1-1140x433.jpg 1140w\" sizes=\"auto, (max-width: 1024px) 100vw, 1024px\" \/><\/a><\/figure>\n\n\n\n<h2 class=\"wp-block-heading has-medium-font-size\">2026.04.30-05.01. <a href=\"https:\/\/www.goforgo.hu\/index.php\/erdely-csaklyako-rejtelye\/\" data-type=\"page\" data-id=\"7626\">Erd\u00e9ly\/ Cs\u00e1klyak\u0151 \u00e9s k\u00f6rny\u00e9ke<\/a> &#8211; MEGTELT!<\/h2>\n\n\n\n<figure class=\"wp-block-image size-large\"><a href=\"https:\/\/www.goforgo.hu\/index.php\/erdely-csaklyako-rejtelye\/\"><img loading=\"lazy\" decoding=\"async\" width=\"1024\" height=\"341\" src=\"https:\/\/www.goforgo.hu\/wp-content\/uploads\/2026\/01\/collage-Csaklyako-1-1024x341.jpg\" alt=\"\" class=\"wp-image-7646\" srcset=\"https:\/\/www.goforgo.hu\/wp-content\/uploads\/2026\/01\/collage-Csaklyako-1-1024x341.jpg 1024w, https:\/\/www.goforgo.hu\/wp-content\/uploads\/2026\/01\/collage-Csaklyako-1-768x256.jpg 768w, https:\/\/www.goforgo.hu\/wp-content\/uploads\/2026\/01\/collage-Csaklyako-1-1536x512.jpg 1536w, https:\/\/www.goforgo.hu\/wp-content\/uploads\/2026\/01\/collage-Csaklyako-1-2048x682.jpg 2048w, https:\/\/www.goforgo.hu\/wp-content\/uploads\/2026\/01\/collage-Csaklyako-1-1140x380.jpg 1140w\" sizes=\"auto, (max-width: 1024px) 100vw, 1024px\" \/><\/a><\/figure>\n\n\n\n<h2 class=\"wp-block-heading has-medium-font-size\">2026.05.18-25. <a href=\"https:\/\/www.goforgo.hu\/index.php\/roma-es-a-vatikan\/\" data-type=\"page\" data-id=\"7650\">R\u00f3ma \u00e9s a Vatik\u00e1n. Pi\u00f3 atya s\u00edrj\u00e1val kieg\u00e9sz\u00edtve<\/a> &#8211; MEGTELT!<\/h2>\n\n\n\n<figure class=\"wp-block-image size-large\"><a href=\"https:\/\/www.goforgo.hu\/index.php\/roma-es-a-vatikan\/\"><img loading=\"lazy\" decoding=\"async\" width=\"1024\" height=\"389\" src=\"https:\/\/www.goforgo.hu\/wp-content\/uploads\/2026\/01\/collage-Roma-1024x389.jpg\" alt=\"\" class=\"wp-image-7671\" srcset=\"https:\/\/www.goforgo.hu\/wp-content\/uploads\/2026\/01\/collage-Roma-1024x389.jpg 1024w, https:\/\/www.goforgo.hu\/wp-content\/uploads\/2026\/01\/collage-Roma-768x292.jpg 768w, https:\/\/www.goforgo.hu\/wp-content\/uploads\/2026\/01\/collage-Roma-1536x584.jpg 1536w, https:\/\/www.goforgo.hu\/wp-content\/uploads\/2026\/01\/collage-Roma-2048x779.jpg 2048w, https:\/\/www.goforgo.hu\/wp-content\/uploads\/2026\/01\/collage-Roma-1140x433.jpg 1140w\" sizes=\"auto, (max-width: 1024px) 100vw, 1024px\" \/><\/a><\/figure>\n\n\n\n<h2 class=\"wp-block-heading has-medium-font-size\">2026.07.01-05. <a href=\"https:\/\/www.goforgo.hu\/index.php\/adrspach-csehorszag-misztikus-sziklavarosai\/\" data-type=\"page\" data-id=\"7735\">Cseh sziklav\u00e1rosok &#8211; Aderspach<\/a><\/h2>\n\n\n\n<figure class=\"wp-block-image size-large\"><a href=\"https:\/\/www.goforgo.hu\/index.php\/adrspach-csehorszag-misztikus-sziklavarosai\/\"><img loading=\"lazy\" decoding=\"async\" width=\"1024\" height=\"576\" src=\"https:\/\/www.goforgo.hu\/wp-content\/uploads\/2026\/02\/photo-collage-cseh-Adrspach-1024x576.png\" alt=\"\" class=\"wp-image-7751\" srcset=\"https:\/\/www.goforgo.hu\/wp-content\/uploads\/2026\/02\/photo-collage-cseh-Adrspach-1024x576.png 1024w, https:\/\/www.goforgo.hu\/wp-content\/uploads\/2026\/02\/photo-collage-cseh-Adrspach-768x432.png 768w, https:\/\/www.goforgo.hu\/wp-content\/uploads\/2026\/02\/photo-collage-cseh-Adrspach-1536x864.png 1536w, https:\/\/www.goforgo.hu\/wp-content\/uploads\/2026\/02\/photo-collage-cseh-Adrspach-1140x641.png 1140w, https:\/\/www.goforgo.hu\/wp-content\/uploads\/2026\/02\/photo-collage-cseh-Adrspach.png 1920w\" sizes=\"auto, (max-width: 1024px) 100vw, 1024px\" \/><\/a><\/figure>\n\n\n\n<h2 class=\"wp-block-heading has-medium-font-size\">2026.07.25-08.04. <a href=\"https:\/\/www.goforgo.hu\/index.php\/bucsuko-2026-bucsecs-a-kedvunk-szerint\/\" data-type=\"page\" data-id=\"7687\">Bucsecs 11 nap\/10 \u00e9jszaka<\/a><\/h2>\n\n\n\n<p>Ezen bel\u00fcl lehet menni <strong>2026.07.25-30. k\u00f6z\u00f6tt 6 nap 5 \u00e9jszak\u00e1ra<\/strong> vagy <strong>2026.07.31-08.04. k\u00f6z\u00f6tt 5 nap\/ 4 \u00e9jszak\u00e1ra<\/strong> vagy a teljes 11 nap\/10 \u00e9jszak\u00e1ra<\/p>\n\n\n\n<figure class=\"wp-block-image size-large\"><a href=\"https:\/\/www.goforgo.hu\/index.php\/bucsuko-2026-bucsecs-a-kedvunk-szerint\/\"><img loading=\"lazy\" decoding=\"async\" width=\"1024\" height=\"390\" src=\"https:\/\/www.goforgo.hu\/wp-content\/uploads\/2024\/03\/collage-Bucsuko-1024x390.jpg\" alt=\"\" class=\"wp-image-6543\" srcset=\"https:\/\/www.goforgo.hu\/wp-content\/uploads\/2024\/03\/collage-Bucsuko-1024x390.jpg 1024w, https:\/\/www.goforgo.hu\/wp-content\/uploads\/2024\/03\/collage-Bucsuko-768x292.jpg 768w, https:\/\/www.goforgo.hu\/wp-content\/uploads\/2024\/03\/collage-Bucsuko-1536x584.jpg 1536w, https:\/\/www.goforgo.hu\/wp-content\/uploads\/2024\/03\/collage-Bucsuko-2048x779.jpg 2048w\" sizes=\"auto, (max-width: 1024px) 100vw, 1024px\" \/><\/a><\/figure>\n\n\n\n<p class=\"has-medium-font-size\">2026.09.09-13. Erd\u00e9ly\/ Cs\u00edksomly\u00f3 \u00e9s k\u00f6rny\u00e9ke<\/p>\n\n\n\n<p class=\"has-medium-font-size\">2026.10.10-18. <a href=\"https:\/\/www.goforgo.hu\/index.php\/az-okori-gorog-josdak-nyomaban\/\" data-type=\"page\" data-id=\"7851\">G\u00f6r\u00f6gorsz\u00e1g (Olympos, Meteor\u00e1k, Ath\u00e9n, Delphoi, stb)<\/a><\/p>\n\n\n\n<figure class=\"wp-block-image size-large\"><a href=\"https:\/\/www.goforgo.hu\/index.php\/az-okori-gorog-josdak-nyomaban\/\"><img loading=\"lazy\" decoding=\"async\" width=\"1024\" height=\"768\" src=\"https:\/\/www.goforgo.hu\/wp-content\/uploads\/2026\/03\/collage-Athen-korut-nagy-1024x768.jpg\" alt=\"\" class=\"wp-image-7866\" srcset=\"https:\/\/www.goforgo.hu\/wp-content\/uploads\/2026\/03\/collage-Athen-korut-nagy-1024x768.jpg 1024w, https:\/\/www.goforgo.hu\/wp-content\/uploads\/2026\/03\/collage-Athen-korut-nagy-768x576.jpg 768w, https:\/\/www.goforgo.hu\/wp-content\/uploads\/2026\/03\/collage-Athen-korut-nagy-1536x1152.jpg 1536w, https:\/\/www.goforgo.hu\/wp-content\/uploads\/2026\/03\/collage-Athen-korut-nagy-2048x1536.jpg 2048w, https:\/\/www.goforgo.hu\/wp-content\/uploads\/2026\/03\/collage-Athen-korut-nagy-1140x855.jpg 1140w\" sizes=\"auto, (max-width: 1024px) 100vw, 1024px\" \/><\/a><\/figure>\n\n\n\n<p class=\"has-medium-font-size\">2026. okt\u00f3ber v\u00e9g\u00e9re v\u00e1rhat\u00f3 D\u00e9lvid\u00e9k \u00e9s Bosniai piramisok<\/p>\n\n\n\n<p><\/p>\n\n\n\n<p><\/p>\n\n\n\n<p class=\"has-text-align-center has-large-font-size\">. <\/p>\n\n\n\n<p class=\"has-text-align-center has-large-font-size\">Az utaz\u00e1sokat Szecsei Mikl\u00f3s Szellem M\u0171helye keretein bel\u00fcl szervezz\u00fck!<\/p>\n\n\n\n<p>A LISTA M\u00c9G NEM TELJES! AZ UTAZ\u00c1SOK SZERVEZ\u00c9S ALATT VANNAK!<\/p>\n","protected":false},"excerpt":{"rendered":"<p>Kedves Utasaink! 2026-ban a k\u00f6vetkez\u0151 utaz\u00e1sokat tervezz\u00fck. Ezeken az utaz\u00e1sokon Szecsei Mikl\u00f3s \u00e9s K\u00e1llay Edit mindegyiken r\u00e9sztvesz! 2026.04.18. Balatonfelvid\u00e9k: Szent Gy\u00f6rgy hegy orgon\u00e1i 2026.04.30-05.01. Erd\u00e9ly\/ Cs\u00e1klyak\u0151 \u00e9s k\u00f6rny\u00e9ke &#8211; MEGTELT! 2026.05.18-25. R\u00f3ma \u00e9s a Vatik\u00e1n. Pi\u00f3 atya s\u00edrj\u00e1val kieg\u00e9sz\u00edtve &#8211; MEGTELT! 2026.07.01-05. Cseh sziklav\u00e1rosok &#8211; Aderspach 2026.07.25-08.04. Bucsecs 11 nap\/10 \u00e9jszaka Ezen bel\u00fcl lehet menni 2026.07.25-30. k\u00f6z\u00f6tt 6 nap 5 \u00e9jszak\u00e1ra vagy 2026.07.31-08.04. k\u00f6z\u00f6tt 5 nap\/ 4 \u00e9jszak\u00e1ra vagy a teljes 11 nap\/10 \u00e9jszak\u00e1ra 2026.09.09-13. Erd\u00e9ly\/ Cs\u00edksomly\u00f3 \u00e9s k\u00f6rny\u00e9ke 2026.10.10-18. G\u00f6r\u00f6gorsz\u00e1g (Olympos, Meteor\u00e1k, Ath\u00e9n, Delphoi, stb) 2026. okt\u00f3ber v\u00e9g\u00e9re v\u00e1rhat\u00f3 D\u00e9lvid\u00e9k \u00e9s Bosniai piramisok . Az utaz\u00e1sokat Szecsei Mikl\u00f3s Szellem M\u0171helye keretein bel\u00fcl szervezz\u00fck! A LISTA M\u00c9G NEM TELJES! AZ UTAZ\u00c1SOK SZERVEZ\u00c9S ALATT VANNAK!<\/p>\n","protected":false},"author":1,"featured_media":0,"parent":0,"menu_order":0,"comment_status":"closed","ping_status":"closed","template":"","meta":{"footnotes":""},"class_list":["post-6496","page","type-page","status-publish","hentry"],"_links":{"self":[{"href":"https:\/\/www.goforgo.hu\/index.php\/wp-json\/wp\/v2\/pages\/6496","targetHints":{"allow":["GET"]}}],"collection":[{"href":"https:\/\/www.goforgo.hu\/index.php\/wp-json\/wp\/v2\/pages"}],"about":[{"href":"https:\/\/www.goforgo.hu\/index.php\/wp-json\/wp\/v2\/types\/page"}],"author":[{"embeddable":true,"href":"https:\/\/www.goforgo.hu\/index.php\/wp-json\/wp\/v2\/users\/1"}],"replies":[{"embeddable":true,"href":"https:\/\/www.goforgo.hu\/index.php\/wp-json\/wp\/v2\/comments?post=6496"}],"version-history":[{"count":64,"href":"https:\/\/www.goforgo.hu\/index.php\/wp-json\/wp\/v2\/pages\/6496\/revisions"}],"predecessor-version":[{"id":7870,"href":"https:\/\/www.goforgo.hu\/index.php\/wp-json\/wp\/v2\/pages\/6496\/revisions\/7870"}],"wp:attachment":[{"href":"https:\/\/www.goforgo.hu\/index.php\/wp-json\/wp\/v2\/media?parent=6496"}],"curies":[{"name":"wp","href":"https:\/\/api.w.org\/{rel}","templated":true}]}}