{"id":7626,"date":"2026-01-26T20:32:43","date_gmt":"2026-01-26T20:32:43","guid":{"rendered":"https:\/\/www.goforgo.hu\/?page_id=7626"},"modified":"2026-02-24T10:27:15","modified_gmt":"2026-02-24T10:27:15","slug":"erdely-csaklyako-rejtelye","status":"publish","type":"page","link":"https:\/\/www.goforgo.hu\/index.php\/erdely-csaklyako-rejtelye\/","title":{"rendered":"Erd\u00e9ly &#8211; Cs\u00e1klyak\u0151 rejt\u00e9lye"},"content":{"rendered":"\n<figure class=\"wp-block-table\"><table class=\"has-fixed-layout\"><tbody><tr><td><strong>Id\u0151pont:<\/strong><\/td><td colspan=\"2\">2026.04.30-05.05.<\/td><td>pozic\u00ed\u00f3 sz\u00e1m:<\/td><td colspan=\"3\">26\/ECSK\/01<\/td><td><br><\/td><\/tr><tr><td colspan=\"8\"><strong>\u00fatvonal: <\/strong>Budapest \u2013Temesv\u00e1r \u2013 Sz\u00e1szsebes \u2013 Cs\u00e1klyak\u0151 \u2013 Kudzsir, Singidava er\u0151d\u00edtm\u00e9ny \u2013 A pokol v\u00f6lgye &#8211; Bucsecs \u2013 Budapest (kb. 1900 km)<\/td><\/tr><tr><td colspan=\"8\"><strong>Sz\u00e1ll\u00e1s: <\/strong>4 \u00e9jszaka Sz\u00e1szsebesen \u00e9s 1 \u00e9jszaka Busteniben,  2-3 \u00e1gyas szob\u00e1kban<\/td><\/tr><tr><td><strong>Utaz\u00e1s :<\/strong><\/td><td colspan=\"4\">az utasl\u00e9tsz\u00e1mnak megfelel\u0151 aut\u00f3busszal<\/td><td><strong>Ell\u00e1t\u00e1s:<\/strong><\/td><td colspan=\"2\">f\u00e9lpanzi\u00f3 (5 x reggeli+ 5 x vacsora)<\/td><\/tr><tr><td><strong>Id\u0151tartam<\/strong><\/td><td>6 nap \/5 \u00e9jszaka<\/td><td colspan=\"2\"><strong>Idegenvezet\u00e9s:<\/strong><\/td><td colspan=\"4\">v\u00e9gig a program alatt \u00e9s helyi<\/td><\/tr><\/tbody><\/table><\/figure>\n\n\n\n<figure class=\"wp-block-image size-large\"><a href=\"https:\/\/www.goforgo.hu\/wp-content\/uploads\/2026\/01\/collage-Csaklyako-scaled.jpg\"><img loading=\"lazy\" decoding=\"async\" width=\"1024\" height=\"341\" src=\"https:\/\/www.goforgo.hu\/wp-content\/uploads\/2026\/01\/collage-Csaklyako-1024x341.jpg\" alt=\"\" class=\"wp-image-7628\" srcset=\"https:\/\/www.goforgo.hu\/wp-content\/uploads\/2026\/01\/collage-Csaklyako-1024x341.jpg 1024w, https:\/\/www.goforgo.hu\/wp-content\/uploads\/2026\/01\/collage-Csaklyako-768x256.jpg 768w, https:\/\/www.goforgo.hu\/wp-content\/uploads\/2026\/01\/collage-Csaklyako-1536x512.jpg 1536w, https:\/\/www.goforgo.hu\/wp-content\/uploads\/2026\/01\/collage-Csaklyako-2048x682.jpg 2048w, https:\/\/www.goforgo.hu\/wp-content\/uploads\/2026\/01\/collage-Csaklyako-1140x380.jpg 1140w\" sizes=\"auto, (max-width: 1024px) 100vw, 1024px\" \/><\/a><\/figure>\n\n\n\n<p class=\"has-text-align-center\"><strong>PROGRAM:<\/strong><\/p>\n\n\n\n<p><strong>Indul\u00e1s: 6<\/strong><strong>:00-kor Budapest, \u00dcll\u0151i \u00fat 137 (Ecseri \u00fati OMV benzink\u00fat, kifel\u00e9 vezet\u0151 oldal\u00e1n)<\/strong><\/p>\n\n\n\n<p><strong>1. nap: <\/strong>Budapest \u2013 Temesv\u00e1r, v\u00e1rosn\u00e9z\u00e9s \u2013 Sz\u00e1szsebes kb. 550 km<\/p>\n\n\n\n<p><strong>2. nap:<\/strong> Eg\u00e9sznapos kir\u00e1ndul\u00e1s Cs\u00e1klyak\u0151re helyi kisbuszokkal Kb .120 km + gyalogt\u00fara!<\/p>\n\n\n\n<p><strong>3. nap:<\/strong> Kudzsir, Singidava er\u0151d\u00edtm\u00e9ny &#8211; Tat\u00e1rlaka korong eml\u00e9km\u0171 &#8211; V\u00f6r\u00f6s szakad\u00e9k kb. 80 km<\/p>\n\n\n\n<p><strong>4. nap:<\/strong> Eg\u00e9sznapos kir\u00e1ndul\u00e1s Kisompoly m\u00e9szk\u0151szikl\u00e1ihoz + Pokol (Csill\u00e1m) v\u00f6lgy\u00e9be helyi kisbuszokkal. kb.140 km<\/p>\n\n\n\n<p><strong>5. nap:<\/strong> Sz\u00e1szsebes \u2013 Bucsecs 250 km<\/p>\n\n\n\n<p><strong>6. nap:<\/strong> Bucsecs \u2013 Budapest kb. 750 km<\/p>\n\n\n\n<p>\u00c9rkez\u00e9s a k\u00e9s\u0151 esti \u00f3r\u00e1kban, lesz\u00e1ll\u00e1si lehet\u0151s\u00e9g a felsz\u00e1ll\u00e1ssal megegyez\u0151 helyen.<\/p>\n\n\n\n<h1 class=\"wp-block-heading has-text-align-center\"><strong>R\u00e9szv\u00e9teli d\u00edj: <em>180 000 Ft + 100 \u20ac<\/em><\/strong><\/h1>\n\n\n\n<p><em><strong>minimum l\u00e9tsz\u00e1m: 40 f\u0151<\/strong><\/em><\/p>\n\n\n\n<p><em><u><strong>A r\u00e9szv\u00e9teli d\u00edj tartalmazza<\/strong><\/u><\/em><em><strong>:<\/strong><\/em><em> a 5 \u00e9jszaka sz\u00e1ll\u00e1st Sz\u00e1szsebesen, 5 reggeli + 5 vacsora, az aut\u00f3buszos utaz\u00e1s minden k\u00f6lts\u00e9g\u00e9t, az idegenvezet\u00e9st az aut\u00f3buszon \u00e9s a helyi vezet\u0151 d\u00edjaz\u00e1s\u00e1t.<\/em><\/p>\n\n\n\n<p><em><u><strong>A r\u00e9szv\u00e9teli d\u00edj nem tartalmazza<\/strong><\/u><strong>:<\/strong> a helyi kisbuszokat, aminek \u00e1ra <strong>300 Lei\/f\u0151\/ 2 nap, <strong><em>a bucsecsi felvon\u00f3 \u00e1r\u00e1t: kb 200 Lei<\/em><\/strong> <\/strong>\u00e9s a BBP biztos\u00edt\u00e1st, (mely irod\u00e1nkban megk\u00f6thet\u0151) <strong>4000 Ft<\/strong><\/em><\/p>\n\n\n<div class=\"wp-block-image\">\n<figure class=\"aligncenter size-full\"><a href=\"https:\/\/www.goforgo.hu\/wp-content\/uploads\/2026\/01\/kudzsir589.jpg\"><img loading=\"lazy\" decoding=\"async\" width=\"600\" height=\"450\" src=\"https:\/\/www.goforgo.hu\/wp-content\/uploads\/2026\/01\/kudzsir589.jpg\" alt=\"\" class=\"wp-image-7629\"\/><\/a><\/figure><\/div>\n\n\n<p class=\"has-text-align-center\"><strong>L\u00e1tnival\u00f3k:<\/strong><\/p>\n\n\n\n<p><strong>Temesv\u00e1r<\/strong><\/p>\n\n\n\n<p>A B\u00e1ns\u00e1g f\u0151v\u00e1rosa, a B\u00e1ns\u00e1g k\u00f6zep\u00e9n helyezkedik el a B\u00e9ga \u00e9s a Temes foly\u00f3k mellett. A v\u00e1ros f\u00f6ldrajzi fekv\u00e9s\u00e9nek k\u00f6sz\u00f6nhet\u0151en a t\u00f6rt\u00e9nelem sor\u00e1n strat\u00e9giai fontoss\u00e1g\u00fa hely volt. A 14. sz\u00e1zad n\u00e9h\u00e1ny \u00e9v\u00e9ben K\u00e1roly R\u00f3bert magyar kir\u00e1ly, a f\u0151urakkal folytatott harcai miatt ide helyezte sz\u00e9khely\u00e9t, ez\u00e9rt ekkor Magyarorsz\u00e1g f\u0151v\u00e1ros\u00e1nak is lehetett tekinteni. Magyarorsz\u00e1ghoz tartozott eg\u00e9szen 1918 -ig, amikor Rom\u00e1ni\u00e1hoz csatolt\u00e1k. A m\u00e1sodik vil\u00e1gh\u00e1bor\u00fa ut\u00e1n Temesv\u00e1r t\u00f6rt\u00e9net\u00e9nek legfontosabb esem\u00e9nye az 1989-es rom\u00e1niai forradalom itteni kirobban\u00e1sa volt. V\u00e1ltozatos n\u00e9pess\u00e9ge \u00e9s m\u00faltja a v\u00e1ros \u00e9p\u00edt\u00e9szet\u00e9n is megl\u00e1tszik. Szabadid\u0151nk sor\u00e1n tett s\u00e9t\u00e1nk alatt tal\u00e1lkozhatunk katolikus sz\u00e9kesegyh\u00e1zzal, hatalmas b\u00e9rpalot\u00e1kkal, Hunyadi J\u00e1nos kast\u00e9ly\u00e1val \u00e9s ortodox sz\u00e9kesegyh\u00e1zzal egyar\u00e1nt.<\/p>\n\n\n<div class=\"wp-block-image\">\n<figure class=\"aligncenter size-full\"><a href=\"https:\/\/www.goforgo.hu\/wp-content\/uploads\/2026\/01\/Timisoara-Union-square-750x450-1.jpg\"><img loading=\"lazy\" decoding=\"async\" width=\"750\" height=\"450\" src=\"https:\/\/www.goforgo.hu\/wp-content\/uploads\/2026\/01\/Timisoara-Union-square-750x450-1.jpg\" alt=\"\" class=\"wp-image-7627\"\/><\/a><\/figure><\/div>\n\n\n<p><strong>Cs\u00e1klyak\u0151<\/strong><\/p>\n\n\n\n<p>Eg\u00e9sz napos t\u00fara. Kis buszokkal utazunk Cs\u00e1klya faluig, ahonnan indul gyalogos t\u00far\u00e1nk. A Cs\u00e1klyapatak vonal\u00e1t k\u00f6vetve t\u00f6bb v\u00edzes\u00e9s \u00e9s szikla k\u00fcl\u00f6nlegess\u00e9g mellett elhaladva \u00e9rkez\u00fcnk a cs\u00facs k\u00f6zel\u00e9be. Innen fantasztikus l\u00e1tv\u00e1ny t\u00e1rul szem\u00fcnk el\u00e9. A t\u00fara k\u00f6zepesen neh\u00e9z, nehezebb szakaszokkal. Mindenk\u00e9ppen z\u00e1rt, bok\u00e1t tart\u00f3 cip\u0151 javasolt! H\u00e1tizs\u00e1kban v\u00edzet, kekszet, szendvicset vigy\u00fcnk magunkkal.<\/p>\n\n\n\n<figure class=\"wp-block-image size-large\"><a href=\"https:\/\/www.goforgo.hu\/wp-content\/uploads\/2026\/01\/csaklyako-3.jpg\"><img loading=\"lazy\" decoding=\"async\" width=\"1024\" height=\"576\" src=\"https:\/\/www.goforgo.hu\/wp-content\/uploads\/2026\/01\/csaklyako-3-1024x576.jpg\" alt=\"\" class=\"wp-image-7637\" srcset=\"https:\/\/www.goforgo.hu\/wp-content\/uploads\/2026\/01\/csaklyako-3-1024x576.jpg 1024w, https:\/\/www.goforgo.hu\/wp-content\/uploads\/2026\/01\/csaklyako-3-768x432.jpg 768w, https:\/\/www.goforgo.hu\/wp-content\/uploads\/2026\/01\/csaklyako-3-1536x864.jpg 1536w, https:\/\/www.goforgo.hu\/wp-content\/uploads\/2026\/01\/csaklyako-3-1140x641.jpg 1140w, https:\/\/www.goforgo.hu\/wp-content\/uploads\/2026\/01\/csaklyako-3.jpg 1920w\" sizes=\"auto, (max-width: 1024px) 100vw, 1024px\" \/><\/a><\/figure>\n\n\n\n<p><strong>Kudzsir, Singidava er\u0151d\u00edtm\u00e9ny<\/strong><\/p>\n\n\n\n<p>Singidava egy d\u00e1k f\u00f6ldv\u00e1r a Maros foly\u00f3n, Cugir v\u00e1ros\u00e1ban. Itt t\u00e1rtak fel egy hercegi s\u00edrboltot, melyben egy feln\u0151tt f\u00e9rfi \u00e9s h\u00e1rom l\u00f3 csontjait, egy sisakot, egy l\u00e1ncinget, pajzsot, egy hossz\u00fa kardot, ez\u00fcst- \u00e9s arany\u00e9kszereket, valamint egy szek\u00e9r bronz tartoz\u00e9kait, stb. tal\u00e1ltak. A d\u00e1k Cugir er\u0151d\u00edtm\u00e9ny feltehet\u0151en a Singidava er\u0151d\u00edtm\u00e9ny, amelyet Ptolemaiosz a Maros-v\u00f6lgy legnagyobb \u00e9s leggazdagabb er\u0151d\u00edtm\u00e9nyek\u00e9nt eml\u00edt. &nbsp;Citadella-domb fels\u0151 fenns\u00edkja \u00e9s az azt k\u00f6r\u00fclvev\u0151 teraszok mesters\u00e9gesek, az eredeti, csill\u00e1mpal\u00e1b\u00f3l k\u00e9sz\u00fclt k\u00fap alak\u00fa dombot lak\u00f3helyk\u00e9nt kiv\u00e1gt\u00e1k \u00e9s teraszos\u00edtott\u00e1k. K\u00f6nny\u0171 t\u00fara.<\/p>\n\n\n\n<figure class=\"wp-block-image size-large\"><a href=\"https:\/\/www.goforgo.hu\/wp-content\/uploads\/2026\/01\/Singidava-3.jpg\"><img loading=\"lazy\" decoding=\"async\" width=\"1024\" height=\"522\" src=\"https:\/\/www.goforgo.hu\/wp-content\/uploads\/2026\/01\/Singidava-3-1024x522.jpg\" alt=\"\" class=\"wp-image-7632\" srcset=\"https:\/\/www.goforgo.hu\/wp-content\/uploads\/2026\/01\/Singidava-3-1024x522.jpg 1024w, https:\/\/www.goforgo.hu\/wp-content\/uploads\/2026\/01\/Singidava-3-768x392.jpg 768w, https:\/\/www.goforgo.hu\/wp-content\/uploads\/2026\/01\/Singidava-3-1140x581.jpg 1140w, https:\/\/www.goforgo.hu\/wp-content\/uploads\/2026\/01\/Singidava-3.jpg 1200w\" sizes=\"auto, (max-width: 1024px) 100vw, 1024px\" \/><\/a><\/figure>\n\n\n\n<p><strong>Tat\u00e1rlakai korongok eml\u00e9km\u0171<\/strong><\/p>\n\n\n\n<p>A tat\u00e1rlakai lelet h\u00e1rom darab, jelekkel d\u00edsz\u00edtett agyagt\u00e1bl\u00e1cska, amelyek 1961 -ben ker\u00fcltek el\u0151 Erd\u00e9lyben, Als\u00f3tat\u00e1rlaka faluban. A leletek egyesek szerint a fellelt legkor\u00e1bbi \u00edr\u00e1sjeleket tartalmazz\u00e1k, mivel radiokarbon vizsg\u00e1latok szerint i. e. 5500 k\u00f6r\u00fcl keletkezhettek, \u00edgy kb. ezer \u00e9vvel el\u0151zik meg a legkor\u00e1bbi ismert sumer agyagt\u00e1bl\u00e1k \u00edr\u00e1sait. \u00c9ppen ez c\u00e1folja a kapcsolat\u00e1t a sumer \u00edr\u00e1ssal. A leletek jelenleg a kolozsv\u00e1ri T\u00f6rt\u00e9nelmi M\u00fazeumban tal\u00e1lhat\u00f3k. A korong megadja k\u00e9sz\u00fclt\u00e9nek idej\u00e9t. Ugyanis az Ikrekt\u0151l a Nyilasig tal\u00e1lhat\u00f3 csillagk\u00e9peket &#8211; \u00fagy, ahogyan a korongon l\u00e1that\u00f3 &#8211; csak a Kr. e. 4000-5000 k\u00f6r\u00fcli id\u0151szak tavaszi nap\u00e9jegyenl\u0151s\u00e9geinek (a Kos h\u00f3napj\u00e1nak) kezdet\u00e9n l\u00e1thatjuk egyszerre az \u00e9gen. Azt a helyet l\u00e1togatjuk meg, ahol ezek a korongok el\u0151ker\u00fcltek.<\/p>\n\n\n\n<figure class=\"wp-block-image size-large\"><a href=\"https:\/\/www.goforgo.hu\/wp-content\/uploads\/2026\/01\/collage-Tatarlaka-scaled.jpg\"><img loading=\"lazy\" decoding=\"async\" width=\"1024\" height=\"389\" src=\"https:\/\/www.goforgo.hu\/wp-content\/uploads\/2026\/01\/collage-Tatarlaka-1024x389.jpg\" alt=\"\" class=\"wp-image-7634\" srcset=\"https:\/\/www.goforgo.hu\/wp-content\/uploads\/2026\/01\/collage-Tatarlaka-1024x389.jpg 1024w, https:\/\/www.goforgo.hu\/wp-content\/uploads\/2026\/01\/collage-Tatarlaka-768x292.jpg 768w, https:\/\/www.goforgo.hu\/wp-content\/uploads\/2026\/01\/collage-Tatarlaka-1536x584.jpg 1536w, https:\/\/www.goforgo.hu\/wp-content\/uploads\/2026\/01\/collage-Tatarlaka-2048x779.jpg 2048w, https:\/\/www.goforgo.hu\/wp-content\/uploads\/2026\/01\/collage-Tatarlaka-1140x433.jpg 1140w\" sizes=\"auto, (max-width: 1024px) 100vw, 1024px\" \/><\/a><\/figure>\n\n\n\n<p><strong>V\u00f6r\u00f6s szakad\u00e9k<\/strong><\/p>\n\n\n\n<p>Erd\u00e9lyi Grand Canyon \u2013 A rejt\u00e9lyes V\u00f6r\u00f6s-szakad\u00e9k titka. A szakad\u00e9k megjelen\u00e9se eg\u00e9szen rendhagy\u00f3, Erd\u00e9ly egyik legizgalmasabb l\u00e1tnival\u00f3ja, amely nem v\u00e9letlen\u00fcl kapta a Grand Canyon becenevet. Olyan, mint egy \u00e9l\u0151 seb a F\u00f6ld test\u00e9n, Sz\u00e1szsebest\u0151l 5 km-re. K\u00f6nny\u0171 t\u00fara.<\/p>\n\n\n\n<figure class=\"wp-block-image size-large\"><a href=\"https:\/\/www.goforgo.hu\/wp-content\/uploads\/2026\/01\/voros-szakadek-scaled.jpg\"><img loading=\"lazy\" decoding=\"async\" width=\"1024\" height=\"681\" src=\"https:\/\/www.goforgo.hu\/wp-content\/uploads\/2026\/01\/voros-szakadek-1024x681.jpg\" alt=\"\" class=\"wp-image-7635\" srcset=\"https:\/\/www.goforgo.hu\/wp-content\/uploads\/2026\/01\/voros-szakadek-1024x681.jpg 1024w, https:\/\/www.goforgo.hu\/wp-content\/uploads\/2026\/01\/voros-szakadek-768x511.jpg 768w, https:\/\/www.goforgo.hu\/wp-content\/uploads\/2026\/01\/voros-szakadek-1536x1022.jpg 1536w, https:\/\/www.goforgo.hu\/wp-content\/uploads\/2026\/01\/voros-szakadek-2048x1363.jpg 2048w, https:\/\/www.goforgo.hu\/wp-content\/uploads\/2026\/01\/voros-szakadek-1140x759.jpg 1140w\" sizes=\"auto, (max-width: 1024px) 100vw, 1024px\" \/><\/a><\/figure>\n\n\n\n<p><strong>Kisompoly m\u00e9szk\u0151szikl\u00e1i<\/strong><\/p>\n\n\n\n<p>A Kisompoly m\u00e9szk\u0151szikl\u00e1i (Calcarele de la Ampoi\u021ba) term\u00e9szeti k\u00e9pz\u0151dm\u00e9nyek, melyek a Kisompoly v\u00f6lgy\u00e9ben, a remetei kolostorhoz \u00e9s a Denev\u00e9r-barlanghoz k\u00f6zel fekszenek, a k\u00f6rny\u00e9k sz\u00e9p kir\u00e1ndul\u00f3- \u00e9s t\u00far\u00e1z\u00f3helye, m\u00e9szk\u0151form\u00e1ci\u00f3k \u00e9s barlangok jellemzik. K\u00f6nny\u0171 t\u00fara.<\/p>\n\n\n\n<figure class=\"wp-block-image size-large\"><a href=\"https:\/\/www.goforgo.hu\/wp-content\/uploads\/2026\/01\/1280px-Ampoita.jpg\"><img loading=\"lazy\" decoding=\"async\" width=\"1024\" height=\"686\" src=\"https:\/\/www.goforgo.hu\/wp-content\/uploads\/2026\/01\/1280px-Ampoita-1024x686.jpg\" alt=\"\" class=\"wp-image-7638\" srcset=\"https:\/\/www.goforgo.hu\/wp-content\/uploads\/2026\/01\/1280px-Ampoita-1024x686.jpg 1024w, https:\/\/www.goforgo.hu\/wp-content\/uploads\/2026\/01\/1280px-Ampoita-768x514.jpg 768w, https:\/\/www.goforgo.hu\/wp-content\/uploads\/2026\/01\/1280px-Ampoita-1140x763.jpg 1140w, https:\/\/www.goforgo.hu\/wp-content\/uploads\/2026\/01\/1280px-Ampoita.jpg 1280w\" sizes=\"auto, (max-width: 1024px) 100vw, 1024px\" \/><\/a><\/figure>\n\n\n\n<p><strong>Pokol (Csill\u00e1m) v\u00f6lgye<\/strong><\/p>\n\n\n\n<p>A v\u00f6lgy k\u0151zete csill\u00e1mpala (inne n a magyar neve), de h\u00edvj\u00e1k Pokol v\u00f6lgy\u00e9nek is. Ez a ritka sz\u00e9ps\u00e9g\u0171 vadreg\u00e9nyes vid\u00e9k, csod\u00e1latos t\u00e1jakkal rejti mag\u00e1ba Erd\u00e9lyorsz\u00e1g egyed\u00fcl\u00e1ll\u00f3 term\u00e9szetes h\u00eddj\u00e1t. K\u00f6nny\u0171 t\u00fara.<\/p>\n\n\n<div class=\"wp-block-image\">\n<figure class=\"aligncenter size-full\"><a href=\"https:\/\/www.goforgo.hu\/wp-content\/uploads\/2026\/01\/podul-natural-de-la-valea-naibii-2017-2.jpg\"><img loading=\"lazy\" decoding=\"async\" width=\"512\" height=\"768\" src=\"https:\/\/www.goforgo.hu\/wp-content\/uploads\/2026\/01\/podul-natural-de-la-valea-naibii-2017-2.jpg\" alt=\"\" class=\"wp-image-7644\"\/><\/a><\/figure><\/div>\n\n\n<p><strong>Bucsecs<\/strong><\/p>\n\n\n\n<p>A K\u00e1rp\u00e1tok tal\u00e1n legmisztikusabb hegys\u00e9ge. A Felvon\u00f3val egy sz\u00e9les Plat\u00f3ra jutunk fel, ahol a \u201eb\u00e1bale k\u00f6vek\u201d, a Szfinx \u00e9s egy\u00e9b m\u00e1s \u00e9rdekes form\u00e1ci\u00f3k, \u201el\u00e9nyek\u201d v\u00e1rnak r\u00e1nk.<\/p>\n\n\n\n<figure class=\"wp-block-image size-full\"><a href=\"https:\/\/www.goforgo.hu\/wp-content\/uploads\/2024\/03\/Bucsecs-1.jpg\"><img loading=\"lazy\" decoding=\"async\" width=\"852\" height=\"452\" src=\"https:\/\/www.goforgo.hu\/wp-content\/uploads\/2024\/03\/Bucsecs-1.jpg\" alt=\"\" class=\"wp-image-6540\" srcset=\"https:\/\/www.goforgo.hu\/wp-content\/uploads\/2024\/03\/Bucsecs-1.jpg 852w, https:\/\/www.goforgo.hu\/wp-content\/uploads\/2024\/03\/Bucsecs-1-768x407.jpg 768w\" sizes=\"auto, (max-width: 852px) 100vw, 852px\" \/><\/a><\/figure>\n\n\n\n<p><strong>\u00c9LM\u00c9NYEKBEN GAZDAG UTAZ\u00c1ST,<\/strong><strong>J\u00d3 SZ\u00d3RAKOZ\u00c1ST K\u00cdV\u00c1NUNK!<\/strong><\/p>\n","protected":false},"excerpt":{"rendered":"<p>Id\u0151pont: 2026.04.30-05.05. pozic\u00ed\u00f3 sz\u00e1m: 26\/ECSK\/01 \u00fatvonal: Budapest \u2013Temesv\u00e1r \u2013 Sz\u00e1szsebes \u2013 Cs\u00e1klyak\u0151 \u2013 Kudzsir, Singidava er\u0151d\u00edtm\u00e9ny \u2013 A pokol v\u00f6lgye &#8211; Bucsecs \u2013 Budapest (kb. 1900 km) Sz\u00e1ll\u00e1s: 4 \u00e9jszaka Sz\u00e1szsebesen \u00e9s 1 \u00e9jszaka Busteniben, 2-3 \u00e1gyas szob\u00e1kban Utaz\u00e1s : az utasl\u00e9tsz\u00e1mnak megfelel\u0151 aut\u00f3busszal Ell\u00e1t\u00e1s: f\u00e9lpanzi\u00f3 (5 x reggeli+ 5 x vacsora) Id\u0151tartam 6 nap \/5 \u00e9jszaka Idegenvezet\u00e9s: v\u00e9gig a program alatt \u00e9s helyi PROGRAM: Indul\u00e1s: 6:00-kor Budapest, \u00dcll\u0151i \u00fat 137 (Ecseri \u00fati OMV benzink\u00fat, kifel\u00e9 vezet\u0151 oldal\u00e1n) 1. nap: Budapest \u2013 Temesv\u00e1r, v\u00e1rosn\u00e9z\u00e9s \u2013 Sz\u00e1szsebes kb. 550 km 2. nap: Eg\u00e9sznapos kir\u00e1ndul\u00e1s Cs\u00e1klyak\u0151re helyi kisbuszokkal Kb .120 km + gyalogt\u00fara! 3. nap: Kudzsir, Singidava er\u0151d\u00edtm\u00e9ny &#8211; Tat\u00e1rlaka korong eml\u00e9km\u0171 &#8211; V\u00f6r\u00f6s szakad\u00e9k kb. 80 km 4. nap: Eg\u00e9sznapos kir\u00e1ndul\u00e1s Kisompoly m\u00e9szk\u0151szikl\u00e1ihoz + Pokol (Csill\u00e1m) v\u00f6lgy\u00e9be helyi kisbuszokkal. kb.140 km 5. nap: Sz\u00e1szsebes \u2013 Bucsecs 250 km 6. nap: Bucsecs \u2013 Budapest kb. 750 km \u00c9rkez\u00e9s a k\u00e9s\u0151 esti \u00f3r\u00e1kban, lesz\u00e1ll\u00e1si lehet\u0151s\u00e9g a felsz\u00e1ll\u00e1ssal megegyez\u0151 helyen. R\u00e9szv\u00e9teli d\u00edj: 180 000 Ft + 100 \u20ac minimum l\u00e9tsz\u00e1m: 40 f\u0151 A r\u00e9szv\u00e9teli d\u00edj tartalmazza: a 5 \u00e9jszaka sz\u00e1ll\u00e1st Sz\u00e1szsebesen, 5 reggeli + 5 vacsora, az aut\u00f3buszos utaz\u00e1s minden k\u00f6lts\u00e9g\u00e9t, az idegenvezet\u00e9st az aut\u00f3buszon \u00e9s a helyi vezet\u0151 d\u00edjaz\u00e1s\u00e1t. A r\u00e9szv\u00e9teli d\u00edj nem tartalmazza: a helyi kisbuszokat, aminek \u00e1ra 300 Lei\/f\u0151\/ 2 nap, a bucsecsi felvon\u00f3 \u00e1r\u00e1t: kb 200 Lei \u00e9s a BBP biztos\u00edt\u00e1st, (mely irod\u00e1nkban megk\u00f6thet\u0151) 4000 Ft L\u00e1tnival\u00f3k: Temesv\u00e1r A B\u00e1ns\u00e1g f\u0151v\u00e1rosa, a B\u00e1ns\u00e1g k\u00f6zep\u00e9n helyezkedik el a B\u00e9ga \u00e9s a Temes foly\u00f3k mellett. A v\u00e1ros f\u00f6ldrajzi fekv\u00e9s\u00e9nek k\u00f6sz\u00f6nhet\u0151en a t\u00f6rt\u00e9nelem sor\u00e1n strat\u00e9giai fontoss\u00e1g\u00fa hely volt. A 14. sz\u00e1zad n\u00e9h\u00e1ny \u00e9v\u00e9ben K\u00e1roly R\u00f3bert magyar kir\u00e1ly, a f\u0151urakkal folytatott harcai miatt ide helyezte sz\u00e9khely\u00e9t, ez\u00e9rt ekkor Magyarorsz\u00e1g f\u0151v\u00e1ros\u00e1nak is lehetett tekinteni. Magyarorsz\u00e1ghoz tartozott eg\u00e9szen 1918 -ig, amikor Rom\u00e1ni\u00e1hoz csatolt\u00e1k. A m\u00e1sodik vil\u00e1gh\u00e1bor\u00fa ut\u00e1n Temesv\u00e1r t\u00f6rt\u00e9net\u00e9nek legfontosabb esem\u00e9nye az 1989-es rom\u00e1niai forradalom itteni kirobban\u00e1sa volt. V\u00e1ltozatos n\u00e9pess\u00e9ge \u00e9s m\u00faltja a v\u00e1ros \u00e9p\u00edt\u00e9szet\u00e9n is megl\u00e1tszik. Szabadid\u0151nk sor\u00e1n tett s\u00e9t\u00e1nk alatt tal\u00e1lkozhatunk katolikus sz\u00e9kesegyh\u00e1zzal, hatalmas b\u00e9rpalot\u00e1kkal, Hunyadi J\u00e1nos kast\u00e9ly\u00e1val \u00e9s ortodox sz\u00e9kesegyh\u00e1zzal egyar\u00e1nt. Cs\u00e1klyak\u0151 Eg\u00e9sz napos t\u00fara. Kis buszokkal utazunk Cs\u00e1klya faluig, ahonnan indul gyalogos t\u00far\u00e1nk. A Cs\u00e1klyapatak vonal\u00e1t k\u00f6vetve t\u00f6bb v\u00edzes\u00e9s \u00e9s szikla k\u00fcl\u00f6nlegess\u00e9g mellett elhaladva \u00e9rkez\u00fcnk a cs\u00facs k\u00f6zel\u00e9be. Innen fantasztikus l\u00e1tv\u00e1ny t\u00e1rul szem\u00fcnk el\u00e9. A t\u00fara k\u00f6zepesen neh\u00e9z, nehezebb szakaszokkal. Mindenk\u00e9ppen z\u00e1rt, bok\u00e1t tart\u00f3 cip\u0151 javasolt! H\u00e1tizs\u00e1kban v\u00edzet, kekszet, szendvicset vigy\u00fcnk magunkkal. Kudzsir, Singidava er\u0151d\u00edtm\u00e9ny Singidava egy d\u00e1k f\u00f6ldv\u00e1r a Maros foly\u00f3n, Cugir v\u00e1ros\u00e1ban. Itt t\u00e1rtak fel egy hercegi s\u00edrboltot, melyben egy feln\u0151tt f\u00e9rfi \u00e9s h\u00e1rom l\u00f3 csontjait, egy sisakot, egy l\u00e1ncinget, pajzsot, egy hossz\u00fa kardot, ez\u00fcst- \u00e9s arany\u00e9kszereket, valamint egy szek\u00e9r bronz tartoz\u00e9kait, stb. tal\u00e1ltak. A d\u00e1k Cugir er\u0151d\u00edtm\u00e9ny feltehet\u0151en a Singidava er\u0151d\u00edtm\u00e9ny, amelyet Ptolemaiosz a Maros-v\u00f6lgy legnagyobb \u00e9s leggazdagabb er\u0151d\u00edtm\u00e9nyek\u00e9nt eml\u00edt. &nbsp;Citadella-domb fels\u0151 fenns\u00edkja \u00e9s az azt k\u00f6r\u00fclvev\u0151 teraszok mesters\u00e9gesek, az eredeti, csill\u00e1mpal\u00e1b\u00f3l k\u00e9sz\u00fclt k\u00fap alak\u00fa dombot lak\u00f3helyk\u00e9nt kiv\u00e1gt\u00e1k \u00e9s teraszos\u00edtott\u00e1k. K\u00f6nny\u0171 t\u00fara. Tat\u00e1rlakai korongok eml\u00e9km\u0171 A tat\u00e1rlakai lelet h\u00e1rom darab, jelekkel d\u00edsz\u00edtett agyagt\u00e1bl\u00e1cska, amelyek 1961 -ben ker\u00fcltek el\u0151 Erd\u00e9lyben, Als\u00f3tat\u00e1rlaka faluban. A leletek egyesek szerint a fellelt legkor\u00e1bbi \u00edr\u00e1sjeleket tartalmazz\u00e1k, mivel radiokarbon vizsg\u00e1latok szerint i. e. 5500 k\u00f6r\u00fcl keletkezhettek, \u00edgy kb. ezer \u00e9vvel el\u0151zik meg a legkor\u00e1bbi ismert sumer agyagt\u00e1bl\u00e1k \u00edr\u00e1sait. \u00c9ppen ez c\u00e1folja a kapcsolat\u00e1t a sumer \u00edr\u00e1ssal. A leletek jelenleg a kolozsv\u00e1ri T\u00f6rt\u00e9nelmi M\u00fazeumban tal\u00e1lhat\u00f3k. A korong megadja k\u00e9sz\u00fclt\u00e9nek idej\u00e9t. Ugyanis az Ikrekt\u0151l a Nyilasig tal\u00e1lhat\u00f3 csillagk\u00e9peket &#8211; \u00fagy, ahogyan a korongon l\u00e1that\u00f3 &#8211; csak a Kr. e. 4000-5000 k\u00f6r\u00fcli id\u0151szak tavaszi nap\u00e9jegyenl\u0151s\u00e9geinek (a Kos h\u00f3napj\u00e1nak) kezdet\u00e9n l\u00e1thatjuk egyszerre az \u00e9gen. Azt a helyet l\u00e1togatjuk meg, ahol ezek a korongok el\u0151ker\u00fcltek. V\u00f6r\u00f6s szakad\u00e9k Erd\u00e9lyi Grand Canyon \u2013 A rejt\u00e9lyes V\u00f6r\u00f6s-szakad\u00e9k titka. A szakad\u00e9k megjelen\u00e9se eg\u00e9szen rendhagy\u00f3, Erd\u00e9ly egyik legizgalmasabb l\u00e1tnival\u00f3ja, amely nem v\u00e9letlen\u00fcl kapta a Grand Canyon becenevet. Olyan, mint egy \u00e9l\u0151 seb a F\u00f6ld test\u00e9n, Sz\u00e1szsebest\u0151l 5 km-re. K\u00f6nny\u0171 t\u00fara. Kisompoly m\u00e9szk\u0151szikl\u00e1i A Kisompoly m\u00e9szk\u0151szikl\u00e1i (Calcarele de la Ampoi\u021ba) term\u00e9szeti k\u00e9pz\u0151dm\u00e9nyek, melyek a Kisompoly v\u00f6lgy\u00e9ben, a remetei kolostorhoz \u00e9s a Denev\u00e9r-barlanghoz k\u00f6zel fekszenek, a k\u00f6rny\u00e9k sz\u00e9p kir\u00e1ndul\u00f3- \u00e9s t\u00far\u00e1z\u00f3helye, m\u00e9szk\u0151form\u00e1ci\u00f3k \u00e9s barlangok jellemzik. K\u00f6nny\u0171 t\u00fara. Pokol (Csill\u00e1m) v\u00f6lgye A v\u00f6lgy k\u0151zete csill\u00e1mpala (inne n a magyar neve), de h\u00edvj\u00e1k Pokol v\u00f6lgy\u00e9nek is. Ez a ritka sz\u00e9ps\u00e9g\u0171 vadreg\u00e9nyes vid\u00e9k, csod\u00e1latos t\u00e1jakkal rejti mag\u00e1ba Erd\u00e9lyorsz\u00e1g egyed\u00fcl\u00e1ll\u00f3 term\u00e9szetes h\u00eddj\u00e1t. K\u00f6nny\u0171 t\u00fara. Bucsecs A K\u00e1rp\u00e1tok tal\u00e1n legmisztikusabb hegys\u00e9ge. A Felvon\u00f3val egy sz\u00e9les Plat\u00f3ra jutunk fel, ahol a \u201eb\u00e1bale k\u00f6vek\u201d, a Szfinx \u00e9s egy\u00e9b m\u00e1s \u00e9rdekes form\u00e1ci\u00f3k, \u201el\u00e9nyek\u201d v\u00e1rnak r\u00e1nk. \u00c9LM\u00c9NYEKBEN GAZDAG UTAZ\u00c1ST,J\u00d3 SZ\u00d3RAKOZ\u00c1ST K\u00cdV\u00c1NUNK!<\/p>\n","protected":false},"author":1,"featured_media":0,"parent":0,"menu_order":0,"comment_status":"closed","ping_status":"closed","template":"","meta":{"footnotes":""},"class_list":["post-7626","page","type-page","status-publish","hentry"],"_links":{"self":[{"href":"https:\/\/www.goforgo.hu\/index.php\/wp-json\/wp\/v2\/pages\/7626","targetHints":{"allow":["GET"]}}],"collection":[{"href":"https:\/\/www.goforgo.hu\/index.php\/wp-json\/wp\/v2\/pages"}],"about":[{"href":"https:\/\/www.goforgo.hu\/index.php\/wp-json\/wp\/v2\/types\/page"}],"author":[{"embeddable":true,"href":"https:\/\/www.goforgo.hu\/index.php\/wp-json\/wp\/v2\/users\/1"}],"replies":[{"embeddable":true,"href":"https:\/\/www.goforgo.hu\/index.php\/wp-json\/wp\/v2\/comments?post=7626"}],"version-history":[{"count":5,"href":"https:\/\/www.goforgo.hu\/index.php\/wp-json\/wp\/v2\/pages\/7626\/revisions"}],"predecessor-version":[{"id":7782,"href":"https:\/\/www.goforgo.hu\/index.php\/wp-json\/wp\/v2\/pages\/7626\/revisions\/7782"}],"wp:attachment":[{"href":"https:\/\/www.goforgo.hu\/index.php\/wp-json\/wp\/v2\/media?parent=7626"}],"curies":[{"name":"wp","href":"https:\/\/api.w.org\/{rel}","templated":true}]}}