{"id":7650,"date":"2026-01-27T08:53:39","date_gmt":"2026-01-27T08:53:39","guid":{"rendered":"https:\/\/www.goforgo.hu\/?page_id=7650"},"modified":"2026-01-27T08:53:39","modified_gmt":"2026-01-27T08:53:39","slug":"roma-es-a-vatikan","status":"publish","type":"page","link":"https:\/\/www.goforgo.hu\/index.php\/roma-es-a-vatikan\/","title":{"rendered":"R\u00f3ma \u00e9s a Vatik\u00e1n"},"content":{"rendered":"\n<figure class=\"wp-block-table\"><table class=\"has-fixed-layout\"><tbody><tr><td><strong>Id\u0151pont:<\/strong><\/td><td colspan=\"2\">2026.05.18-25.<\/td><td>pozic\u00ed\u00f3 sz\u00e1m:<\/td><td colspan=\"3\">26\/IRV\/01<\/td><td><br><\/td><\/tr><tr><td colspan=\"8\"><strong>\u00fatvonal: <\/strong>Budapest \u2013Treviso \u2013 R\u00f3ma \u2013 San Govanni di Rotondo \u2013 Cattolica \u2013 Budapest (kb. 3500 km)<\/td><\/tr><tr><td colspan=\"8\"><strong>Sz\u00e1ll\u00e1s: <\/strong>Tranzitsz\u00e1ll\u00e1sok: 3*-os sz\u00e1llod\u00e1k, R\u00f3ma: Castelfusano Int Camp. 4 \u00e1gyas mobilhomok<\/td><\/tr><tr><td colspan=\"8\">Ell\u00e1t\u00e1s: Tranzitsz\u00e1ll\u00e1sokon: f\u00e9lpanzi\u00f3, Castelfusano: \u00f6nell\u00e1t\u00e1s<\/td><\/tr><tr><td><strong>Utaz\u00e1s :<\/strong><\/td><td colspan=\"4\">az utasl\u00e9tsz\u00e1mnak megfelel\u0151 aut\u00f3busszal<\/td><td><br><\/td><td colspan=\"2\"><br><\/td><\/tr><tr><td><strong>Id\u0151tartam:<\/strong><\/td><td>8 nap \/7 \u00e9jszaka<\/td><td colspan=\"2\"><strong>Idegenvezet\u00e9s:<\/strong><\/td><td colspan=\"4\">v\u00e9gig a program alatt \u00e9s R\u00f3m\u00e1ban helyi<\/td><\/tr><\/tbody><\/table><\/figure>\n\n\n\n<h2 class=\"wp-block-heading has-text-align-center\"><strong>PROGRAM:<\/strong><\/h2>\n\n\n\n<p><strong>Indul\u00e1s: 6<\/strong><strong>:00-kor Budapest, \u00dcll\u0151i \u00fat 137 (Ecseri \u00fati OMV benzink\u00fat, kifel\u00e9 vezet\u0151 oldal\u00e1n)<\/strong><\/p>\n\n\n\n<p><strong>1. nap: 2026.05.18. <\/strong>Budapest \u2013 Treviso, Spresiano. Sz\u00e1ll\u00e1s: Hotel Spresiano, f\u00e9lpanzi\u00f3 (vacsora \u00e9s reggeli)<\/p>\n\n\n\n<p><strong>Eg\u00e9sz napos <\/strong><strong>utaz\u00e1s <\/strong>kb. 730 km<\/p>\n\n\n\n<p><strong>2. nap: 2026.05.19. <\/strong>Treviso \u2013 R\u00f3ma, tengerpartja. Sz\u00e1ll\u00e1s: Camping Internazionale di Castelfusano, Lido di Ostia<\/p>\n\n\n\n<p>Eg\u00e9sz napos utaz\u00e1s. Este elhelyezked\u00e9s a mobilh\u00e1zakban. A sz\u00e1ll\u00e1s le\u00edr\u00e1s\u00e1t lejjebb tal\u00e1lj\u00e1k! 4 \u00e9jszak\u00e1t t\u00f6lt\u00fcnk itt. \u00d6nell\u00e1t\u00e1ssal! 680 km<\/p>\n\n\n\n<p><strong>3. nap: 2026.05.20. <\/strong>R\u00f3ma<\/p>\n\n\n\n<p>Reggel t\u00f6megk\u00f6zleked\u00e9ssel bemegy\u00fcnk R\u00f3m\u00e1ba. Helyi idegenvezet\u0151ink v\u00e1rnak \u00e9s ezen a napon a Vatik\u00e1nba, a Szent P\u00e9ter Bazilik\u00e1ba megy\u00fcnk, ill. az Angyalv\u00e1rba tesz\u00fcnk l\u00e1togat\u00e1st. Este visszat\u00e9r\u00fcnk sz\u00e1ll\u00e1sunkra.<\/p>\n\n\n\n<p><strong>4. nap: 2026.05.21. <\/strong>R\u00f3ma<\/p>\n\n\n\n<p>Reggel t\u00f6megk\u00f6zleked\u00e9ssel bemegy\u00fcnk R\u00f3m\u00e1ba. Helyi idegenvezet\u0151ink ism\u00e9t v\u00e1rnak r\u00e1nk \u00e9s a mai napon a Collosseum, Forom Romanum, Pantheon l\u00e1togat\u00e1s a programunk. Este visszat\u00e9r\u00fcnk sz\u00e1ll\u00e1sunkra.<\/p>\n\n\n\n<p><strong>5. nap: 2026.05.22.<\/strong> Szabad nap<\/p>\n\n\n\n<p>Kedves Utasaink v\u00e1laszhatnak:<\/p>\n\n\n\n<ol class=\"wp-block-list\">\n<li>d\u00e9lel\u0151tt kir\u00e1ndul\u00e1st tesz\u00fcnk az antik Ostia kik\u00f6t\u0151j\u00e9be \u00e9s d\u00e9lut\u00e1n szabadon bemehetnek R\u00f3m\u00e1ba<\/li>\n\n\n\n<li>vagy m\u00e9g egy\u00e9nileg visszamennek eg\u00e9sz napra R\u00f3m\u00e1ba,<\/li>\n\n\n\n<li>vagy pihennek a tengerparton.<\/li>\n<\/ol>\n\n\n\n<p><strong>6. nap: 2026.05.23.<\/strong> R\u00f3ma &#8211; San Giovanni Rotondo, utaz\u00e1s<\/p>\n\n\n\n<p>Reggel indul\u00e1s San Giovanni Rotondoba, ahol Pio atya van eltemetve. 450 km<\/p>\n\n\n\n<p>Sz\u00e1ll\u00e1s: Hotel Sollievo , f\u00e9lpanzi\u00f3 (vacsora, reggeli)<\/p>\n\n\n\n<p><strong>7. nap: 2026.05.24.<\/strong> San Giovanni Rotondo &#8211; Cattolica<\/p>\n\n\n\n<p>D\u00e9lel\u0151tt l\u00e1togat\u00e1s Pio atya s\u00edrj\u00e1n\u00e1l.<\/p>\n\n\n\n<p>11:00-kor indul\u00e1s Cattolic\u00e1ba 430 km<\/p>\n\n\n\n<p>Este sz\u00e1ll\u00e1s: Hotel Alexander, Cattolica, f\u00e9lpanzi\u00f3 (vacsora, reggeli)<\/p>\n\n\n\n<p><strong>8. nap: 2026.05.25.<\/strong> Cattolica \u2013 Budapest 1100 km<\/p>\n\n\n\n<p>\u00e9rkez\u00e9s a k\u00e9s\u0151 \u00e9jjeli \u00f3r\u00e1kban<\/p>\n\n\n\n<h1 class=\"wp-block-heading has-text-align-center\">R\u00e9szv\u00e9teli d\u00edj: <em>430 000 Ft + 125 \u20ac<\/em><\/h1>\n\n\n\n<p><em><strong>minimum l\u00e9tsz\u00e1m: 40 f\u0151<\/strong><\/em><\/p>\n\n\n\n<p><em><u><strong>A r\u00e9szv\u00e9teli d\u00edj tartalmazza<\/strong><\/u><strong>:<\/strong> a 7 \u00e9jszaka sz\u00e1ll\u00e1st, 3 reggeli + 3 vacsora, a 72 \u00f3r\u00e1s Roma Pass (r\u00f3mai t\u00f6megk\u00f6zleked\u00e9s + bel\u00e9p\u0151 kedvezm\u00e9nyek), az aut\u00f3buszos utaz\u00e1s minden k\u00f6lts\u00e9g\u00e9t, az idegenvezet\u00e9st az aut\u00f3buszon \u00e9s a 2 r\u00f3mai vezet\u0151 d\u00edjaz\u00e1s\u00e1t, a k\u00f6telez\u0151 f\u00fclhallgat\u00f3k b\u00e9rleti \u00e9s haszn\u00e1lati d\u00edj\u00e1t 2 napra. Bel\u00e9p\u0151t a Colosseumba, a Palatinusra, a Forum Romanumba, az Angyalv\u00e1rba \u00e9s a Pantheonba. <\/em><\/p>\n\n\n\n<p><em><u><strong>A r\u00e9szv\u00e9teli d\u00edj nem tartalmazza<\/strong><\/u><strong>:<\/strong> a plusz, helysz\u00ednen eld\u0151lt, esetleges bel\u00e9p\u0151ket \u00e9s a BBP biztos\u00edt\u00e1st, (mely irod\u00e1nkban megk\u00f6thet\u0151) <strong>6 000 Ft<\/strong><\/em><\/p>\n\n\n\n<p class=\"has-text-align-center\"><strong>L\u00e1tnival\u00f3k:<\/strong><\/p>\n\n\n\n<p>R\u00f3m\u00e1ban k\u00f6telez\u0151 a helyi idegenvezet\u0151 \u00e9s maximum 25 f\u0151t vihet be 1-1 helysz\u00ednre, \u00edgy 2 helyi idegenvezet\u0151t kell felfogadni a csoportunk mell\u00e9. Csoportunkat 2 kisebb csoportra kell osztanunk. M\u00e9g az odafel\u00e9 uton t\u00e1j\u00e9koztatjuk kedves utasainkat, hogy ki, melyik csoporthoz, melyik idegenvezet\u0151h\u00f6z fog tartozni, megel\u0151zve ezzel a kevered\u00e9st. A helyi idegenvezet\u0151k k\u00f6telesek f\u00fclhallgat\u00f3val vinni a csoportot, aminek b\u00e9rleti d\u00edja van \u00e9s egyes helysz\u00edneken haszn\u00e1lati d\u00edjat is fizetettnek \u00e9rte. Ez a f\u00fcllhalgat\u00f3 arra is j\u00f3, hogy a t\u00f6megben ne vessz\u00fcnk el, mert halljuk, hogy mit mond az idegenvezet\u0151, mikor \u00e9s hol tal\u00e1lkozunk, indulunk tov\u00e1bb. Ez\u00e9rt k\u00e9rj\u00fck kedves utasainkat, hogy ne kapcsolj\u00e1k ki!<\/p>\n\n\n\n<p>Tapasztalataink alapj\u00e1n a fontosabb l\u00e1tnival\u00f3kn\u00e1l minimum 1-2 \u00f3r\u00e1s v\u00e1rakoz\u00e1s sz\u00fcks\u00e9ges a biztons\u00e1gi ellen\u0151rz\u00e9sen val\u00f3 \u00e1tjut\u00e1shoz. Ez\u00e9rt a 25 f\u0151s csoportjuknak egy\u00fctt kell mozognia, a v\u00e1rosn\u00e9z\u00e9s alatt ne maradjuk le! Lesz szabadid\u0151.<\/p>\n\n\n\n<p><strong>Vatik\u00e1n:<\/strong><\/p>\n\n\n\n<p>Kir\u00e1ndul\u00e1sunk sor\u00e1n a Vatik\u00e1nban csoportosan csak a Szent P\u00e9ter Bazilik\u00e1t tekintj\u00fck meg bel\u00fclr\u0151l. <\/p>\n\n\n\n<p><a><\/a><a><\/a><a><\/a><a><\/a><a><\/a> A jelenlegi bazilik\u00e1t &#8211; a hagyom\u00e1ny szerint Szent P\u00e9ter apostol s\u00edrja felett \u2013 kedt\u00e9k el \u00e9p\u00edteni II. Gyula p\u00e1pa idej\u00e9ben, a 16. sz\u00e1zad elej\u00e9n, az akkor r\u00e9szlegesen lebontott r\u00e9gi r\u00f3mai Szent P\u00e9ter-bazilika hely\u00e9re. Tervez\u00e9s\u00e9ben, kivitelez\u00e9s\u00e9ben olyan m\u0171v\u00e9szek vettek r\u00e9szt, mint Donato Bramante, Raffaello Sanzio, Michelangelo, Carlo Maderno \u00e9s nem utols\u00f3 sorban Bronw k\u00f6nyvei \u00f3ta h\u00edress\u00e9 v\u00e1lt Giovanni Lorenzo Bernini.<\/p>\n\n\n\n<figure class=\"wp-block-image size-large\"><a href=\"https:\/\/www.goforgo.hu\/wp-content\/uploads\/2026\/01\/vaticancity.jpg\"><img loading=\"lazy\" decoding=\"async\" width=\"1024\" height=\"1024\" src=\"https:\/\/www.goforgo.hu\/wp-content\/uploads\/2026\/01\/vaticancity-1024x1024.jpg\" alt=\"\" class=\"wp-image-7652\" srcset=\"https:\/\/www.goforgo.hu\/wp-content\/uploads\/2026\/01\/vaticancity-1024x1024.jpg 1024w, https:\/\/www.goforgo.hu\/wp-content\/uploads\/2026\/01\/vaticancity-300x300.jpg 300w, https:\/\/www.goforgo.hu\/wp-content\/uploads\/2026\/01\/vaticancity-150x150.jpg 150w, https:\/\/www.goforgo.hu\/wp-content\/uploads\/2026\/01\/vaticancity-768x768.jpg 768w, https:\/\/www.goforgo.hu\/wp-content\/uploads\/2026\/01\/vaticancity-75x75.jpg 75w, https:\/\/www.goforgo.hu\/wp-content\/uploads\/2026\/01\/vaticancity.jpg 1080w\" sizes=\"auto, (max-width: 1024px) 100vw, 1024px\" \/><\/a><\/figure>\n\n\n\n<p><strong>Angyalv\u00e1r<\/strong><\/p>\n\n\n\n<p>Hadrianus cs\u00e1sz\u00e1r saj\u00e1t s\u00edreml\u00e9k\u00e9nek emeltette \u00e9s a r\u00f3mai cs\u00e1sz\u00e1rok temetkez\u00e9si hely\u00e9v\u00e9 v\u00e1lt. K\u00e9s\u0151bb a v\u00e1ros v\u00e9d\u0151falrendszer\u00e9nek egyik k\u00f6zponti v\u00e9dm\u0171v\u00e9v\u00e9 alak\u00edtott\u00e1k \u00e1t. A t\u00f6rt\u00e9nete sor\u00e1n t\u00f6bb \u00edzben a p\u00e1p\u00e1k mened\u00e9ke volt, ha a Vatik\u00e1n m\u00e1r nem volt el\u00e9g biztons\u00e1gos sz\u00e1mukra. Majd az 1400 \u00e9vek k\u00f6zep\u00e9t\u0151l, nyugodtabb id\u0151kben a p\u00e1p\u00e1k ny\u00e1ri lakhelye volt, ez\u00e9rt falfestm\u00e9nyekkel d\u00edsz\u00edtett\u00e9k \u00e9s v\u00e1laszt\u00e9kos \u00edzl\u00e9ssel b\u00fatorozt\u00e1k.<\/p>\n\n\n\n<figure class=\"wp-block-image size-large\"><a href=\"https:\/\/www.goforgo.hu\/wp-content\/uploads\/2026\/01\/Angyalvar-2.jpg\"><img loading=\"lazy\" decoding=\"async\" width=\"1024\" height=\"683\" src=\"https:\/\/www.goforgo.hu\/wp-content\/uploads\/2026\/01\/Angyalvar-2-1024x683.jpg\" alt=\"\" class=\"wp-image-7654\" srcset=\"https:\/\/www.goforgo.hu\/wp-content\/uploads\/2026\/01\/Angyalvar-2-1024x683.jpg 1024w, https:\/\/www.goforgo.hu\/wp-content\/uploads\/2026\/01\/Angyalvar-2-768x512.jpg 768w, https:\/\/www.goforgo.hu\/wp-content\/uploads\/2026\/01\/Angyalvar-2-1140x760.jpg 1140w, https:\/\/www.goforgo.hu\/wp-content\/uploads\/2026\/01\/Angyalvar-2.jpg 1500w\" sizes=\"auto, (max-width: 1024px) 100vw, 1024px\" \/><\/a><figcaption class=\"wp-element-caption\">xr:d:DAFCJ5viyNs:371,j:1328955795161019759,t:23061909<\/figcaption><\/figure>\n\n\n\n<p><strong>Angyalh\u00edd<\/strong><\/p>\n\n\n\n<p>Az \u00fajj\u00e1\u00e9p\u00edtett Angyalhidat a \u201eBernini sz\u00e9llelb\u00e9lelt \u0151r\u00fclteinek\u201d nevezett szobrok d\u00edsz\u00edtik. A szoborcsoport legt\u00f6bb angyal\u00e1t a kor szok\u00e1sa szerint mester\u00fck tervei alapj\u00e1n Giovanni Lorenzo Bernini tan\u00edtv\u00e1nyai faragt\u00e1k. Nev\u00fcket onnan kapt\u00e1k, hogy az angyalok k\u00f6peny\u00e9t sz\u00e9l dagasztja, cib\u00e1lja.<\/p>\n\n\n\n<figure class=\"wp-block-image size-large\"><a href=\"https:\/\/www.goforgo.hu\/wp-content\/uploads\/2026\/01\/Angyalvar.jpg\"><img loading=\"lazy\" decoding=\"async\" width=\"1024\" height=\"640\" src=\"https:\/\/www.goforgo.hu\/wp-content\/uploads\/2026\/01\/Angyalvar-1024x640.jpg\" alt=\"\" class=\"wp-image-7655\" srcset=\"https:\/\/www.goforgo.hu\/wp-content\/uploads\/2026\/01\/Angyalvar-1024x640.jpg 1024w, https:\/\/www.goforgo.hu\/wp-content\/uploads\/2026\/01\/Angyalvar-768x480.jpg 768w, https:\/\/www.goforgo.hu\/wp-content\/uploads\/2026\/01\/Angyalvar-1536x960.jpg 1536w, https:\/\/www.goforgo.hu\/wp-content\/uploads\/2026\/01\/Angyalvar-1140x713.jpg 1140w, https:\/\/www.goforgo.hu\/wp-content\/uploads\/2026\/01\/Angyalvar.jpg 1600w\" sizes=\"auto, (max-width: 1024px) 100vw, 1024px\" \/><\/a><\/figure>\n\n\n\n<p><strong>Colosseum<\/strong><\/p>\n\n\n\n<p>A Colosseum \u00e9p\u00edt\u00e9se Vespasianus cs\u00e1sz\u00e1r ideje alatt, 72-ben kezd\u0151d\u00f6tt, 4 \u00e9vig tartott. A felavat\u00e1s szertart\u00e1sos \u00fcnneps\u00e9g keret\u00e9ben t\u00f6rt\u00e9nt, amely 100 napig tzartott. Az \u00e9p\u00edt\u00e9st \u00e9s karbantart\u00e1st a cs\u00e1sz\u00e1rok fedezt\u00e9k.<\/p>\n\n\n\n<p>Eredetileg Flavius amfite\u00e1trum\u00e1nak h\u00edvt\u00e1k <em>(Amphiteatrum Flavium)<\/em>. Mai nev\u00e9t a k\u00f6z\u00e9pkorban kapta. Az \u00e9p\u00fcletet gladi\u00e1tor- \u00e9s \u00e1llatviadalok, valamint sz\u00e1razf\u00f6ldi \u00e9s tengeri csat\u00e1k \u00fajraj\u00e1tsz\u00e1s\u00e1nak sz\u00ednhely\u00e9\u00fcl tervezt\u00e9k \u00e9s a korhoz k\u00e9pest hatalmas m\u00e9ret\u0171 n\u00e9z\u0151t\u00f6meg befogad\u00e1s\u00e1ra volt k\u00e9pes. 450 \u00e9ven \u00e1t szolg\u00e1lta R\u00f3ma polg\u00e1rait; az utols\u00f3 viadalokat i. sz. 523-ban rendezt\u00e9k. Ezut\u00e1n az emelked\u0151 k\u00f6lts\u00e9gek \u00e9s a f\u00f6ldreng\u00e9sek k\u00e1rt\u00e9tele miatt eln\u00e9ptelenedett; a k\u00f6vek nagy r\u00e9sz\u00e9t elhordt\u00e1k.<\/p>\n\n\n\n<figure class=\"wp-block-image size-large\"><a href=\"https:\/\/www.goforgo.hu\/wp-content\/uploads\/2026\/01\/colosseum-rome-scaled.jpeg\"><img loading=\"lazy\" decoding=\"async\" width=\"1024\" height=\"559\" src=\"https:\/\/www.goforgo.hu\/wp-content\/uploads\/2026\/01\/colosseum-rome-1024x559.jpeg\" alt=\"\" class=\"wp-image-7656\" srcset=\"https:\/\/www.goforgo.hu\/wp-content\/uploads\/2026\/01\/colosseum-rome-1024x559.jpeg 1024w, https:\/\/www.goforgo.hu\/wp-content\/uploads\/2026\/01\/colosseum-rome-768x419.jpeg 768w, https:\/\/www.goforgo.hu\/wp-content\/uploads\/2026\/01\/colosseum-rome-1536x838.jpeg 1536w, https:\/\/www.goforgo.hu\/wp-content\/uploads\/2026\/01\/colosseum-rome-2048x1117.jpeg 2048w, https:\/\/www.goforgo.hu\/wp-content\/uploads\/2026\/01\/colosseum-rome-1140x622.jpeg 1140w\" sizes=\"auto, (max-width: 1024px) 100vw, 1024px\" \/><\/a><\/figure>\n\n\n\n<p><strong>Palatinus<\/strong><\/p>\n\n\n\n<p>A mai R\u00f3ma egy v\u00e1rosr\u00e9sze, az \u00f3kori R\u00f3ma h\u00e9t dombj\u00e1nak egyike. Tele volt el\u0151kel\u0151 mag\u00e1nh\u00e1zakkal, melyek romjai k\u00f6z\u00fcl csak egy maradt meg el\u00e9g j\u00f3 \u00e1llapotban,Tiberius cs\u00e1sz\u00e1r atyj\u00e1nak, Tiberius Claudius Ner\u00f3nak \u00e9s feles\u00e9g\u00e9nek Livi\u00e1nak a h\u00e1za \u00e9rdekes falfestm\u00e9nyekkel.<\/p>\n\n\n\n<figure class=\"wp-block-image size-full\"><a href=\"https:\/\/www.goforgo.hu\/wp-content\/uploads\/2026\/01\/Palatinus.jpg\"><img loading=\"lazy\" decoding=\"async\" width=\"900\" height=\"507\" src=\"https:\/\/www.goforgo.hu\/wp-content\/uploads\/2026\/01\/Palatinus.jpg\" alt=\"\" class=\"wp-image-7657\" srcset=\"https:\/\/www.goforgo.hu\/wp-content\/uploads\/2026\/01\/Palatinus.jpg 900w, https:\/\/www.goforgo.hu\/wp-content\/uploads\/2026\/01\/Palatinus-768x433.jpg 768w\" sizes=\"auto, (max-width: 900px) 100vw, 900px\" \/><\/a><\/figure>\n\n\n\n<p><strong>Forum Romanum<\/strong><\/p>\n\n\n\n<p>A Forum Romanum, vagy ahogy a r\u00f3maiak gyakrabban nevezt\u00e9k Forum Magnum (a mai <em>Campo di Vaccino<\/em>) az \u00f3kori R\u00f3ma f\u0151 f\u00f3ruma, azaz k\u00f6ztere, mely a kereskedelmi \u00e9s politikai vil\u00e1g \u00e9rintkez\u0151hely\u00e9nek sz\u00e1m\u00edtott. A ter\u00fclet eredetileg ingov\u00e1nyos hely volt, melyet Lucius Tarquinius Priscus sz\u00e1r\u00edttatott ki \u00e9s v\u00e9tetett k\u00f6r\u00fcl oszlopos csarnokokkal, melyek \u00fcd\u00fcl\u00e9sre \u00e9s s\u00e9tahely\u00fcl is szolg\u00e1ltak. Kis m\u00e9rete ellen\u00e9re rengeteg \u00e9p\u00fclet \u00e9s eml\u00e9km\u0171 \u00e1llt itt. Az \u00f3kori R\u00f3m\u00e1ban hozz\u00e1vet\u0151legesen 18 forum, azaz nyilv\u00e1nos t\u00e9r volt, melyek a k\u00f6vetkez\u0151 kateg\u00f3ri\u00e1kra oszlottak: t\u00f6rv\u00e9nykez\u00e9s tere <em>(forum civile), <\/em>kereskedelmi t\u00e9r <em>(forum venale), <\/em>marhav\u00e1s\u00e1r <em>(forum boarium, <\/em>z\u00f6lds\u00e9g- <em>(holitorium)<\/em>, hal-, h\u00fas-, sert\u00e9spiac <em>(piscarium, macellum, suarium) <\/em>stb.<\/p>\n\n\n\n<figure class=\"wp-block-image size-large\"><a href=\"https:\/\/www.goforgo.hu\/wp-content\/uploads\/2026\/01\/Forum-Roma.jpg\"><img loading=\"lazy\" decoding=\"async\" width=\"1024\" height=\"421\" src=\"https:\/\/www.goforgo.hu\/wp-content\/uploads\/2026\/01\/Forum-Roma-1024x421.jpg\" alt=\"\" class=\"wp-image-7659\" srcset=\"https:\/\/www.goforgo.hu\/wp-content\/uploads\/2026\/01\/Forum-Roma-1024x421.jpg 1024w, https:\/\/www.goforgo.hu\/wp-content\/uploads\/2026\/01\/Forum-Roma-768x316.jpg 768w, https:\/\/www.goforgo.hu\/wp-content\/uploads\/2026\/01\/Forum-Roma-1140x468.jpg 1140w, https:\/\/www.goforgo.hu\/wp-content\/uploads\/2026\/01\/Forum-Roma.jpg 1280w\" sizes=\"auto, (max-width: 1024px) 100vw, 1024px\" \/><\/a><\/figure>\n\n\n\n<p><strong>Pantheon<\/strong><\/p>\n\n\n\n<p>A <strong>Pantheon<\/strong>t i. e. 27-ben emeltette Marcus Vipsanius Agrippa, val\u00f3sz\u00edn\u0171leg a korabeli R\u00f3ma minden isten\u00e9nek egy\u00fcttes tisztelet\u00e9re. T\u00f6bb t\u0171zv\u00e9sz \u00e9s \u00e1t\u00e9p\u00edt\u00e9s ut\u00e1n v\u00e9gleges, ma is l\u00e1that\u00f3 form\u00e1j\u00e1t Hadrianus cs\u00e1sz\u00e1r idej\u00e9n nyerte el, aki szinte az alapjait\u00f3l \u00e9p\u00edttette \u00fajj\u00e1 120 k\u00f6r\u00fcl. A templom s\u00edrboltjaiban nyugszik az olasz egys\u00e9g megteremt\u00e9se ut\u00e1ni els\u0151 k\u00e9t kir\u00e1ly. Neve az \u00fajkorban fogalomm\u00e1 v\u00e1lt, mint a kiemelked\u0151 szem\u00e9lyis\u00e9gek temetkez\u00e9si hely\u00e9\u00fcl szolg\u00e1l\u00f3 nagyszab\u00e1s\u00fa \u00e9p\u00fclet. Ilyen pantheonok \u00e9p\u00fcltek a vil\u00e1g sz\u00e1mos v\u00e1ros\u00e1ban.<\/p>\n\n\n\n<figure class=\"wp-block-image size-large\"><a href=\"https:\/\/www.goforgo.hu\/wp-content\/uploads\/2026\/01\/pantheon-3-scaled.jpeg\"><img loading=\"lazy\" decoding=\"async\" width=\"1024\" height=\"683\" src=\"https:\/\/www.goforgo.hu\/wp-content\/uploads\/2026\/01\/pantheon-3-1024x683.jpeg\" alt=\"\" class=\"wp-image-7662\" srcset=\"https:\/\/www.goforgo.hu\/wp-content\/uploads\/2026\/01\/pantheon-3-1024x683.jpeg 1024w, https:\/\/www.goforgo.hu\/wp-content\/uploads\/2026\/01\/pantheon-3-768x512.jpeg 768w, https:\/\/www.goforgo.hu\/wp-content\/uploads\/2026\/01\/pantheon-3-1536x1024.jpeg 1536w, https:\/\/www.goforgo.hu\/wp-content\/uploads\/2026\/01\/pantheon-3-2048x1365.jpeg 2048w, https:\/\/www.goforgo.hu\/wp-content\/uploads\/2026\/01\/pantheon-3-1140x760.jpeg 1140w\" sizes=\"auto, (max-width: 1024px) 100vw, 1024px\" \/><\/a><figcaption class=\"wp-element-caption\">Inside the Pantheon in Rome, Italy. Light shining through a famous central opening, oculus in the ceiling<\/figcaption><\/figure>\n\n\n\n<p><strong>Ostia<\/strong><\/p>\n\n\n\n<p>Osti\u00e1t Ancus Martius (Marcius), az \u00f3kori R\u00f3ma negyedik uralkod\u00f3ja alap\u00edtotta. Az \u00faj telep\u00fcl\u00e9s h\u00e1romf\u00e9le c\u00e9lt szolg\u00e1lt &#8211; kij\u00e1ratot nyitott a tengerre, biztos\u00edtotta a s\u00f3- \u00e9s gabonaell\u00e1t\u00e1st, valamint megg\u00e1tolta, hogy az ellens\u00e9g felhaj\u00f3zzon a Tiberisen (Tever\u00e9n). Ostia kik\u00f6t\u0151v\u00e1ros-jellege tiszt\u00e1n r\u00f3mai \u00e9s it\u00e1liai: sem g\u00f6r\u00f6g, sem hellenisztikus befoly\u00e1s nem zavarta a v\u00e1rosalkot\u00f3 r\u00f3mai szellem munk\u00e1j\u00e1t ezen a ponton. B\u00e1r nemzetk\u00f6zi keresked\u0151v\u00e1ros, m\u00e9gis eg\u00e9szen r\u00f3mai; \u00e9ppen ez\u00e9rt h\u0171s\u00e9gesebb k\u00e9pet ad az \u00f3kori r\u00f3mai v\u00e1rosr\u00f3l, mint b\u00e1rmelyik m\u00e1sik kort\u00e1rsa. Ostia kik\u00f6t\u0151je, k\u00f6zterei, bazilik\u00e1i, templomai, f\u00fcrd\u0151i, \u00fczleth\u00e1zai, rakt\u00e1rai, c\u00e9hirod\u00e1i a maga teljess\u00e9g\u00e9ben mutatj\u00e1k a cs\u00e1sz\u00e1ri R\u00f3ma legjellegzetesebb keresked\u0151v\u00e1ros\u00e1nak arc\u00e1t.<\/p>\n\n\n\n<figure class=\"wp-block-image size-large\"><a href=\"https:\/\/www.goforgo.hu\/wp-content\/uploads\/2026\/01\/Ostia-scaled.jpg\"><img loading=\"lazy\" decoding=\"async\" width=\"1024\" height=\"577\" src=\"https:\/\/www.goforgo.hu\/wp-content\/uploads\/2026\/01\/Ostia-1024x577.jpg\" alt=\"\" class=\"wp-image-7663\" srcset=\"https:\/\/www.goforgo.hu\/wp-content\/uploads\/2026\/01\/Ostia-1024x577.jpg 1024w, https:\/\/www.goforgo.hu\/wp-content\/uploads\/2026\/01\/Ostia-768x432.jpg 768w, https:\/\/www.goforgo.hu\/wp-content\/uploads\/2026\/01\/Ostia-1536x865.jpg 1536w, https:\/\/www.goforgo.hu\/wp-content\/uploads\/2026\/01\/Ostia-2048x1153.jpg 2048w, https:\/\/www.goforgo.hu\/wp-content\/uploads\/2026\/01\/Ostia-1140x642.jpg 1140w\" sizes=\"auto, (max-width: 1024px) 100vw, 1024px\" \/><\/a><\/figure>\n\n\n\n<p><strong>San Giovanni Rotondo<\/strong><\/p>\n\n\n\n<p>San Giovanni Rotondo a vil\u00e1g egyik legjelent\u0151sebb zar\u00e1ndokhelye, ahol Pio atya (Szent Pio) 1916-t\u00f3l 1968-ban bek\u00f6vetkezett hal\u00e1l\u00e1ig \u00e9lt \u00e9s tev\u00e9kenykedett. A Gargano-hegys\u00e9gben fekv\u0151 kisv\u00e1ros k\u00f6zpontja a Santa Maria delle Grazie kapucinus kolostor, a r\u00e9gi templom, valamint a Renzo Piano \u00e1ltal tervezett modern, 2004-ben felszentelt Szent Pio templom, ahol Szent Pio f\u00f6ldi maradv\u00e1nyai nyugszanak. A helysz\u00edn a csend, az ima \u00e9s a miszticizmus l\u00e9gk\u00f6r\u00e9t k\u00edn\u00e1lja a l\u00e1togat\u00f3knak, ahol minden helysz\u00edn szorosan \u00f6sszekapcsol\u00f3dik a szent \u00e9let\u00e9vel.<\/p>\n\n\n<div class=\"wp-block-image\">\n<figure class=\"aligncenter size-full\"><a href=\"https:\/\/www.goforgo.hu\/wp-content\/uploads\/2026\/01\/San-Pio.jpg\"><img loading=\"lazy\" decoding=\"async\" width=\"500\" height=\"400\" src=\"https:\/\/www.goforgo.hu\/wp-content\/uploads\/2026\/01\/San-Pio.jpg\" alt=\"\" class=\"wp-image-7664\"\/><\/a><\/figure><\/div>\n\n\n<figure class=\"wp-block-image size-large\"><a href=\"https:\/\/www.goforgo.hu\/wp-content\/uploads\/2026\/01\/Saint-Padre-Pio.jpg\"><img loading=\"lazy\" decoding=\"async\" width=\"1024\" height=\"768\" src=\"https:\/\/www.goforgo.hu\/wp-content\/uploads\/2026\/01\/Saint-Padre-Pio-1024x768.jpg\" alt=\"\" class=\"wp-image-7667\" srcset=\"https:\/\/www.goforgo.hu\/wp-content\/uploads\/2026\/01\/Saint-Padre-Pio-1024x768.jpg 1024w, https:\/\/www.goforgo.hu\/wp-content\/uploads\/2026\/01\/Saint-Padre-Pio-768x576.jpg 768w, https:\/\/www.goforgo.hu\/wp-content\/uploads\/2026\/01\/Saint-Padre-Pio-1140x855.jpg 1140w, https:\/\/www.goforgo.hu\/wp-content\/uploads\/2026\/01\/Saint-Padre-Pio.jpg 1280w\" sizes=\"auto, (max-width: 1024px) 100vw, 1024px\" \/><\/a><\/figure>\n\n\n\n<h2 class=\"wp-block-heading has-text-align-center\"><strong>72 \u00f3r\u00e1s Roma Pass:<\/strong><\/h2>\n\n\n\n<p><strong>Mivel buszunkkal nem mehet\u00fcnk be R\u00f3m\u00e1ba, \u00edgy t\u00f6megk\u00f6zleked\u00e9st haszn\u00e1lunk \u00e9s gyalogolunk.<\/strong><\/p>\n\n\n\n<p><strong>A Roma Pass t\u00f6megk\u00f6zleked\u00e9si b\u00e9rlet \u00e9s kedvezm\u00e9nyre jogos\u00edt R\u00f3ma m\u00fazeumainak nagyr\u00e9sz\u00e9ben. Mit tartalmazz?<\/strong><\/p>\n\n\n\n<p><strong>A <\/strong><strong>t\u00f6megk\u00f6zleked\u00e9si eszk\u00f6z\u00f6k korl\u00e1tlan haszn\u00e1lata 72 \u00f3r\u00e1n kereszt\u00fcl, bele\u00e9rtve a Lidora viv\u0151 gyorsvas\u00fatat is. A gyorsvas\u00fathoz kiv\u00edv\u0151 aut\u00f3buszra a kemping recepci\u00f3j\u00e1n tudunk jegyet v\u00e1ltani.<\/strong><\/p>\n\n\n\n<p>A Roma Pass max. 25% kedvezm\u00e9nyt biztos\u00edta v\u00e1rosn\u00e9z\u0151 k\u00f6rutak \u00e9s t\u00far\u00e1k \u00e1r\u00e1b\u00f3l, k\u00fcl\u00f6nb\u00f6z\u0151 kedvezm\u00e9nyeket biztos\u00edt m\u00fazeumok, l\u00e1tnival\u00f3k, rendezv\u00e9nyek, sz\u00e1mos ki\u00e1ll\u00edt\u00e1s, stb. \u00e1r\u00e1b\u00f3l is.<\/p>\n\n\n\n<p>A Roma Pass mell\u00e9 a csoportunk programja szerint bel\u00e9p\u0151t biztos\u00edtunk:<\/p>\n\n\n\n<ul class=\"wp-block-list\">\n<li>Colosseumba<\/li>\n\n\n\n<li>Palatinusra<\/li>\n\n\n\n<li>Forum Romanumba<\/li>\n\n\n\n<li>Angyalv\u00e1rba<\/li>\n\n\n\n<li>Pantheonba<\/li>\n<\/ul>\n\n\n\n<p><strong>Figyelem! A Roma Pass <\/strong><strong>n\u00e9vre sz\u00f3l<\/strong><strong>. Ahhoz, hogy meg tudjuk \u00d6nnek venni meg kell adnia a s<\/strong><strong>zem\u00e9lyigazolv\u00e1ny\u00e1ban szerepl\u0151 nev\u00e9t \u00e9s sz\u00fclet\u00e9si d\u00e1tum\u00e1t.<\/strong><strong> Ha ellen\u0151rz\u00e9skor nem egyezik, nem tud r\u00e9szt venni a programokon! Ezekre a helysz\u00ednekre el\u0151re kell id\u0151pontot foglalnunk, \u00edgy sorrendet, programot v\u00e1ltoztatni nem tudunk!<\/strong><\/p>\n\n\n\n<h2 class=\"wp-block-heading has-text-align-center\"><strong>Cestalfusano Camping:<\/strong><\/h2>\n\n\n\n<p>Csoportunk 2026.05.19-23. k\u00f6z\u00f6tt 4 \u00e9jszak\u00e1t fog itt t\u00f6lteni.<\/p>\n\n\n\n<p>Elhelyez\u00e9s 4 f\u0151s Typ C mobilhomokban (telep\u00edtett lak\u00f3aut\u00f3k). Az alaprajz al\u00e1pj\u00e1n l\u00e1tszik, hogy 1-1 lak\u00f3kocsi 2 h\u00e1l\u00f3szob\u00e1val (egy francia\u00e1gyas \u00e9s egy k\u00fcl\u00f6n\u00e1gyas), egy f\u00fcrd\u0151szob\u00e1val, felszerelt konyh\u00e1val, \u00e9tkez\u0151vel \u00e9s ki\u00fcl\u0151terasszal rendelkezik. P\u00e1rokat egy\u00fctt, egyed\u00fcl utaz\u00f3kat 3-as\u00e1val helyezt\u00fck el 1-1 mobilhomban. Sajnos egy\u00e1gyas elhelyez\u00e9sre, a mobilhomok v\u00e9ges sz\u00e1ma miatt nincs lehet\u0151s\u00e9g.<\/p>\n\n\n\n<figure class=\"wp-block-image size-full\"><a href=\"https:\/\/www.goforgo.hu\/wp-content\/uploads\/2026\/01\/BUNGALOW-TIPO-C-15.jpg\"><img loading=\"lazy\" decoding=\"async\" width=\"777\" height=\"583\" src=\"https:\/\/www.goforgo.hu\/wp-content\/uploads\/2026\/01\/BUNGALOW-TIPO-C-15.jpg\" alt=\"\" class=\"wp-image-7665\" srcset=\"https:\/\/www.goforgo.hu\/wp-content\/uploads\/2026\/01\/BUNGALOW-TIPO-C-15.jpg 777w, https:\/\/www.goforgo.hu\/wp-content\/uploads\/2026\/01\/BUNGALOW-TIPO-C-15-768x576.jpg 768w\" sizes=\"auto, (max-width: 777px) 100vw, 777px\" \/><\/a><\/figure>\n\n\n\n<p>Ell\u00e1t\u00e1s erre a 4 \u00e9jszak\u00e1ra: \u00f6nell\u00e1t\u00e1s.<\/p>\n\n\n\n<p>A lak\u00f3kocsiban teljesen felszerelt konyha v\u00e1rja utasainkat. A kemping bej\u00e1rata mellet bev\u00e1s\u00e1rl\u00e1ra alkalmas Supermercato, \u00e9lelmiszert \u00e9s egy\u00e9bb apr\u00f3cikkeket \u00e1rul\u00f3 bolt tal\u00e1lhat\u00f3, illetve szint\u00e9n itt van egy \u00e9tterem, ahol olaszos \u00e9telekkel v\u00e1rj\u00e1k a vend\u00e9geket.<\/p>\n\n\n\n<figure class=\"wp-block-image size-large\"><a href=\"https:\/\/www.goforgo.hu\/wp-content\/uploads\/2026\/01\/collage-lakokocsi-Castelfusano-scaled.jpg\"><img loading=\"lazy\" decoding=\"async\" width=\"1024\" height=\"341\" src=\"https:\/\/www.goforgo.hu\/wp-content\/uploads\/2026\/01\/collage-lakokocsi-Castelfusano-1024x341.jpg\" alt=\"\" class=\"wp-image-7668\" srcset=\"https:\/\/www.goforgo.hu\/wp-content\/uploads\/2026\/01\/collage-lakokocsi-Castelfusano-1024x341.jpg 1024w, https:\/\/www.goforgo.hu\/wp-content\/uploads\/2026\/01\/collage-lakokocsi-Castelfusano-768x256.jpg 768w, https:\/\/www.goforgo.hu\/wp-content\/uploads\/2026\/01\/collage-lakokocsi-Castelfusano-1536x512.jpg 1536w, https:\/\/www.goforgo.hu\/wp-content\/uploads\/2026\/01\/collage-lakokocsi-Castelfusano-2048x682.jpg 2048w, https:\/\/www.goforgo.hu\/wp-content\/uploads\/2026\/01\/collage-lakokocsi-Castelfusano-1140x380.jpg 1140w\" sizes=\"auto, (max-width: 1024px) 100vw, 1024px\" \/><\/a><\/figure>\n\n\n\n<p><strong>\u00c9LM\u00c9NYEKBEN GAZDAG UTAZ\u00c1ST,<\/strong><strong>J\u00d3 SZ\u00d3RAKOZ\u00c1ST K\u00cdV\u00c1NUNK!<\/strong><\/p>\n\n\n\n<p><\/p>\n","protected":false},"excerpt":{"rendered":"<p>Id\u0151pont: 2026.05.18-25. pozic\u00ed\u00f3 sz\u00e1m: 26\/IRV\/01 \u00fatvonal: Budapest \u2013Treviso \u2013 R\u00f3ma \u2013 San Govanni di Rotondo \u2013 Cattolica \u2013 Budapest (kb. 3500 km) Sz\u00e1ll\u00e1s: Tranzitsz\u00e1ll\u00e1sok: 3*-os sz\u00e1llod\u00e1k, R\u00f3ma: Castelfusano Int Camp. 4 \u00e1gyas mobilhomok Ell\u00e1t\u00e1s: Tranzitsz\u00e1ll\u00e1sokon: f\u00e9lpanzi\u00f3, Castelfusano: \u00f6nell\u00e1t\u00e1s Utaz\u00e1s : az utasl\u00e9tsz\u00e1mnak megfelel\u0151 aut\u00f3busszal Id\u0151tartam: 8 nap \/7 \u00e9jszaka Idegenvezet\u00e9s: v\u00e9gig a program alatt \u00e9s R\u00f3m\u00e1ban helyi PROGRAM: Indul\u00e1s: 6:00-kor Budapest, \u00dcll\u0151i \u00fat 137 (Ecseri \u00fati OMV benzink\u00fat, kifel\u00e9 vezet\u0151 oldal\u00e1n) 1. nap: 2026.05.18. Budapest \u2013 Treviso, Spresiano. Sz\u00e1ll\u00e1s: Hotel Spresiano, f\u00e9lpanzi\u00f3 (vacsora \u00e9s reggeli) Eg\u00e9sz napos utaz\u00e1s kb. 730 km 2. nap: 2026.05.19. Treviso \u2013 R\u00f3ma, tengerpartja. Sz\u00e1ll\u00e1s: Camping Internazionale di Castelfusano, Lido di Ostia Eg\u00e9sz napos utaz\u00e1s. Este elhelyezked\u00e9s a mobilh\u00e1zakban. A sz\u00e1ll\u00e1s le\u00edr\u00e1s\u00e1t lejjebb tal\u00e1lj\u00e1k! 4 \u00e9jszak\u00e1t t\u00f6lt\u00fcnk itt. \u00d6nell\u00e1t\u00e1ssal! 680 km 3. nap: 2026.05.20. R\u00f3ma Reggel t\u00f6megk\u00f6zleked\u00e9ssel bemegy\u00fcnk R\u00f3m\u00e1ba. Helyi idegenvezet\u0151ink v\u00e1rnak \u00e9s ezen a napon a Vatik\u00e1nba, a Szent P\u00e9ter Bazilik\u00e1ba megy\u00fcnk, ill. az Angyalv\u00e1rba tesz\u00fcnk l\u00e1togat\u00e1st. Este visszat\u00e9r\u00fcnk sz\u00e1ll\u00e1sunkra. 4. nap: 2026.05.21. R\u00f3ma Reggel t\u00f6megk\u00f6zleked\u00e9ssel bemegy\u00fcnk R\u00f3m\u00e1ba. Helyi idegenvezet\u0151ink ism\u00e9t v\u00e1rnak r\u00e1nk \u00e9s a mai napon a Collosseum, Forom Romanum, Pantheon l\u00e1togat\u00e1s a programunk. Este visszat\u00e9r\u00fcnk sz\u00e1ll\u00e1sunkra. 5. nap: 2026.05.22. Szabad nap Kedves Utasaink v\u00e1laszhatnak: 6. nap: 2026.05.23. R\u00f3ma &#8211; San Giovanni Rotondo, utaz\u00e1s Reggel indul\u00e1s San Giovanni Rotondoba, ahol Pio atya van eltemetve. 450 km Sz\u00e1ll\u00e1s: Hotel Sollievo , f\u00e9lpanzi\u00f3 (vacsora, reggeli) 7. nap: 2026.05.24. San Giovanni Rotondo &#8211; Cattolica D\u00e9lel\u0151tt l\u00e1togat\u00e1s Pio atya s\u00edrj\u00e1n\u00e1l. 11:00-kor indul\u00e1s Cattolic\u00e1ba 430 km Este sz\u00e1ll\u00e1s: Hotel Alexander, Cattolica, f\u00e9lpanzi\u00f3 (vacsora, reggeli) 8. nap: 2026.05.25. Cattolica \u2013 Budapest 1100 km \u00e9rkez\u00e9s a k\u00e9s\u0151 \u00e9jjeli \u00f3r\u00e1kban R\u00e9szv\u00e9teli d\u00edj: 430 000 Ft + 125 \u20ac minimum l\u00e9tsz\u00e1m: 40 f\u0151 A r\u00e9szv\u00e9teli d\u00edj tartalmazza: a 7 \u00e9jszaka sz\u00e1ll\u00e1st, 3 reggeli + 3 vacsora, a 72 \u00f3r\u00e1s Roma Pass (r\u00f3mai t\u00f6megk\u00f6zleked\u00e9s + bel\u00e9p\u0151 kedvezm\u00e9nyek), az aut\u00f3buszos utaz\u00e1s minden k\u00f6lts\u00e9g\u00e9t, az idegenvezet\u00e9st az aut\u00f3buszon \u00e9s a 2 r\u00f3mai vezet\u0151 d\u00edjaz\u00e1s\u00e1t, a k\u00f6telez\u0151 f\u00fclhallgat\u00f3k b\u00e9rleti \u00e9s haszn\u00e1lati d\u00edj\u00e1t 2 napra. Bel\u00e9p\u0151t a Colosseumba, a Palatinusra, a Forum Romanumba, az Angyalv\u00e1rba \u00e9s a Pantheonba. A r\u00e9szv\u00e9teli d\u00edj nem tartalmazza: a plusz, helysz\u00ednen eld\u0151lt, esetleges bel\u00e9p\u0151ket \u00e9s a BBP biztos\u00edt\u00e1st, (mely irod\u00e1nkban megk\u00f6thet\u0151) 6 000 Ft L\u00e1tnival\u00f3k: R\u00f3m\u00e1ban k\u00f6telez\u0151 a helyi idegenvezet\u0151 \u00e9s maximum 25 f\u0151t vihet be 1-1 helysz\u00ednre, \u00edgy 2 helyi idegenvezet\u0151t kell felfogadni a csoportunk mell\u00e9. Csoportunkat 2 kisebb csoportra kell osztanunk. M\u00e9g az odafel\u00e9 uton t\u00e1j\u00e9koztatjuk kedves utasainkat, hogy ki, melyik csoporthoz, melyik idegenvezet\u0151h\u00f6z fog tartozni, megel\u0151zve ezzel a kevered\u00e9st. A helyi idegenvezet\u0151k k\u00f6telesek f\u00fclhallgat\u00f3val vinni a csoportot, aminek b\u00e9rleti d\u00edja van \u00e9s egyes helysz\u00edneken haszn\u00e1lati d\u00edjat is fizetettnek \u00e9rte. Ez a f\u00fcllhalgat\u00f3 arra is j\u00f3, hogy a t\u00f6megben ne vessz\u00fcnk el, mert halljuk, hogy mit mond az idegenvezet\u0151, mikor \u00e9s hol tal\u00e1lkozunk, indulunk tov\u00e1bb. Ez\u00e9rt k\u00e9rj\u00fck kedves utasainkat, hogy ne kapcsolj\u00e1k ki! Tapasztalataink alapj\u00e1n a fontosabb l\u00e1tnival\u00f3kn\u00e1l minimum 1-2 \u00f3r\u00e1s v\u00e1rakoz\u00e1s sz\u00fcks\u00e9ges a biztons\u00e1gi ellen\u0151rz\u00e9sen val\u00f3 \u00e1tjut\u00e1shoz. Ez\u00e9rt a 25 f\u0151s csoportjuknak egy\u00fctt kell mozognia, a v\u00e1rosn\u00e9z\u00e9s alatt ne maradjuk le! Lesz szabadid\u0151. Vatik\u00e1n: Kir\u00e1ndul\u00e1sunk sor\u00e1n a Vatik\u00e1nban csoportosan csak a Szent P\u00e9ter Bazilik\u00e1t tekintj\u00fck meg bel\u00fclr\u0151l. A jelenlegi bazilik\u00e1t &#8211; a hagyom\u00e1ny szerint Szent P\u00e9ter apostol s\u00edrja felett \u2013 kedt\u00e9k el \u00e9p\u00edteni II. Gyula p\u00e1pa idej\u00e9ben, a 16. sz\u00e1zad elej\u00e9n, az akkor r\u00e9szlegesen lebontott r\u00e9gi r\u00f3mai Szent P\u00e9ter-bazilika hely\u00e9re. Tervez\u00e9s\u00e9ben, kivitelez\u00e9s\u00e9ben olyan m\u0171v\u00e9szek vettek r\u00e9szt, mint Donato Bramante, Raffaello Sanzio, Michelangelo, Carlo Maderno \u00e9s nem utols\u00f3 sorban Bronw k\u00f6nyvei \u00f3ta h\u00edress\u00e9 v\u00e1lt Giovanni Lorenzo Bernini. Angyalv\u00e1r Hadrianus cs\u00e1sz\u00e1r saj\u00e1t s\u00edreml\u00e9k\u00e9nek emeltette \u00e9s a r\u00f3mai cs\u00e1sz\u00e1rok temetkez\u00e9si hely\u00e9v\u00e9 v\u00e1lt. K\u00e9s\u0151bb a v\u00e1ros v\u00e9d\u0151falrendszer\u00e9nek egyik k\u00f6zponti v\u00e9dm\u0171v\u00e9v\u00e9 alak\u00edtott\u00e1k \u00e1t. A t\u00f6rt\u00e9nete sor\u00e1n t\u00f6bb \u00edzben a p\u00e1p\u00e1k mened\u00e9ke volt, ha a Vatik\u00e1n m\u00e1r nem volt el\u00e9g biztons\u00e1gos sz\u00e1mukra. Majd az 1400 \u00e9vek k\u00f6zep\u00e9t\u0151l, nyugodtabb id\u0151kben a p\u00e1p\u00e1k ny\u00e1ri lakhelye volt, ez\u00e9rt falfestm\u00e9nyekkel d\u00edsz\u00edtett\u00e9k \u00e9s v\u00e1laszt\u00e9kos \u00edzl\u00e9ssel b\u00fatorozt\u00e1k. Angyalh\u00edd Az \u00fajj\u00e1\u00e9p\u00edtett Angyalhidat a \u201eBernini sz\u00e9llelb\u00e9lelt \u0151r\u00fclteinek\u201d nevezett szobrok d\u00edsz\u00edtik. A szoborcsoport legt\u00f6bb angyal\u00e1t a kor szok\u00e1sa szerint mester\u00fck tervei alapj\u00e1n Giovanni Lorenzo Bernini tan\u00edtv\u00e1nyai faragt\u00e1k. Nev\u00fcket onnan kapt\u00e1k, hogy az angyalok k\u00f6peny\u00e9t sz\u00e9l dagasztja, cib\u00e1lja. Colosseum A Colosseum \u00e9p\u00edt\u00e9se Vespasianus cs\u00e1sz\u00e1r ideje alatt, 72-ben kezd\u0151d\u00f6tt, 4 \u00e9vig tartott. A felavat\u00e1s szertart\u00e1sos \u00fcnneps\u00e9g keret\u00e9ben t\u00f6rt\u00e9nt, amely 100 napig tzartott. Az \u00e9p\u00edt\u00e9st \u00e9s karbantart\u00e1st a cs\u00e1sz\u00e1rok fedezt\u00e9k. Eredetileg Flavius amfite\u00e1trum\u00e1nak h\u00edvt\u00e1k (Amphiteatrum Flavium). Mai nev\u00e9t a k\u00f6z\u00e9pkorban kapta. Az \u00e9p\u00fcletet gladi\u00e1tor- \u00e9s \u00e1llatviadalok, valamint sz\u00e1razf\u00f6ldi \u00e9s tengeri csat\u00e1k \u00fajraj\u00e1tsz\u00e1s\u00e1nak sz\u00ednhely\u00e9\u00fcl tervezt\u00e9k \u00e9s a korhoz k\u00e9pest hatalmas m\u00e9ret\u0171 n\u00e9z\u0151t\u00f6meg befogad\u00e1s\u00e1ra volt k\u00e9pes. 450 \u00e9ven \u00e1t szolg\u00e1lta R\u00f3ma polg\u00e1rait; az utols\u00f3 viadalokat i. sz. 523-ban rendezt\u00e9k. Ezut\u00e1n az emelked\u0151 k\u00f6lts\u00e9gek \u00e9s a f\u00f6ldreng\u00e9sek k\u00e1rt\u00e9tele miatt eln\u00e9ptelenedett; a k\u00f6vek nagy r\u00e9sz\u00e9t elhordt\u00e1k. Palatinus A mai R\u00f3ma egy v\u00e1rosr\u00e9sze, az \u00f3kori R\u00f3ma h\u00e9t dombj\u00e1nak egyike. Tele volt el\u0151kel\u0151 mag\u00e1nh\u00e1zakkal, melyek romjai k\u00f6z\u00fcl csak egy maradt meg el\u00e9g j\u00f3 \u00e1llapotban,Tiberius cs\u00e1sz\u00e1r atyj\u00e1nak, Tiberius Claudius Ner\u00f3nak \u00e9s feles\u00e9g\u00e9nek Livi\u00e1nak a h\u00e1za \u00e9rdekes falfestm\u00e9nyekkel. Forum Romanum A Forum Romanum, vagy ahogy a r\u00f3maiak gyakrabban nevezt\u00e9k Forum Magnum (a mai Campo di Vaccino) az \u00f3kori R\u00f3ma f\u0151 f\u00f3ruma, azaz k\u00f6ztere, mely a kereskedelmi \u00e9s politikai vil\u00e1g \u00e9rintkez\u0151hely\u00e9nek sz\u00e1m\u00edtott. A ter\u00fclet eredetileg ingov\u00e1nyos hely volt, melyet Lucius Tarquinius Priscus sz\u00e1r\u00edttatott ki \u00e9s v\u00e9tetett k\u00f6r\u00fcl oszlopos csarnokokkal, melyek \u00fcd\u00fcl\u00e9sre \u00e9s s\u00e9tahely\u00fcl is szolg\u00e1ltak. Kis m\u00e9rete ellen\u00e9re rengeteg \u00e9p\u00fclet \u00e9s eml\u00e9km\u0171 \u00e1llt itt. Az \u00f3kori R\u00f3m\u00e1ban hozz\u00e1vet\u0151legesen 18 forum, azaz nyilv\u00e1nos t\u00e9r volt, melyek a k\u00f6vetkez\u0151 kateg\u00f3ri\u00e1kra oszlottak: t\u00f6rv\u00e9nykez\u00e9s tere (forum civile), kereskedelmi t\u00e9r (forum venale), marhav\u00e1s\u00e1r (forum boarium, z\u00f6lds\u00e9g- (holitorium), hal-, h\u00fas-, sert\u00e9spiac (piscarium, macellum, suarium) stb. Pantheon A Pantheont i. e. 27-ben emeltette Marcus Vipsanius Agrippa, val\u00f3sz\u00edn\u0171leg a korabeli R\u00f3ma minden isten\u00e9nek egy\u00fcttes tisztelet\u00e9re. T\u00f6bb t\u0171zv\u00e9sz \u00e9s \u00e1t\u00e9p\u00edt\u00e9s ut\u00e1n v\u00e9gleges, ma is l\u00e1that\u00f3 form\u00e1j\u00e1t Hadrianus cs\u00e1sz\u00e1r idej\u00e9n nyerte el, aki szinte az alapjait\u00f3l \u00e9p\u00edttette \u00fajj\u00e1 120 k\u00f6r\u00fcl. A templom s\u00edrboltjaiban nyugszik az olasz egys\u00e9g megteremt\u00e9se ut\u00e1ni els\u0151 k\u00e9t kir\u00e1ly. Neve az \u00fajkorban fogalomm\u00e1 v\u00e1lt, mint a kiemelked\u0151 szem\u00e9lyis\u00e9gek temetkez\u00e9si hely\u00e9\u00fcl szolg\u00e1l\u00f3 nagyszab\u00e1s\u00fa \u00e9p\u00fclet. Ilyen pantheonok \u00e9p\u00fcltek a vil\u00e1g sz\u00e1mos v\u00e1ros\u00e1ban. Ostia Osti\u00e1t Ancus Martius (Marcius), az \u00f3kori R\u00f3ma negyedik uralkod\u00f3ja alap\u00edtotta. Az \u00faj telep\u00fcl\u00e9s h\u00e1romf\u00e9le c\u00e9lt szolg\u00e1lt &#8211; kij\u00e1ratot nyitott a tengerre, biztos\u00edtotta a s\u00f3- \u00e9s gabonaell\u00e1t\u00e1st, valamint megg\u00e1tolta, hogy az ellens\u00e9g felhaj\u00f3zzon a Tiberisen (Tever\u00e9n). Ostia kik\u00f6t\u0151v\u00e1ros-jellege tiszt\u00e1n r\u00f3mai \u00e9s it\u00e1liai: sem g\u00f6r\u00f6g, sem hellenisztikus befoly\u00e1s nem zavarta a v\u00e1rosalkot\u00f3 r\u00f3mai szellem munk\u00e1j\u00e1t ezen a ponton. B\u00e1r nemzetk\u00f6zi keresked\u0151v\u00e1ros, m\u00e9gis eg\u00e9szen r\u00f3mai; \u00e9ppen ez\u00e9rt h\u0171s\u00e9gesebb k\u00e9pet ad az \u00f3kori r\u00f3mai v\u00e1rosr\u00f3l, mint b\u00e1rmelyik m\u00e1sik kort\u00e1rsa. Ostia kik\u00f6t\u0151je, k\u00f6zterei, bazilik\u00e1i, templomai, f\u00fcrd\u0151i, \u00fczleth\u00e1zai, rakt\u00e1rai, c\u00e9hirod\u00e1i a maga teljess\u00e9g\u00e9ben mutatj\u00e1k a cs\u00e1sz\u00e1ri R\u00f3ma legjellegzetesebb keresked\u0151v\u00e1ros\u00e1nak arc\u00e1t. San Giovanni Rotondo San Giovanni Rotondo a vil\u00e1g egyik legjelent\u0151sebb zar\u00e1ndokhelye, ahol Pio atya (Szent Pio) 1916-t\u00f3l 1968-ban bek\u00f6vetkezett hal\u00e1l\u00e1ig \u00e9lt \u00e9s tev\u00e9kenykedett. A Gargano-hegys\u00e9gben fekv\u0151 kisv\u00e1ros k\u00f6zpontja a Santa Maria delle Grazie kapucinus kolostor, a r\u00e9gi templom, valamint a Renzo Piano \u00e1ltal tervezett modern, 2004-ben felszentelt Szent Pio templom, ahol Szent Pio f\u00f6ldi maradv\u00e1nyai nyugszanak. A helysz\u00edn a csend, az ima \u00e9s a miszticizmus l\u00e9gk\u00f6r\u00e9t k\u00edn\u00e1lja a l\u00e1togat\u00f3knak, ahol minden helysz\u00edn szorosan \u00f6sszekapcsol\u00f3dik a szent \u00e9let\u00e9vel. 72 \u00f3r\u00e1s Roma Pass: Mivel buszunkkal nem mehet\u00fcnk be R\u00f3m\u00e1ba, \u00edgy t\u00f6megk\u00f6zleked\u00e9st haszn\u00e1lunk \u00e9s gyalogolunk. A Roma Pass t\u00f6megk\u00f6zleked\u00e9si b\u00e9rlet \u00e9s kedvezm\u00e9nyre jogos\u00edt R\u00f3ma m\u00fazeumainak nagyr\u00e9sz\u00e9ben. Mit tartalmazz? A t\u00f6megk\u00f6zleked\u00e9si eszk\u00f6z\u00f6k korl\u00e1tlan haszn\u00e1lata 72 \u00f3r\u00e1n kereszt\u00fcl, bele\u00e9rtve a Lidora viv\u0151 gyorsvas\u00fatat is. A gyorsvas\u00fathoz kiv\u00edv\u0151 aut\u00f3buszra a kemping recepci\u00f3j\u00e1n tudunk jegyet v\u00e1ltani. A Roma Pass max. 25% kedvezm\u00e9nyt biztos\u00edta v\u00e1rosn\u00e9z\u0151 k\u00f6rutak \u00e9s t\u00far\u00e1k \u00e1r\u00e1b\u00f3l, k\u00fcl\u00f6nb\u00f6z\u0151 kedvezm\u00e9nyeket biztos\u00edt m\u00fazeumok, l\u00e1tnival\u00f3k, rendezv\u00e9nyek, sz\u00e1mos ki\u00e1ll\u00edt\u00e1s, stb. \u00e1r\u00e1b\u00f3l is. A Roma Pass mell\u00e9 a csoportunk programja szerint bel\u00e9p\u0151t biztos\u00edtunk: Figyelem! A Roma Pass n\u00e9vre sz\u00f3l. Ahhoz, hogy meg tudjuk \u00d6nnek venni meg kell adnia a szem\u00e9lyigazolv\u00e1ny\u00e1ban szerepl\u0151 nev\u00e9t \u00e9s sz\u00fclet\u00e9si d\u00e1tum\u00e1t. Ha ellen\u0151rz\u00e9skor nem egyezik, nem tud r\u00e9szt venni a programokon! Ezekre a helysz\u00ednekre el\u0151re kell id\u0151pontot foglalnunk, \u00edgy sorrendet, programot v\u00e1ltoztatni nem tudunk! Cestalfusano Camping: Csoportunk 2026.05.19-23. k\u00f6z\u00f6tt 4 \u00e9jszak\u00e1t fog itt t\u00f6lteni. Elhelyez\u00e9s 4 f\u0151s Typ C mobilhomokban (telep\u00edtett lak\u00f3aut\u00f3k). Az alaprajz al\u00e1pj\u00e1n l\u00e1tszik, hogy 1-1 lak\u00f3kocsi 2 h\u00e1l\u00f3szob\u00e1val (egy francia\u00e1gyas \u00e9s egy k\u00fcl\u00f6n\u00e1gyas), egy f\u00fcrd\u0151szob\u00e1val, felszerelt konyh\u00e1val, \u00e9tkez\u0151vel \u00e9s ki\u00fcl\u0151terasszal rendelkezik. P\u00e1rokat egy\u00fctt, egyed\u00fcl utaz\u00f3kat 3-as\u00e1val helyezt\u00fck el 1-1 mobilhomban. Sajnos egy\u00e1gyas elhelyez\u00e9sre, a mobilhomok v\u00e9ges sz\u00e1ma miatt nincs lehet\u0151s\u00e9g. Ell\u00e1t\u00e1s erre a 4 \u00e9jszak\u00e1ra: \u00f6nell\u00e1t\u00e1s. A lak\u00f3kocsiban teljesen felszerelt konyha v\u00e1rja utasainkat. A kemping bej\u00e1rata mellet bev\u00e1s\u00e1rl\u00e1ra alkalmas Supermercato, \u00e9lelmiszert \u00e9s egy\u00e9bb apr\u00f3cikkeket \u00e1rul\u00f3 bolt tal\u00e1lhat\u00f3, illetve szint\u00e9n itt van egy \u00e9tterem, ahol olaszos \u00e9telekkel v\u00e1rj\u00e1k a vend\u00e9geket. \u00c9LM\u00c9NYEKBEN GAZDAG UTAZ\u00c1ST,J\u00d3 SZ\u00d3RAKOZ\u00c1ST K\u00cdV\u00c1NUNK!<\/p>\n","protected":false},"author":1,"featured_media":0,"parent":0,"menu_order":0,"comment_status":"closed","ping_status":"closed","template":"","meta":{"footnotes":""},"class_list":["post-7650","page","type-page","status-publish","hentry"],"_links":{"self":[{"href":"https:\/\/www.goforgo.hu\/index.php\/wp-json\/wp\/v2\/pages\/7650","targetHints":{"allow":["GET"]}}],"collection":[{"href":"https:\/\/www.goforgo.hu\/index.php\/wp-json\/wp\/v2\/pages"}],"about":[{"href":"https:\/\/www.goforgo.hu\/index.php\/wp-json\/wp\/v2\/types\/page"}],"author":[{"embeddable":true,"href":"https:\/\/www.goforgo.hu\/index.php\/wp-json\/wp\/v2\/users\/1"}],"replies":[{"embeddable":true,"href":"https:\/\/www.goforgo.hu\/index.php\/wp-json\/wp\/v2\/comments?post=7650"}],"version-history":[{"count":1,"href":"https:\/\/www.goforgo.hu\/index.php\/wp-json\/wp\/v2\/pages\/7650\/revisions"}],"predecessor-version":[{"id":7669,"href":"https:\/\/www.goforgo.hu\/index.php\/wp-json\/wp\/v2\/pages\/7650\/revisions\/7669"}],"wp:attachment":[{"href":"https:\/\/www.goforgo.hu\/index.php\/wp-json\/wp\/v2\/media?parent=7650"}],"curies":[{"name":"wp","href":"https:\/\/api.w.org\/{rel}","templated":true}]}}