{"id":7687,"date":"2026-02-02T12:24:55","date_gmt":"2026-02-02T12:24:55","guid":{"rendered":"https:\/\/www.goforgo.hu\/?page_id=7687"},"modified":"2026-03-03T15:37:04","modified_gmt":"2026-03-03T15:37:04","slug":"bucsuko-2026-bucsecs-a-kedvunk-szerint","status":"publish","type":"page","link":"https:\/\/www.goforgo.hu\/index.php\/bucsuko-2026-bucsecs-a-kedvunk-szerint\/","title":{"rendered":"B\u00facs\u00fak\u0151 2026 &#8211; Bucsecs a kedv\u00fcnk szerint"},"content":{"rendered":"<strong><em>jelentkezni a programra: \u00a0<\/em><\/strong><a href=\"http:\/\/www.forgotravel.hu\/\"><strong><em>WWW.GOFORGO.HU<\/em><\/strong><\/a><strong><em> \u2013n \/on-line jelentkez\u00e9s vagy <a href=\"mailto:info@goforgo.hu\">info@goforgo.hu<\/a><\/em><\/strong>\n\n<strong><em>+36 30\u00a0307 1736<\/em><\/strong>\n\n<a href=\"https:\/\/www.goforgo.hu\/index.php\/bucsuko-del-keleti-karpatok-titkai\/bucsecs-ko\/\" rel=\"attachment wp-att-6539\"><img loading=\"lazy\" decoding=\"async\" class=\"alignnone size-full wp-image-6539\" src=\"https:\/\/www.goforgo.hu\/wp-content\/uploads\/2024\/03\/bucsecs-ko.jpg\" alt=\"\" width=\"909\" height=\"682\" srcset=\"https:\/\/www.goforgo.hu\/wp-content\/uploads\/2024\/03\/bucsecs-ko.jpg 909w, https:\/\/www.goforgo.hu\/wp-content\/uploads\/2024\/03\/bucsecs-ko-768x576.jpg 768w\" sizes=\"auto, (max-width: 909px) 100vw, 909px\" \/><\/a>\n<table>\n<tbody>\n<tr>\n<td width=\"150\"><strong>Id\u0151pont \/Poz.sz\u00e1m:<\/strong><\/td>\n<td width=\"180\">2026.07.25-08.04.<\/p>2026.07.25-30.<\/p>2026.07.31-08.04.<\/p><\/td>\n<td colspan=\"4\" width=\"160\">\n<p style=\"text-align: center;\">26\/EBU\/01<\/p>\n<p style=\"text-align: center;\">26\/EBU\/02<\/p>\n<p style=\"text-align: center;\">26\/EBU\/03<\/p>\n<\/td>\n<td colspan=\"2\" width=\"320\">11 nap \/10 \u00e9jszaka<\/p>\n<p>6 nap\/ 5 \u00e9jszaka<\/p>\n<p>5nap \/4 \u00e9jszaka<\/p><\/td>\n<\/tr>\n<tr>\n<td colspan=\"10\" width=\"653\"><strong>\u00fatvonal:<\/strong> Budapest \u2013\u00a0 B\u00facs\u00fak\u0151 (Bucsecs) \u2013 Budapest (kb. 1700 km\/\u00fat)<\/td>\n<\/tr>\n<tr>\n<td width=\"135\"><strong>Utaz\u00e1s\u00a0\u00a0\u00a0\u00a0\u00a0 :<\/strong><\/td>\n<td colspan=\"4\" width=\"261\">az utasl\u00e9tsz\u00e1mnak megfelel\u0151 aut\u00f3busszal<\/td>\n<td colspan=\"2\" width=\"57\"><strong>Ell\u00e1t\u00e1s:<\/strong><\/td>\n<td colspan=\"3\" width=\"200\">f\u00e9lpanzi\u00f3<\/td>\n<\/tr>\n<tr>\n<td width=\"135\"><strong>Elhelyez\u00e9s:<\/strong><\/td>\n<td colspan=\"2\" width=\"210\">3*-os sz\u00e1lloda 2-3 \u00e1gyas szob\u00e1iban<\/td>\n<td colspan=\"3\" width=\"94\"><strong>Idegenvezet\u00e9s:\u00a0\u00a0\u00a0 <\/strong><\/td>\n<td colspan=\"3\" width=\"214\">v\u00e9gig a program alatt<\/td>\n<td width=\"0\"><\/td>\n<\/tr>\n<\/tbody>\n<\/table>\n<h4 class=\"wp-block-heading\">2026.07.25-08.04., 11 nap\/10 \u00e9jszaka: R\u00e9szv\u00e9teli d\u00edj: <em>\u00a0<\/em><em>215\u00a0000 <\/em><em>Ft<\/em><em> + 300 \u20ac<\/em><u><\/u><\/h4>\n<h4><!-- \/wp:heading --><\/h4>\n<h4><!-- wp:heading --><\/h4>\n<h4 class=\"wp-block-heading\">2026.07.25-07.30., 6 nap\/5 \u00e9jszaka: R\u00e9szv\u00e9teli d\u00edj: <em>\u00a0<\/em><em>165\u00a0000 <\/em><em>Ft<\/em><em> +\u00a0 170 \u20ac<\/em><u><\/u><\/h4>\n<h4><!-- \/wp:heading --><\/h4>\n<h4><!-- wp:heading --><\/h4>\n<h4 class=\"wp-block-heading\">2026.07.31-08.04., 5 nap\/4 \u00e9jszaka: R\u00e9szv\u00e9teli d\u00edj: <em>\u00a0<\/em><em>140 000<\/em><em>Ft<\/em><em> +\u00a0 130 \u20ac<\/em><u><\/u><\/h4>\n<!-- \/wp:heading -->\n\n<!-- wp:paragraph -->\n<p style=\"text-align: center;\"><strong><u>PROGRAM:<\/u><\/strong><\/p>\n<!-- \/wp:paragraph -->\n\n<!-- wp:paragraph -->\n\n<strong><em><u>11 nap\/10 \u00e9jszak\u00e1s csoport programja (26\/EBU\/01)<\/u><\/em><\/strong><\/p>\n<strong>Indul\u00e1s:\u00a0 6:00-kor Budapest, \u00dcll\u0151i \u00fat 137 (Ecseri \u00fati OMV benzink\u00fat, kifel\u00e9 vezet\u0151 oldal\u00e1n)<\/strong><\/p>\n<strong>1. nap: 2026.07.25. <\/strong>Budapest \u2013 Busteni. f\u00e9lpanzi\u00f3 (10 \u00e9jszaka, vacsora \u00e9s reggeli) <strong> Eg\u00e9sz napos <\/strong><strong>utaz\u00e1s <\/strong>kb. 750 km<\/p>\n<!-- \/wp:paragraph --><strong>2. nap: 2026.07.26.<\/strong> Eg\u00e9sz napos programk\u00e9nt felvon\u00f3val megy\u00fcnk fel a B\u00e1bak\u00f6vekhez, ill. a Szfinxhez. Felkeress\u00fck a gy\u00f3gy\u00edt\u00f3 helyeket a tet\u0151n.<\/p>\n<strong>3. nap: 2026.07.27. <\/strong>Gyalogos t\u00fara az \u00dcv\u00f6lt\u0151 v\u00edzes\u00e9shez, mely nem messze tal\u00e1lhat\u00f3 a sz\u00e1ll\u00e1st\u00f3l. D\u00e9lut\u00e1n vonattal bemegy\u00fcnk a k\u00f6zeli Sinaiaba.<\/p>\n<strong>4. nap: 2026.07.28.<\/strong> Felkeress\u00fck a Bucsecs hegys\u00e9g egyik legtiszt\u00e1bb forr\u00e1s\u00e1t rejt\u0151 barlangj\u00e1t, a Iamolita barlangot. D\u00e9lut\u00e1n v\u00e1laszthatnak: vagy vissza a sz\u00e1ll\u00e1sra \u00e9s vagy felvon\u00f3val a Bucsecs fenns\u00edkra, a tet\u0151re \u00e9s onnan le a sz\u00e1ll\u00e1shoz.<\/p>\n<strong>5. nap: 2026.07.29.<\/strong> kisbuszokkal a Zsernyestyei szorosba megy\u00fcnk \u00e9s egy hosszabb t\u00fara keret\u00e9ben v\u00e9gig megy\u00fcnk a szoros \u00a0csod\u00e1latos szikl\u00e1i k\u00f6z\u00f6tt. D\u00e9lut\u00e1n Brass\u00f3ban r\u00f6vid szabadid\u0151.<\/p>\n<strong>6. nap: 2026.07.30.<\/strong> Helyi csoport kis\u00e9r\u0151nk elviszi kis csoportunkat egy k\u00fcl\u00f6nleges sziklaform\u00e1ci\u00f3hoz. (neh\u00e9z t\u00fara!!)<\/p>\n<strong>7. nap: 2026.07.31.<\/strong> Szabadid\u0151 vagy Sinaia<\/p>\n<strong>8. nap: 2026.08.01.<\/strong> Felvon\u00f3val a tet\u0151re \u00e9rkez\u00fcnk, majd gyalog indulunk a hegy m\u00e1sik oldal\u00e1nak felfedez\u00e9s\u00e9re, elmegy\u00fcnk az Elef\u00e1nt temet\u0151h\u00f6z \u00e9s vissza a Telekabinnal j\u00f6v\u00fcnk.<\/p>\n<strong>9. nap: 2026.08.02.<\/strong> Buszunk levisz minket a Cenk hegy l\u00e1b\u00e1hoz, ahonnan felvon\u00f3val vagy gyalog feljuthatunk a hegyre. D\u00e9lut\u00e1n Brass\u00f3val ismerked\u00fcnk.<\/p>\n<strong>10. nap: 2026.08.03.<\/strong> Kisbuszok visznek minket a Iamolita barlanghoz (nem k\u00f6telez\u0151 bemenni), majd gy\u00f6ny\u00f6r\u0171 \u00fatvonalon haladva az Asszony v\u00edzes\u00e9st \u00e9rj\u00fck el.<\/p>\n<strong>11. nap: 2026.08.04.<\/strong> Reggeli ut\u00e1n indul\u00e1s haza. Utaz\u00e1s r\u00f6vid pihen\u0151kkel. V\u00e1rhat\u00f3 \u00e9rkez\u00e9s az esti \u00f3r\u00e1kban Budapestre. Lesz\u00e1ll\u00e1si lehet\u0151s\u00e9g a felsz\u00e1ll\u00e1ssal megegyez\u0151 helyeken. Busteni \u2013 Budapest kb. 750 km<\/p>\n<!-- \/wp:paragraph -->\n<!-- wp:heading -->\n<h4 class=\"wp-block-heading\">2026.07.25-08.04., 11 nap\/10 \u00e9jszaka: R\u00e9szv\u00e9teli d\u00edj: <em>\u00a0215\u00a0000 <\/em><em>Ft<\/em><em> + 300 \u20ac<\/em><u><\/u><\/h4>\n<em>a busteni felvon\u00f3 k\u00f6lts\u00e9ge \u00e9s a b\u00e9relt kisbuszok \u00e1ra v\u00e1rhat\u00f3an 1240 Lei<\/em>\n\n<a href=\"https:\/\/www.goforgo.hu\/index.php\/ezoterikus-utazasaink\/collage-bucsuko\/\" rel=\"attachment wp-att-6543\"><img loading=\"lazy\" decoding=\"async\" class=\"alignnone size-large wp-image-6543\" src=\"https:\/\/www.goforgo.hu\/wp-content\/uploads\/2024\/03\/collage-Bucsuko-1024x390.jpg\" alt=\"\" width=\"960\" height=\"366\" srcset=\"https:\/\/www.goforgo.hu\/wp-content\/uploads\/2024\/03\/collage-Bucsuko-1024x390.jpg 1024w, https:\/\/www.goforgo.hu\/wp-content\/uploads\/2024\/03\/collage-Bucsuko-768x292.jpg 768w, https:\/\/www.goforgo.hu\/wp-content\/uploads\/2024\/03\/collage-Bucsuko-1536x584.jpg 1536w, https:\/\/www.goforgo.hu\/wp-content\/uploads\/2024\/03\/collage-Bucsuko-2048x779.jpg 2048w\" sizes=\"auto, (max-width: 960px) 100vw, 960px\" \/><\/a>\n\n<hr \/>\n\n<!-- \/wp:heading -->\n\n<!-- wp:paragraph -->\n\n<strong><em><u>6 nap\/5 \u00e9jszak\u00e1s csoport programja (26\/EBU\/02)<\/u><\/em><\/strong><\/p>\n\n<strong>Indul\u00e1s:\u00a0 6:00-kor Budapest, \u00dcll\u0151i \u00fat 137 (Ecseri \u00fati OMV benzink\u00fat, kifel\u00e9 vezet\u0151 oldal\u00e1n)<\/strong><\/p>\n<strong>1. nap: 2026.07.25. <\/strong>Budapest \u2013 Busteni. f\u00e9lpanzi\u00f3 (5 \u00e9jszaka, vacsora \u00e9s reggeli) <strong> Eg\u00e9sz napos <\/strong><strong>utaz\u00e1s <\/strong>kb. 750 km<\/p>\n<strong>2-5. nap: 2026.07.26-29. ugyanaz a program, mint az 26\/EBU\/01, 11 nap\/10 \u00e9jszak\u00e1s program 2-5. napj\u00e1n!<\/strong><\/p>\n<strong>6. nap: 2026.07.30.<\/strong> Reggeli ut\u00e1n indul\u00e1s haza. Utaz\u00e1s r\u00f6vid pihen\u0151kkel. V\u00e1rhat\u00f3 \u00e9rkez\u00e9s az esti \u00f3r\u00e1kban Budapestre. Lesz\u00e1ll\u00e1si lehet\u0151s\u00e9g a felsz\u00e1ll\u00e1ssal megegyez\u0151 helyeken. Busteni \u2013 Budapest kb. 750 km<\/p>\n\n<h4><span style=\"color: revert; font-size: revert; font-weight: revert;\">2026.07.25-07.30., 6 nap\/5 \u00e9jszaka: R\u00e9szv\u00e9teli d\u00edj: <\/span><em style=\"color: revert; font-size: revert; font-weight: revert;\">\u00a0165\u00a0000 <\/em><em style=\"color: revert; font-size: revert; font-weight: revert;\">Ft<\/em><em style=\"color: revert; font-size: revert; font-weight: revert;\"> +\u00a0 170 \u20ac<\/em><\/h4>\n<em>a busteni felvon\u00f3 k\u00f6lts\u00e9ge \u00e9s a b\u00e9relt kisbuszok \u00e1ra v\u00e1rhat\u00f3an 720 Lei<\/em>\n\n<a href=\"https:\/\/www.goforgo.hu\/index.php\/bucsuko-2026-bucsecs-a-kedvunk-szerint\/57ed20b1-66ea-40e9-a40b-54d57c304cf5-2\/\" rel=\"attachment wp-att-7718\"><img loading=\"lazy\" decoding=\"async\" class=\"alignnone size-full wp-image-7718\" src=\"https:\/\/www.goforgo.hu\/wp-content\/uploads\/2026\/02\/57ed20b1-66ea-40e9-a40b-54d57c304cf5.jpeg\" alt=\"\" width=\"1024\" height=\"768\" srcset=\"https:\/\/www.goforgo.hu\/wp-content\/uploads\/2026\/02\/57ed20b1-66ea-40e9-a40b-54d57c304cf5.jpeg 1024w, https:\/\/www.goforgo.hu\/wp-content\/uploads\/2026\/02\/57ed20b1-66ea-40e9-a40b-54d57c304cf5-768x576.jpeg 768w\" sizes=\"auto, (max-width: 1024px) 100vw, 1024px\" \/><\/a>\n\n<strong><em><u>5 nap\/4 \u00e9jszak\u00e1s csoport programja (26\/EBU\/03)<\/u><\/em><\/strong><\/p>\n\n<!-- \/wp:paragraph -->\n<!-- wp:paragraph -->\n<strong>Indul\u00e1s:\u00a0 6:00-kor Budapest, \u00dcll\u0151i \u00fat 137 (Ecseri \u00fati OMV benzink\u00fat, kifel\u00e9 vezet\u0151 oldal\u00e1n)<\/strong><\/p>\n\n<strong>1. nap: 2026.07.31.<\/strong> Budapest \u2013 Busteni. f\u00e9lpanzi\u00f3 (4 \u00e9jszaka, vacsora \u00e9s reggeli) <strong>Eg\u00e9sz napos <\/strong><strong>utaz\u00e1s <\/strong>kb. 750 km <\/p>\n<strong>2-4. nap: 2026.08.01-03. ugyanaz a program, mint az 26\/EBU\/01, 11 nap\/10 \u00e9jszak\u00e1s program 8-10. napj\u00e1n!<\/strong><\/p>\n<strong>5. nap: 2026.08.04.<\/strong> Reggeli ut\u00e1n indul\u00e1s haza. Utaz\u00e1s r\u00f6vid pihen\u0151kkel. V\u00e1rhat\u00f3 \u00e9rkez\u00e9s az esti \u00f3r\u00e1kban Budapestre. Lesz\u00e1ll\u00e1si lehet\u0151s\u00e9g a felsz\u00e1ll\u00e1ssal megegyez\u0151 helyeken. Busteni \u2013 Budapest kb. 750 km<\/p>\n\n<h4><span style=\"color: revert; font-size: revert; font-weight: revert;\">2026.07.31-08.04., 5 nap\/4 \u00e9jszaka: R\u00e9szv\u00e9teli d\u00edj: <\/span><em style=\"color: revert; font-size: revert; font-weight: revert;\">\u00a0140 000<\/em><em style=\"color: revert; font-size: revert; font-weight: revert;\">Ft<\/em><em style=\"color: revert; font-size: revert; font-weight: revert;\"> +\u00a0 130 \u20ac<\/em><\/h4>\n<em>a busteni felvon\u00f3 k\u00f6lts\u00e9ge \u00e9s a b\u00e9relt kisbuszok \u00e1ra v\u00e1rhat\u00f3an 520 Lei<\/em>\n\n<a href=\"https:\/\/www.goforgo.hu\/index.php\/bucsuko-2026-bucsecs-a-kedvunk-szerint\/20240820_122038-2\/\" rel=\"attachment wp-att-7719\"><img decoding=\"async\" class=\"alignnone size-full wp-image-7719\" src=\"https:\/\/www.goforgo.hu\/wp-content\/uploads\/2026\/02\/20240820_122038.heic\" alt=\"\" \/><\/a><a href=\"https:\/\/www.goforgo.hu\/index.php\/bucsuko-bucsecs-titkai-szecsei-miklossal\/f4c0fab2-780c-48ca-8336-96a58c7df47e\/\" rel=\"attachment wp-att-7315\"><img loading=\"lazy\" decoding=\"async\" class=\"alignnone size-full wp-image-7315\" src=\"https:\/\/www.goforgo.hu\/wp-content\/uploads\/2025\/05\/f4c0fab2-780c-48ca-8336-96a58c7df47e.jpeg\" alt=\"\" width=\"1024\" height=\"768\" srcset=\"https:\/\/www.goforgo.hu\/wp-content\/uploads\/2025\/05\/f4c0fab2-780c-48ca-8336-96a58c7df47e.jpeg 1024w, https:\/\/www.goforgo.hu\/wp-content\/uploads\/2025\/05\/f4c0fab2-780c-48ca-8336-96a58c7df47e-768x576.jpeg 768w\" sizes=\"auto, (max-width: 1024px) 100vw, 1024px\" \/><\/a>\n\n<!-- \/wp:heading -->\n\n<!-- wp:paragraph -->\n\n<strong>Tisztelt Utasaink!<\/strong>\n\n<!-- \/wp:paragraph -->\n\n<!-- wp:paragraph -->\n\n<strong>Utaz\u00e1sunk jelleg\u00e9b\u0151l k\u00f6vetkez\u0151en, t\u00farafelszerel\u00e9s felt\u00e9tlen\u00fcl aj\u00e1nlott! (pl.: t\u00fara cip\u0151, ruh\u00e1zat, es\u0151k\u00f6peny, t\u00farabot, h\u00e1tizs\u00e1k, stb\u2026) Az utaz\u00e1son val\u00f3 r\u00e9szv\u00e9tel felt\u00e9tele a BBP megk\u00f6t\u00e9se. Amennyiben nem n\u00e1lunk k\u00f6ti meg, az igazol\u00e1st a biztos\u00edt\u00e1s megl\u00e9t\u00e9r\u0151l, k\u00e9rj\u00fck eljuttatni hozz\u00e1nk!<\/strong>\n\n<!-- \/wp:paragraph -->\n\n<!-- wp:heading -->\n<h6 class=\"wp-block-heading\">minimum l\u00e9tsz\u00e1m: 40 f\u0151<\/h6>\n<!-- \/wp:heading -->\n\n<!-- wp:paragraph -->\n\n<strong><em><u>A r\u00e9szv\u00e9teli d\u00edj tartalmazza<\/u><\/em><\/strong><strong><em>:<\/em><\/strong><em> az \u00e9jszak\u00e1k sz\u00e1m\u00e1nak megfelel\u0151 sz\u00e1ll\u00e1st, reggelit + vacsor\u00e1t, a csoportk\u00eds\u00e9r\u0151 \u00e9s a helyi k\u00eds\u00e9r\u0151 d\u00edjaz\u00e1s\u00e1t, \u00e9s az aut\u00f3buszos utaz\u00e1s minden k\u00f6lts\u00e9g\u00e9t.<\/em><\/p>\n\n<!-- \/wp:paragraph -->\n\n<!-- wp:paragraph -->\n\n<strong><em><u>A r\u00e9szv\u00e9teli d\u00edj nem tartalmazza<\/u><\/em><\/strong><strong><em>:<\/em><\/strong>\n\n<!-- \/wp:paragraph -->\n\n<!-- wp:paragraph -->\n\n<em>&#8211; a busteni felvon\u00f3 k\u00f6lts\u00e9g\u00e9t \u00e9s a b\u00e9relt kisbuszok \u00e1r\u00e1t (v\u00e1rhat\u00f3an 1240 \/ 720 \/ 520 Lei) Sajnos ezt az \u00f6sszeget csak az indul\u00e1s el\u00f6tt kiadott utast\u00e1j\u00e9koztat\u00f3ban tudjuk pontos\u00edtani az akkor id\u0151szer\u0171 felvon\u00f3 \u00e1rak alapj\u00e1n, mely a buszon ker\u00fcl \u00f6sszeszed\u00e9sre.<\/em>\n\n<!-- \/wp:paragraph -->\n\n<!-- wp:paragraph -->\n\n<em>&#8211; az esetlegesen felmer\u00fcl\u0151 plusz bel\u00e9p\u0151ket\u00a0<\/em><em>(pl.: Cenk hegyi felvon\u00f3 \u00e9s \u00a0a szabad napon a busteni felvon\u00f3 egy\u00e9ni d\u00f6nt\u00e9s alapj\u00e1n),<\/em>\n\n<!-- \/wp:paragraph -->\n\n<!-- wp:paragraph -->\n\n<!-- \/wp:paragraph -->\n\n<!-- wp:paragraph -->\n\n<em>&#8211; a napk\u00f6zbeni \u00e9tkez\u00e9st<\/em>\n\n<!-- \/wp:paragraph -->\n\n<!-- wp:paragraph -->\n\n<em>&#8211; a k\u00f6telez\u0151 BBP biztos\u00edt\u00e1st, (mely irod\u00e1nkban megk\u00f6thet\u0151)<\/em>\n\n<!-- \/wp:paragraph -->\n\n<!-- wp:paragraph -->\n<h2 style=\"text-align: center;\"><strong>L\u00e1tnival\u00f3k:<\/strong><\/h2>\n<!-- \/wp:paragraph -->\n\n<!-- wp:paragraph -->\n\n<strong>Bucsecs tet\u0151<\/strong>\n\n<!-- \/wp:paragraph -->\n\n<!-- wp:paragraph -->\n\nBrass\u00f3t\u00f3l d\u00e9lre a K\u00e1rp\u00e1tkanyar legmagasabb hegys\u00e9ge, a Bucsecs (Bucegi), a D\u00e9li-K\u00e1rp\u00e1tok legkeletibb tagja. A patk\u00f3 alak\u00fa hegys\u00e9g k\u00f6zponti r\u00e9sze, magasan fekv\u0151, hull\u00e1mos, kop\u00e1r fenns\u00edk, sz\u00e9leit gigantikus sziklalet\u00f6r\u00e9sek, mered\u00e9lyek jellemzik. A Prahova v\u00f6lgy\u00e9ben megb\u00faj\u00f3 Bu\u015fteni-b\u0151l k\u00f6nnyen, gyorsan, kabinos felvon\u00f3val libeg\u00fcnk fel a szeles plat\u00f3ra, ahonnan egyszer\u0171en \u00e9rj\u00fck el a Babele-mened\u00e9kh\u00e1z melletti V\u00e9nasszonyok sziklagomb\u00e1it \u00e9s a hegys\u00e9g emblematikus sziklak\u00e9pz\u0151dm\u00e9ny\u00e9t, a Szfinxet.\n\n<a href=\"https:\/\/www.goforgo.hu\/index.php\/bucsuko-del-keleti-karpatok-titkai\/bucsecs-1\/\" rel=\"attachment wp-att-6540\"><img loading=\"lazy\" decoding=\"async\" class=\"alignnone size-full wp-image-6540\" src=\"https:\/\/www.goforgo.hu\/wp-content\/uploads\/2024\/03\/Bucsecs-1.jpg\" alt=\"\" width=\"852\" height=\"452\" srcset=\"https:\/\/www.goforgo.hu\/wp-content\/uploads\/2024\/03\/Bucsecs-1.jpg 852w, https:\/\/www.goforgo.hu\/wp-content\/uploads\/2024\/03\/Bucsecs-1-768x407.jpg 768w\" sizes=\"auto, (max-width: 852px) 100vw, 852px\" \/><\/a>\n\n<!-- \/wp:paragraph -->\n\n<!-- wp:paragraph -->\n\n<strong>Iamolita barlang<\/strong>\n\n<!-- \/wp:paragraph -->\n\n<!-- wp:paragraph -->\n\nBucsecs hegys\u00e9g legismertebb barlangj\u00e1t, a Ialomi\u021ba-barlangot. A Kir\u00e1lyok barlangj\u00e1nak is nevezik. A bej\u00e1ratn\u00e1l tal\u00e1lhat\u00f3 Ialomi\u021ba kolostor a XVI. sz\u00e1zadban \u00e9p\u00fclt. A\u00a0barlang belsej\u00e9ben l\u00e9pcs\u0151k\u00f6n \u00e9s hidakon lehet k\u00f6zlekedni. T\u00f6bb csarnok, gal\u00e9ria \u00e9s foly\u00f3s\u00f3 tal\u00e1lhat\u00f3 a barlangban. Azt tartj\u00e1k, hogy Andr\u00e1s apostol is j\u00e1rt a barlangban. K\u00fcl\u00f6n\u00f6s energi\u00e1k vannak itt, ezt tud\u00f3sok is igazolt\u00e1k, magyar\u00e1zatot azonban nem tal\u00e1ltak r\u00e1. Van a barlangban egy forr\u00e1s, hasonl\u00f3an a\u00a0H\u00e9tforr\u00e1s v\u00edzes\u00e9shez, ennek viz\u00e9t is \u00e9l\u0151 v\u00edznek tartj\u00e1k \u00e9s ebben sem tal\u00e1lhat\u00f3k bakt\u00e9riumok.\n\n<a href=\"https:\/\/www.goforgo.hu\/index.php\/bucsuko-bucsecs-titkai-szecsei-miklossal\/iamolita-2\/\" rel=\"attachment wp-att-7383\"><img loading=\"lazy\" decoding=\"async\" class=\"alignnone size-full wp-image-7383\" src=\"https:\/\/www.goforgo.hu\/wp-content\/uploads\/2025\/07\/Iamolita.jpg\" alt=\"\" width=\"1024\" height=\"683\" srcset=\"https:\/\/www.goforgo.hu\/wp-content\/uploads\/2025\/07\/Iamolita.jpg 1024w, https:\/\/www.goforgo.hu\/wp-content\/uploads\/2025\/07\/Iamolita-768x512.jpg 768w\" sizes=\"auto, (max-width: 1024px) 100vw, 1024px\" \/><\/a>\n\n<!-- \/wp:paragraph -->\n\n<!-- wp:paragraph -->\n\n<strong>Asszony v\u00edzes\u00e9s<\/strong>\n\n<!-- \/wp:paragraph -->\n\n<!-- wp:paragraph -->\n\nA Doamnele-v\u00edzes\u00e9s egy gy\u00f6ny\u00f6r\u0171 v\u00edzes\u00e9s a Bucsecs-hegys\u00e9gben, egy nagyon l\u00e1tv\u00e1nyos k\u00f6rny\u00e9ken, azonban kev\u00e9sb\u00e9 ismert. Mintegy 2200 m\u00e9ter tengerszint feletti magass\u00e1gban zuhan al\u00e1 a patak egy bor\u00f3k\u00e1val teli lejt\u0151n. Ez egy l\u00e9pcs\u0151zetes v\u00edzes\u00e9s, amelynek t\u00f6bb egym\u00e1st k\u00f6vet\u0151 v\u00edzes\u00e9se a szikl\u00e1k er\u00f3zi\u00f3ja \u00e1ltal form\u00e1l\u00f3dott. A t\u00e1j k\u00fcl\u00f6n\u00f6sen leny\u0171g\u00f6z\u0151, f\u0151leg tavasszal \u00e9s ny\u00e1ron, amikor a v\u00edz hozama megn\u0151 a h\u00f3 olvad\u00e1sa miatt. A Doamnele-v\u00edzes\u00e9s nem t\u00fal nagy \u00e9s nem t\u00fal magas, de rendk\u00edv\u00fcl sz\u00e9p v\u00edzes\u00e9s.\n\n<a href=\"https:\/\/www.goforgo.hu\/index.php\/bucsuko-2026-bucsecs-a-kedvunk-szerint\/asszony-vizeses\/\" rel=\"attachment wp-att-7691\"><img loading=\"lazy\" decoding=\"async\" class=\"size-full wp-image-7691 aligncenter\" src=\"https:\/\/www.goforgo.hu\/wp-content\/uploads\/2026\/02\/Asszony-vizeses.jpg\" alt=\"\" width=\"640\" height=\"360\" \/><\/a>\n\n<!-- \/wp:paragraph -->\n\n<!-- wp:paragraph -->\n\n<strong>\u00dcv\u00f6lt\u0151 v\u00edzes\u00e9s<\/strong>\n\n<!-- \/wp:paragraph -->\n\n<!-- wp:paragraph -->\n\nAz\u00a0\u00dcv\u00f6lt\u0151\u00a0v\u00edzes\u00e9s\u00a0(Cascada\u00a0Url\u0103toarea)\u00a0a ter\u00fclet\u00a0egyik\u00a0legszebb\u00a0v\u00edzes\u00e9se,\u00a0amely\u00a0a\u00a0Bucsecs-hegys\u00e9gben tal\u00e1lhat\u00f3, eg\u00e9sz k\u00f6zel a sz\u00e1ll\u00e1sunkhoz, 1100\u00a0m\u00e9teres\u00a0magass\u00e1gban.\u00a0A\u00a0v\u00edzes\u00e9s\u00a0magass\u00e1ga\u00a0k\u00f6r\u00fclbel\u00fcl\u00a015\u00a0m\u00e9ter. \u00a0A v\u00edzes\u00e9shez vezet\u0151 t\u00fara sor\u00e1n megcsod\u00e1lhatj\u00e1k a term\u00e9szet k\u00fcl\u00f6nleges alkot\u00e1sait, \u00e9s felfedezhetik a k\u00f6rnyez\u0151 ter\u00fclet t\u00f6rt\u00e9nelm\u00e9t, p\u00e9ld\u00e1ul Bodza v\u00e1r\u00e1nak romjait is. \u00a0Az \u00dcv\u00f6lt\u0151 v\u00edzes\u00e9s teh\u00e1t nemcsak term\u00e9szeti sz\u00e9ps\u00e9geivel, hanem gazdag t\u00f6rt\u00e9net\u00e9vel \u00e9s legend\u00e1ival is vonzza a l\u00e1togat\u00f3kat.\n\n<!-- \/wp:paragraph -->\n\n<!-- wp:paragraph -->\n\n<a href=\"https:\/\/www.goforgo.hu\/index.php\/bucsuko-2026-bucsecs-a-kedvunk-szerint\/uvolto-vizeses\/\" rel=\"attachment wp-att-7692\"><img loading=\"lazy\" decoding=\"async\" class=\"alignnone size-large wp-image-7692\" src=\"https:\/\/www.goforgo.hu\/wp-content\/uploads\/2026\/02\/Uvolto-vizeses-1024x682.jpg\" alt=\"\" width=\"960\" height=\"639\" srcset=\"https:\/\/www.goforgo.hu\/wp-content\/uploads\/2026\/02\/Uvolto-vizeses-1024x682.jpg 1024w, https:\/\/www.goforgo.hu\/wp-content\/uploads\/2026\/02\/Uvolto-vizeses-768x512.jpg 768w, https:\/\/www.goforgo.hu\/wp-content\/uploads\/2026\/02\/Uvolto-vizeses.jpg 1058w\" sizes=\"auto, (max-width: 960px) 100vw, 960px\" \/><\/a>\n\n<strong>Sinaia<\/strong>\n\n<!-- \/wp:paragraph -->\n\n<!-- wp:paragraph -->\n\nSinaia, a k\u00f6rny\u00e9k egyik legelb\u0171v\u00f6l\u0151bb v\u00e1rosa, a K\u00e1rp\u00e1tok l\u00e1b\u00e1n\u00e1l helyezkedik el, mind\u00f6ssze 10 kilom\u00e9terre sz\u00e1llod\u00e1nkt\u00f3l. Ez a fest\u0151i hegyi telep\u00fcl\u00e9s nemcsak term\u00e9szeti sz\u00e9ps\u00e9geir\u0151l h\u00edres, hanem gazdag t\u00f6rt\u00e9nelmi \u00f6r\u00f6ks\u00e9g\u00e9r\u0151l \u00e9s kultur\u00e1lis kincseir\u0151l is. A v\u00e1ros egykor a rom\u00e1n kir\u00e1lyi csal\u00e1d kedvelt nyaral\u00f3helye volt, ma pedig turist\u00e1k ezrei keresik fel \u00e9vente, hogy felfedezz\u00e9k p\u00e1ratlan l\u00e1tnival\u00f3it \u00e9s \u00e9lvezz\u00e9k a hegyi leveg\u0151t.\n\n<a href=\"https:\/\/www.goforgo.hu\/index.php\/bucsuko-2026-bucsecs-a-kedvunk-szerint\/casino-sinaia\/\" rel=\"attachment wp-att-7693\"><img loading=\"lazy\" decoding=\"async\" class=\"size-full wp-image-7693 aligncenter\" src=\"https:\/\/www.goforgo.hu\/wp-content\/uploads\/2026\/02\/casino-sinaia.jpg\" alt=\"\" width=\"700\" height=\"465\" \/><\/a>\n\n<!-- \/wp:paragraph -->\n\n<!-- wp:paragraph -->\n\n<strong>Elef\u00e1nt temet\u0151<\/strong>\n\n<!-- \/wp:paragraph -->\n\n<!-- wp:paragraph -->\n\nA Babele k\u00f6vekt\u0151l kiindulva a Pestera fel\u00e9 indulunk lefel\u00e9, gyalog t\u00far\u00e1nk egy k\u00fcl\u00f6nleges \u00e9s l\u00e1tv\u00e1nyos szikl\u00e1s ter\u00fcleten vezet \u00e1t, amit Elef\u00e1nt temet\u0151nek h\u00edvnak.\n\n<a href=\"https:\/\/www.goforgo.hu\/index.php\/bucsuko-2026-bucsecs-a-kedvunk-szerint\/elefant-temeto\/\" rel=\"attachment wp-att-7694\"><img loading=\"lazy\" decoding=\"async\" class=\"alignnone size-full wp-image-7694\" src=\"https:\/\/www.goforgo.hu\/wp-content\/uploads\/2026\/02\/Elefant-temeto.jpg\" alt=\"\" width=\"800\" height=\"600\" srcset=\"https:\/\/www.goforgo.hu\/wp-content\/uploads\/2026\/02\/Elefant-temeto.jpg 800w, https:\/\/www.goforgo.hu\/wp-content\/uploads\/2026\/02\/Elefant-temeto-768x576.jpg 768w\" sizes=\"auto, (max-width: 800px) 100vw, 800px\" \/><\/a>\n\n<!-- \/wp:paragraph -->\n\n<!-- wp:paragraph -->\n\n<strong>Brass\u00f3<\/strong>\n\n<!-- \/wp:paragraph -->\n\n<!-- wp:paragraph -->\n\nAz erd\u00e9lyi sz\u00e1szok \u00e1ltal lakott v\u00e1ros hely\u00e9n m\u00e1r a honfoglal\u00e1s el\u0151tt is er\u0151d\u00edtm\u00e9ny \u00e1llt. A mai orsz\u00e1g harmadik legnagyobb v\u00e1ros\u00e1nak \u00e9p\u00fcletei t\u00fckr\u00f6zik hossz\u00fa t\u00f6rt\u00e9nelm\u00e9t. A Fekete templom, a Tan\u00e1cs h\u00e1za, a v\u00e1ros falak, a C\u00e9rna utca, mind-mind egy-egy t\u00f6rt\u00e9netet mes\u00e9l nek\u00fcnk.\n\n<a href=\"https:\/\/www.goforgo.hu\/index.php\/bucsuko-del-keleti-karpatok-titkai\/brasso\/\" rel=\"attachment wp-att-6537\"><img loading=\"lazy\" decoding=\"async\" class=\"alignnone size-large wp-image-6537\" src=\"https:\/\/www.goforgo.hu\/wp-content\/uploads\/2024\/03\/Brasso-1024x740.jpg\" alt=\"\" width=\"960\" height=\"694\" srcset=\"https:\/\/www.goforgo.hu\/wp-content\/uploads\/2024\/03\/Brasso-1024x740.jpg 1024w, https:\/\/www.goforgo.hu\/wp-content\/uploads\/2024\/03\/Brasso-768x555.jpg 768w, https:\/\/www.goforgo.hu\/wp-content\/uploads\/2024\/03\/Brasso.jpg 1170w\" sizes=\"auto, (max-width: 960px) 100vw, 960px\" \/><\/a>\n\n<!-- \/wp:paragraph -->\n\n<!-- wp:paragraph -->\n\n<strong>Cenk hegy<\/strong>\n\n<!-- \/wp:paragraph -->\n\n<!-- wp:paragraph -->\n\nBrass\u00f3 f\u00f6l\u00e9 emelked\u0151 hegy a k\u00f6rnyezet\u00e9ben l\u00e9v\u0151 magas cs\u00facsok k\u00f6z\u00f6tt elt\u00f6rp\u00fcl. De tudva fontos szerep\u00e9t szem\u00fcnkben kiemelkedik. Nem v\u00e9letlen\u00fcl v\u00e1lasztott\u00e1k a t\u00f6rt\u00e9nelmi Magyarorsz\u00e1g 1000 \u00e9ves \u00e9vfordul\u00f3j\u00e1n a h\u00e9t eml\u00e9km\u0171 egyik helysz\u00edn\u00e9v\u00e9.\n\n<a href=\"https:\/\/www.goforgo.hu\/index.php\/nimrod-vezerlo-csillagunk-sorozat\/brasso-cenk-millennium\/\" rel=\"attachment wp-att-4098\"><img loading=\"lazy\" decoding=\"async\" class=\"size-full wp-image-4098 aligncenter\" src=\"https:\/\/www.goforgo.hu\/wp-content\/uploads\/2016\/01\/Brasso-Cenk-Millennium.jpg\" alt=\"\" width=\"640\" height=\"948\" srcset=\"https:\/\/www.goforgo.hu\/wp-content\/uploads\/2016\/01\/Brasso-Cenk-Millennium.jpg 640w, https:\/\/www.goforgo.hu\/wp-content\/uploads\/2016\/01\/Brasso-Cenk-Millennium-203x300.jpg 203w\" sizes=\"auto, (max-width: 640px) 100vw, 640px\" \/><\/a>\n\n<!-- \/wp:paragraph -->\n\n<!-- wp:paragraph -->\n\n<strong>Zsernyestei szoros<\/strong>\n\n<!-- \/wp:paragraph -->\n\n<!-- wp:paragraph -->\n\nBrass\u00f3t\u00f3l kb. 40 km-re tal\u00e1ljuk\u00a0a\u00a0Kir\u00e1lyk\u0151-hegys\u00e9g\u00a0egyik legszebb szurdokv\u00f6lgy\u00e9t, a Zernyesti-szorost. A Kis-Kir\u00e1lyk\u0151 egyik ny\u00falv\u00e1nya, a Zanoaga-orom \u00e9s a Toanches-hegy k\u00f6z\u00e9 \u00e9kel\u0151dik. A term\u00e9szet val\u00f3di remekm\u0171ve l\u00e1tv\u00e1nyos, hatalmas sziklafalakkal.\n\n<a href=\"https:\/\/www.goforgo.hu\/index.php\/bucsuko-2026-bucsecs-a-kedvunk-szerint\/piatra-craiului-zarnesti-01\/\" rel=\"attachment wp-att-7695\"><img loading=\"lazy\" decoding=\"async\" class=\"alignnone size-full wp-image-7695\" src=\"https:\/\/www.goforgo.hu\/wp-content\/uploads\/2026\/02\/piatra-craiului-zarnesti-01.jpg\" alt=\"\" width=\"940\" height=\"677\" srcset=\"https:\/\/www.goforgo.hu\/wp-content\/uploads\/2026\/02\/piatra-craiului-zarnesti-01.jpg 940w, https:\/\/www.goforgo.hu\/wp-content\/uploads\/2026\/02\/piatra-craiului-zarnesti-01-768x553.jpg 768w\" sizes=\"auto, (max-width: 940px) 100vw, 940px\" \/><\/a>\n\n<!-- \/wp:paragraph -->\n\n<!-- wp:paragraph -->\n\n<strong>\u00c9LM\u00c9NYEKBEN GAZDAG UTAZ\u00c1ST, J\u00d3 SZ\u00d3RAKOZ\u00c1ST K\u00cdV<\/strong><strong>\u00c1NUNK!<\/strong>\n\n<!-- \/wp:paragraph -->\n\n<!-- wp:preformatted -->\n<pre class=\"wp-block-preformatted\"><\/pre>\n<!-- \/wp:preformatted -->\n\n<!-- wp:paragraph -->\n\n<!-- \/wp:paragraph -->\n\n<!-- wp:paragraph -->\n\n<!-- \/wp:paragraph -->","protected":false},"excerpt":{"rendered":"<p>jelentkezni a programra: \u00a0WWW.GOFORGO.HU \u2013n \/on-line jelentkez\u00e9s vagy info@goforgo.hu +36 30\u00a0307 1736 Id\u0151pont \/Poz.sz\u00e1m: 2026.07.25-08.04. 2026.07.25-30. 2026.07.31-08.04. 26\/EBU\/01 26\/EBU\/02 26\/EBU\/03 11 nap \/10 \u00e9jszaka 6 nap\/ 5 \u00e9jszaka 5nap \/4 \u00e9jszaka \u00fatvonal: Budapest \u2013\u00a0 B\u00facs\u00fak\u0151 (Bucsecs) \u2013 Budapest (kb. 1700 km\/\u00fat) Utaz\u00e1s\u00a0\u00a0\u00a0\u00a0\u00a0 : az utasl\u00e9tsz\u00e1mnak megfelel\u0151 aut\u00f3busszal Ell\u00e1t\u00e1s: f\u00e9lpanzi\u00f3 Elhelyez\u00e9s: 3*-os sz\u00e1lloda 2-3 \u00e1gyas szob\u00e1iban Idegenvezet\u00e9s:\u00a0\u00a0\u00a0 v\u00e9gig a program alatt 2026.07.25-08.04., 11 nap\/10 \u00e9jszaka: R\u00e9szv\u00e9teli d\u00edj: \u00a0215\u00a0000 Ft + 300 \u20ac 2026.07.25-07.30., 6 nap\/5 \u00e9jszaka: R\u00e9szv\u00e9teli d\u00edj: \u00a0165\u00a0000 Ft +\u00a0 170 \u20ac 2026.07.31-08.04., 5 nap\/4 \u00e9jszaka: R\u00e9szv\u00e9teli d\u00edj: \u00a0140 000Ft +\u00a0 130 \u20ac PROGRAM: 11 nap\/10 \u00e9jszak\u00e1s csoport programja (26\/EBU\/01) Indul\u00e1s:\u00a0 6:00-kor Budapest, \u00dcll\u0151i \u00fat 137 (Ecseri \u00fati OMV benzink\u00fat, kifel\u00e9 vezet\u0151 oldal\u00e1n) 1. nap: 2026.07.25. Budapest \u2013 Busteni. f\u00e9lpanzi\u00f3 (10 \u00e9jszaka, vacsora \u00e9s reggeli) Eg\u00e9sz napos utaz\u00e1s kb. 750 km 2. nap: 2026.07.26. Eg\u00e9sz napos programk\u00e9nt felvon\u00f3val megy\u00fcnk fel a B\u00e1bak\u00f6vekhez, ill. a Szfinxhez. Felkeress\u00fck a gy\u00f3gy\u00edt\u00f3 helyeket a tet\u0151n. 3. nap: 2026.07.27. Gyalogos t\u00fara az \u00dcv\u00f6lt\u0151 v\u00edzes\u00e9shez, mely nem messze tal\u00e1lhat\u00f3 a sz\u00e1ll\u00e1st\u00f3l. D\u00e9lut\u00e1n vonattal bemegy\u00fcnk a k\u00f6zeli Sinaiaba. 4. nap: 2026.07.28. Felkeress\u00fck a Bucsecs hegys\u00e9g egyik legtiszt\u00e1bb forr\u00e1s\u00e1t rejt\u0151 barlangj\u00e1t, a Iamolita barlangot. D\u00e9lut\u00e1n v\u00e1laszthatnak: vagy vissza a sz\u00e1ll\u00e1sra \u00e9s vagy felvon\u00f3val a Bucsecs fenns\u00edkra, a tet\u0151re \u00e9s onnan le a sz\u00e1ll\u00e1shoz. 5. nap: 2026.07.29. kisbuszokkal a Zsernyestyei szorosba megy\u00fcnk \u00e9s egy hosszabb t\u00fara keret\u00e9ben v\u00e9gig megy\u00fcnk a szoros \u00a0csod\u00e1latos szikl\u00e1i k\u00f6z\u00f6tt. D\u00e9lut\u00e1n Brass\u00f3ban r\u00f6vid szabadid\u0151. 6. nap: 2026.07.30. Helyi csoport kis\u00e9r\u0151nk elviszi kis csoportunkat egy k\u00fcl\u00f6nleges sziklaform\u00e1ci\u00f3hoz. (neh\u00e9z t\u00fara!!) 7. nap: 2026.07.31. Szabadid\u0151 vagy Sinaia 8. nap: 2026.08.01. Felvon\u00f3val a tet\u0151re \u00e9rkez\u00fcnk, majd gyalog indulunk a hegy m\u00e1sik oldal\u00e1nak felfedez\u00e9s\u00e9re, elmegy\u00fcnk az Elef\u00e1nt temet\u0151h\u00f6z \u00e9s vissza a Telekabinnal j\u00f6v\u00fcnk. 9. nap: 2026.08.02. Buszunk levisz minket a Cenk hegy l\u00e1b\u00e1hoz, ahonnan felvon\u00f3val vagy gyalog feljuthatunk a hegyre. D\u00e9lut\u00e1n Brass\u00f3val ismerked\u00fcnk. 10. nap: 2026.08.03. Kisbuszok visznek minket a Iamolita barlanghoz (nem k\u00f6telez\u0151 bemenni), majd gy\u00f6ny\u00f6r\u0171 \u00fatvonalon haladva az Asszony v\u00edzes\u00e9st \u00e9rj\u00fck el. 11. nap: 2026.08.04. Reggeli ut\u00e1n indul\u00e1s haza. Utaz\u00e1s r\u00f6vid pihen\u0151kkel. V\u00e1rhat\u00f3 \u00e9rkez\u00e9s az esti \u00f3r\u00e1kban Budapestre. Lesz\u00e1ll\u00e1si lehet\u0151s\u00e9g a felsz\u00e1ll\u00e1ssal megegyez\u0151 helyeken. Busteni \u2013 Budapest kb. 750 km 2026.07.25-08.04., 11 nap\/10 \u00e9jszaka: R\u00e9szv\u00e9teli d\u00edj: \u00a0215\u00a0000 Ft + 300 \u20ac a busteni felvon\u00f3 k\u00f6lts\u00e9ge \u00e9s a b\u00e9relt kisbuszok \u00e1ra v\u00e1rhat\u00f3an 1240 Lei 6 nap\/5 \u00e9jszak\u00e1s csoport programja (26\/EBU\/02) Indul\u00e1s:\u00a0 6:00-kor Budapest, \u00dcll\u0151i \u00fat 137 (Ecseri \u00fati OMV benzink\u00fat, kifel\u00e9 vezet\u0151 oldal\u00e1n) 1. nap: 2026.07.25. Budapest \u2013 Busteni. f\u00e9lpanzi\u00f3 (5 \u00e9jszaka, vacsora \u00e9s reggeli) Eg\u00e9sz napos utaz\u00e1s kb. 750 km 2-5. nap: 2026.07.26-29. ugyanaz a program, mint az 26\/EBU\/01, 11 nap\/10 \u00e9jszak\u00e1s program 2-5. napj\u00e1n! 6. nap: 2026.07.30. Reggeli ut\u00e1n indul\u00e1s haza. Utaz\u00e1s r\u00f6vid pihen\u0151kkel. V\u00e1rhat\u00f3 \u00e9rkez\u00e9s az esti \u00f3r\u00e1kban Budapestre. Lesz\u00e1ll\u00e1si lehet\u0151s\u00e9g a felsz\u00e1ll\u00e1ssal megegyez\u0151 helyeken. Busteni \u2013 Budapest kb. 750 km 2026.07.25-07.30., 6 nap\/5 \u00e9jszaka: R\u00e9szv\u00e9teli d\u00edj: \u00a0165\u00a0000 Ft +\u00a0 170 \u20ac a busteni felvon\u00f3 k\u00f6lts\u00e9ge \u00e9s a b\u00e9relt kisbuszok \u00e1ra v\u00e1rhat\u00f3an 720 Lei 5 nap\/4 \u00e9jszak\u00e1s csoport programja (26\/EBU\/03) Indul\u00e1s:\u00a0 6:00-kor Budapest, \u00dcll\u0151i \u00fat 137 (Ecseri \u00fati OMV benzink\u00fat, kifel\u00e9 vezet\u0151 oldal\u00e1n) 1. nap: 2026.07.31. Budapest \u2013 Busteni. f\u00e9lpanzi\u00f3 (4 \u00e9jszaka, vacsora \u00e9s reggeli) Eg\u00e9sz napos utaz\u00e1s kb. 750 km 2-4. nap: 2026.08.01-03. ugyanaz a program, mint az 26\/EBU\/01, 11 nap\/10 \u00e9jszak\u00e1s program 8-10. napj\u00e1n! 5. nap: 2026.08.04. Reggeli ut\u00e1n indul\u00e1s haza. Utaz\u00e1s r\u00f6vid pihen\u0151kkel. V\u00e1rhat\u00f3 \u00e9rkez\u00e9s az esti \u00f3r\u00e1kban Budapestre. Lesz\u00e1ll\u00e1si lehet\u0151s\u00e9g a felsz\u00e1ll\u00e1ssal megegyez\u0151 helyeken. Busteni \u2013 Budapest kb. 750 km 2026.07.31-08.04., 5 nap\/4 \u00e9jszaka: R\u00e9szv\u00e9teli d\u00edj: \u00a0140 000Ft +\u00a0 130 \u20ac a busteni felvon\u00f3 k\u00f6lts\u00e9ge \u00e9s a b\u00e9relt kisbuszok \u00e1ra v\u00e1rhat\u00f3an 520 Lei Tisztelt Utasaink! Utaz\u00e1sunk jelleg\u00e9b\u0151l k\u00f6vetkez\u0151en, t\u00farafelszerel\u00e9s felt\u00e9tlen\u00fcl aj\u00e1nlott! (pl.: t\u00fara cip\u0151, ruh\u00e1zat, es\u0151k\u00f6peny, t\u00farabot, h\u00e1tizs\u00e1k, stb\u2026) Az utaz\u00e1son val\u00f3 r\u00e9szv\u00e9tel felt\u00e9tele a BBP megk\u00f6t\u00e9se. Amennyiben nem n\u00e1lunk k\u00f6ti meg, az igazol\u00e1st a biztos\u00edt\u00e1s megl\u00e9t\u00e9r\u0151l, k\u00e9rj\u00fck eljuttatni hozz\u00e1nk! minimum l\u00e9tsz\u00e1m: 40 f\u0151 A r\u00e9szv\u00e9teli d\u00edj tartalmazza: az \u00e9jszak\u00e1k sz\u00e1m\u00e1nak megfelel\u0151 sz\u00e1ll\u00e1st, reggelit + vacsor\u00e1t, a csoportk\u00eds\u00e9r\u0151 \u00e9s a helyi k\u00eds\u00e9r\u0151 d\u00edjaz\u00e1s\u00e1t, \u00e9s az aut\u00f3buszos utaz\u00e1s minden k\u00f6lts\u00e9g\u00e9t. A r\u00e9szv\u00e9teli d\u00edj nem tartalmazza: &#8211; a busteni felvon\u00f3 k\u00f6lts\u00e9g\u00e9t \u00e9s a b\u00e9relt kisbuszok \u00e1r\u00e1t (v\u00e1rhat\u00f3an 1240 \/ 720 \/ 520 Lei) Sajnos ezt az \u00f6sszeget csak az indul\u00e1s el\u00f6tt kiadott utast\u00e1j\u00e9koztat\u00f3ban tudjuk pontos\u00edtani az akkor id\u0151szer\u0171 felvon\u00f3 \u00e1rak alapj\u00e1n, mely a buszon ker\u00fcl \u00f6sszeszed\u00e9sre. &#8211; az esetlegesen felmer\u00fcl\u0151 plusz bel\u00e9p\u0151ket\u00a0(pl.: Cenk hegyi felvon\u00f3 \u00e9s \u00a0a szabad napon a busteni felvon\u00f3 egy\u00e9ni d\u00f6nt\u00e9s alapj\u00e1n), &#8211; a napk\u00f6zbeni \u00e9tkez\u00e9st &#8211; a k\u00f6telez\u0151 BBP biztos\u00edt\u00e1st, (mely irod\u00e1nkban megk\u00f6thet\u0151) L\u00e1tnival\u00f3k: Bucsecs tet\u0151 Brass\u00f3t\u00f3l d\u00e9lre a K\u00e1rp\u00e1tkanyar legmagasabb hegys\u00e9ge, a Bucsecs (Bucegi), a D\u00e9li-K\u00e1rp\u00e1tok legkeletibb tagja. A patk\u00f3 alak\u00fa hegys\u00e9g k\u00f6zponti r\u00e9sze, magasan fekv\u0151, hull\u00e1mos, kop\u00e1r fenns\u00edk, sz\u00e9leit gigantikus sziklalet\u00f6r\u00e9sek, mered\u00e9lyek jellemzik. A Prahova v\u00f6lgy\u00e9ben megb\u00faj\u00f3 Bu\u015fteni-b\u0151l k\u00f6nnyen, gyorsan, kabinos felvon\u00f3val libeg\u00fcnk fel a szeles plat\u00f3ra, ahonnan egyszer\u0171en \u00e9rj\u00fck el a Babele-mened\u00e9kh\u00e1z melletti V\u00e9nasszonyok sziklagomb\u00e1it \u00e9s a hegys\u00e9g emblematikus sziklak\u00e9pz\u0151dm\u00e9ny\u00e9t, a Szfinxet. Iamolita barlang Bucsecs hegys\u00e9g legismertebb barlangj\u00e1t, a Ialomi\u021ba-barlangot. A Kir\u00e1lyok barlangj\u00e1nak is nevezik. A bej\u00e1ratn\u00e1l tal\u00e1lhat\u00f3 Ialomi\u021ba kolostor a XVI. sz\u00e1zadban \u00e9p\u00fclt. A\u00a0barlang belsej\u00e9ben l\u00e9pcs\u0151k\u00f6n \u00e9s hidakon lehet k\u00f6zlekedni. T\u00f6bb csarnok, gal\u00e9ria \u00e9s foly\u00f3s\u00f3 tal\u00e1lhat\u00f3 a barlangban. Azt tartj\u00e1k, hogy Andr\u00e1s apostol is j\u00e1rt a barlangban. K\u00fcl\u00f6n\u00f6s energi\u00e1k vannak itt, ezt tud\u00f3sok is igazolt\u00e1k, magyar\u00e1zatot azonban nem tal\u00e1ltak r\u00e1. Van a barlangban egy forr\u00e1s, hasonl\u00f3an a\u00a0H\u00e9tforr\u00e1s v\u00edzes\u00e9shez, ennek viz\u00e9t is \u00e9l\u0151 v\u00edznek tartj\u00e1k \u00e9s ebben sem tal\u00e1lhat\u00f3k bakt\u00e9riumok. Asszony v\u00edzes\u00e9s A Doamnele-v\u00edzes\u00e9s egy gy\u00f6ny\u00f6r\u0171 v\u00edzes\u00e9s a Bucsecs-hegys\u00e9gben, egy nagyon l\u00e1tv\u00e1nyos k\u00f6rny\u00e9ken, azonban kev\u00e9sb\u00e9 ismert. Mintegy 2200 m\u00e9ter tengerszint feletti magass\u00e1gban zuhan al\u00e1 a patak egy bor\u00f3k\u00e1val teli lejt\u0151n. Ez egy l\u00e9pcs\u0151zetes v\u00edzes\u00e9s, amelynek t\u00f6bb egym\u00e1st k\u00f6vet\u0151 v\u00edzes\u00e9se a szikl\u00e1k er\u00f3zi\u00f3ja \u00e1ltal form\u00e1l\u00f3dott. A t\u00e1j k\u00fcl\u00f6n\u00f6sen leny\u0171g\u00f6z\u0151, f\u0151leg tavasszal \u00e9s ny\u00e1ron, amikor a v\u00edz hozama megn\u0151 a h\u00f3 olvad\u00e1sa miatt. A Doamnele-v\u00edzes\u00e9s nem t\u00fal nagy \u00e9s nem t\u00fal magas, de rendk\u00edv\u00fcl sz\u00e9p v\u00edzes\u00e9s. \u00dcv\u00f6lt\u0151 v\u00edzes\u00e9s Az\u00a0\u00dcv\u00f6lt\u0151\u00a0v\u00edzes\u00e9s\u00a0(Cascada\u00a0Url\u0103toarea)\u00a0a ter\u00fclet\u00a0egyik\u00a0legszebb\u00a0v\u00edzes\u00e9se,\u00a0amely\u00a0a\u00a0Bucsecs-hegys\u00e9gben tal\u00e1lhat\u00f3, eg\u00e9sz k\u00f6zel a sz\u00e1ll\u00e1sunkhoz, 1100\u00a0m\u00e9teres\u00a0magass\u00e1gban.\u00a0A\u00a0v\u00edzes\u00e9s\u00a0magass\u00e1ga\u00a0k\u00f6r\u00fclbel\u00fcl\u00a015\u00a0m\u00e9ter. \u00a0A v\u00edzes\u00e9shez vezet\u0151 t\u00fara sor\u00e1n megcsod\u00e1lhatj\u00e1k a term\u00e9szet k\u00fcl\u00f6nleges alkot\u00e1sait, \u00e9s felfedezhetik a k\u00f6rnyez\u0151 ter\u00fclet t\u00f6rt\u00e9nelm\u00e9t, p\u00e9ld\u00e1ul Bodza v\u00e1r\u00e1nak romjait is. \u00a0Az \u00dcv\u00f6lt\u0151 v\u00edzes\u00e9s teh\u00e1t nemcsak term\u00e9szeti sz\u00e9ps\u00e9geivel, hanem gazdag t\u00f6rt\u00e9net\u00e9vel \u00e9s legend\u00e1ival is vonzza a l\u00e1togat\u00f3kat. Sinaia Sinaia, a k\u00f6rny\u00e9k egyik legelb\u0171v\u00f6l\u0151bb v\u00e1rosa, a K\u00e1rp\u00e1tok l\u00e1b\u00e1n\u00e1l helyezkedik el, mind\u00f6ssze 10 kilom\u00e9terre sz\u00e1llod\u00e1nkt\u00f3l. Ez a fest\u0151i hegyi telep\u00fcl\u00e9s nemcsak term\u00e9szeti sz\u00e9ps\u00e9geir\u0151l h\u00edres, hanem gazdag t\u00f6rt\u00e9nelmi \u00f6r\u00f6ks\u00e9g\u00e9r\u0151l \u00e9s kultur\u00e1lis kincseir\u0151l is. A v\u00e1ros egykor a rom\u00e1n kir\u00e1lyi csal\u00e1d kedvelt nyaral\u00f3helye volt, ma pedig turist\u00e1k ezrei keresik fel \u00e9vente, hogy felfedezz\u00e9k p\u00e1ratlan l\u00e1tnival\u00f3it \u00e9s \u00e9lvezz\u00e9k a hegyi leveg\u0151t. Elef\u00e1nt temet\u0151 A Babele k\u00f6vekt\u0151l kiindulva a Pestera fel\u00e9 indulunk lefel\u00e9, gyalog t\u00far\u00e1nk egy k\u00fcl\u00f6nleges \u00e9s l\u00e1tv\u00e1nyos szikl\u00e1s ter\u00fcleten vezet \u00e1t, amit Elef\u00e1nt temet\u0151nek h\u00edvnak. Brass\u00f3 Az erd\u00e9lyi sz\u00e1szok \u00e1ltal lakott v\u00e1ros hely\u00e9n m\u00e1r a honfoglal\u00e1s el\u0151tt is er\u0151d\u00edtm\u00e9ny \u00e1llt. A mai orsz\u00e1g harmadik legnagyobb v\u00e1ros\u00e1nak \u00e9p\u00fcletei t\u00fckr\u00f6zik hossz\u00fa t\u00f6rt\u00e9nelm\u00e9t. A Fekete templom, a Tan\u00e1cs h\u00e1za, a v\u00e1ros falak, a C\u00e9rna utca, mind-mind egy-egy t\u00f6rt\u00e9netet mes\u00e9l nek\u00fcnk. Cenk hegy Brass\u00f3 f\u00f6l\u00e9 emelked\u0151 hegy a k\u00f6rnyezet\u00e9ben l\u00e9v\u0151 magas cs\u00facsok k\u00f6z\u00f6tt elt\u00f6rp\u00fcl. De tudva fontos szerep\u00e9t szem\u00fcnkben kiemelkedik. Nem v\u00e9letlen\u00fcl v\u00e1lasztott\u00e1k a t\u00f6rt\u00e9nelmi Magyarorsz\u00e1g 1000 \u00e9ves \u00e9vfordul\u00f3j\u00e1n a h\u00e9t eml\u00e9km\u0171 egyik helysz\u00edn\u00e9v\u00e9. Zsernyestei szoros Brass\u00f3t\u00f3l kb. 40 km-re tal\u00e1ljuk\u00a0a\u00a0Kir\u00e1lyk\u0151-hegys\u00e9g\u00a0egyik legszebb szurdokv\u00f6lgy\u00e9t, a Zernyesti-szorost. A Kis-Kir\u00e1lyk\u0151 egyik ny\u00falv\u00e1nya, a Zanoaga-orom \u00e9s a Toanches-hegy k\u00f6z\u00e9 \u00e9kel\u0151dik. A term\u00e9szet val\u00f3di remekm\u0171ve l\u00e1tv\u00e1nyos, hatalmas sziklafalakkal. \u00c9LM\u00c9NYEKBEN GAZDAG UTAZ\u00c1ST, J\u00d3 SZ\u00d3RAKOZ\u00c1ST K\u00cdV\u00c1NUNK!<\/p>\n","protected":false},"author":1,"featured_media":0,"parent":0,"menu_order":0,"comment_status":"closed","ping_status":"closed","template":"","meta":{"footnotes":""},"class_list":["post-7687","page","type-page","status-publish","hentry"],"_links":{"self":[{"href":"https:\/\/www.goforgo.hu\/index.php\/wp-json\/wp\/v2\/pages\/7687","targetHints":{"allow":["GET"]}}],"collection":[{"href":"https:\/\/www.goforgo.hu\/index.php\/wp-json\/wp\/v2\/pages"}],"about":[{"href":"https:\/\/www.goforgo.hu\/index.php\/wp-json\/wp\/v2\/types\/page"}],"author":[{"embeddable":true,"href":"https:\/\/www.goforgo.hu\/index.php\/wp-json\/wp\/v2\/users\/1"}],"replies":[{"embeddable":true,"href":"https:\/\/www.goforgo.hu\/index.php\/wp-json\/wp\/v2\/comments?post=7687"}],"version-history":[{"count":50,"href":"https:\/\/www.goforgo.hu\/index.php\/wp-json\/wp\/v2\/pages\/7687\/revisions"}],"predecessor-version":[{"id":7821,"href":"https:\/\/www.goforgo.hu\/index.php\/wp-json\/wp\/v2\/pages\/7687\/revisions\/7821"}],"wp:attachment":[{"href":"https:\/\/www.goforgo.hu\/index.php\/wp-json\/wp\/v2\/media?parent=7687"}],"curies":[{"name":"wp","href":"https:\/\/api.w.org\/{rel}","templated":true}]}}