{"id":7735,"date":"2026-02-17T20:02:00","date_gmt":"2026-02-17T20:02:00","guid":{"rendered":"https:\/\/www.goforgo.hu\/?page_id=7735"},"modified":"2026-03-03T18:04:30","modified_gmt":"2026-03-03T18:04:30","slug":"adrspach-csehorszag-misztikus-sziklavarosai","status":"publish","type":"page","link":"https:\/\/www.goforgo.hu\/index.php\/adrspach-csehorszag-misztikus-sziklavarosai\/","title":{"rendered":"Adrspach, Csehorsz\u00e1g misztikus sziklav\u00e1rosai"},"content":{"rendered":"\n<h2 class=\"wp-block-heading has-text-align-center\">Utaz\u00e1s Szecsei Mikl\u00f3ssal \u00e9s Petr Kohllal<\/h2>\n\n\n\n<p><\/p>\n\n\n\n<figure class=\"wp-block-table\"><table class=\"has-fixed-layout\"><tbody><tr><td><strong>Id\u0151pont:<\/strong><\/td><td colspan=\"2\">2026.07.01-05.<\/td><td>pozic\u00ed\u00f3 sz\u00e1m:<\/td><td colspan=\"3\">26\/CSA\/01<\/td><td>&nbsp;<\/td><\/tr><tr><td colspan=\"8\"><strong>\u00fatvonal:&nbsp; <\/strong>Budapest \u2013 Punkva barlang \u2013 Broumov \u2013 Adrspach \u2013 Teplice \u2013 Brno \u2013 Budapest&nbsp; (kb. 1500 km)<\/td><\/tr><tr><td colspan=\"8\"><strong>Sz\u00e1ll\u00e1s:&nbsp;&nbsp; <\/strong>Broumov, 3*-os sz\u00e1lloda 2-3 \u00e1gyas szob\u00e1iban<\/td><\/tr><tr><td><strong>Utaz\u00e1s&nbsp;&nbsp;&nbsp;&nbsp;&nbsp; <\/strong><\/td><td colspan=\"4\">az utasl\u00e9tsz\u00e1mnak megfelel\u0151 aut\u00f3busszal<\/td><td><strong>Ell\u00e1t\u00e1s:<\/strong><\/td><td colspan=\"2\">f\u00e9lpanzi\u00f3 (4 x reggeli+ 4 x vacsora)<\/td><\/tr><tr><td><strong>Id\u0151tartam<\/strong><\/td><td>5 nap \/<br>4 \u00e9jszaka<\/td><td colspan=\"2\"><strong>Idegenvezet\u00e9s:&nbsp;&nbsp;&nbsp;<\/strong><\/td><td colspan=\"4\">v\u00e9gig a program alatt \u00e9s helyi<\/td><\/tr><tr><td><\/td><td><\/td><td><\/td><td><\/td><td><\/td><td><\/td><td><\/td><td><\/td><\/tr><\/tbody><\/table><\/figure>\n\n\n\n<figure class=\"wp-block-image size-large\"><a href=\"https:\/\/www.goforgo.hu\/wp-content\/uploads\/2026\/02\/collage-Adrspach-scaled.jpg\"><img loading=\"lazy\" decoding=\"async\" width=\"1024\" height=\"389\" src=\"https:\/\/www.goforgo.hu\/wp-content\/uploads\/2026\/02\/collage-Adrspach-1024x389.jpg\" alt=\"\" class=\"wp-image-7754\" srcset=\"https:\/\/www.goforgo.hu\/wp-content\/uploads\/2026\/02\/collage-Adrspach-1024x389.jpg 1024w, https:\/\/www.goforgo.hu\/wp-content\/uploads\/2026\/02\/collage-Adrspach-768x292.jpg 768w, https:\/\/www.goforgo.hu\/wp-content\/uploads\/2026\/02\/collage-Adrspach-1536x584.jpg 1536w, https:\/\/www.goforgo.hu\/wp-content\/uploads\/2026\/02\/collage-Adrspach-2048x779.jpg 2048w, https:\/\/www.goforgo.hu\/wp-content\/uploads\/2026\/02\/collage-Adrspach-1140x433.jpg 1140w\" sizes=\"auto, (max-width: 1024px) 100vw, 1024px\" \/><\/a><\/figure>\n\n\n\n<p><strong><u>PROGRAM:<\/u><\/strong><\/p>\n\n\n\n<p><strong>Indul\u00e1s:&nbsp; 6:00-kor Budapest, \u00dcll\u0151i \u00fat 137 (Ecseri \u00fati OMV benzink\u00fat, kifel\u00e9 vezet\u0151 oldal\u00e1n)<\/strong><\/p>\n\n\n\n<p><strong>1. nap: 2026.07.01. <\/strong>Budapest \u2013 Punkva barlang \u2013 Broumov (4 \u00e9jszaka sz\u00e1ll\u00e1s) <strong>&nbsp;&nbsp;<\/strong>kb. 600 km<\/p>\n\n\n\n<p><strong>2. nap: 2026.07.02. <\/strong>Eg\u00e9sznapos kir\u00e1ndul\u00e1s Adrspach sziklav\u00e1ros\u00e1ba. Kb.60 km + gyalogt\u00fara!<\/p>\n\n\n\n<p><strong>3. nap: 2026.07.03. <\/strong>Broumov, Broumov-i ap\u00e1ts\u00e1g (Torinoi lepel) \u00e9s Olivetin s\u00f6rgy\u00e1r \u00e9s kostol\u00f3 kb. 80 km<\/p>\n\n\n\n<p><strong>4.nap: 2026.07.04. <\/strong>Eg\u00e9sznapos kir\u00e1ndul\u00e1s Teplick\u00e9 Szikl\u00e1i. Kb.50 km + gyalogt\u00fara!<\/p>\n\n\n\n<p><strong>5. nap: 2026.07.05.<\/strong> Broumov \u2013 Brno &nbsp;\u2013 Budapest kb. 600 km)<\/p>\n\n\n\n<p>\u00c9rkez\u00e9s a k\u00e9s\u0151 esti \u00f3r\u00e1kban, lesz\u00e1ll\u00e1si lehet\u0151s\u00e9g a felsz\u00e1ll\u00e1ssal megegyez\u0151 helyen.<\/p>\n\n\n\n<h1 class=\"wp-block-heading has-text-align-center\">R\u00e9szv\u00e9teli d\u00edj: <em>&nbsp;195 000 Ft + 180 \u20ac<\/em><em><\/em><\/h1>\n\n\n\n<p class=\"has-text-align-center\"><strong><em>minimum l\u00e9tsz\u00e1m: 40 f\u0151<\/em><\/strong><\/p>\n\n\n\n<p><strong><em><u>A r\u00e9szv\u00e9teli d\u00edj tartalmazza<\/u><\/em><\/strong><strong><em>:<\/em><\/strong><em> a 4 \u00e9jszaka sz\u00e1ll\u00e1st, 4 reggeli + 4 vacsora, az aut\u00f3buszos utaz\u00e1s minden k\u00f6lts\u00e9g\u00e9t, az idegenvezet\u00e9st az aut\u00f3buszon \u00e9s a helyi vezet\u0151 d\u00edjaz\u00e1s\u00e1t.<\/em><\/p>\n\n\n\n<p><strong><em><u>A r\u00e9szv\u00e9teli d\u00edj nem tartalmazza<\/u><\/em><\/strong><strong><em>:<\/em><\/strong><em> a helyi bel\u00e9p\u0151ket, aminek \u00e1ra <strong>480 czk <\/strong>\u00e9s a BBP biztos\u00edt\u00e1st, (mely irod\u00e1nkban megk\u00f6thet\u0151) <strong>3500 Ft<\/strong><\/em><\/p>\n\n\n\n<p><strong><u>Az utaz\u00e1s k\u00fcl\u00f6nlegess\u00e9ge:<\/u><\/strong><\/p>\n\n\n\n<p><strong>A 4.napra felk\u00e9rt\u00fck Petr Kohlt, a Teplic\u00e9n \u00e9l\u0151 t\u00faravezet\u0151t, hogy k\u00eds\u00e9rje el csoportunkat.<\/strong><\/p>\n\n\n\n<p><strong>\u00d6r\u00f6mmel \u00e9rtes\u00edtj\u00fck utasainkat, hogy ezt a napot elv\u00e1llalta.<\/strong><\/p>\n\n\n\n<p><strong>Mit lehet r\u00f3la tudni \u00e9s mi\u00e9rt olyan nagy dolog, hogy elkalauzolja a csapatunkat?<\/strong><\/p>\n\n\n\n<figure class=\"wp-block-image size-full\"><a href=\"https:\/\/www.goforgo.hu\/wp-content\/uploads\/2026\/03\/krajinousrdcezderina250622.jpg\"><img loading=\"lazy\" decoding=\"async\" width=\"748\" height=\"564\" src=\"https:\/\/www.goforgo.hu\/wp-content\/uploads\/2026\/03\/krajinousrdcezderina250622.jpg\" alt=\"\" class=\"wp-image-7826\"\/><\/a><\/figure>\n\n\n\n<p>Petr Kohl cseh el\u0151ad\u00f3 \u00e9s spiritu\u00e1lis gondolkod\u00f3, aki el\u0151ad\u00e1saiban gyakran foglalkozik a term\u00e9szet m\u00e9lyebb, szimbolikus jelent\u00e9s\u00e9vel. A szikl\u00e1kr\u00f3l sz\u00f3l\u00f3 misztikus el\u0151ad\u00e1s\u00e1ban a term\u00e9szeti form\u00e1kat nem csup\u00e1n f\u00f6ldtani k\u00e9pz\u0151dm\u00e9nyekk\u00e9nt, hanem \u0151si energi\u00e1k \u00e9s tud\u00e1s hordoz\u00f3ik\u00e9nt mutatja be. Gondolatmenet\u00e9ben a t\u00e1j \u00e9l\u0151 organizmusk\u00e9nt jelenik meg, amely kapcsolatban \u00e1ll az emberi tudattal \u00e9s bels\u0151 vil\u00e1ggal. El\u0151ad\u00e1sm\u00f3dj\u00e1t meditat\u00edv hangv\u00e9tel, filoz\u00f3fiai m\u00e9lys\u00e9g \u00e9s a term\u00e9szet ir\u00e1nti tisztelet jellemzi. Petr Kohl c\u00e9lja, hogy a hallgat\u00f3s\u00e1got k\u00f6zelebb vigye a term\u00e9szet spiritu\u00e1lis dimenzi\u00f3inak meg\u00e9rt\u00e9s\u00e9hez.<\/p>\n\n\n\n<p><strong>L\u00e1tnival\u00f3k:<\/strong><\/p>\n\n\n\n<p><strong>Punkva barlang<\/strong><\/p>\n\n\n\n<p>A&nbsp;Punkva barlang a&nbsp; Morva-karszt legn\u00e9pszer\u0171bb barlangja, gazdag cseppk\u0151d\u00edsz\u00edt\u00e9sekkel \u00e9s egyed\u00fcl\u00e1ll\u00f3 f\u00f6ldalatti foly\u00f3val rendelkezik, amely romantikus cs\u00f3nak\u00e1z\u00e1si lehet\u0151s\u00e9get k\u00edn\u00e1l. A hegyeken \u00e1tt\u00f6r\u0151 Punkva-foly\u00f3 barlangrendszere igazi geol\u00f3giai kuri\u00f3zum. L\u00e9te \u00e9s kialakul\u00e1sa j\u00f3zan \u00e9sszel nehezen \u00e9rthet\u0151, hiszen a foly\u00f3 medre egy kilenc kilom\u00e9ter hossz\u00fa felsz\u00edni szurdokon kanyarog v\u00e9gig, \u00e1m sz\u00e1razon! A v\u00edz ugyanis Sloup falu hat\u00e1r\u00e1ban nem a k\u00e9nyelmes szurdokot v\u00e1lasztja, hanem bek\u00fczdi mag\u00e1t a f\u00f6ld al\u00e1, \u00e9s a szurdok melletti hegyek m\u00e9ly\u00e9n harminc kilom\u00e9tert megt\u00e9ve l\u00e9p csak \u00fajra napvil\u00e1gra.<\/p>\n\n\n\n<figure class=\"wp-block-image size-full\"><a href=\"https:\/\/www.goforgo.hu\/wp-content\/uploads\/2026\/02\/Punkva.jpg\"><img loading=\"lazy\" decoding=\"async\" width=\"1024\" height=\"768\" src=\"https:\/\/www.goforgo.hu\/wp-content\/uploads\/2026\/02\/Punkva.jpg\" alt=\"\" class=\"wp-image-7737\" srcset=\"https:\/\/www.goforgo.hu\/wp-content\/uploads\/2026\/02\/Punkva.jpg 1024w, https:\/\/www.goforgo.hu\/wp-content\/uploads\/2026\/02\/Punkva-768x576.jpg 768w\" sizes=\"auto, (max-width: 1024px) 100vw, 1024px\" \/><\/a><\/figure>\n\n\n\n<p><strong>Adrspach szikl\u00e1i<\/strong><\/p>\n\n\n\n<p>Csehorsz\u00e1g, s\u0151t eg\u00e9sz K\u00f6z\u00e9p-Eur\u00f3pa egyik leg\u00e9rdekesebb t\u00e1jegys\u00e9ge, a lengyel hat\u00e1rhoz k\u00f6zeli Adr\u0161pach falu k\u00f6zel\u00e9ben fekv\u0151 sziklav\u00e1ros, melyet gigantikus homokk\u0151tornyok, sziklab\u00e1sty\u00e1k alkotnak. A kiterjedt fenyvesekben megb\u00faj\u00f3 sziklaparadicsom a Broumovsko t\u00e1jv\u00e9delmi k\u00f6rzet legn\u00e9pszer\u0171bb kir\u00e1ndul\u00f3 c\u00e9lpontja. A k\u00f6rny\u00e9k sziklav\u00e1rosai k\u00f6z\u00fcl az Adr\u0161pach (Adersbach) melletti a l\u00e1togatottabb, sokak szerint l\u00e1tv\u00e1nyosabb is, mint&nbsp; a t\u00f6bbi \u00e9s a rajta k\u00f6rbe vezet\u0151 tan\u00f6sv\u00e9ny is r\u00f6videbb.<\/p>\n\n\n\n<p>A sziklaparadicsom hivatalos neve&nbsp;Adr\u0161pa\u0161sk\u00e9 skaln\u00ed m\u0115sto&nbsp;(Adrspachi sziklav\u00e1ros), n\u00e9met neve&nbsp;Adersbacher Felsen. 1945 el\u0151tt az eg\u00e9sz&nbsp;Broumov-i (Braunau) vid\u00e9ket n\u00e9met anyanyelv\u0171 emberek lakt\u00e1k, a t\u00f6bb helyen l\u00e1that\u00f3, r\u00e9gi szikl\u00e1ba v\u00e1jt feliratok is tan\u00faskodnak a let\u0171nt korr\u00f3l. A bizarr homokk\u0151 sziklaalakzatok \u00e9vmilli\u00f3k er\u00f3zi\u00f3j\u00e1nak l\u00e1tv\u00e1nyos eredm\u00e9nyei.<\/p>\n\n\n\n<p>K\u00f6nny\u0171 s\u00e9ta, n\u00e9h\u00e1ny biztons\u00e1gos l\u00e9tr\u00e1val tark\u00edtva, kit\u0171n\u0151en jelzett turistautakon, \u00f6sv\u00e9nyeken, n\u00e9hol sz\u0171k sziklahasad\u00e9kokon. Nagyobb h\u00e1tizs\u00e1kot ne vigy\u00fcnk magunkkal. Ny\u00e1ron, j\u00f3 id\u0151ben, h\u00e9tv\u00e9g\u00e9n nagyobb forgalomra sz\u00e1m\u00edthatunk.<\/p>\n\n\n\n<figure class=\"wp-block-image size-full\"><a href=\"https:\/\/www.goforgo.hu\/wp-content\/uploads\/2026\/02\/Aderspach-2.jpg\"><img loading=\"lazy\" decoding=\"async\" width=\"1024\" height=\"734\" src=\"https:\/\/www.goforgo.hu\/wp-content\/uploads\/2026\/02\/Aderspach-2.jpg\" alt=\"\" class=\"wp-image-7739\" srcset=\"https:\/\/www.goforgo.hu\/wp-content\/uploads\/2026\/02\/Aderspach-2.jpg 1024w, https:\/\/www.goforgo.hu\/wp-content\/uploads\/2026\/02\/Aderspach-2-768x551.jpg 768w\" sizes=\"auto, (max-width: 1024px) 100vw, 1024px\" \/><\/a><\/figure>\n\n\n\n<figure class=\"wp-block-image size-full\"><a href=\"https:\/\/www.goforgo.hu\/wp-content\/uploads\/2026\/03\/7131538809_9b2ac76121_b.jpg\"><img loading=\"lazy\" decoding=\"async\" width=\"992\" height=\"744\" src=\"https:\/\/www.goforgo.hu\/wp-content\/uploads\/2026\/03\/7131538809_9b2ac76121_b.jpg\" alt=\"\" class=\"wp-image-7829\" srcset=\"https:\/\/www.goforgo.hu\/wp-content\/uploads\/2026\/03\/7131538809_9b2ac76121_b.jpg 992w, https:\/\/www.goforgo.hu\/wp-content\/uploads\/2026\/03\/7131538809_9b2ac76121_b-768x576.jpg 768w\" sizes=\"auto, (max-width: 992px) 100vw, 992px\" \/><\/a><\/figure>\n\n\n\n<p class=\"has-text-align-left\"><strong>Broumov<\/strong><\/p>\n\n\n\n<p>Broumov az \u00c9szakkelet-Csehorsz\u00e1gban, a lengyel hat\u00e1r k\u00f6zel\u00e9ben fekv\u0151 csendes, b\u00e1jos kisv\u00e1ros a k\u00f6zpontja a h\u00edres Adr\u0161pach-teplice-i sziklavil\u00e1got is mag\u00e1ban foglal\u00f3 Broumovsko t\u00e1jv\u00e9delmi k\u00f6rzetnek. A l\u00e1tv\u00e1nyos homokk\u0151birodalom felfedez\u00e9s\u00e9nek kit\u0171n\u0151 b\u00e1zis\u00e1ul szolg\u00e1l\u00f3 v\u00e1roska sz\u00e1mos \u00e9rdekes l\u00e1tnival\u00f3t k\u00edn\u00e1l, jellegzetes cseh kisv\u00e1rosi, sz\u00e9pen fel\u00faj\u00edtott f\u0151tere, impoz\u00e1ns benc\u00e9s kolostora \u00e9s k\u00f6z\u00e9pkori eredet\u0171, a temet\u0151 melletti fatemploma meg\u00e9r egy f\u00e9lnapos v\u00e1rosn\u00e9z\u00e9st.<\/p>\n\n\n<div class=\"wp-block-image\">\n<figure class=\"aligncenter size-full\"><a href=\"https:\/\/www.goforgo.hu\/wp-content\/uploads\/2026\/02\/Broumov.jpg\"><img loading=\"lazy\" decoding=\"async\" width=\"750\" height=\"536\" src=\"https:\/\/www.goforgo.hu\/wp-content\/uploads\/2026\/02\/Broumov.jpg\" alt=\"\" class=\"wp-image-7740\"\/><\/a><\/figure><\/div>\n\n\n<p><strong>Torinoi lepel<\/strong><\/p>\n\n\n\n<p>Benc\u00e9s kolostor<\/p>\n\n\n\n<p>A kolostor t\u00f6rt\u00e9nete szorosan \u00f6sszef\u00fcgg a v\u00e1ros\u00e9val, hiszen XIII. sz\u00e1zadi alap\u00edt\u00e1sa ut\u00e1n \u00e9p\u00fclt ki mellette a telep\u00fcl\u00e9s. Egy r\u00e9gi er\u0151d hely\u00e9n, magasan a foly\u00f3 feletti fenns\u00edkon \u00e9p\u00edtett\u00e9k a benc\u00e9sek az eredeti \u00e9p\u00fcletet, mely 1322-re k\u00e9sz\u00fclt el.<\/p>\n\n\n\n<p>1989 ut\u00e1n az \u00e9p\u00fclet visszaker\u00fclt a&nbsp;Benedek-rend&nbsp;tulajdon\u00e1ba, sz\u00e9pen fel\u00faj\u00edtott\u00e1k az elm\u00falt \u00e9vekben, jelenleg nagy r\u00e9sze megtekinthet\u0151 vezetett l\u00e1togat\u00e1s keret\u00e9ben.<\/p>\n\n\n\n<figure class=\"wp-block-image size-full\"><a href=\"https:\/\/www.goforgo.hu\/wp-content\/uploads\/2026\/02\/klaster-broumov-kopie-turinskeho-platna-v-refektari-foto-jaroslav-winter-32.jpg\"><img loading=\"lazy\" decoding=\"async\" width=\"1024\" height=\"681\" src=\"https:\/\/www.goforgo.hu\/wp-content\/uploads\/2026\/02\/klaster-broumov-kopie-turinskeho-platna-v-refektari-foto-jaroslav-winter-32.jpg\" alt=\"\" class=\"wp-image-7743\" srcset=\"https:\/\/www.goforgo.hu\/wp-content\/uploads\/2026\/02\/klaster-broumov-kopie-turinskeho-platna-v-refektari-foto-jaroslav-winter-32.jpg 1024w, https:\/\/www.goforgo.hu\/wp-content\/uploads\/2026\/02\/klaster-broumov-kopie-turinskeho-platna-v-refektari-foto-jaroslav-winter-32-768x511.jpg 768w\" sizes=\"auto, (max-width: 1024px) 100vw, 1024px\" \/><\/a><\/figure>\n\n\n\n<p>A csoportos l\u00e1togat\u00e1st benc\u00e9s bar\u00e1t vezeti, a k\u00f6rbej\u00e1r\u00e1s sor\u00e1n az \u00e9p\u00fcletegy\u00fcttes legnagyobb l\u00e1tv\u00e1nyoss\u00e1gait mutatj\u00e1k be, a gy\u00f6ny\u00f6r\u0171en fel\u00faj\u00edtott&nbsp;refekt\u00f3riumot, ahol a leg\u00e9rdekesebb l\u00e1tnival\u00f3, <strong>a legend\u00e1s&nbsp;torin\u00f3i lepel&nbsp;egy hiteles k\u00f6z\u00e9pkori m\u00e1solata<\/strong>, az egyetlen, mely az Alpokt\u00f3l \u00e9szakra tal\u00e1lhat\u00f3. A kolostor csod\u00e1s k\u00f6nyvt\u00e1r\u00e1ban megcsod\u00e1lhatjuk a&nbsp;Codex Gigas-t, az&nbsp;\u00d6rd\u00f6g Bibli\u00e1j\u00e1t, \u00e9s a kript\u00e1ban 300 \u00e9ves&nbsp;m\u00fami\u00e1kkal&nbsp;szemezhet\u00fcnk, a&nbsp;Vamberk&nbsp;v\u00e1ros\u00e1ban tal\u00e1lt meglep\u0151en j\u00f3l konzerv\u00e1l\u00f3dott maradv\u00e1nyok k\u00f6z\u00fcl 15-\u00f6t l\u00e1thatunk a vezetett t\u00fara keret\u00e9ben.<\/p>\n\n\n\n<figure class=\"wp-block-image size-full\"><a href=\"https:\/\/www.goforgo.hu\/wp-content\/uploads\/2026\/02\/KLASZTOR-BROUMOV-38-1024x683-1.jpg\"><img loading=\"lazy\" decoding=\"async\" width=\"1024\" height=\"683\" src=\"https:\/\/www.goforgo.hu\/wp-content\/uploads\/2026\/02\/KLASZTOR-BROUMOV-38-1024x683-1.jpg\" alt=\"\" class=\"wp-image-7742\" srcset=\"https:\/\/www.goforgo.hu\/wp-content\/uploads\/2026\/02\/KLASZTOR-BROUMOV-38-1024x683-1.jpg 1024w, https:\/\/www.goforgo.hu\/wp-content\/uploads\/2026\/02\/KLASZTOR-BROUMOV-38-1024x683-1-768x512.jpg 768w\" sizes=\"auto, (max-width: 1024px) 100vw, 1024px\" \/><\/a><\/figure>\n\n\n\n<p><strong>Olivetin s\u00f6rgy\u00e1r<\/strong><\/p>\n\n\n\n<p><strong>A Pivovar Broumov<\/strong>&nbsp;egy kis&nbsp;kelet-cseh&nbsp;s\u00f6rf\u0151zde, amely&nbsp;Broumovban, Oliv\u011bt\u00ednben, Csehorsz\u00e1gban tal\u00e1lhat\u00f3. A s\u00f6rf\u0151zde vil\u00e1gos, s\u00f6t\u00e9t \u00e9s borosty\u00e1nsz\u00edn\u0171 s\u00f6r\u00f6ket k\u00e9sz\u00edt, mind sz\u0171rt, mind sz\u0171retlen\u00fcl (lagerek,&nbsp;csapos s\u00f6r\u00f6k&nbsp;\u00e9s m\u00e1s speci\u00e1lis s\u00f6r\u00f6k). Emellett t\u00f6bbf\u00e9le \u00edzes\u00edtett s\u00f6rt is k\u00e9sz\u00edt, gy\u00fcm\u00f6lcs\u00f6s, f\u0171szeres \u00e9s gy\u00f3gyn\u00f6v\u00e9nyes v\u00e1ltozatokkal. A l\u00e1togat\u00f3k vezetett t\u00far\u00e1kat vehetnek a s\u00f6rf\u0151zd\u00e9ben, valamint s\u00f6rk\u00f3stol\u00f3n. A t\u00fara sor\u00e1n megl\u00e1togatj\u00e1k a mal\u00e1ta h\u00e1zat, a s\u00f6rf\u0151zd\u00e9k pinc\u00e9j\u00e9t, a palackoz\u00f3 l\u00e9tes\u00edtm\u00e9nyt \u00e9s m\u00e9g sok m\u00e1st. A t\u00fara sor\u00e1n megl\u00e1togathatunk egy 20. sz\u00e1zad eleji stiliz\u00e1lt kocsm\u00e1t \u00e9s a r\u00e9gi s\u00f6rmester irod\u00e1j\u00e1t.<\/p>\n\n\n\n<figure class=\"wp-block-image size-large\"><a href=\"https:\/\/www.goforgo.hu\/wp-content\/uploads\/2026\/02\/photo-collagepivovar-OPA.png\"><img loading=\"lazy\" decoding=\"async\" width=\"1024\" height=\"768\" src=\"https:\/\/www.goforgo.hu\/wp-content\/uploads\/2026\/02\/photo-collagepivovar-OPA-1024x768.png\" alt=\"\" class=\"wp-image-7746\" srcset=\"https:\/\/www.goforgo.hu\/wp-content\/uploads\/2026\/02\/photo-collagepivovar-OPA-1024x768.png 1024w, https:\/\/www.goforgo.hu\/wp-content\/uploads\/2026\/02\/photo-collagepivovar-OPA-768x576.png 768w, https:\/\/www.goforgo.hu\/wp-content\/uploads\/2026\/02\/photo-collagepivovar-OPA-1140x855.png 1140w, https:\/\/www.goforgo.hu\/wp-content\/uploads\/2026\/02\/photo-collagepivovar-OPA.png 1440w\" sizes=\"auto, (max-width: 1024px) 100vw, 1024px\" \/><\/a><\/figure>\n\n\n\n<figure class=\"wp-block-image size-large\"><a href=\"https:\/\/www.goforgo.hu\/wp-content\/uploads\/2026\/03\/skaly-334655.jpg\"><img loading=\"lazy\" decoding=\"async\" width=\"1024\" height=\"633\" src=\"https:\/\/www.goforgo.hu\/wp-content\/uploads\/2026\/03\/skaly-334655-1024x633.jpg\" alt=\"\" class=\"wp-image-7828\" srcset=\"https:\/\/www.goforgo.hu\/wp-content\/uploads\/2026\/03\/skaly-334655-1024x633.jpg 1024w, https:\/\/www.goforgo.hu\/wp-content\/uploads\/2026\/03\/skaly-334655-768x474.jpg 768w, https:\/\/www.goforgo.hu\/wp-content\/uploads\/2026\/03\/skaly-334655-1536x949.jpg 1536w, https:\/\/www.goforgo.hu\/wp-content\/uploads\/2026\/03\/skaly-334655-1140x704.jpg 1140w, https:\/\/www.goforgo.hu\/wp-content\/uploads\/2026\/03\/skaly-334655.jpg 2048w\" sizes=\"auto, (max-width: 1024px) 100vw, 1024px\" \/><\/a><\/figure>\n\n\n\n<p><strong>Teplick\u00e9 Sk\u00e1ly <\/strong>\u2013 A vad sziklav\u00e1rosok<\/p>\n\n\n\n<p>Hatalmas, \u00e9gig \u00e9r\u0151 sziklafalak, egy titokzatos ter\u00fclet K\u00f6z\u00e9p-Eur\u00f3pa legnagyobb sziklabirintus\u00e1val. A legismertebb turisztikai k\u00f6r, amely a Teplice szikl\u00e1k k\u00f6rny\u00e9k\u00e9n halad \u00e1t, 6 km hossz\u00fa, \u00e9s fizikailag kicsit megterhel\u0151bb, mint az Adr\u0161pach-szikl\u00e1k \u00fatvonala. A szikl\u00e1k k\u00f6z\u00e9 a Teplice nad Metuj\u00ed v\u00e1ros sz\u00e9l\u00e9n lehet bel\u00e9pni.<\/p>\n\n\n\n<figure class=\"wp-block-image size-full\"><a href=\"https:\/\/www.goforgo.hu\/wp-content\/uploads\/2026\/02\/teplicke.jpg\"><img loading=\"lazy\" decoding=\"async\" width=\"1000\" height=\"665\" src=\"https:\/\/www.goforgo.hu\/wp-content\/uploads\/2026\/02\/teplicke.jpg\" alt=\"\" class=\"wp-image-7747\" srcset=\"https:\/\/www.goforgo.hu\/wp-content\/uploads\/2026\/02\/teplicke.jpg 1000w, https:\/\/www.goforgo.hu\/wp-content\/uploads\/2026\/02\/teplicke-768x511.jpg 768w\" sizes=\"auto, (max-width: 1000px) 100vw, 1000px\" \/><\/a><\/figure>\n\n\n\n<p>A Teplice Szikl\u00e1k legmagasabb \u00e9s legh\u00edresebb k\u00e9pz\u0151dm\u00e9nyei a Sziklakorona, valamint a Templom \u00e9s a Martin falak. A Templomfalakban tal\u00e1lhat\u00f3 K\u00f6z\u00e9p-Eur\u00f3pa legnagyobb barlanglabirintusa. Homokk\u0151 barlangok, m\u00e9lys\u00e9gek \u00e9s meredek szurdokok alkotnak egy huszonh\u00e9t kilom\u00e9ter hossz\u00fa rendszert, amely jellegzetes Poszeid\u00f3n nevet viseli. \u00c9rdekes jellemz\u0151je ennek a sziklav\u00e1rosnak egy Szib\u00e9ria nev\u0171 ter\u00fclet is, ahol m\u00e9g a ny\u00e1ri h\u00f3napokban is havat tal\u00e1lsz, f\u0151leg az\u00e9rt, mert a szurdokok rendk\u00edv\u00fcl m\u00e9lyek \u00e9s kanyarg\u00f3sak, \u00edgy a nap egy\u00e1ltal\u00e1n nem jut be bel\u00e9j\u00fck.<\/p>\n\n\n\n<figure class=\"wp-block-image size-large\"><a href=\"https:\/\/www.goforgo.hu\/wp-content\/uploads\/2026\/02\/teplicke-skaly.jpg\"><img loading=\"lazy\" decoding=\"async\" width=\"1024\" height=\"683\" src=\"https:\/\/www.goforgo.hu\/wp-content\/uploads\/2026\/02\/teplicke-skaly-1024x683.jpg\" alt=\"\" class=\"wp-image-7748\" srcset=\"https:\/\/www.goforgo.hu\/wp-content\/uploads\/2026\/02\/teplicke-skaly-1024x683.jpg 1024w, https:\/\/www.goforgo.hu\/wp-content\/uploads\/2026\/02\/teplicke-skaly-768x512.jpg 768w, https:\/\/www.goforgo.hu\/wp-content\/uploads\/2026\/02\/teplicke-skaly-1536x1024.jpg 1536w, https:\/\/www.goforgo.hu\/wp-content\/uploads\/2026\/02\/teplicke-skaly-1140x760.jpg 1140w, https:\/\/www.goforgo.hu\/wp-content\/uploads\/2026\/02\/teplicke-skaly.jpg 1620w\" sizes=\"auto, (max-width: 1024px) 100vw, 1024px\" \/><\/a><\/figure>\n\n\n\n<p><strong>Brno<\/strong><\/p>\n\n\n\n<p>Csehorsz\u00e1g&nbsp;m\u00e1sodik legjelent\u0151sebb v\u00e1rosa,&nbsp;Morvaorsz\u00e1g&nbsp;legnagyobb v\u00e1rosa, a t\u00f6rt\u00e9nelmi&nbsp;Morva \u0150rgr\u00f3fs\u00e1g&nbsp;f\u0151v\u00e1rosa. Szabad s\u00e9t\u00e1nk sor\u00e1n megn\u00e9zz\u00fck a Szent P\u00e9ter \u00e9s P\u00e1l templomot, a v\u00e1rosh\u00e1z\u00e1t, a n\u00e9met templomot \u00e9s fels\u00e9t\u00e1lunk a Spilberkhez, mely sok magyar szabads\u00e1gh\u0151s b\u00f6rt\u00f6ne volt.<\/p>\n\n\n\n<figure class=\"wp-block-image size-large\"><a href=\"https:\/\/www.goforgo.hu\/wp-content\/uploads\/2026\/02\/brno-2.jpg\"><img loading=\"lazy\" decoding=\"async\" width=\"1024\" height=\"625\" src=\"https:\/\/www.goforgo.hu\/wp-content\/uploads\/2026\/02\/brno-2-1024x625.jpg\" alt=\"\" class=\"wp-image-7749\" srcset=\"https:\/\/www.goforgo.hu\/wp-content\/uploads\/2026\/02\/brno-2-1024x625.jpg 1024w, https:\/\/www.goforgo.hu\/wp-content\/uploads\/2026\/02\/brno-2-768x468.jpg 768w, https:\/\/www.goforgo.hu\/wp-content\/uploads\/2026\/02\/brno-2-1536x937.jpg 1536w, https:\/\/www.goforgo.hu\/wp-content\/uploads\/2026\/02\/brno-2-1140x695.jpg 1140w, https:\/\/www.goforgo.hu\/wp-content\/uploads\/2026\/02\/brno-2.jpg 1700w\" sizes=\"auto, (max-width: 1024px) 100vw, 1024px\" \/><\/a><\/figure>\n\n\n\n<p><strong>\u00c9LM\u00c9NYEKBEN&nbsp; GAZDAG&nbsp; UTAZ\u00c1ST,<em>&nbsp; <\/em>J\u00d3&nbsp; SZ\u00d3RAKOZ\u00c1ST K\u00cdV\u00c1NUNK!<\/strong><\/p>\n","protected":false},"excerpt":{"rendered":"<p>Utaz\u00e1s Szecsei Mikl\u00f3ssal \u00e9s Petr Kohllal Id\u0151pont: 2026.07.01-05. pozic\u00ed\u00f3 sz\u00e1m: 26\/CSA\/01 &nbsp; \u00fatvonal:&nbsp; Budapest \u2013 Punkva barlang \u2013 Broumov \u2013 Adrspach \u2013 Teplice \u2013 Brno \u2013 Budapest&nbsp; (kb. 1500 km) Sz\u00e1ll\u00e1s:&nbsp;&nbsp; Broumov, 3*-os sz\u00e1lloda 2-3 \u00e1gyas szob\u00e1iban Utaz\u00e1s&nbsp;&nbsp;&nbsp;&nbsp;&nbsp; az utasl\u00e9tsz\u00e1mnak megfelel\u0151 aut\u00f3busszal Ell\u00e1t\u00e1s: f\u00e9lpanzi\u00f3 (4 x reggeli+ 4 x vacsora) Id\u0151tartam 5 nap \/4 \u00e9jszaka Idegenvezet\u00e9s:&nbsp;&nbsp;&nbsp; v\u00e9gig a program alatt \u00e9s helyi PROGRAM: Indul\u00e1s:&nbsp; 6:00-kor Budapest, \u00dcll\u0151i \u00fat 137 (Ecseri \u00fati OMV benzink\u00fat, kifel\u00e9 vezet\u0151 oldal\u00e1n) 1. nap: 2026.07.01. Budapest \u2013 Punkva barlang \u2013 Broumov (4 \u00e9jszaka sz\u00e1ll\u00e1s) &nbsp;&nbsp;kb. 600 km 2. nap: 2026.07.02. Eg\u00e9sznapos kir\u00e1ndul\u00e1s Adrspach sziklav\u00e1ros\u00e1ba. Kb.60 km + gyalogt\u00fara! 3. nap: 2026.07.03. Broumov, Broumov-i ap\u00e1ts\u00e1g (Torinoi lepel) \u00e9s Olivetin s\u00f6rgy\u00e1r \u00e9s kostol\u00f3 kb. 80 km 4.nap: 2026.07.04. Eg\u00e9sznapos kir\u00e1ndul\u00e1s Teplick\u00e9 Szikl\u00e1i. Kb.50 km + gyalogt\u00fara! 5. nap: 2026.07.05. Broumov \u2013 Brno &nbsp;\u2013 Budapest kb. 600 km) \u00c9rkez\u00e9s a k\u00e9s\u0151 esti \u00f3r\u00e1kban, lesz\u00e1ll\u00e1si lehet\u0151s\u00e9g a felsz\u00e1ll\u00e1ssal megegyez\u0151 helyen. R\u00e9szv\u00e9teli d\u00edj: &nbsp;195 000 Ft + 180 \u20ac minimum l\u00e9tsz\u00e1m: 40 f\u0151 A r\u00e9szv\u00e9teli d\u00edj tartalmazza: a 4 \u00e9jszaka sz\u00e1ll\u00e1st, 4 reggeli + 4 vacsora, az aut\u00f3buszos utaz\u00e1s minden k\u00f6lts\u00e9g\u00e9t, az idegenvezet\u00e9st az aut\u00f3buszon \u00e9s a helyi vezet\u0151 d\u00edjaz\u00e1s\u00e1t. A r\u00e9szv\u00e9teli d\u00edj nem tartalmazza: a helyi bel\u00e9p\u0151ket, aminek \u00e1ra 480 czk \u00e9s a BBP biztos\u00edt\u00e1st, (mely irod\u00e1nkban megk\u00f6thet\u0151) 3500 Ft Az utaz\u00e1s k\u00fcl\u00f6nlegess\u00e9ge: A 4.napra felk\u00e9rt\u00fck Petr Kohlt, a Teplic\u00e9n \u00e9l\u0151 t\u00faravezet\u0151t, hogy k\u00eds\u00e9rje el csoportunkat. \u00d6r\u00f6mmel \u00e9rtes\u00edtj\u00fck utasainkat, hogy ezt a napot elv\u00e1llalta. Mit lehet r\u00f3la tudni \u00e9s mi\u00e9rt olyan nagy dolog, hogy elkalauzolja a csapatunkat? Petr Kohl cseh el\u0151ad\u00f3 \u00e9s spiritu\u00e1lis gondolkod\u00f3, aki el\u0151ad\u00e1saiban gyakran foglalkozik a term\u00e9szet m\u00e9lyebb, szimbolikus jelent\u00e9s\u00e9vel. A szikl\u00e1kr\u00f3l sz\u00f3l\u00f3 misztikus el\u0151ad\u00e1s\u00e1ban a term\u00e9szeti form\u00e1kat nem csup\u00e1n f\u00f6ldtani k\u00e9pz\u0151dm\u00e9nyekk\u00e9nt, hanem \u0151si energi\u00e1k \u00e9s tud\u00e1s hordoz\u00f3ik\u00e9nt mutatja be. Gondolatmenet\u00e9ben a t\u00e1j \u00e9l\u0151 organizmusk\u00e9nt jelenik meg, amely kapcsolatban \u00e1ll az emberi tudattal \u00e9s bels\u0151 vil\u00e1ggal. El\u0151ad\u00e1sm\u00f3dj\u00e1t meditat\u00edv hangv\u00e9tel, filoz\u00f3fiai m\u00e9lys\u00e9g \u00e9s a term\u00e9szet ir\u00e1nti tisztelet jellemzi. Petr Kohl c\u00e9lja, hogy a hallgat\u00f3s\u00e1got k\u00f6zelebb vigye a term\u00e9szet spiritu\u00e1lis dimenzi\u00f3inak meg\u00e9rt\u00e9s\u00e9hez. L\u00e1tnival\u00f3k: Punkva barlang A&nbsp;Punkva barlang a&nbsp; Morva-karszt legn\u00e9pszer\u0171bb barlangja, gazdag cseppk\u0151d\u00edsz\u00edt\u00e9sekkel \u00e9s egyed\u00fcl\u00e1ll\u00f3 f\u00f6ldalatti foly\u00f3val rendelkezik, amely romantikus cs\u00f3nak\u00e1z\u00e1si lehet\u0151s\u00e9get k\u00edn\u00e1l. A hegyeken \u00e1tt\u00f6r\u0151 Punkva-foly\u00f3 barlangrendszere igazi geol\u00f3giai kuri\u00f3zum. L\u00e9te \u00e9s kialakul\u00e1sa j\u00f3zan \u00e9sszel nehezen \u00e9rthet\u0151, hiszen a foly\u00f3 medre egy kilenc kilom\u00e9ter hossz\u00fa felsz\u00edni szurdokon kanyarog v\u00e9gig, \u00e1m sz\u00e1razon! A v\u00edz ugyanis Sloup falu hat\u00e1r\u00e1ban nem a k\u00e9nyelmes szurdokot v\u00e1lasztja, hanem bek\u00fczdi mag\u00e1t a f\u00f6ld al\u00e1, \u00e9s a szurdok melletti hegyek m\u00e9ly\u00e9n harminc kilom\u00e9tert megt\u00e9ve l\u00e9p csak \u00fajra napvil\u00e1gra. Adrspach szikl\u00e1i Csehorsz\u00e1g, s\u0151t eg\u00e9sz K\u00f6z\u00e9p-Eur\u00f3pa egyik leg\u00e9rdekesebb t\u00e1jegys\u00e9ge, a lengyel hat\u00e1rhoz k\u00f6zeli Adr\u0161pach falu k\u00f6zel\u00e9ben fekv\u0151 sziklav\u00e1ros, melyet gigantikus homokk\u0151tornyok, sziklab\u00e1sty\u00e1k alkotnak. A kiterjedt fenyvesekben megb\u00faj\u00f3 sziklaparadicsom a Broumovsko t\u00e1jv\u00e9delmi k\u00f6rzet legn\u00e9pszer\u0171bb kir\u00e1ndul\u00f3 c\u00e9lpontja. A k\u00f6rny\u00e9k sziklav\u00e1rosai k\u00f6z\u00fcl az Adr\u0161pach (Adersbach) melletti a l\u00e1togatottabb, sokak szerint l\u00e1tv\u00e1nyosabb is, mint&nbsp; a t\u00f6bbi \u00e9s a rajta k\u00f6rbe vezet\u0151 tan\u00f6sv\u00e9ny is r\u00f6videbb. A sziklaparadicsom hivatalos neve&nbsp;Adr\u0161pa\u0161sk\u00e9 skaln\u00ed m\u0115sto&nbsp;(Adrspachi sziklav\u00e1ros), n\u00e9met neve&nbsp;Adersbacher Felsen. 1945 el\u0151tt az eg\u00e9sz&nbsp;Broumov-i (Braunau) vid\u00e9ket n\u00e9met anyanyelv\u0171 emberek lakt\u00e1k, a t\u00f6bb helyen l\u00e1that\u00f3, r\u00e9gi szikl\u00e1ba v\u00e1jt feliratok is tan\u00faskodnak a let\u0171nt korr\u00f3l. A bizarr homokk\u0151 sziklaalakzatok \u00e9vmilli\u00f3k er\u00f3zi\u00f3j\u00e1nak l\u00e1tv\u00e1nyos eredm\u00e9nyei. K\u00f6nny\u0171 s\u00e9ta, n\u00e9h\u00e1ny biztons\u00e1gos l\u00e9tr\u00e1val tark\u00edtva, kit\u0171n\u0151en jelzett turistautakon, \u00f6sv\u00e9nyeken, n\u00e9hol sz\u0171k sziklahasad\u00e9kokon. Nagyobb h\u00e1tizs\u00e1kot ne vigy\u00fcnk magunkkal. Ny\u00e1ron, j\u00f3 id\u0151ben, h\u00e9tv\u00e9g\u00e9n nagyobb forgalomra sz\u00e1m\u00edthatunk. Broumov Broumov az \u00c9szakkelet-Csehorsz\u00e1gban, a lengyel hat\u00e1r k\u00f6zel\u00e9ben fekv\u0151 csendes, b\u00e1jos kisv\u00e1ros a k\u00f6zpontja a h\u00edres Adr\u0161pach-teplice-i sziklavil\u00e1got is mag\u00e1ban foglal\u00f3 Broumovsko t\u00e1jv\u00e9delmi k\u00f6rzetnek. A l\u00e1tv\u00e1nyos homokk\u0151birodalom felfedez\u00e9s\u00e9nek kit\u0171n\u0151 b\u00e1zis\u00e1ul szolg\u00e1l\u00f3 v\u00e1roska sz\u00e1mos \u00e9rdekes l\u00e1tnival\u00f3t k\u00edn\u00e1l, jellegzetes cseh kisv\u00e1rosi, sz\u00e9pen fel\u00faj\u00edtott f\u0151tere, impoz\u00e1ns benc\u00e9s kolostora \u00e9s k\u00f6z\u00e9pkori eredet\u0171, a temet\u0151 melletti fatemploma meg\u00e9r egy f\u00e9lnapos v\u00e1rosn\u00e9z\u00e9st. Torinoi lepel Benc\u00e9s kolostor A kolostor t\u00f6rt\u00e9nete szorosan \u00f6sszef\u00fcgg a v\u00e1ros\u00e9val, hiszen XIII. sz\u00e1zadi alap\u00edt\u00e1sa ut\u00e1n \u00e9p\u00fclt ki mellette a telep\u00fcl\u00e9s. Egy r\u00e9gi er\u0151d hely\u00e9n, magasan a foly\u00f3 feletti fenns\u00edkon \u00e9p\u00edtett\u00e9k a benc\u00e9sek az eredeti \u00e9p\u00fcletet, mely 1322-re k\u00e9sz\u00fclt el. 1989 ut\u00e1n az \u00e9p\u00fclet visszaker\u00fclt a&nbsp;Benedek-rend&nbsp;tulajdon\u00e1ba, sz\u00e9pen fel\u00faj\u00edtott\u00e1k az elm\u00falt \u00e9vekben, jelenleg nagy r\u00e9sze megtekinthet\u0151 vezetett l\u00e1togat\u00e1s keret\u00e9ben. A csoportos l\u00e1togat\u00e1st benc\u00e9s bar\u00e1t vezeti, a k\u00f6rbej\u00e1r\u00e1s sor\u00e1n az \u00e9p\u00fcletegy\u00fcttes legnagyobb l\u00e1tv\u00e1nyoss\u00e1gait mutatj\u00e1k be, a gy\u00f6ny\u00f6r\u0171en fel\u00faj\u00edtott&nbsp;refekt\u00f3riumot, ahol a leg\u00e9rdekesebb l\u00e1tnival\u00f3, a legend\u00e1s&nbsp;torin\u00f3i lepel&nbsp;egy hiteles k\u00f6z\u00e9pkori m\u00e1solata, az egyetlen, mely az Alpokt\u00f3l \u00e9szakra tal\u00e1lhat\u00f3. A kolostor csod\u00e1s k\u00f6nyvt\u00e1r\u00e1ban megcsod\u00e1lhatjuk a&nbsp;Codex Gigas-t, az&nbsp;\u00d6rd\u00f6g Bibli\u00e1j\u00e1t, \u00e9s a kript\u00e1ban 300 \u00e9ves&nbsp;m\u00fami\u00e1kkal&nbsp;szemezhet\u00fcnk, a&nbsp;Vamberk&nbsp;v\u00e1ros\u00e1ban tal\u00e1lt meglep\u0151en j\u00f3l konzerv\u00e1l\u00f3dott maradv\u00e1nyok k\u00f6z\u00fcl 15-\u00f6t l\u00e1thatunk a vezetett t\u00fara keret\u00e9ben. Olivetin s\u00f6rgy\u00e1r A Pivovar Broumov&nbsp;egy kis&nbsp;kelet-cseh&nbsp;s\u00f6rf\u0151zde, amely&nbsp;Broumovban, Oliv\u011bt\u00ednben, Csehorsz\u00e1gban tal\u00e1lhat\u00f3. A s\u00f6rf\u0151zde vil\u00e1gos, s\u00f6t\u00e9t \u00e9s borosty\u00e1nsz\u00edn\u0171 s\u00f6r\u00f6ket k\u00e9sz\u00edt, mind sz\u0171rt, mind sz\u0171retlen\u00fcl (lagerek,&nbsp;csapos s\u00f6r\u00f6k&nbsp;\u00e9s m\u00e1s speci\u00e1lis s\u00f6r\u00f6k). Emellett t\u00f6bbf\u00e9le \u00edzes\u00edtett s\u00f6rt is k\u00e9sz\u00edt, gy\u00fcm\u00f6lcs\u00f6s, f\u0171szeres \u00e9s gy\u00f3gyn\u00f6v\u00e9nyes v\u00e1ltozatokkal. A l\u00e1togat\u00f3k vezetett t\u00far\u00e1kat vehetnek a s\u00f6rf\u0151zd\u00e9ben, valamint s\u00f6rk\u00f3stol\u00f3n. A t\u00fara sor\u00e1n megl\u00e1togatj\u00e1k a mal\u00e1ta h\u00e1zat, a s\u00f6rf\u0151zd\u00e9k pinc\u00e9j\u00e9t, a palackoz\u00f3 l\u00e9tes\u00edtm\u00e9nyt \u00e9s m\u00e9g sok m\u00e1st. A t\u00fara sor\u00e1n megl\u00e1togathatunk egy 20. sz\u00e1zad eleji stiliz\u00e1lt kocsm\u00e1t \u00e9s a r\u00e9gi s\u00f6rmester irod\u00e1j\u00e1t. Teplick\u00e9 Sk\u00e1ly \u2013 A vad sziklav\u00e1rosok Hatalmas, \u00e9gig \u00e9r\u0151 sziklafalak, egy titokzatos ter\u00fclet K\u00f6z\u00e9p-Eur\u00f3pa legnagyobb sziklabirintus\u00e1val. A legismertebb turisztikai k\u00f6r, amely a Teplice szikl\u00e1k k\u00f6rny\u00e9k\u00e9n halad \u00e1t, 6 km hossz\u00fa, \u00e9s fizikailag kicsit megterhel\u0151bb, mint az Adr\u0161pach-szikl\u00e1k \u00fatvonala. A szikl\u00e1k k\u00f6z\u00e9 a Teplice nad Metuj\u00ed v\u00e1ros sz\u00e9l\u00e9n lehet bel\u00e9pni. A Teplice Szikl\u00e1k legmagasabb \u00e9s legh\u00edresebb k\u00e9pz\u0151dm\u00e9nyei a Sziklakorona, valamint a Templom \u00e9s a Martin falak. A Templomfalakban tal\u00e1lhat\u00f3 K\u00f6z\u00e9p-Eur\u00f3pa legnagyobb barlanglabirintusa. Homokk\u0151 barlangok, m\u00e9lys\u00e9gek \u00e9s meredek szurdokok alkotnak egy huszonh\u00e9t kilom\u00e9ter hossz\u00fa rendszert, amely jellegzetes Poszeid\u00f3n nevet viseli. \u00c9rdekes jellemz\u0151je ennek a sziklav\u00e1rosnak egy Szib\u00e9ria nev\u0171 ter\u00fclet is, ahol m\u00e9g a ny\u00e1ri h\u00f3napokban is havat tal\u00e1lsz, f\u0151leg az\u00e9rt, mert a szurdokok rendk\u00edv\u00fcl m\u00e9lyek \u00e9s kanyarg\u00f3sak, \u00edgy a nap egy\u00e1ltal\u00e1n nem jut be bel\u00e9j\u00fck. Brno Csehorsz\u00e1g&nbsp;m\u00e1sodik legjelent\u0151sebb v\u00e1rosa,&nbsp;Morvaorsz\u00e1g&nbsp;legnagyobb v\u00e1rosa, a t\u00f6rt\u00e9nelmi&nbsp;Morva \u0150rgr\u00f3fs\u00e1g&nbsp;f\u0151v\u00e1rosa. Szabad s\u00e9t\u00e1nk sor\u00e1n megn\u00e9zz\u00fck a Szent P\u00e9ter \u00e9s P\u00e1l templomot, a v\u00e1rosh\u00e1z\u00e1t, a n\u00e9met templomot \u00e9s fels\u00e9t\u00e1lunk a Spilberkhez, mely sok magyar szabads\u00e1gh\u0151s b\u00f6rt\u00f6ne volt. \u00c9LM\u00c9NYEKBEN&nbsp; GAZDAG&nbsp; UTAZ\u00c1ST,&nbsp; J\u00d3&nbsp; SZ\u00d3RAKOZ\u00c1ST K\u00cdV\u00c1NUNK!<\/p>\n","protected":false},"author":1,"featured_media":0,"parent":0,"menu_order":0,"comment_status":"closed","ping_status":"closed","template":"","meta":{"footnotes":""},"class_list":["post-7735","page","type-page","status-publish","hentry"],"_links":{"self":[{"href":"https:\/\/www.goforgo.hu\/index.php\/wp-json\/wp\/v2\/pages\/7735","targetHints":{"allow":["GET"]}}],"collection":[{"href":"https:\/\/www.goforgo.hu\/index.php\/wp-json\/wp\/v2\/pages"}],"about":[{"href":"https:\/\/www.goforgo.hu\/index.php\/wp-json\/wp\/v2\/types\/page"}],"author":[{"embeddable":true,"href":"https:\/\/www.goforgo.hu\/index.php\/wp-json\/wp\/v2\/users\/1"}],"replies":[{"embeddable":true,"href":"https:\/\/www.goforgo.hu\/index.php\/wp-json\/wp\/v2\/comments?post=7735"}],"version-history":[{"count":7,"href":"https:\/\/www.goforgo.hu\/index.php\/wp-json\/wp\/v2\/pages\/7735\/revisions"}],"predecessor-version":[{"id":7831,"href":"https:\/\/www.goforgo.hu\/index.php\/wp-json\/wp\/v2\/pages\/7735\/revisions\/7831"}],"wp:attachment":[{"href":"https:\/\/www.goforgo.hu\/index.php\/wp-json\/wp\/v2\/media?parent=7735"}],"curies":[{"name":"wp","href":"https:\/\/api.w.org\/{rel}","templated":true}]}}