{"id":7832,"date":"2026-03-06T15:35:55","date_gmt":"2026-03-06T15:35:55","guid":{"rendered":"https:\/\/www.goforgo.hu\/?page_id=7832"},"modified":"2026-04-02T08:58:51","modified_gmt":"2026-04-02T08:58:51","slug":"szent-gyorgy-hegy-orgonaies-balatonfured","status":"publish","type":"page","link":"https:\/\/www.goforgo.hu\/index.php\/szent-gyorgy-hegy-orgonaies-balatonfured\/","title":{"rendered":"Szent Gy\u00f6rgy hegy orgon\u00e1i"},"content":{"rendered":"\n<figure class=\"wp-block-image size-large\"><a href=\"https:\/\/www.goforgo.hu\/wp-content\/uploads\/2026\/03\/collage-Szent-Gyorgy-hegy-scaled.jpg\"><img loading=\"lazy\" decoding=\"async\" width=\"1024\" height=\"389\" src=\"https:\/\/www.goforgo.hu\/wp-content\/uploads\/2026\/03\/collage-Szent-Gyorgy-hegy-1024x389.jpg\" alt=\"\" class=\"wp-image-7833\" srcset=\"https:\/\/www.goforgo.hu\/wp-content\/uploads\/2026\/03\/collage-Szent-Gyorgy-hegy-1024x389.jpg 1024w, https:\/\/www.goforgo.hu\/wp-content\/uploads\/2026\/03\/collage-Szent-Gyorgy-hegy-768x292.jpg 768w, https:\/\/www.goforgo.hu\/wp-content\/uploads\/2026\/03\/collage-Szent-Gyorgy-hegy-1536x584.jpg 1536w, https:\/\/www.goforgo.hu\/wp-content\/uploads\/2026\/03\/collage-Szent-Gyorgy-hegy-2048x779.jpg 2048w, https:\/\/www.goforgo.hu\/wp-content\/uploads\/2026\/03\/collage-Szent-Gyorgy-hegy-1140x433.jpg 1140w\" sizes=\"auto, (max-width: 1024px) 100vw, 1024px\" \/><\/a><\/figure>\n\n\n\n<figure class=\"wp-block-table\"><table class=\"has-fixed-layout\"><tbody><tr><td><strong>Id\u0151pont:<\/strong><\/td><td colspan=\"2\">2026.04.18.<\/td><td>pozic\u00ed\u00f3 sz\u00e1m:<\/td><td colspan=\"3\">26\/BGY\/01<\/td><td>&nbsp;<\/td><\/tr><tr><td colspan=\"8\"><strong>\u00fatvonal:\u00a0 <\/strong>Budapest \u2013 Szent Gy\u00f6rgy hegy  \u2013 Budapest\u00a0 (kb. 400 km)<\/td><\/tr><tr><td><strong>Utaz\u00e1s&nbsp;&nbsp;&nbsp;&nbsp;&nbsp;:<\/strong><\/td><td colspan=\"4\">az utasl\u00e9tsz\u00e1mnak megfelel\u0151 aut\u00f3busszal<\/td><td><strong>Ell\u00e1t\u00e1s:<\/strong><\/td><td colspan=\"2\">\u00f6nell\u00e1t\u00e1s<\/td><\/tr><tr><td><strong>Id\u0151tartam<\/strong><\/td><td>1 nap<\/td><td colspan=\"2\"><strong>Idegenvezet\u00e9s:&nbsp;&nbsp;&nbsp;<\/strong><\/td><td colspan=\"4\">v\u00e9gig a program alatt \u00e9s helyi<\/td><\/tr><\/tbody><\/table><\/figure>\n\n\n\n<p>Figyelem! Szecsei Mikl\u00f3s k\u00e9r\u00e9s\u00e9re a programunk csak a Szent-Gy\u00f6rgy hegyre korl\u00e1toz\u00f3dott!<\/p>\n\n\n\n<h1 class=\"wp-block-heading has-text-align-center\"><strong><u>PROGRAM:<\/u><\/strong><\/h1>\n\n\n\n<p><strong>Indul\u00e1s:&nbsp; 8:00-kor Budapest, \u00dcll\u0151i \u00fat 137 (Ecseri \u00fati OMV benzink\u00fat, kifel\u00e9 vezet\u0151 oldal\u00e1n)<\/strong><\/p>\n\n\n\n<ol class=\"wp-block-list\">\n<li><strong>nap:<\/strong><\/li>\n<\/ol>\n\n\n\n<p>Budapestr\u0151l val\u00f3 indul\u00e1sunk ut\u00e1n az M7-es aut\u00f3p\u00e1ly\u00e1t, majd Sz\u00e9kesfeh\u00e9rv\u00e1rt \u00e9s Veszpr\u00e9met \u00e9rintve \u00e9rkez\u00fcnk meg Raposk\u00e1ra, ahonnan a Szent Gy\u00f6rgy hegyi kir\u00e1ndul\u00e1sunk indul. Itt v\u00e1r minket a helyi vezet\u0151nk, aki v\u00e9gig visz \u00e9s bemutatja a hegy szakr\u00e1lis pontjait.  Kellemes, nem neh\u00e9z t\u00far\u00e1nk sor\u00e1n megcsod\u00e1lhatjuk a hegy oldal\u00e1ban \u00e1ll\u00f3 bazalt orgon\u00e1kat, a Kis S\u00e1rk\u00e1ny barlangot a \u201ej\u00e9g\u201d barlangot \u00e9s nem utols\u00f3 sorban a leny\u0171g\u00f6z\u0151 panor\u00e1m\u00e1t, mely legnagyobb tavunkra, a Balatonra ny\u00edlik.<\/p>\n\n\n\n<figure class=\"wp-block-image size-full\"><a href=\"https:\/\/www.goforgo.hu\/wp-content\/uploads\/2026\/03\/tanu2-e1636708026690-1024x576-1.jpg\"><img loading=\"lazy\" decoding=\"async\" width=\"1024\" height=\"576\" src=\"https:\/\/www.goforgo.hu\/wp-content\/uploads\/2026\/03\/tanu2-e1636708026690-1024x576-1.jpg\" alt=\"\" class=\"wp-image-7834\" srcset=\"https:\/\/www.goforgo.hu\/wp-content\/uploads\/2026\/03\/tanu2-e1636708026690-1024x576-1.jpg 1024w, https:\/\/www.goforgo.hu\/wp-content\/uploads\/2026\/03\/tanu2-e1636708026690-1024x576-1-768x432.jpg 768w\" sizes=\"auto, (max-width: 1024px) 100vw, 1024px\" \/><\/a><\/figure>\n\n\n\n<p>Kb. 3-4 \u00f3r\u00e1s t\u00far\u00e1nk ut\u00e1n lehet\u0151s\u00e9g\u00fcnk ny\u00edlik egy kellemes eb\u00e9d elfogyaszt\u00e1s\u00e1ra, amit az egykori Mennyorsz\u00e1g kerthelyis\u00e9g tulajdonosa prezent\u00e1l kifejezetten a csoport sz\u00e1m\u00e1ra kinyitva \u00fajb\u00f3l a &#8222;Mennyorsz\u00e1g&#8221; kapuit. (ennek a b\u0151s\u00e9gt\u00e1l eb\u00e9dnek az \u00e1ra helyben fizetend\u0151: 6 000 Ft) A kil\u00e1t\u00e1s, a panor\u00e1ma p\u00e1ratlan: Balaton, Szigligeti v\u00e1r, a Balaton-felvid\u00e9k d\u00e9li hegyl\u00e1ncai, alattunk a falu h\u00e1zai, temploma, igaz\u00e1n leny\u0171g\u00f6z\u0151, csod\u00e1latos. A meredek lejt\u0151n kis teraszokat alak\u00edtott ki a tulajdonos, aki m\u00e1r  \u00e9vek \u00f3ta itt \u00e9l \u00e9s ismeri a hegy szakr\u00e1lis helyeit. <\/p>\n\n\n\n<figure class=\"wp-block-image size-large\"><a href=\"https:\/\/www.goforgo.hu\/wp-content\/uploads\/2026\/03\/tagore.jpg\"><img loading=\"lazy\" decoding=\"async\" width=\"1024\" height=\"640\" src=\"https:\/\/www.goforgo.hu\/wp-content\/uploads\/2026\/03\/tagore-1024x640.jpg\" alt=\"\" class=\"wp-image-7835\" srcset=\"https:\/\/www.goforgo.hu\/wp-content\/uploads\/2026\/03\/tagore-1024x640.jpg 1024w, https:\/\/www.goforgo.hu\/wp-content\/uploads\/2026\/03\/tagore-768x480.jpg 768w, https:\/\/www.goforgo.hu\/wp-content\/uploads\/2026\/03\/tagore-1536x960.jpg 1536w, https:\/\/www.goforgo.hu\/wp-content\/uploads\/2026\/03\/tagore-1140x713.jpg 1140w, https:\/\/www.goforgo.hu\/wp-content\/uploads\/2026\/03\/tagore.jpg 1920w\" sizes=\"auto, (max-width: 1024px) 100vw, 1024px\" \/><\/a><\/figure>\n\n\n\n<p>K\u00e9s\u0151 d\u00e9lut\u00e1n indulunk hazafel\u00e9 \u00e9s forgalomt\u00f3l f\u00fcgg\u0151en az esti \u00f3r\u00e1kban \u00e9rkez\u00fcnk Budapestre. Lesz\u00e1ll\u00e1si lehet\u0151s\u00e9g a felsz\u00e1ll\u00e1ssal megegyez\u0151 helyeken!<\/p>\n\n\n\n<h1 class=\"wp-block-heading has-text-align-center\"><strong>R\u00e9szv\u00e9teli d\u00edj: 16 500 Ft<\/strong><strong><\/strong><\/h1>\n\n\n\n<p><strong><em>minimum l\u00e9tsz\u00e1m: 40 f\u0151<\/em><\/strong><\/p>\n\n\n\n<p><strong><em><u>A r\u00e9szv\u00e9teli d\u00edj tartalmazza<\/u><\/em><\/strong><strong><em>:<\/em><\/strong><em> az aut\u00f3buszos utaz\u00e1s minden k\u00f6lts\u00e9g\u00e9t, az idegenvezet\u00e9st az aut\u00f3buszon<\/em><\/p>\n\n\n\n<p><strong><em><u>A r\u00e9szv\u00e9teli d\u00edj nem tartalmazza<\/u><\/em><\/strong><strong><em>:<\/em><\/strong><em> az \u00e9tkez\u00e9st \u00e9s az esetleges helyi bel\u00e9p\u0151ket<\/em><\/p>\n\n\n\n<p><strong>\u00c9LM\u00c9NYEKBEN&nbsp; GAZDAG&nbsp; UTAZ\u00c1ST,<em>&nbsp; <\/em>J\u00d3&nbsp; SZ\u00d3RAKOZ\u00c1ST K\u00cdV\u00c1NUNK!<\/strong><\/p>\n","protected":false},"excerpt":{"rendered":"<p>Id\u0151pont: 2026.04.18. pozic\u00ed\u00f3 sz\u00e1m: 26\/BGY\/01 &nbsp; \u00fatvonal:\u00a0 Budapest \u2013 Szent Gy\u00f6rgy hegy \u2013 Budapest\u00a0 (kb. 400 km) Utaz\u00e1s&nbsp;&nbsp;&nbsp;&nbsp;&nbsp;: az utasl\u00e9tsz\u00e1mnak megfelel\u0151 aut\u00f3busszal Ell\u00e1t\u00e1s: \u00f6nell\u00e1t\u00e1s Id\u0151tartam 1 nap Idegenvezet\u00e9s:&nbsp;&nbsp;&nbsp; v\u00e9gig a program alatt \u00e9s helyi Figyelem! Szecsei Mikl\u00f3s k\u00e9r\u00e9s\u00e9re a programunk csak a Szent-Gy\u00f6rgy hegyre korl\u00e1toz\u00f3dott! PROGRAM: Indul\u00e1s:&nbsp; 8:00-kor Budapest, \u00dcll\u0151i \u00fat 137 (Ecseri \u00fati OMV benzink\u00fat, kifel\u00e9 vezet\u0151 oldal\u00e1n) Budapestr\u0151l val\u00f3 indul\u00e1sunk ut\u00e1n az M7-es aut\u00f3p\u00e1ly\u00e1t, majd Sz\u00e9kesfeh\u00e9rv\u00e1rt \u00e9s Veszpr\u00e9met \u00e9rintve \u00e9rkez\u00fcnk meg Raposk\u00e1ra, ahonnan a Szent Gy\u00f6rgy hegyi kir\u00e1ndul\u00e1sunk indul. Itt v\u00e1r minket a helyi vezet\u0151nk, aki v\u00e9gig visz \u00e9s bemutatja a hegy szakr\u00e1lis pontjait. Kellemes, nem neh\u00e9z t\u00far\u00e1nk sor\u00e1n megcsod\u00e1lhatjuk a hegy oldal\u00e1ban \u00e1ll\u00f3 bazalt orgon\u00e1kat, a Kis S\u00e1rk\u00e1ny barlangot a \u201ej\u00e9g\u201d barlangot \u00e9s nem utols\u00f3 sorban a leny\u0171g\u00f6z\u0151 panor\u00e1m\u00e1t, mely legnagyobb tavunkra, a Balatonra ny\u00edlik. Kb. 3-4 \u00f3r\u00e1s t\u00far\u00e1nk ut\u00e1n lehet\u0151s\u00e9g\u00fcnk ny\u00edlik egy kellemes eb\u00e9d elfogyaszt\u00e1s\u00e1ra, amit az egykori Mennyorsz\u00e1g kerthelyis\u00e9g tulajdonosa prezent\u00e1l kifejezetten a csoport sz\u00e1m\u00e1ra kinyitva \u00fajb\u00f3l a &#8222;Mennyorsz\u00e1g&#8221; kapuit. (ennek a b\u0151s\u00e9gt\u00e1l eb\u00e9dnek az \u00e1ra helyben fizetend\u0151: 6 000 Ft) A kil\u00e1t\u00e1s, a panor\u00e1ma p\u00e1ratlan: Balaton, Szigligeti v\u00e1r, a Balaton-felvid\u00e9k d\u00e9li hegyl\u00e1ncai, alattunk a falu h\u00e1zai, temploma, igaz\u00e1n leny\u0171g\u00f6z\u0151, csod\u00e1latos. A meredek lejt\u0151n kis teraszokat alak\u00edtott ki a tulajdonos, aki m\u00e1r \u00e9vek \u00f3ta itt \u00e9l \u00e9s ismeri a hegy szakr\u00e1lis helyeit. K\u00e9s\u0151 d\u00e9lut\u00e1n indulunk hazafel\u00e9 \u00e9s forgalomt\u00f3l f\u00fcgg\u0151en az esti \u00f3r\u00e1kban \u00e9rkez\u00fcnk Budapestre. Lesz\u00e1ll\u00e1si lehet\u0151s\u00e9g a felsz\u00e1ll\u00e1ssal megegyez\u0151 helyeken! R\u00e9szv\u00e9teli d\u00edj: 16 500 Ft minimum l\u00e9tsz\u00e1m: 40 f\u0151 A r\u00e9szv\u00e9teli d\u00edj tartalmazza: az aut\u00f3buszos utaz\u00e1s minden k\u00f6lts\u00e9g\u00e9t, az idegenvezet\u00e9st az aut\u00f3buszon A r\u00e9szv\u00e9teli d\u00edj nem tartalmazza: az \u00e9tkez\u00e9st \u00e9s az esetleges helyi bel\u00e9p\u0151ket \u00c9LM\u00c9NYEKBEN&nbsp; GAZDAG&nbsp; UTAZ\u00c1ST,&nbsp; J\u00d3&nbsp; SZ\u00d3RAKOZ\u00c1ST K\u00cdV\u00c1NUNK!<\/p>\n","protected":false},"author":1,"featured_media":0,"parent":0,"menu_order":0,"comment_status":"closed","ping_status":"closed","template":"","meta":{"footnotes":""},"class_list":["post-7832","page","type-page","status-publish","hentry"],"_links":{"self":[{"href":"https:\/\/www.goforgo.hu\/index.php\/wp-json\/wp\/v2\/pages\/7832","targetHints":{"allow":["GET"]}}],"collection":[{"href":"https:\/\/www.goforgo.hu\/index.php\/wp-json\/wp\/v2\/pages"}],"about":[{"href":"https:\/\/www.goforgo.hu\/index.php\/wp-json\/wp\/v2\/types\/page"}],"author":[{"embeddable":true,"href":"https:\/\/www.goforgo.hu\/index.php\/wp-json\/wp\/v2\/users\/1"}],"replies":[{"embeddable":true,"href":"https:\/\/www.goforgo.hu\/index.php\/wp-json\/wp\/v2\/comments?post=7832"}],"version-history":[{"count":5,"href":"https:\/\/www.goforgo.hu\/index.php\/wp-json\/wp\/v2\/pages\/7832\/revisions"}],"predecessor-version":[{"id":7924,"href":"https:\/\/www.goforgo.hu\/index.php\/wp-json\/wp\/v2\/pages\/7832\/revisions\/7924"}],"wp:attachment":[{"href":"https:\/\/www.goforgo.hu\/index.php\/wp-json\/wp\/v2\/media?parent=7832"}],"curies":[{"name":"wp","href":"https:\/\/api.w.org\/{rel}","templated":true}]}}