{"id":7851,"date":"2026-03-16T12:33:22","date_gmt":"2026-03-16T12:33:22","guid":{"rendered":"https:\/\/www.goforgo.hu\/?page_id=7851"},"modified":"2026-03-16T12:33:22","modified_gmt":"2026-03-16T12:33:22","slug":"az-okori-gorog-josdak-nyomaban","status":"publish","type":"page","link":"https:\/\/www.goforgo.hu\/index.php\/az-okori-gorog-josdak-nyomaban\/","title":{"rendered":"Az \u00f3kori g\u00f6r\u00f6g j\u00f3sd\u00e1k nyom\u00e1ban"},"content":{"rendered":"\n<p>Delfoi, M\u00fck\u00e9n\u00e9, Dion, Olympos, Meteor\u00e1k, Ath\u00e9n<\/p>\n\n\n\n<p><strong><em>K\u00c9PEINKET PROGRAMJAINKR\u00d3L A <\/em><\/strong><a href=\"http:\/\/www.forgotravel.hu\/\"><strong><em>WWW.GOFORGO.HU<\/em><\/strong><\/a><strong><em>\u2013 N TEKINTHETI MEG!<\/em><\/strong><\/p>\n\n\n\n<figure class=\"wp-block-table\"><table class=\"has-fixed-layout\"><tbody><tr><td colspan=\"2\"><strong>Id\u0151pont:<\/strong><\/td><td colspan=\"2\">2026.10.10-19.<\/td><td>pozic\u00ed\u00f3 sz\u00e1m:<\/td><td colspan=\"3\">26\/GAT\/01<\/td><\/tr><tr><td colspan=\"8\"><strong>\u00fatvonal:&nbsp; <\/strong>Budapest \u2013Paralia \u2013 Kalambaka \u2013 Ath\u00e9n&nbsp; \u2013 Korinthosz \u2013  Paralia &nbsp;\u2013 Budapest&nbsp; (kb. 4100 km)<\/td><\/tr><tr><td colspan=\"8\"><strong>Sz\u00e1ll\u00e1s:&nbsp;&nbsp; <\/strong>3 *-os sz\u00e1llod\u00e1kban, 2-3 \u00e1gyas hotel szob\u00e1k<\/td><\/tr><tr><td colspan=\"8\"><strong>Ell\u00e1t\u00e1s:<\/strong> f\u00e9lpanzi\u00f3<\/td><\/tr><tr><td colspan=\"8\"><strong>Utaz\u00e1s:<\/strong> az utasl\u00e9tsz\u00e1mnak megfelel\u0151 aut\u00f3busszal<\/td><\/tr><tr><td colspan=\"8\"><strong>Id\u0151tartam:<\/strong> 10 nap\/9 \u00e9jszaka<\/td><\/tr><tr><td colspan=\"8\"><strong>Idegenvezet\u00e9s:<\/strong> v\u00e9gig a program alatt \u00e9s Ath\u00e9nban helyi<\/td><\/tr><\/tbody><\/table><\/figure>\n\n\n\n<figure class=\"wp-block-image size-large\"><a href=\"https:\/\/www.goforgo.hu\/wp-content\/uploads\/2026\/03\/collage-Athen-korut-scaled.jpg\"><img loading=\"lazy\" decoding=\"async\" width=\"1024\" height=\"389\" src=\"https:\/\/www.goforgo.hu\/wp-content\/uploads\/2026\/03\/collage-Athen-korut-1024x389.jpg\" alt=\"\" class=\"wp-image-7852\" srcset=\"https:\/\/www.goforgo.hu\/wp-content\/uploads\/2026\/03\/collage-Athen-korut-1024x389.jpg 1024w, https:\/\/www.goforgo.hu\/wp-content\/uploads\/2026\/03\/collage-Athen-korut-768x292.jpg 768w, https:\/\/www.goforgo.hu\/wp-content\/uploads\/2026\/03\/collage-Athen-korut-1536x584.jpg 1536w, https:\/\/www.goforgo.hu\/wp-content\/uploads\/2026\/03\/collage-Athen-korut-2048x779.jpg 2048w, https:\/\/www.goforgo.hu\/wp-content\/uploads\/2026\/03\/collage-Athen-korut-1140x433.jpg 1140w\" sizes=\"auto, (max-width: 1024px) 100vw, 1024px\" \/><\/a><\/figure>\n\n\n\n<h2 class=\"wp-block-heading has-text-align-center\"><strong><u>PROGRAM:<\/u><\/strong><\/h2>\n\n\n\n<p><strong>Indul\u00e1s:&nbsp; 6:00-kor Budapest, \u00dcll\u0151i \u00fat 137 (Ecseri \u00fati OMV benzink\u00fat, kifel\u00e9 vezet\u0151 oldal\u00e1n)<\/strong><\/p>\n\n\n\n<p><strong>1. nap: <\/strong>Budapest \u2013 Sz\u00f3fia, f\u00e9lpanzi\u00f3 (vacsora \u00e9s reggeli) <strong>Eg\u00e9sz napos utaz\u00e1s <\/strong>kb. 850 km<\/p>\n\n\n\n<p><strong>2. nap:<\/strong> Sz\u00f3fia &#8211; Paralia, tengerpart<\/p>\n\n\n\n<p>Eg\u00e9sz napos utaz\u00e1s. Kora d\u00e9lut\u00e1n v\u00e1rosn\u00e9z\u00e9s Thesszalonikiben. 370 km<\/p>\n\n\n\n<p><strong>3. nap: <\/strong>Paralia &#8211; Kalambaka<\/p>\n\n\n\n<p>Indulunk a h\u00edres Meteor\u00e1k fel\u00e9. Kora d\u00e9lut\u00e1n \u00e9rj\u00fck el a nagy parkol\u00f3t. A d\u00e9lut\u00e1nt itt t\u00f6lthetj\u00fck, hiszen sz\u00e1ll\u00e1sunk a Meteor\u00e1k l\u00e1b\u00e1n\u00e1l lesz. 200 km<\/p>\n\n\n\n<p><strong>4. nap: <\/strong>Kalambaka \u2013 Liv\u00e1dia &#8211; Ath\u00e9n<\/p>\n\n\n\n<p>Ath\u00e9nba utazunk. \u00datk\u00f6zben megn\u00e9zz\u00fck Liv\u00e1diaban az \u00f3kori G\u00f6r\u00f6gorsz\u00e1g egyik legfontosabb j\u00f3sd\u00e1j\u00e1t, a Tr\u00f3ph\u00f3niosz j\u00f3sd\u00e1t. Este \u00e9rkez\u00e9s a sz\u00e1ll\u00e1sra, vacsora. (400 km)<\/p>\n\n\n\n<p><strong>5. nap: <\/strong>Ath\u00e9n<\/p>\n\n\n\n<p>Eg\u00e9sznapos v\u00e1rosn\u00e9z\u00e9s helyi idegenvezet\u0151nk seg\u00edts\u00e9g\u00e9vel. Sz\u00e1ll\u00e1s: Ath\u00e9n (50 km)<\/p>\n\n\n\n<p><strong>6. nap: <\/strong>Ath\u00e9n \u2013 Korintosz \u2013 M\u00fck\u00e9n\u00e9 &#8211; Galaxidi<\/p>\n\n\n\n<p>Reggel indul\u00e1s, majd pihen\u0151 a Korintoszi csatorn\u00e1n\u00e1l. A f\u00e9nyk\u00e9psz\u00fcnet ut\u00e1n M\u00fck\u00e9n\u00e9 fel\u00e9 vessz\u00fck az ir\u00e1nyt. A r\u00e9g\u00e9szeti park megl\u00e1togat\u00e1s\u00e1t k\u00f6vet\u0151en indulunk a sz\u00e1ll\u00e1sunkra, ami m\u00e9g 250 km-re van m\u00e9g innen. (400 km)<\/p>\n\n\n\n<p><strong>7. nap:<\/strong> Galaxidi \u2013 Delphoi &#8211; Paralia<\/p>\n\n\n\n<p>D\u00e9lel\u0151tt l\u00e1togat\u00e1s az \u00f3kori G\u00f6r\u00f6gorsz\u00e1g legh\u00edresebb j\u00f3sd\u00e1j\u00e1ban, Delphoiban. (350 km)<\/p>\n\n\n\n<p><strong>8. nap: <\/strong>Olympos &#8211; Dion<\/p>\n\n\n\n<p>Eg\u00e9sznapos kir\u00e1ndul\u00e1s az istenek hegy\u00e9re \u00e9s Dionba. Sz\u00e1ll\u00e1s: Paralia (200 km)<\/p>\n\n\n\n<p><strong>9. nap: <\/strong>Paralia &#8211; Sz\u00f3fia<\/p>\n\n\n\n<p>A d\u00e9lut\u00e1nt Sz\u00f3fi\u00e1ban t\u00f6ltj\u00fck, ismerkedve a v\u00e1rossal. (370 km)<\/p>\n\n\n\n<p><strong>10. nap: <\/strong>Sz\u00f3fia \u2013 Budapest 850 km \u00c9rkez\u00e9s a k\u00e9s\u0151 \u00e9jjeli \u00f3r\u00e1kban.<\/p>\n\n\n\n<h1 class=\"wp-block-heading has-text-align-center\">R\u00e9szv\u00e9teli d\u00edj: <em>&nbsp;425 000 Ft + 125 \u20ac<\/em><em><\/em><\/h1>\n\n\n\n<p><strong><em>minimum l\u00e9tsz\u00e1m: 40 f\u0151 <\/em><\/strong><strong><em><u><\/u><\/em><\/strong><\/p>\n\n\n\n<p><strong><em><u>A r\u00e9szv\u00e9teli d\u00edj tartalmazza<\/u><\/em><\/strong><strong><em>:<\/em><\/strong><em> a 9 \u00e9jszaka sz\u00e1ll\u00e1st, 9 reggeli + 9 vacsora, az aut\u00f3buszos utaz\u00e1s minden k\u00f6lts\u00e9g\u00e9t, az idegenvezet\u00e9st az aut\u00f3buszon \u00e9s az ath\u00e9ni vezet\u0151 d\u00edjaz\u00e1s\u00e1t.<\/em><\/p>\n\n\n\n<p><strong><em><u>A r\u00e9szv\u00e9teli d\u00edj nem tartalmazza<\/u><\/em><\/strong><strong><em>:<\/em><\/strong><em> a bel\u00e9p\u0151ket, a l\u00e9gkondicion\u00e1l\u00f3 haszn\u00e1lat\u00e1t, mely a sz\u00e1llod\u00e1k recepci\u00f3j\u00e1n k\u00e9rhet\u0151 \u00e9s fizetend\u0151\u00e9s a BBP biztos\u00edt\u00e1st, (mely irod\u00e1nkban megk\u00f6thet\u0151) <strong>7500 Ft<\/strong><\/em><\/p>\n\n\n\n<p class=\"has-text-align-center\"><strong>L\u00e1tnival\u00f3k:<\/strong><\/p>\n\n\n\n<p><strong>Thesszloniki:<\/strong><\/p>\n\n\n\n<p>A Thermaic-\u00f6b\u00f6l partj\u00e1n fekv\u0151 Thessaloniki&nbsp;<em>(magyarul: Szaloniki)<\/em>, G\u00f6r\u00f6gorsz\u00e1g m\u00e1sodik legnagyobb v\u00e1rosa gazdag t\u00f6rt\u00e9nelm\u00e9vel, \u00e9l\u00e9nk kult\u00far\u00e1j\u00e1val \u00e9s l\u00e9legzetel\u00e1ll\u00edt\u00f3 t\u00e1jaival cs\u00e1b\u00edtja az utaz\u00f3kat. A v\u00e1ros az \u0151si \u00e9s a modern hat\u00e1sok egyed\u00fcl\u00e1ll\u00f3 kever\u00e9ke. K\u00f6z\u00e9p-Maked\u00f3nia \u00e9kk\u00f6ve. Szaloniki sz\u00e1mos nevezetess\u00e9ge, k\u00f6zt\u00fck a Rotunda, a Galerius \u00edve \u00e9s a biz\u00e1nci v\u00e1rosfalak is az UNESCO Vil\u00e1g\u00f6r\u00f6ks\u00e9g r\u00e9szek\u00e9nt szerepelnek.<\/p>\n\n\n\n<figure class=\"wp-block-image size-large\"><a href=\"https:\/\/www.goforgo.hu\/wp-content\/uploads\/2026\/03\/thessaloniki.jpg\"><img loading=\"lazy\" decoding=\"async\" width=\"1024\" height=\"576\" src=\"https:\/\/www.goforgo.hu\/wp-content\/uploads\/2026\/03\/thessaloniki-1024x576.jpg\" alt=\"\" class=\"wp-image-7853\" srcset=\"https:\/\/www.goforgo.hu\/wp-content\/uploads\/2026\/03\/thessaloniki-1024x576.jpg 1024w, https:\/\/www.goforgo.hu\/wp-content\/uploads\/2026\/03\/thessaloniki-768x432.jpg 768w, https:\/\/www.goforgo.hu\/wp-content\/uploads\/2026\/03\/thessaloniki-1140x641.jpg 1140w, https:\/\/www.goforgo.hu\/wp-content\/uploads\/2026\/03\/thessaloniki.jpg 1200w\" sizes=\"auto, (max-width: 1024px) 100vw, 1024px\" \/><\/a><\/figure>\n\n\n\n<p><strong>Meteor\u00e1k:<\/strong><\/p>\n\n\n\n<p>G\u00f6r\u00f6gorsz\u00e1g&nbsp;egyik&nbsp;legleny\u0171g\u00f6z\u0151bb&nbsp;term\u00e9szeti&nbsp;\u00e9s&nbsp;kultur\u00e1lis&nbsp;csod\u00e1ja,&nbsp;ahol&nbsp;a&nbsp;kolostorok&nbsp;a&nbsp;magas&nbsp;homokk\u0151szikl\u00e1kon&nbsp;helyezkednek el. &nbsp;Az orsz\u00e1g&nbsp;tal\u00e1n legikonikusabb \u00e9s legl\u00e1togatottabb r\u00e9szei. Az eredeti&nbsp;24 Ortodox kereszt\u00e9ny&nbsp;kolostorb\u00f3l&nbsp;ma m\u00e1r csak&nbsp;hatot tal\u00e1lunk&nbsp;itt.&nbsp;Ezek az \u00e9p\u00fcleteket 100-200 m\u00e9teres jellegzetes homokk\u0151 oszlopokon \u00e9p\u00fcltek, eredetileg szerzetesek \u00e9s ap\u00e1c\u00e1k r\u00e9sz\u00e9re. Maga a sz\u00f3 Meteora nem csak a k\u00f6rny\u00e9kre, de a kolostorokra is vonatkozik \u00e9s &#8222;leveg\u0151ben lebeg\u0151t&#8221; jelent.<\/p>\n\n\n\n<figure class=\"wp-block-image size-large\"><a href=\"https:\/\/www.goforgo.hu\/wp-content\/uploads\/2026\/03\/Meteora-scaled.jpg\"><img loading=\"lazy\" decoding=\"async\" width=\"1024\" height=\"683\" src=\"https:\/\/www.goforgo.hu\/wp-content\/uploads\/2026\/03\/Meteora-1024x683.jpg\" alt=\"\" class=\"wp-image-7856\" srcset=\"https:\/\/www.goforgo.hu\/wp-content\/uploads\/2026\/03\/Meteora-1024x683.jpg 1024w, https:\/\/www.goforgo.hu\/wp-content\/uploads\/2026\/03\/Meteora-768x512.jpg 768w, https:\/\/www.goforgo.hu\/wp-content\/uploads\/2026\/03\/Meteora-1536x1024.jpg 1536w, https:\/\/www.goforgo.hu\/wp-content\/uploads\/2026\/03\/Meteora-2048x1365.jpg 2048w, https:\/\/www.goforgo.hu\/wp-content\/uploads\/2026\/03\/Meteora-1140x760.jpg 1140w\" sizes=\"auto, (max-width: 1024px) 100vw, 1024px\" \/><\/a><\/figure>\n\n\n\n<p><strong>Livadia \u2013 Throphoniosz j\u00f3sd\u00e1ja<\/strong><\/p>\n\n\n\n<p>A szent\u00e9ly a klasszikus \u00f3korb\u00f3l sz\u00e1rmazik, \u00e9s a g\u00f6r\u00f6g korban a vall\u00e1si j\u00f3sl\u00e1s egyik f\u0151 helysz\u00edne volt. Vall\u00e1si hat\u00e1s\u00e1t \u00e9vsz\u00e1zadokon \u00e1t meg\u0151rizte, \u00e9s elismertt\u00e9 v\u00e1lt az \u0151si mediterr\u00e1n vil\u00e1gban. Trophoniusr\u00f3l nevezt\u00e9k el, aki helyi a mitol\u00f3gia szerint g\u00f6r\u00f6g kir\u00e1lyfi volt, de egy s\u00falyos b\u0171n miatt sz\u00e1m\u0171zt\u00e9k. Itt bujdosott \u00e9s v\u00e1lt isteni j\u00f3ss\u00e1.<\/p>\n\n\n\n<figure class=\"wp-block-image size-large\"><a href=\"https:\/\/www.goforgo.hu\/wp-content\/uploads\/2026\/03\/collage-Triphonios-scaled.jpg\"><img loading=\"lazy\" decoding=\"async\" width=\"1024\" height=\"389\" src=\"https:\/\/www.goforgo.hu\/wp-content\/uploads\/2026\/03\/collage-Triphonios-1024x389.jpg\" alt=\"\" class=\"wp-image-7857\" srcset=\"https:\/\/www.goforgo.hu\/wp-content\/uploads\/2026\/03\/collage-Triphonios-1024x389.jpg 1024w, https:\/\/www.goforgo.hu\/wp-content\/uploads\/2026\/03\/collage-Triphonios-768x292.jpg 768w, https:\/\/www.goforgo.hu\/wp-content\/uploads\/2026\/03\/collage-Triphonios-1536x584.jpg 1536w, https:\/\/www.goforgo.hu\/wp-content\/uploads\/2026\/03\/collage-Triphonios-2048x779.jpg 2048w, https:\/\/www.goforgo.hu\/wp-content\/uploads\/2026\/03\/collage-Triphonios-1140x433.jpg 1140w\" sizes=\"auto, (max-width: 1024px) 100vw, 1024px\" \/><\/a><\/figure>\n\n\n\n<p><strong>Ath\u00e9n<\/strong><\/p>\n\n\n\n<p>G\u00f6r\u00f6gorsz\u00e1g f\u0151v\u00e1ros\u00e1t helyi idegenvezet\u0151vel fogjuk v\u00e9gig j\u00e1rni \u00e9s megismerni. buszos \u00e9s gyalogos v\u00e1rosn\u00e9z\u00e9s\u00fcnk sor\u00e1n \u00e9rintj\u00fck a M\u00e1rv\u00e1ny stadiont, Hadri\u00e1nusz cs\u00e1sz\u00e1r kapuj\u00e1t, Kir\u00e1lyi palot\u00e1t, a R\u00e9gi Parlamentet, az&nbsp;Akropoliszt a Szintagma t\u00e9ret. &nbsp;A&nbsp;Parlement&nbsp;\u00e9p\u00fclete el\u0151tt az \u0151rs\u00e9gv\u00e1lt\u00e1s megtekint\u00e9se. Fot\u00f3z\u00e1s a Nemzeti Kertben. Majd szabadid\u0151 a csoportnak az \u00f3v\u00e1rosi negyedben.<\/p>\n\n\n\n<figure class=\"wp-block-image size-full\"><a href=\"https:\/\/www.goforgo.hu\/wp-content\/uploads\/2026\/03\/Athen-2.jpg\"><img loading=\"lazy\" decoding=\"async\" width=\"1000\" height=\"628\" src=\"https:\/\/www.goforgo.hu\/wp-content\/uploads\/2026\/03\/Athen-2.jpg\" alt=\"\" class=\"wp-image-7858\" srcset=\"https:\/\/www.goforgo.hu\/wp-content\/uploads\/2026\/03\/Athen-2.jpg 1000w, https:\/\/www.goforgo.hu\/wp-content\/uploads\/2026\/03\/Athen-2-768x482.jpg 768w\" sizes=\"auto, (max-width: 1000px) 100vw, 1000px\" \/><\/a><\/figure>\n\n\n\n<p><strong>Korinthoszi csatorna<\/strong><\/p>\n\n\n\n<p>A vil\u00e1g egyik \u201ecsod\u00e1j\u00e1n\u00e1l\u201d meg\u00e1llunk egy fot\u00f3 sz\u00fcnetre. A Korinthoszi-csatorna egy 6343 m\u00e9ter hossz\u00fa mesters\u00e9ges v\u00edzi\u00fat G\u00f6r\u00f6gorsz\u00e1gban, amely \u00f6sszek\u00f6ti az \u00c9gei-tengert a J\u00f3n-tengerrel,&nbsp;jelent\u0151s&nbsp;t\u00f6rt\u00e9nelmi&nbsp;\u00e9s&nbsp;gazdas\u00e1gi&nbsp;szereppel&nbsp;b\u00edr.<\/p>\n\n\n\n<figure class=\"wp-block-image size-full\"><a href=\"https:\/\/www.goforgo.hu\/wp-content\/uploads\/2026\/03\/corinth-csatorna.jpg\"><img loading=\"lazy\" decoding=\"async\" width=\"900\" height=\"922\" src=\"https:\/\/www.goforgo.hu\/wp-content\/uploads\/2026\/03\/corinth-csatorna.jpg\" alt=\"\" class=\"wp-image-7860\" srcset=\"https:\/\/www.goforgo.hu\/wp-content\/uploads\/2026\/03\/corinth-csatorna.jpg 900w, https:\/\/www.goforgo.hu\/wp-content\/uploads\/2026\/03\/corinth-csatorna-768x787.jpg 768w\" sizes=\"auto, (max-width: 900px) 100vw, 900px\" \/><\/a><\/figure>\n\n\n\n<p><strong>M\u00fck\u00e9n\u00e9<\/strong><\/p>\n\n\n\n<p>A m\u00fck\u00e9n\u00e9i, az egykor vir\u00e1gz\u00f3 civiliz\u00e1ci\u00f3 rejt\u00e9lyeinek megfejt\u00e9se nagy kih\u00edv\u00e1st jelent a kutat\u00f3k sz\u00e1m\u00e1ra. Az \u00f6sszeoml\u00e1suk k\u00f6r\u00fcli rejt\u00e9ly, amelyet a nagy palot\u00e1k Kr. e. 1250 k\u00f6r\u00fcl bek\u00f6vetkezett pusztul\u00e1sa jelez, a mai napig vita t\u00e1rgya a t\u00f6rt\u00e9n\u00e9szek k\u00f6z\u00f6tt.<br>A m\u00fck\u00e9n\u00e9i kult\u00fara ismert fejlett \u00edr\u00e1srendszer\u00e9r\u0151l, a line\u00e1ris B-r\u0151l, valamint koh\u00e1szati, \u00e9p\u00edt\u00e9szeti \u00e9s m\u0171v\u00e9szeti j\u00e1rtass\u00e1gaikr\u00f3l.<\/p>\n\n\n\n<figure class=\"wp-block-image size-full\"><a href=\"https:\/\/www.goforgo.hu\/wp-content\/uploads\/2026\/03\/miken2.jpg\"><img loading=\"lazy\" decoding=\"async\" width=\"750\" height=\"423\" src=\"https:\/\/www.goforgo.hu\/wp-content\/uploads\/2026\/03\/miken2.jpg\" alt=\"\" class=\"wp-image-7861\"\/><\/a><\/figure>\n\n\n\n<p><strong>Delphoi<\/strong><\/p>\n\n\n\n<p>Delphoi az \u00f3kor legkedveltebb \u00e9s legismertebb j\u00f3shelye volt. E kultuszhely tekint\u00e9lye id\u0151vel t\u00faln\u0151tt a vall\u00e1si kereteken. A g\u00f6r\u00f6g\u00f6k nem kezdtek h\u00e1bor\u00faba vagy nagyobb k\u00f6z\u00f6ss\u00e9gi v\u00e1llalkoz\u00e1sba an\u00e9lk\u00fcl, hogy a P\u00fcthi\u00e1t meg ne k\u00e9rdezt\u00e9k volna, de egyszer\u0171 emberek is gyakran fordultak hozz\u00e1 szem\u00e9lyes probl\u00e9m\u00e1ikkal<\/p>\n\n\n\n<figure class=\"wp-block-image size-large\"><a href=\"https:\/\/www.goforgo.hu\/wp-content\/uploads\/2026\/03\/delphoi.jpg\"><img loading=\"lazy\" decoding=\"async\" width=\"1024\" height=\"768\" src=\"https:\/\/www.goforgo.hu\/wp-content\/uploads\/2026\/03\/delphoi-1024x768.jpg\" alt=\"\" class=\"wp-image-7862\" srcset=\"https:\/\/www.goforgo.hu\/wp-content\/uploads\/2026\/03\/delphoi-1024x768.jpg 1024w, https:\/\/www.goforgo.hu\/wp-content\/uploads\/2026\/03\/delphoi-768x576.jpg 768w, https:\/\/www.goforgo.hu\/wp-content\/uploads\/2026\/03\/delphoi-1536x1152.jpg 1536w, https:\/\/www.goforgo.hu\/wp-content\/uploads\/2026\/03\/delphoi-1140x855.jpg 1140w, https:\/\/www.goforgo.hu\/wp-content\/uploads\/2026\/03\/delphoi.jpg 1920w\" sizes=\"auto, (max-width: 1024px) 100vw, 1024px\" \/><\/a><\/figure>\n\n\n\n<p><strong>Dion<\/strong><\/p>\n\n\n\n<p>Dionban tal\u00e1lhat\u00f3 G\u00f6r\u00f6gorsz\u00e1g egyik legszebb r\u00e9g\u00e9szeti parkja. Egy csod\u00e1latosan megtervezett r\u00e9g\u00e9szeti l\u00e1tv\u00e1nyoss\u00e1g, ahol \u00f3kori szent eml\u00e9km\u0171veket, kora hellenisztikus \u00e9s r\u00f3mai sz\u00ednh\u00e1zakat, macskak\u00f6ves utakat, term\u00e1lf\u00fcrd\u0151ket \u00e9s mozaikcsemp\u00e9vel burkolt medenc\u00e9ket tal\u00e1lhatunk.<\/p>\n\n\n\n<figure class=\"wp-block-image size-full\"><a href=\"https:\/\/www.goforgo.hu\/wp-content\/uploads\/2026\/03\/dion-shutterstock_545227243-1024-1.jpg\"><img loading=\"lazy\" decoding=\"async\" width=\"1024\" height=\"683\" src=\"https:\/\/www.goforgo.hu\/wp-content\/uploads\/2026\/03\/dion-shutterstock_545227243-1024-1.jpg\" alt=\"\" class=\"wp-image-7863\" srcset=\"https:\/\/www.goforgo.hu\/wp-content\/uploads\/2026\/03\/dion-shutterstock_545227243-1024-1.jpg 1024w, https:\/\/www.goforgo.hu\/wp-content\/uploads\/2026\/03\/dion-shutterstock_545227243-1024-1-768x512.jpg 768w\" sizes=\"auto, (max-width: 1024px) 100vw, 1024px\" \/><\/a><\/figure>\n\n\n\n<p><strong>Olympos hegy<\/strong><\/p>\n\n\n\n<p>2918,8&nbsp;m\u00e9teres&nbsp;magass\u00e1g\u00e1val Hell\u00e1sz legmagasabb hegye, \u00e9s egyike Eur\u00f3pa legmagasabb cs\u00facsainak is. Az Olimposz-hegy neve hallat\u00e1n szinte mindenkinek a g\u00f6r\u00f6g istenek jutnak esz\u00e9be. Ez nem v\u00e9letlen, hiszen az \u00f3kori g\u00f6r\u00f6g\u00f6k hite szerint ez a monument\u00e1lis hegys\u00e9g volt az istenek lakhelye.<\/p>\n\n\n\n<figure class=\"wp-block-image size-large\"><a href=\"https:\/\/www.goforgo.hu\/wp-content\/uploads\/2026\/03\/olympus-dion.jpg\"><img loading=\"lazy\" decoding=\"async\" width=\"1024\" height=\"480\" src=\"https:\/\/www.goforgo.hu\/wp-content\/uploads\/2026\/03\/olympus-dion-1024x480.jpg\" alt=\"\" class=\"wp-image-7864\" srcset=\"https:\/\/www.goforgo.hu\/wp-content\/uploads\/2026\/03\/olympus-dion-1024x480.jpg 1024w, https:\/\/www.goforgo.hu\/wp-content\/uploads\/2026\/03\/olympus-dion-768x360.jpg 768w, https:\/\/www.goforgo.hu\/wp-content\/uploads\/2026\/03\/olympus-dion-1536x720.jpg 1536w, https:\/\/www.goforgo.hu\/wp-content\/uploads\/2026\/03\/olympus-dion-1140x534.jpg 1140w, https:\/\/www.goforgo.hu\/wp-content\/uploads\/2026\/03\/olympus-dion.jpg 1920w\" sizes=\"auto, (max-width: 1024px) 100vw, 1024px\" \/><\/a><\/figure>\n\n\n\n<p><strong>\u00c9LM\u00c9NYEKBEN&nbsp; GAZDAG&nbsp; UTAZ\u00c1ST,<em>&nbsp; <\/em>J\u00d3&nbsp; SZ\u00d3RAKOZ\u00c1ST K\u00cdV\u00c1NUNK!<\/strong><\/p>\n","protected":false},"excerpt":{"rendered":"<p>Delfoi, M\u00fck\u00e9n\u00e9, Dion, Olympos, Meteor\u00e1k, Ath\u00e9n K\u00c9PEINKET PROGRAMJAINKR\u00d3L A WWW.GOFORGO.HU\u2013 N TEKINTHETI MEG! Id\u0151pont: 2026.10.10-19. pozic\u00ed\u00f3 sz\u00e1m: 26\/GAT\/01 \u00fatvonal:&nbsp; Budapest \u2013Paralia \u2013 Kalambaka \u2013 Ath\u00e9n&nbsp; \u2013 Korinthosz \u2013 Paralia &nbsp;\u2013 Budapest&nbsp; (kb. 4100 km) Sz\u00e1ll\u00e1s:&nbsp;&nbsp; 3 *-os sz\u00e1llod\u00e1kban, 2-3 \u00e1gyas hotel szob\u00e1k Ell\u00e1t\u00e1s: f\u00e9lpanzi\u00f3 Utaz\u00e1s: az utasl\u00e9tsz\u00e1mnak megfelel\u0151 aut\u00f3busszal Id\u0151tartam: 10 nap\/9 \u00e9jszaka Idegenvezet\u00e9s: v\u00e9gig a program alatt \u00e9s Ath\u00e9nban helyi PROGRAM: Indul\u00e1s:&nbsp; 6:00-kor Budapest, \u00dcll\u0151i \u00fat 137 (Ecseri \u00fati OMV benzink\u00fat, kifel\u00e9 vezet\u0151 oldal\u00e1n) 1. nap: Budapest \u2013 Sz\u00f3fia, f\u00e9lpanzi\u00f3 (vacsora \u00e9s reggeli) Eg\u00e9sz napos utaz\u00e1s kb. 850 km 2. nap: Sz\u00f3fia &#8211; Paralia, tengerpart Eg\u00e9sz napos utaz\u00e1s. Kora d\u00e9lut\u00e1n v\u00e1rosn\u00e9z\u00e9s Thesszalonikiben. 370 km 3. nap: Paralia &#8211; Kalambaka Indulunk a h\u00edres Meteor\u00e1k fel\u00e9. Kora d\u00e9lut\u00e1n \u00e9rj\u00fck el a nagy parkol\u00f3t. A d\u00e9lut\u00e1nt itt t\u00f6lthetj\u00fck, hiszen sz\u00e1ll\u00e1sunk a Meteor\u00e1k l\u00e1b\u00e1n\u00e1l lesz. 200 km 4. nap: Kalambaka \u2013 Liv\u00e1dia &#8211; Ath\u00e9n Ath\u00e9nba utazunk. \u00datk\u00f6zben megn\u00e9zz\u00fck Liv\u00e1diaban az \u00f3kori G\u00f6r\u00f6gorsz\u00e1g egyik legfontosabb j\u00f3sd\u00e1j\u00e1t, a Tr\u00f3ph\u00f3niosz j\u00f3sd\u00e1t. Este \u00e9rkez\u00e9s a sz\u00e1ll\u00e1sra, vacsora. (400 km) 5. nap: Ath\u00e9n Eg\u00e9sznapos v\u00e1rosn\u00e9z\u00e9s helyi idegenvezet\u0151nk seg\u00edts\u00e9g\u00e9vel. Sz\u00e1ll\u00e1s: Ath\u00e9n (50 km) 6. nap: Ath\u00e9n \u2013 Korintosz \u2013 M\u00fck\u00e9n\u00e9 &#8211; Galaxidi Reggel indul\u00e1s, majd pihen\u0151 a Korintoszi csatorn\u00e1n\u00e1l. A f\u00e9nyk\u00e9psz\u00fcnet ut\u00e1n M\u00fck\u00e9n\u00e9 fel\u00e9 vessz\u00fck az ir\u00e1nyt. A r\u00e9g\u00e9szeti park megl\u00e1togat\u00e1s\u00e1t k\u00f6vet\u0151en indulunk a sz\u00e1ll\u00e1sunkra, ami m\u00e9g 250 km-re van m\u00e9g innen. (400 km) 7. nap: Galaxidi \u2013 Delphoi &#8211; Paralia D\u00e9lel\u0151tt l\u00e1togat\u00e1s az \u00f3kori G\u00f6r\u00f6gorsz\u00e1g legh\u00edresebb j\u00f3sd\u00e1j\u00e1ban, Delphoiban. (350 km) 8. nap: Olympos &#8211; Dion Eg\u00e9sznapos kir\u00e1ndul\u00e1s az istenek hegy\u00e9re \u00e9s Dionba. Sz\u00e1ll\u00e1s: Paralia (200 km) 9. nap: Paralia &#8211; Sz\u00f3fia A d\u00e9lut\u00e1nt Sz\u00f3fi\u00e1ban t\u00f6ltj\u00fck, ismerkedve a v\u00e1rossal. (370 km) 10. nap: Sz\u00f3fia \u2013 Budapest 850 km \u00c9rkez\u00e9s a k\u00e9s\u0151 \u00e9jjeli \u00f3r\u00e1kban. R\u00e9szv\u00e9teli d\u00edj: &nbsp;425 000 Ft + 125 \u20ac minimum l\u00e9tsz\u00e1m: 40 f\u0151 A r\u00e9szv\u00e9teli d\u00edj tartalmazza: a 9 \u00e9jszaka sz\u00e1ll\u00e1st, 9 reggeli + 9 vacsora, az aut\u00f3buszos utaz\u00e1s minden k\u00f6lts\u00e9g\u00e9t, az idegenvezet\u00e9st az aut\u00f3buszon \u00e9s az ath\u00e9ni vezet\u0151 d\u00edjaz\u00e1s\u00e1t. A r\u00e9szv\u00e9teli d\u00edj nem tartalmazza: a bel\u00e9p\u0151ket, a l\u00e9gkondicion\u00e1l\u00f3 haszn\u00e1lat\u00e1t, mely a sz\u00e1llod\u00e1k recepci\u00f3j\u00e1n k\u00e9rhet\u0151 \u00e9s fizetend\u0151\u00e9s a BBP biztos\u00edt\u00e1st, (mely irod\u00e1nkban megk\u00f6thet\u0151) 7500 Ft L\u00e1tnival\u00f3k: Thesszloniki: A Thermaic-\u00f6b\u00f6l partj\u00e1n fekv\u0151 Thessaloniki&nbsp;(magyarul: Szaloniki), G\u00f6r\u00f6gorsz\u00e1g m\u00e1sodik legnagyobb v\u00e1rosa gazdag t\u00f6rt\u00e9nelm\u00e9vel, \u00e9l\u00e9nk kult\u00far\u00e1j\u00e1val \u00e9s l\u00e9legzetel\u00e1ll\u00edt\u00f3 t\u00e1jaival cs\u00e1b\u00edtja az utaz\u00f3kat. A v\u00e1ros az \u0151si \u00e9s a modern hat\u00e1sok egyed\u00fcl\u00e1ll\u00f3 kever\u00e9ke. K\u00f6z\u00e9p-Maked\u00f3nia \u00e9kk\u00f6ve. Szaloniki sz\u00e1mos nevezetess\u00e9ge, k\u00f6zt\u00fck a Rotunda, a Galerius \u00edve \u00e9s a biz\u00e1nci v\u00e1rosfalak is az UNESCO Vil\u00e1g\u00f6r\u00f6ks\u00e9g r\u00e9szek\u00e9nt szerepelnek. Meteor\u00e1k: G\u00f6r\u00f6gorsz\u00e1g&nbsp;egyik&nbsp;legleny\u0171g\u00f6z\u0151bb&nbsp;term\u00e9szeti&nbsp;\u00e9s&nbsp;kultur\u00e1lis&nbsp;csod\u00e1ja,&nbsp;ahol&nbsp;a&nbsp;kolostorok&nbsp;a&nbsp;magas&nbsp;homokk\u0151szikl\u00e1kon&nbsp;helyezkednek el. &nbsp;Az orsz\u00e1g&nbsp;tal\u00e1n legikonikusabb \u00e9s legl\u00e1togatottabb r\u00e9szei. Az eredeti&nbsp;24 Ortodox kereszt\u00e9ny&nbsp;kolostorb\u00f3l&nbsp;ma m\u00e1r csak&nbsp;hatot tal\u00e1lunk&nbsp;itt.&nbsp;Ezek az \u00e9p\u00fcleteket 100-200 m\u00e9teres jellegzetes homokk\u0151 oszlopokon \u00e9p\u00fcltek, eredetileg szerzetesek \u00e9s ap\u00e1c\u00e1k r\u00e9sz\u00e9re. Maga a sz\u00f3 Meteora nem csak a k\u00f6rny\u00e9kre, de a kolostorokra is vonatkozik \u00e9s &#8222;leveg\u0151ben lebeg\u0151t&#8221; jelent. Livadia \u2013 Throphoniosz j\u00f3sd\u00e1ja A szent\u00e9ly a klasszikus \u00f3korb\u00f3l sz\u00e1rmazik, \u00e9s a g\u00f6r\u00f6g korban a vall\u00e1si j\u00f3sl\u00e1s egyik f\u0151 helysz\u00edne volt. Vall\u00e1si hat\u00e1s\u00e1t \u00e9vsz\u00e1zadokon \u00e1t meg\u0151rizte, \u00e9s elismertt\u00e9 v\u00e1lt az \u0151si mediterr\u00e1n vil\u00e1gban. Trophoniusr\u00f3l nevezt\u00e9k el, aki helyi a mitol\u00f3gia szerint g\u00f6r\u00f6g kir\u00e1lyfi volt, de egy s\u00falyos b\u0171n miatt sz\u00e1m\u0171zt\u00e9k. Itt bujdosott \u00e9s v\u00e1lt isteni j\u00f3ss\u00e1. Ath\u00e9n G\u00f6r\u00f6gorsz\u00e1g f\u0151v\u00e1ros\u00e1t helyi idegenvezet\u0151vel fogjuk v\u00e9gig j\u00e1rni \u00e9s megismerni. buszos \u00e9s gyalogos v\u00e1rosn\u00e9z\u00e9s\u00fcnk sor\u00e1n \u00e9rintj\u00fck a M\u00e1rv\u00e1ny stadiont, Hadri\u00e1nusz cs\u00e1sz\u00e1r kapuj\u00e1t, Kir\u00e1lyi palot\u00e1t, a R\u00e9gi Parlamentet, az&nbsp;Akropoliszt a Szintagma t\u00e9ret. &nbsp;A&nbsp;Parlement&nbsp;\u00e9p\u00fclete el\u0151tt az \u0151rs\u00e9gv\u00e1lt\u00e1s megtekint\u00e9se. Fot\u00f3z\u00e1s a Nemzeti Kertben. Majd szabadid\u0151 a csoportnak az \u00f3v\u00e1rosi negyedben. Korinthoszi csatorna A vil\u00e1g egyik \u201ecsod\u00e1j\u00e1n\u00e1l\u201d meg\u00e1llunk egy fot\u00f3 sz\u00fcnetre. A Korinthoszi-csatorna egy 6343 m\u00e9ter hossz\u00fa mesters\u00e9ges v\u00edzi\u00fat G\u00f6r\u00f6gorsz\u00e1gban, amely \u00f6sszek\u00f6ti az \u00c9gei-tengert a J\u00f3n-tengerrel,&nbsp;jelent\u0151s&nbsp;t\u00f6rt\u00e9nelmi&nbsp;\u00e9s&nbsp;gazdas\u00e1gi&nbsp;szereppel&nbsp;b\u00edr. M\u00fck\u00e9n\u00e9 A m\u00fck\u00e9n\u00e9i, az egykor vir\u00e1gz\u00f3 civiliz\u00e1ci\u00f3 rejt\u00e9lyeinek megfejt\u00e9se nagy kih\u00edv\u00e1st jelent a kutat\u00f3k sz\u00e1m\u00e1ra. Az \u00f6sszeoml\u00e1suk k\u00f6r\u00fcli rejt\u00e9ly, amelyet a nagy palot\u00e1k Kr. e. 1250 k\u00f6r\u00fcl bek\u00f6vetkezett pusztul\u00e1sa jelez, a mai napig vita t\u00e1rgya a t\u00f6rt\u00e9n\u00e9szek k\u00f6z\u00f6tt.A m\u00fck\u00e9n\u00e9i kult\u00fara ismert fejlett \u00edr\u00e1srendszer\u00e9r\u0151l, a line\u00e1ris B-r\u0151l, valamint koh\u00e1szati, \u00e9p\u00edt\u00e9szeti \u00e9s m\u0171v\u00e9szeti j\u00e1rtass\u00e1gaikr\u00f3l. Delphoi Delphoi az \u00f3kor legkedveltebb \u00e9s legismertebb j\u00f3shelye volt. E kultuszhely tekint\u00e9lye id\u0151vel t\u00faln\u0151tt a vall\u00e1si kereteken. A g\u00f6r\u00f6g\u00f6k nem kezdtek h\u00e1bor\u00faba vagy nagyobb k\u00f6z\u00f6ss\u00e9gi v\u00e1llalkoz\u00e1sba an\u00e9lk\u00fcl, hogy a P\u00fcthi\u00e1t meg ne k\u00e9rdezt\u00e9k volna, de egyszer\u0171 emberek is gyakran fordultak hozz\u00e1 szem\u00e9lyes probl\u00e9m\u00e1ikkal Dion Dionban tal\u00e1lhat\u00f3 G\u00f6r\u00f6gorsz\u00e1g egyik legszebb r\u00e9g\u00e9szeti parkja. Egy csod\u00e1latosan megtervezett r\u00e9g\u00e9szeti l\u00e1tv\u00e1nyoss\u00e1g, ahol \u00f3kori szent eml\u00e9km\u0171veket, kora hellenisztikus \u00e9s r\u00f3mai sz\u00ednh\u00e1zakat, macskak\u00f6ves utakat, term\u00e1lf\u00fcrd\u0151ket \u00e9s mozaikcsemp\u00e9vel burkolt medenc\u00e9ket tal\u00e1lhatunk. Olympos hegy 2918,8&nbsp;m\u00e9teres&nbsp;magass\u00e1g\u00e1val Hell\u00e1sz legmagasabb hegye, \u00e9s egyike Eur\u00f3pa legmagasabb cs\u00facsainak is. Az Olimposz-hegy neve hallat\u00e1n szinte mindenkinek a g\u00f6r\u00f6g istenek jutnak esz\u00e9be. Ez nem v\u00e9letlen, hiszen az \u00f3kori g\u00f6r\u00f6g\u00f6k hite szerint ez a monument\u00e1lis hegys\u00e9g volt az istenek lakhelye. \u00c9LM\u00c9NYEKBEN&nbsp; GAZDAG&nbsp; UTAZ\u00c1ST,&nbsp; J\u00d3&nbsp; SZ\u00d3RAKOZ\u00c1ST K\u00cdV\u00c1NUNK!<\/p>\n","protected":false},"author":1,"featured_media":0,"parent":0,"menu_order":0,"comment_status":"closed","ping_status":"closed","template":"","meta":{"footnotes":""},"class_list":["post-7851","page","type-page","status-publish","hentry"],"_links":{"self":[{"href":"https:\/\/www.goforgo.hu\/index.php\/wp-json\/wp\/v2\/pages\/7851","targetHints":{"allow":["GET"]}}],"collection":[{"href":"https:\/\/www.goforgo.hu\/index.php\/wp-json\/wp\/v2\/pages"}],"about":[{"href":"https:\/\/www.goforgo.hu\/index.php\/wp-json\/wp\/v2\/types\/page"}],"author":[{"embeddable":true,"href":"https:\/\/www.goforgo.hu\/index.php\/wp-json\/wp\/v2\/users\/1"}],"replies":[{"embeddable":true,"href":"https:\/\/www.goforgo.hu\/index.php\/wp-json\/wp\/v2\/comments?post=7851"}],"version-history":[{"count":1,"href":"https:\/\/www.goforgo.hu\/index.php\/wp-json\/wp\/v2\/pages\/7851\/revisions"}],"predecessor-version":[{"id":7865,"href":"https:\/\/www.goforgo.hu\/index.php\/wp-json\/wp\/v2\/pages\/7851\/revisions\/7865"}],"wp:attachment":[{"href":"https:\/\/www.goforgo.hu\/index.php\/wp-json\/wp\/v2\/media?parent=7851"}],"curies":[{"name":"wp","href":"https:\/\/api.w.org\/{rel}","templated":true}]}}